{"id":9326,"date":"2021-08-19T10:02:33","date_gmt":"2021-08-19T08:02:33","guid":{"rendered":"http:\/\/crm-umr8596.huma-num.fr\/Charleville\/?page_id=9326"},"modified":"2021-08-26T16:37:35","modified_gmt":"2021-08-26T14:37:35","slug":"rediffusion-video-du-colloque-jour-2","status":"publish","type":"page","link":"https:\/\/crm-umr8596.huma-num.fr\/Charleville\/rediffusion-video-du-colloque-jour-2\/","title":{"rendered":"Rediffusion vid\u00e9o du colloque &#8211; Jour 2"},"content":{"rendered":"\t\t<div data-elementor-type=\"wp-page\" data-elementor-id=\"9326\" class=\"elementor elementor-9326\" data-elementor-settings=\"[]\">\n\t\t\t\t\t\t<div class=\"elementor-inner\">\n\t\t\t\t\t\t\t<div class=\"elementor-section-wrap\">\n\t\t\t\t\t\t\t<section class=\"has_eae_slider elementor-section elementor-top-section elementor-element elementor-element-1f5efdb elementor-section-content-middle elementor-section-boxed elementor-section-height-default elementor-section-height-default\" data-id=\"1f5efdb\" data-element_type=\"section\" data-settings=\"{&quot;background_background&quot;:&quot;classic&quot;}\">\n\t\t\t\t\t\t\t<div class=\"elementor-background-overlay\"><\/div>\n\t\t\t\t\t\t\t<div class=\"elementor-container elementor-column-gap-no\">\n\t\t\t\t\t\t\t<div class=\"elementor-row\">\n\t\t\t\t\t<div class=\"has_eae_slider elementor-column elementor-col-100 elementor-top-column elementor-element elementor-element-5185d5f\" data-id=\"5185d5f\" data-element_type=\"column\">\n\t\t\t<div class=\"elementor-column-wrap\">\n\t\t\t\t\t\t\t<div class=\"elementor-widget-wrap\">\n\t\t\t\t\t\t\t\t<\/div>\n\t\t\t\t\t<\/div>\n\t\t<\/div>\n\t\t\t\t\t\t\t\t<\/div>\n\t\t\t\t\t<\/div>\n\t\t<\/section>\n\t\t\t\t<section class=\"has_eae_slider elementor-section elementor-top-section elementor-element elementor-element-e11c125 elementor-section-content-middle elementor-reverse-mobile elementor-section-boxed elementor-section-height-default elementor-section-height-default\" data-id=\"e11c125\" data-element_type=\"section\">\n\t\t\t\t\t\t\t<div class=\"elementor-background-overlay\"><\/div>\n\t\t\t\t\t\t\t<div class=\"elementor-container elementor-column-gap-default\">\n\t\t\t\t\t\t\t<div class=\"elementor-row\">\n\t\t\t\t\t<div class=\"has_eae_slider elementor-column elementor-col-100 elementor-top-column elementor-element elementor-element-b7dd36c\" data-id=\"b7dd36c\" data-element_type=\"column\">\n\t\t\t<div class=\"elementor-column-wrap elementor-element-populated\">\n\t\t\t\t\t\t\t<div class=\"elementor-widget-wrap\">\n\t\t\t\t\t\t<div class=\"elementor-element elementor-element-cad90c8 elementor-widget elementor-widget-heading\" data-id=\"cad90c8\" data-element_type=\"widget\" data-widget_type=\"heading.default\">\n\t\t\t\t<div class=\"elementor-widget-container\">\n\t\t\t<h1 class=\"elementor-heading-title elementor-size-default\">Rediffusion vid\u00e9o<br> du colloque\n<br>- Jour 2 -<\/h1>\t\t<\/div>\n\t\t\t\t<\/div>\n\t\t\t\t<div class=\"elementor-element elementor-element-3b04202 elementor-widget-divider--view-line_icon elementor-view-default elementor-widget-divider--element-align-center elementor-widget elementor-widget-divider\" data-id=\"3b04202\" data-element_type=\"widget\" data-widget_type=\"divider.default\">\n\t\t\t\t<div class=\"elementor-widget-container\">\n\t\t\t\t\t<div class=\"elementor-divider\">\n\t\t\t<span class=\"elementor-divider-separator\">\n\t\t\t\t\t\t\t<div class=\"elementor-icon elementor-divider__element\">\n\t\t\t\t\t<i aria-hidden=\"true\" class=\"fas fa-chalkboard-teacher\"><\/i><\/div>\n\t\t\t\t\t\t<\/span>\n\t\t<\/div>\n\t\t\t\t<\/div>\n\t\t\t\t<\/div>\n\t\t\t\t<section class=\"has_eae_slider elementor-section elementor-inner-section elementor-element elementor-element-b139e39 elementor-section-content-middle elementor-section-boxed elementor-section-height-default elementor-section-height-default\" data-id=\"b139e39\" data-element_type=\"section\">\n\t\t\t\t\t\t<div class=\"elementor-container elementor-column-gap-default\">\n\t\t\t\t\t\t\t<div class=\"elementor-row\">\n\t\t\t\t\t<div class=\"has_eae_slider elementor-column elementor-col-20 elementor-inner-column elementor-element elementor-element-8908742\" data-id=\"8908742\" data-element_type=\"column\">\n\t\t\t<div class=\"elementor-column-wrap elementor-element-populated\">\n\t\t\t\t\t\t\t<div class=\"elementor-widget-wrap\">\n\t\t\t\t\t\t<div class=\"elementor-element elementor-element-1d4c23a elementor-widget-divider--view-line elementor-widget elementor-widget-divider\" data-id=\"1d4c23a\" data-element_type=\"widget\" data-widget_type=\"divider.default\">\n\t\t\t\t<div class=\"elementor-widget-container\">\n\t\t\t\t\t<div class=\"elementor-divider\">\n\t\t\t<span class=\"elementor-divider-separator\">\n\t\t\t\t\t\t<\/span>\n\t\t<\/div>\n\t\t\t\t<\/div>\n\t\t\t\t<\/div>\n\t\t\t\t\t\t<\/div>\n\t\t\t\t\t<\/div>\n\t\t<\/div>\n\t\t\t\t<div class=\"has_eae_slider elementor-column elementor-col-20 elementor-inner-column elementor-element elementor-element-3fdc6a2\" data-id=\"3fdc6a2\" data-element_type=\"column\">\n\t\t\t<div class=\"elementor-column-wrap elementor-element-populated\">\n\t\t\t\t\t\t\t<div class=\"elementor-widget-wrap\">\n\t\t\t\t\t\t<div class=\"elementor-element elementor-element-4c57880 elementor-widget elementor-widget-image\" data-id=\"4c57880\" data-element_type=\"widget\" data-widget_type=\"image.default\">\n\t\t\t\t<div class=\"elementor-widget-container\">\n\t\t\t\t\t\t\t\t<div class=\"elementor-image\">\n\t\t\t\t\t\t\t\t\t\t\t\t<img width=\"150\" height=\"150\" src=\"https:\/\/crm-umr8596.huma-num.fr\/Charleville\/wp-content\/uploads\/2020\/05\/Avatar-Femme-affaire-anonyme_1501.png\" class=\"attachment-large size-large\" alt=\"\" loading=\"lazy\" \/>\t\t\t\t\t\t\t\t\t\t\t\t\t\t<\/div>\n\t\t\t\t\t\t<\/div>\n\t\t\t\t<\/div>\n\t\t\t\t\t\t<\/div>\n\t\t\t\t\t<\/div>\n\t\t<\/div>\n\t\t\t\t<div class=\"has_eae_slider elementor-column elementor-col-20 elementor-inner-column elementor-element elementor-element-5e30df3\" data-id=\"5e30df3\" data-element_type=\"column\">\n\t\t\t<div class=\"elementor-column-wrap elementor-element-populated\">\n\t\t\t\t\t\t\t<div class=\"elementor-widget-wrap\">\n\t\t\t\t\t\t<div class=\"elementor-element elementor-element-127c240 elementor-widget-divider--view-line elementor-widget elementor-widget-divider\" data-id=\"127c240\" data-element_type=\"widget\" data-widget_type=\"divider.default\">\n\t\t\t\t<div class=\"elementor-widget-container\">\n\t\t\t\t\t<div class=\"elementor-divider\">\n\t\t\t<span class=\"elementor-divider-separator\">\n\t\t\t\t\t\t<\/span>\n\t\t<\/div>\n\t\t\t\t<\/div>\n\t\t\t\t<\/div>\n\t\t\t\t\t\t<\/div>\n\t\t\t\t\t<\/div>\n\t\t<\/div>\n\t\t\t\t<div class=\"has_eae_slider elementor-column elementor-col-20 elementor-inner-column elementor-element elementor-element-4e43413\" data-id=\"4e43413\" data-element_type=\"column\">\n\t\t\t<div class=\"elementor-column-wrap elementor-element-populated\">\n\t\t\t\t\t\t\t<div class=\"elementor-widget-wrap\">\n\t\t\t\t\t\t<div class=\"elementor-element elementor-element-38b7558 elementor-widget elementor-widget-image\" data-id=\"38b7558\" data-element_type=\"widget\" data-widget_type=\"image.default\">\n\t\t\t\t<div class=\"elementor-widget-container\">\n\t\t\t\t\t\t\t\t<div class=\"elementor-image\">\n\t\t\t\t\t\t\t\t\t\t\t\t<img width=\"150\" height=\"150\" src=\"https:\/\/crm-umr8596.huma-num.fr\/Charleville\/wp-content\/uploads\/2020\/05\/Photo-Alexandre.png\" class=\"attachment-large size-large\" alt=\"\" loading=\"lazy\" \/>\t\t\t\t\t\t\t\t\t\t\t\t\t\t<\/div>\n\t\t\t\t\t\t<\/div>\n\t\t\t\t<\/div>\n\t\t\t\t\t\t<\/div>\n\t\t\t\t\t<\/div>\n\t\t<\/div>\n\t\t\t\t<div class=\"has_eae_slider elementor-column elementor-col-20 elementor-inner-column elementor-element elementor-element-cb4190b\" data-id=\"cb4190b\" data-element_type=\"column\">\n\t\t\t<div class=\"elementor-column-wrap elementor-element-populated\">\n\t\t\t\t\t\t\t<div class=\"elementor-widget-wrap\">\n\t\t\t\t\t\t<div class=\"elementor-element elementor-element-9c69963 elementor-widget-divider--view-line elementor-widget elementor-widget-divider\" data-id=\"9c69963\" data-element_type=\"widget\" data-widget_type=\"divider.default\">\n\t\t\t\t<div class=\"elementor-widget-container\">\n\t\t\t\t\t<div class=\"elementor-divider\">\n\t\t\t<span class=\"elementor-divider-separator\">\n\t\t\t\t\t\t<\/span>\n\t\t<\/div>\n\t\t\t\t<\/div>\n\t\t\t\t<\/div>\n\t\t\t\t\t\t<\/div>\n\t\t\t\t\t<\/div>\n\t\t<\/div>\n\t\t\t\t\t\t\t\t<\/div>\n\t\t\t\t\t<\/div>\n\t\t<\/section>\n\t\t\t\t<div class=\"elementor-element elementor-element-2af9ec8 elementor-widget elementor-widget-text-editor\" data-id=\"2af9ec8\" data-element_type=\"widget\" data-widget_type=\"text-editor.default\">\n\t\t\t\t<div class=\"elementor-widget-container\">\n\t\t\t\t\t\t\t\t<div class=\"elementor-text-editor elementor-clearfix\">\n\t\t\t\t<p>Contenu propos\u00e9 par Ludivine Canon &amp; C\u00e9cile Alexandre<br \/>&#8211; Ao\u00fbt 2021 &#8211;<\/p>\t\t\t\t\t<\/div>\n\t\t\t\t\t\t<\/div>\n\t\t\t\t<\/div>\n\t\t\t\t\t\t<\/div>\n\t\t\t\t\t<\/div>\n\t\t<\/div>\n\t\t\t\t\t\t\t\t<\/div>\n\t\t\t\t\t<\/div>\n\t\t<\/section>\n\t\t\t\t<section class=\"has_eae_slider elementor-section elementor-top-section elementor-element elementor-element-c055603 elementor-section-content-bottom elementor-section-boxed elementor-section-height-default elementor-section-height-default\" data-id=\"c055603\" data-element_type=\"section\" data-settings=\"{&quot;background_background&quot;:&quot;classic&quot;}\">\n\t\t\t\t\t\t<div class=\"elementor-container elementor-column-gap-no\">\n\t\t\t\t\t\t\t<div class=\"elementor-row\">\n\t\t\t\t\t<div class=\"has_eae_slider elementor-column elementor-col-100 elementor-top-column elementor-element elementor-element-ff1103c\" data-id=\"ff1103c\" data-element_type=\"column\">\n\t\t\t<div class=\"elementor-column-wrap elementor-element-populated\">\n\t\t\t\t\t\t\t<div class=\"elementor-widget-wrap\">\n\t\t\t\t\t\t<div class=\"elementor-element elementor-element-1ef1814 elementor-widget elementor-widget-heading\" data-id=\"1ef1814\" data-element_type=\"widget\" data-widget_type=\"heading.default\">\n\t\t\t\t<div class=\"elementor-widget-container\">\n\t\t\t<h3 class=\"elementor-heading-title elementor-size-default\">28 - 29 Mai 2021, Charleville-M\u00e9zi\u00e8res<\/h3>\t\t<\/div>\n\t\t\t\t<\/div>\n\t\t\t\t<div class=\"elementor-element elementor-element-35c019a elementor-widget elementor-widget-heading\" data-id=\"35c019a\" data-element_type=\"widget\" data-widget_type=\"heading.default\">\n\t\t\t\t<div class=\"elementor-widget-container\">\n\t\t\t<h2 class=\"elementor-heading-title elementor-size-xxl\">Nouveaux Regards sur Charleville :<br> Histoire, Population et Territoire<br> \n(XVIIe-XIXe si\u00e8cles)<\/h2>\t\t<\/div>\n\t\t\t\t<\/div>\n\t\t\t\t<div class=\"elementor-element elementor-element-c293df7 elementor-widget-divider--view-line elementor-widget elementor-widget-divider\" data-id=\"c293df7\" data-element_type=\"widget\" data-widget_type=\"divider.default\">\n\t\t\t\t<div class=\"elementor-widget-container\">\n\t\t\t\t\t<div class=\"elementor-divider\">\n\t\t\t<span class=\"elementor-divider-separator\">\n\t\t\t\t\t\t<\/span>\n\t\t<\/div>\n\t\t\t\t<\/div>\n\t\t\t\t<\/div>\n\t\t\t\t\t\t<\/div>\n\t\t\t\t\t<\/div>\n\t\t<\/div>\n\t\t\t\t\t\t\t\t<\/div>\n\t\t\t\t\t<\/div>\n\t\t<\/section>\n\t\t\t\t<section class=\"has_eae_slider elementor-section elementor-top-section elementor-element elementor-element-33279e4 elementor-section-boxed elementor-section-height-default elementor-section-height-default\" data-id=\"33279e4\" data-element_type=\"section\" data-settings=\"{&quot;background_background&quot;:&quot;classic&quot;}\">\n\t\t\t\t\t\t<div class=\"elementor-container elementor-column-gap-default\">\n\t\t\t\t\t\t\t<div class=\"elementor-row\">\n\t\t\t\t\t<div class=\"has_eae_slider elementor-column elementor-col-25 elementor-top-column elementor-element elementor-element-7f79c78\" data-id=\"7f79c78\" data-element_type=\"column\">\n\t\t\t<div class=\"elementor-column-wrap elementor-element-populated\">\n\t\t\t\t\t\t\t<div class=\"elementor-widget-wrap\">\n\t\t\t\t\t\t<div class=\"elementor-element elementor-element-2bae730 elementor-align-center elementor-widget elementor-widget-button\" data-id=\"2bae730\" data-element_type=\"widget\" data-widget_type=\"button.default\">\n\t\t\t\t<div class=\"elementor-widget-container\">\n\t\t\t\t\t<div class=\"elementor-button-wrapper\">\n\t\t\t<a href=\"#1\" class=\"elementor-button-link elementor-button elementor-size-xl\" role=\"button\">\n\t\t\t\t\t\t<span class=\"elementor-button-content-wrapper\">\n\t\t\t\t\t\t<span class=\"elementor-button-text\">Introduction<\/span>\n\t\t<\/span>\n\t\t\t\t\t<\/a>\n\t\t<\/div>\n\t\t\t\t<\/div>\n\t\t\t\t<\/div>\n\t\t\t\t\t\t<\/div>\n\t\t\t\t\t<\/div>\n\t\t<\/div>\n\t\t\t\t<div class=\"has_eae_slider elementor-column elementor-col-25 elementor-top-column elementor-element elementor-element-7214971\" data-id=\"7214971\" data-element_type=\"column\">\n\t\t\t<div class=\"elementor-column-wrap elementor-element-populated\">\n\t\t\t\t\t\t\t<div class=\"elementor-widget-wrap\">\n\t\t\t\t\t\t<div class=\"elementor-element elementor-element-ccf9a81 elementor-align-center elementor-widget elementor-widget-button\" data-id=\"ccf9a81\" data-element_type=\"widget\" data-widget_type=\"button.default\">\n\t\t\t\t<div class=\"elementor-widget-container\">\n\t\t\t\t\t<div class=\"elementor-button-wrapper\">\n\t\t\t<a href=\"#2\" class=\"elementor-button-link elementor-button elementor-size-xl\" role=\"button\">\n\t\t\t\t\t\t<span class=\"elementor-button-content-wrapper\">\n\t\t\t\t\t\t<span class=\"elementor-button-text\">3<sup>\u00e8me<\/sup> session<\/span>\n\t\t<\/span>\n\t\t\t\t\t<\/a>\n\t\t<\/div>\n\t\t\t\t<\/div>\n\t\t\t\t<\/div>\n\t\t\t\t\t\t<\/div>\n\t\t\t\t\t<\/div>\n\t\t<\/div>\n\t\t\t\t<div class=\"has_eae_slider elementor-column elementor-col-25 elementor-top-column elementor-element elementor-element-c64b724\" data-id=\"c64b724\" data-element_type=\"column\">\n\t\t\t<div class=\"elementor-column-wrap elementor-element-populated\">\n\t\t\t\t\t\t\t<div class=\"elementor-widget-wrap\">\n\t\t\t\t\t\t<div class=\"elementor-element elementor-element-f68851e elementor-align-center elementor-widget elementor-widget-button\" data-id=\"f68851e\" data-element_type=\"widget\" data-widget_type=\"button.default\">\n\t\t\t\t<div class=\"elementor-widget-container\">\n\t\t\t\t\t<div class=\"elementor-button-wrapper\">\n\t\t\t<a href=\"#3\" class=\"elementor-button-link elementor-button elementor-size-xl\" role=\"button\">\n\t\t\t\t\t\t<span class=\"elementor-button-content-wrapper\">\n\t\t\t\t\t\t<span class=\"elementor-button-text\">4<sup>\u00e8me<\/sup> session<\/span>\n\t\t<\/span>\n\t\t\t\t\t<\/a>\n\t\t<\/div>\n\t\t\t\t<\/div>\n\t\t\t\t<\/div>\n\t\t\t\t\t\t<\/div>\n\t\t\t\t\t<\/div>\n\t\t<\/div>\n\t\t\t\t<div class=\"has_eae_slider elementor-column elementor-col-25 elementor-top-column elementor-element elementor-element-1309d64\" data-id=\"1309d64\" data-element_type=\"column\">\n\t\t\t<div class=\"elementor-column-wrap elementor-element-populated\">\n\t\t\t\t\t\t\t<div class=\"elementor-widget-wrap\">\n\t\t\t\t\t\t<div class=\"elementor-element elementor-element-0cc5cbe elementor-align-center elementor-widget elementor-widget-button\" data-id=\"0cc5cbe\" data-element_type=\"widget\" data-widget_type=\"button.default\">\n\t\t\t\t<div class=\"elementor-widget-container\">\n\t\t\t\t\t<div class=\"elementor-button-wrapper\">\n\t\t\t<a href=\"#4\" class=\"elementor-button-link elementor-button elementor-size-xl\" role=\"button\">\n\t\t\t\t\t\t<span class=\"elementor-button-content-wrapper\">\n\t\t\t\t\t\t<span class=\"elementor-button-text\">Conclusion<\/span>\n\t\t<\/span>\n\t\t\t\t\t<\/a>\n\t\t<\/div>\n\t\t\t\t<\/div>\n\t\t\t\t<\/div>\n\t\t\t\t\t\t<\/div>\n\t\t\t\t\t<\/div>\n\t\t<\/div>\n\t\t\t\t\t\t\t\t<\/div>\n\t\t\t\t\t<\/div>\n\t\t<\/section>\n\t\t\t\t<section class=\"has_eae_slider elementor-section elementor-top-section elementor-element elementor-element-1cae339 elementor-section-boxed elementor-section-height-default elementor-section-height-default\" data-id=\"1cae339\" data-element_type=\"section\">\n\t\t\t\t\t\t<div class=\"elementor-container elementor-column-gap-default\">\n\t\t\t\t\t\t\t<div class=\"elementor-row\">\n\t\t\t\t\t<div class=\"has_eae_slider elementor-column elementor-col-100 elementor-top-column elementor-element elementor-element-f024110\" data-id=\"f024110\" data-element_type=\"column\">\n\t\t\t<div class=\"elementor-column-wrap elementor-element-populated\">\n\t\t\t\t\t\t\t<div class=\"elementor-widget-wrap\">\n\t\t\t\t\t\t<div class=\"elementor-element elementor-element-05a11b8 elementor-widget elementor-widget-menu-anchor\" data-id=\"05a11b8\" data-element_type=\"widget\" data-widget_type=\"menu-anchor.default\">\n\t\t\t\t<div class=\"elementor-widget-container\">\n\t\t\t\t\t<div id=\"1\" class=\"elementor-menu-anchor\"><\/div>\n\t\t\t\t<\/div>\n\t\t\t\t<\/div>\n\t\t\t\t<div class=\"elementor-element elementor-element-91f6d54 elementor-widget elementor-widget-heading\" data-id=\"91f6d54\" data-element_type=\"widget\" data-widget_type=\"heading.default\">\n\t\t\t\t<div class=\"elementor-widget-container\">\n\t\t\t<h2 class=\"elementor-heading-title elementor-size-default\">Introduction<\/h2>\t\t<\/div>\n\t\t\t\t<\/div>\n\t\t\t\t<div class=\"elementor-element elementor-element-49bde3b elementor-widget-divider--view-line elementor-widget elementor-widget-divider\" data-id=\"49bde3b\" data-element_type=\"widget\" data-widget_type=\"divider.default\">\n\t\t\t\t<div class=\"elementor-widget-container\">\n\t\t\t\t\t<div class=\"elementor-divider\">\n\t\t\t<span class=\"elementor-divider-separator\">\n\t\t\t\t\t\t<\/span>\n\t\t<\/div>\n\t\t\t\t<\/div>\n\t\t\t\t<\/div>\n\t\t\t\t\t\t<\/div>\n\t\t\t\t\t<\/div>\n\t\t<\/div>\n\t\t\t\t\t\t\t\t<\/div>\n\t\t\t\t\t<\/div>\n\t\t<\/section>\n\t\t\t\t<section class=\"has_eae_slider elementor-section elementor-top-section elementor-element elementor-element-140620c elementor-section-boxed elementor-section-height-default elementor-section-height-default\" data-id=\"140620c\" data-element_type=\"section\">\n\t\t\t\t\t\t<div class=\"elementor-container elementor-column-gap-default\">\n\t\t\t\t\t\t\t<div class=\"elementor-row\">\n\t\t\t\t\t<div class=\"has_eae_slider elementor-column elementor-col-100 elementor-top-column elementor-element elementor-element-16d4e07\" data-id=\"16d4e07\" data-element_type=\"column\">\n\t\t\t<div class=\"elementor-column-wrap elementor-element-populated\">\n\t\t\t\t\t\t\t<div class=\"elementor-widget-wrap\">\n\t\t\t\t\t\t<div class=\"elementor-element elementor-element-a30b4d3 elementor-aspect-ratio-169 elementor-widget elementor-widget-video\" data-id=\"a30b4d3\" data-element_type=\"widget\" data-settings=\"{&quot;youtube_url&quot;:&quot;https:\\\/\\\/www.youtube.com\\\/watch?v=OTt4dZo7ADI&quot;,&quot;video_type&quot;:&quot;youtube&quot;,&quot;controls&quot;:&quot;yes&quot;,&quot;aspect_ratio&quot;:&quot;169&quot;}\" data-widget_type=\"video.default\">\n\t\t\t\t<div class=\"elementor-widget-container\">\n\t\t\t\t\t<div class=\"elementor-wrapper elementor-fit-aspect-ratio elementor-open-inline\">\n\t\t\t<div class=\"elementor-video\"><\/div>\t\t<\/div>\n\t\t\t\t<\/div>\n\t\t\t\t<\/div>\n\t\t\t\t\t\t<\/div>\n\t\t\t\t\t<\/div>\n\t\t<\/div>\n\t\t\t\t\t\t\t\t<\/div>\n\t\t\t\t\t<\/div>\n\t\t<\/section>\n\t\t\t\t<section class=\"has_eae_slider elementor-section elementor-top-section elementor-element elementor-element-8fb565d elementor-section-boxed elementor-section-height-default elementor-section-height-default\" data-id=\"8fb565d\" data-element_type=\"section\">\n\t\t\t\t\t\t<div class=\"elementor-container elementor-column-gap-default\">\n\t\t\t\t\t\t\t<div class=\"elementor-row\">\n\t\t\t\t\t<div class=\"has_eae_slider elementor-column elementor-col-100 elementor-top-column elementor-element elementor-element-f871db9\" data-id=\"f871db9\" data-element_type=\"column\">\n\t\t\t<div class=\"elementor-column-wrap elementor-element-populated\">\n\t\t\t\t\t\t\t<div class=\"elementor-widget-wrap\">\n\t\t\t\t\t\t<div class=\"elementor-element elementor-element-5103e72 elementor-widget-divider--view-line elementor-widget elementor-widget-divider\" data-id=\"5103e72\" data-element_type=\"widget\" data-widget_type=\"divider.default\">\n\t\t\t\t<div class=\"elementor-widget-container\">\n\t\t\t\t\t<div class=\"elementor-divider\">\n\t\t\t<span class=\"elementor-divider-separator\">\n\t\t\t\t\t\t<\/span>\n\t\t<\/div>\n\t\t\t\t<\/div>\n\t\t\t\t<\/div>\n\t\t\t\t<div class=\"elementor-element elementor-element-ac5a49c elementor-widget elementor-widget-menu-anchor\" data-id=\"ac5a49c\" data-element_type=\"widget\" data-widget_type=\"menu-anchor.default\">\n\t\t\t\t<div class=\"elementor-widget-container\">\n\t\t\t\t\t<div id=\"2\" class=\"elementor-menu-anchor\"><\/div>\n\t\t\t\t<\/div>\n\t\t\t\t<\/div>\n\t\t\t\t\t\t<\/div>\n\t\t\t\t\t<\/div>\n\t\t<\/div>\n\t\t\t\t\t\t\t\t<\/div>\n\t\t\t\t\t<\/div>\n\t\t<\/section>\n\t\t\t\t<section class=\"has_eae_slider elementor-section elementor-top-section elementor-element elementor-element-e537a64 elementor-section-boxed elementor-section-height-default elementor-section-height-default\" data-id=\"e537a64\" data-element_type=\"section\">\n\t\t\t\t\t\t<div class=\"elementor-container elementor-column-gap-default\">\n\t\t\t\t\t\t\t<div class=\"elementor-row\">\n\t\t\t\t\t<div class=\"has_eae_slider elementor-column elementor-col-100 elementor-top-column elementor-element elementor-element-bad7ad2\" data-id=\"bad7ad2\" data-element_type=\"column\">\n\t\t\t<div class=\"elementor-column-wrap elementor-element-populated\">\n\t\t\t\t\t\t\t<div class=\"elementor-widget-wrap\">\n\t\t\t\t\t\t<div class=\"elementor-element elementor-element-b374ff2 elementor-widget elementor-widget-heading\" data-id=\"b374ff2\" data-element_type=\"widget\" data-widget_type=\"heading.default\">\n\t\t\t\t<div class=\"elementor-widget-container\">\n\t\t\t<h2 class=\"elementor-heading-title elementor-size-default\">3<sup>\u00e8me<\/sup> session : Architecture et urbanisme\n<br><h3>session dirig\u00e9e par Carole Marquet-Morelle et Fran\u00e7ois-Joseph Ruggiu<\/h3><\/h2>\t\t<\/div>\n\t\t\t\t<\/div>\n\t\t\t\t<div class=\"elementor-element elementor-element-870d3f2 elementor-widget-divider--view-line elementor-widget elementor-widget-divider\" data-id=\"870d3f2\" data-element_type=\"widget\" data-widget_type=\"divider.default\">\n\t\t\t\t<div class=\"elementor-widget-container\">\n\t\t\t\t\t<div class=\"elementor-divider\">\n\t\t\t<span class=\"elementor-divider-separator\">\n\t\t\t\t\t\t<\/span>\n\t\t<\/div>\n\t\t\t\t<\/div>\n\t\t\t\t<\/div>\n\t\t\t\t\t\t<\/div>\n\t\t\t\t\t<\/div>\n\t\t<\/div>\n\t\t\t\t\t\t\t\t<\/div>\n\t\t\t\t\t<\/div>\n\t\t<\/section>\n\t\t\t\t<section class=\"has_eae_slider elementor-section elementor-top-section elementor-element elementor-element-92810d9 elementor-section-boxed elementor-section-height-default elementor-section-height-default\" data-id=\"92810d9\" data-element_type=\"section\">\n\t\t\t\t\t\t<div class=\"elementor-container elementor-column-gap-default\">\n\t\t\t\t\t\t\t<div class=\"elementor-row\">\n\t\t\t\t\t<div class=\"has_eae_slider elementor-column elementor-col-100 elementor-top-column elementor-element elementor-element-94c0f34\" data-id=\"94c0f34\" data-element_type=\"column\">\n\t\t\t<div class=\"elementor-column-wrap elementor-element-populated\">\n\t\t\t\t\t\t\t<div class=\"elementor-widget-wrap\">\n\t\t\t\t\t\t<div class=\"elementor-element elementor-element-4ecd86c elementor-widget elementor-widget-heading\" data-id=\"4ecd86c\" data-element_type=\"widget\" data-widget_type=\"heading.default\">\n\t\t\t\t<div class=\"elementor-widget-container\">\n\t\t\t<h3 class=\"elementor-heading-title elementor-size-default\">Youri Carbonnier (Universit\u00e9 d\u2019Artois)<br> -\n<\/h3>\t\t<\/div>\n\t\t\t\t<\/div>\n\t\t\t\t<div class=\"elementor-element elementor-element-954e1a1 elementor-widget elementor-widget-heading\" data-id=\"954e1a1\" data-element_type=\"widget\" data-widget_type=\"heading.default\">\n\t\t\t\t<div class=\"elementor-widget-container\">\n\t\t\t<h3 class=\"elementor-heading-title elementor-size-default\">Charleville g\u00e9om\u00e9trique et modulaire : <br>jeux d\u2019\u00e9chelles en architecture et en urbanisme<\/h3>\t\t<\/div>\n\t\t\t\t<\/div>\n\t\t\t\t<section class=\"has_eae_slider elementor-section elementor-inner-section elementor-element elementor-element-b2ed5e8 elementor-section-boxed elementor-section-height-default elementor-section-height-default\" data-id=\"b2ed5e8\" data-element_type=\"section\">\n\t\t\t\t\t\t<div class=\"elementor-container elementor-column-gap-default\">\n\t\t\t\t\t\t\t<div class=\"elementor-row\">\n\t\t\t\t\t<div class=\"has_eae_slider elementor-column elementor-col-50 elementor-inner-column elementor-element elementor-element-27b3f7c\" data-id=\"27b3f7c\" data-element_type=\"column\">\n\t\t\t<div class=\"elementor-column-wrap elementor-element-populated\">\n\t\t\t\t\t\t\t<div class=\"elementor-widget-wrap\">\n\t\t\t\t\t\t<div class=\"elementor-element elementor-element-94d4cdb elementor-aspect-ratio-169 elementor-widget elementor-widget-video\" data-id=\"94d4cdb\" data-element_type=\"widget\" data-settings=\"{&quot;youtube_url&quot;:&quot;https:\\\/\\\/www.youtube.com\\\/watch?v=A4mC5YHqQas&quot;,&quot;video_type&quot;:&quot;youtube&quot;,&quot;controls&quot;:&quot;yes&quot;,&quot;aspect_ratio&quot;:&quot;169&quot;}\" data-widget_type=\"video.default\">\n\t\t\t\t<div class=\"elementor-widget-container\">\n\t\t\t\t\t<div class=\"elementor-wrapper elementor-fit-aspect-ratio elementor-open-inline\">\n\t\t\t<div class=\"elementor-video\"><\/div>\t\t<\/div>\n\t\t\t\t<\/div>\n\t\t\t\t<\/div>\n\t\t\t\t\t\t<\/div>\n\t\t\t\t\t<\/div>\n\t\t<\/div>\n\t\t\t\t<div class=\"has_eae_slider elementor-column elementor-col-50 elementor-inner-column elementor-element elementor-element-74ea68b\" data-id=\"74ea68b\" data-element_type=\"column\">\n\t\t\t<div class=\"elementor-column-wrap elementor-element-populated\">\n\t\t\t\t\t\t\t<div class=\"elementor-widget-wrap\">\n\t\t\t\t\t\t<div class=\"elementor-element elementor-element-cef5818 elementor-widget elementor-widget-heading\" data-id=\"cef5818\" data-element_type=\"widget\" data-widget_type=\"heading.default\">\n\t\t\t\t<div class=\"elementor-widget-container\">\n\t\t\t<h4 class=\"elementor-heading-title elementor-size-default\">Questions et remarques du chat :<\/h4>\t\t<\/div>\n\t\t\t\t<\/div>\n\t\t\t\t<div class=\"elementor-element elementor-element-a48e5d9 elementor-widget elementor-widget-text-editor\" data-id=\"a48e5d9\" data-element_type=\"widget\" data-widget_type=\"text-editor.default\">\n\t\t\t\t<div class=\"elementor-widget-container\">\n\t\t\t\t\t\t\t\t<div class=\"elementor-text-editor elementor-clearfix\">\n\t\t\t\t<p>&#8211;<strong> Claude Grimmer<\/strong> : Merci, Youri, car cet expos\u00e9 donne \u00e0 r\u00e9fl\u00e9chir. Une remarque : l\u2019h\u00f4pital de la Milice chr\u00e9tienne est clairement inspir\u00e9 par l\u2019<em>ospedale generale<\/em> de Milan, avec la forme de croix, quadrilat\u00e8re et trois portes d\u2019entr\u00e9e. <br \/>Il ne peut pas y avoir l\u2019aspect militaire puisque Charles ne veut pas de troupes\u2026<\/p><p>&#8211; <strong>Yann Vaxelaire<\/strong> : Il y a peut-\u00eatre \u00e9galement quelque chose \u00e0 regarder du c\u00f4t\u00e9 d\u2019un module. Pour avoir un peu travaill\u00e9 sur la question, la place ducale me semble avoir, plus qu\u2019un rapport racine de deux, 13 fois la largeur des rues d\u2019acc\u00e8s sur 9 dans l\u2019autre sens.<\/p>\t\t\t\t\t<\/div>\n\t\t\t\t\t\t<\/div>\n\t\t\t\t<\/div>\n\t\t\t\t\t\t<\/div>\n\t\t\t\t\t<\/div>\n\t\t<\/div>\n\t\t\t\t\t\t\t\t<\/div>\n\t\t\t\t\t<\/div>\n\t\t<\/section>\n\t\t\t\t<div class=\"elementor-element elementor-element-e9bb660 elementor-widget elementor-widget-spacer\" data-id=\"e9bb660\" data-element_type=\"widget\" data-widget_type=\"spacer.default\">\n\t\t\t\t<div class=\"elementor-widget-container\">\n\t\t\t\t\t<div class=\"elementor-spacer\">\n\t\t\t<div class=\"elementor-spacer-inner\"><\/div>\n\t\t<\/div>\n\t\t\t\t<\/div>\n\t\t\t\t<\/div>\n\t\t\t\t<div class=\"elementor-element elementor-element-32c50b3 elementor-widget-divider--view-line elementor-widget elementor-widget-divider\" data-id=\"32c50b3\" data-element_type=\"widget\" data-widget_type=\"divider.default\">\n\t\t\t\t<div class=\"elementor-widget-container\">\n\t\t\t\t\t<div class=\"elementor-divider\">\n\t\t\t<span class=\"elementor-divider-separator\">\n\t\t\t\t\t\t<\/span>\n\t\t<\/div>\n\t\t\t\t<\/div>\n\t\t\t\t<\/div>\n\t\t\t\t\t\t<\/div>\n\t\t\t\t\t<\/div>\n\t\t<\/div>\n\t\t\t\t\t\t\t\t<\/div>\n\t\t\t\t\t<\/div>\n\t\t<\/section>\n\t\t\t\t<section class=\"has_eae_slider elementor-section elementor-top-section elementor-element elementor-element-627f80e elementor-section-boxed elementor-section-height-default elementor-section-height-default\" data-id=\"627f80e\" data-element_type=\"section\">\n\t\t\t\t\t\t<div class=\"elementor-container elementor-column-gap-default\">\n\t\t\t\t\t\t\t<div class=\"elementor-row\">\n\t\t\t\t\t<div class=\"has_eae_slider elementor-column elementor-col-100 elementor-top-column elementor-element elementor-element-b21d38b\" data-id=\"b21d38b\" data-element_type=\"column\">\n\t\t\t<div class=\"elementor-column-wrap elementor-element-populated\">\n\t\t\t\t\t\t\t<div class=\"elementor-widget-wrap\">\n\t\t\t\t\t\t<div class=\"elementor-element elementor-element-48b4662 elementor-widget elementor-widget-heading\" data-id=\"48b4662\" data-element_type=\"widget\" data-widget_type=\"heading.default\">\n\t\t\t\t<div class=\"elementor-widget-container\">\n\t\t\t<h3 class=\"elementor-heading-title elementor-size-default\">St\u00e9phane Jeunehomme (Soci\u00e9t\u00e9 d\u2019Histoire des Ardennes)<br> -\n<\/h3>\t\t<\/div>\n\t\t\t\t<\/div>\n\t\t\t\t<div class=\"elementor-element elementor-element-1bace62 elementor-widget elementor-widget-heading\" data-id=\"1bace62\" data-element_type=\"widget\" data-widget_type=\"heading.default\">\n\t\t\t\t<div class=\"elementor-widget-container\">\n\t\t\t<h3 class=\"elementor-heading-title elementor-size-default\">Le concept d\u2019\u00e9quilibre dans l\u2019urbanisme de Charleville :<br> une esth\u00e9tique baroque<\/h3>\t\t<\/div>\n\t\t\t\t<\/div>\n\t\t\t\t<section class=\"has_eae_slider elementor-section elementor-inner-section elementor-element elementor-element-c8e628b elementor-section-boxed elementor-section-height-default elementor-section-height-default\" data-id=\"c8e628b\" data-element_type=\"section\">\n\t\t\t\t\t\t<div class=\"elementor-container elementor-column-gap-default\">\n\t\t\t\t\t\t\t<div class=\"elementor-row\">\n\t\t\t\t\t<div class=\"has_eae_slider elementor-column elementor-col-50 elementor-inner-column elementor-element elementor-element-ae879de\" data-id=\"ae879de\" data-element_type=\"column\">\n\t\t\t<div class=\"elementor-column-wrap elementor-element-populated\">\n\t\t\t\t\t\t\t<div class=\"elementor-widget-wrap\">\n\t\t\t\t\t\t<div class=\"elementor-element elementor-element-39b8e09 elementor-aspect-ratio-169 elementor-widget elementor-widget-video\" data-id=\"39b8e09\" data-element_type=\"widget\" data-settings=\"{&quot;youtube_url&quot;:&quot;https:\\\/\\\/www.youtube.com\\\/watch?v=x2b6ywtwyfw&quot;,&quot;video_type&quot;:&quot;youtube&quot;,&quot;controls&quot;:&quot;yes&quot;,&quot;aspect_ratio&quot;:&quot;169&quot;}\" data-widget_type=\"video.default\">\n\t\t\t\t<div class=\"elementor-widget-container\">\n\t\t\t\t\t<div class=\"elementor-wrapper elementor-fit-aspect-ratio elementor-open-inline\">\n\t\t\t<div class=\"elementor-video\"><\/div>\t\t<\/div>\n\t\t\t\t<\/div>\n\t\t\t\t<\/div>\n\t\t\t\t\t\t<\/div>\n\t\t\t\t\t<\/div>\n\t\t<\/div>\n\t\t\t\t<div class=\"has_eae_slider elementor-column elementor-col-50 elementor-inner-column elementor-element elementor-element-c051cb8\" data-id=\"c051cb8\" data-element_type=\"column\">\n\t\t\t<div class=\"elementor-column-wrap elementor-element-populated\">\n\t\t\t\t\t\t\t<div class=\"elementor-widget-wrap\">\n\t\t\t\t\t\t<div class=\"elementor-element elementor-element-2d9e426 elementor-widget elementor-widget-heading\" data-id=\"2d9e426\" data-element_type=\"widget\" data-widget_type=\"heading.default\">\n\t\t\t\t<div class=\"elementor-widget-container\">\n\t\t\t<h4 class=\"elementor-heading-title elementor-size-default\">Questions et remarques du chat :<\/h4>\t\t<\/div>\n\t\t\t\t<\/div>\n\t\t\t\t<div class=\"elementor-element elementor-element-8305516 elementor-widget elementor-widget-text-editor\" data-id=\"8305516\" data-element_type=\"widget\" data-widget_type=\"text-editor.default\">\n\t\t\t\t<div class=\"elementor-widget-container\">\n\t\t\t\t\t\t\t\t<div class=\"elementor-text-editor elementor-clearfix\">\n\t\t\t\t<p>&#8211; <strong>Claude Grimmer<\/strong> : Je pense qu\u2019on pourrait avoir des \u00e9l\u00e9ments sur les constructions qu\u2019a faites Charles \u00e0 Mantoue.<\/p><p>&#8211; <strong>Vincent Gourdon<\/strong> : J&#8217;imagine qu&#8217;aucune archive ne permet de valider les hypoth\u00e8ses \u00e9mises dans ces deux expos\u00e9s passionnants par un \u00e9crit explicite ?<\/p><p>&#8211; <strong>Claude Grimmer<\/strong> : Il a refait un pont dont il a fait enlever le toit, une \u00e9glise&#8230;<br \/>Non, les plans existaient au temps des Cond\u00e9.<\/p><p>&#8211; <strong>Elise Nicolas<\/strong> : La place du Saint-S\u00e9pulcre ouverte est d\u00e9cal\u00e9e par rapport au triangle sublime.<\/p><p>&#8211; <strong>Patrice Bertrand<\/strong> : Oui, mais les portes ne sont plus l\u00e0.<\/p><p>&#8211; <strong>Vincent Gourdon<\/strong> : Je pense que Youri Carbonnier et St\u00e9phane Jeunehomme pourront discuter de la compatibilit\u00e9 de leurs analyses !<\/p>\t\t\t\t\t<\/div>\n\t\t\t\t\t\t<\/div>\n\t\t\t\t<\/div>\n\t\t\t\t\t\t<\/div>\n\t\t\t\t\t<\/div>\n\t\t<\/div>\n\t\t\t\t\t\t\t\t<\/div>\n\t\t\t\t\t<\/div>\n\t\t<\/section>\n\t\t\t\t<div class=\"elementor-element elementor-element-2d47655 elementor-widget elementor-widget-spacer\" data-id=\"2d47655\" data-element_type=\"widget\" data-widget_type=\"spacer.default\">\n\t\t\t\t<div class=\"elementor-widget-container\">\n\t\t\t\t\t<div class=\"elementor-spacer\">\n\t\t\t<div class=\"elementor-spacer-inner\"><\/div>\n\t\t<\/div>\n\t\t\t\t<\/div>\n\t\t\t\t<\/div>\n\t\t\t\t<div class=\"elementor-element elementor-element-d584604 elementor-widget-divider--view-line elementor-widget elementor-widget-divider\" data-id=\"d584604\" data-element_type=\"widget\" data-widget_type=\"divider.default\">\n\t\t\t\t<div class=\"elementor-widget-container\">\n\t\t\t\t\t<div class=\"elementor-divider\">\n\t\t\t<span class=\"elementor-divider-separator\">\n\t\t\t\t\t\t<\/span>\n\t\t<\/div>\n\t\t\t\t<\/div>\n\t\t\t\t<\/div>\n\t\t\t\t\t\t<\/div>\n\t\t\t\t\t<\/div>\n\t\t<\/div>\n\t\t\t\t\t\t\t\t<\/div>\n\t\t\t\t\t<\/div>\n\t\t<\/section>\n\t\t\t\t<section class=\"has_eae_slider elementor-section elementor-top-section elementor-element elementor-element-d453217 elementor-section-boxed elementor-section-height-default elementor-section-height-default\" data-id=\"d453217\" data-element_type=\"section\">\n\t\t\t\t\t\t<div class=\"elementor-container elementor-column-gap-default\">\n\t\t\t\t\t\t\t<div class=\"elementor-row\">\n\t\t\t\t\t<div class=\"has_eae_slider elementor-column elementor-col-100 elementor-top-column elementor-element elementor-element-772dc26\" data-id=\"772dc26\" data-element_type=\"column\">\n\t\t\t<div class=\"elementor-column-wrap elementor-element-populated\">\n\t\t\t\t\t\t\t<div class=\"elementor-widget-wrap\">\n\t\t\t\t\t\t<div class=\"elementor-element elementor-element-886b431 elementor-widget elementor-widget-heading\" data-id=\"886b431\" data-element_type=\"widget\" data-widget_type=\"heading.default\">\n\t\t\t\t<div class=\"elementor-widget-container\">\n\t\t\t<h3 class=\"elementor-heading-title elementor-size-default\">Yann Vaxelaire (Sorbonne Universit\u00e9 \u2013 Centre Andr\u00e9 Chastel)<br> -\n<\/h3>\t\t<\/div>\n\t\t\t\t<\/div>\n\t\t\t\t<div class=\"elementor-element elementor-element-35429e1 elementor-widget elementor-widget-heading\" data-id=\"35429e1\" data-element_type=\"widget\" data-widget_type=\"heading.default\">\n\t\t\t\t<div class=\"elementor-widget-container\">\n\t\t\t<h3 class=\"elementor-heading-title elementor-size-default\">D\u2019une ville neuve \u00e0 l\u2019autre\u00a0:<br> Nancy, prototype des villes princi\u00e8res fran\u00e7aises\u00a0?<\/h3>\t\t<\/div>\n\t\t\t\t<\/div>\n\t\t\t\t<section class=\"has_eae_slider elementor-section elementor-inner-section elementor-element elementor-element-30cf9ff elementor-section-boxed elementor-section-height-default elementor-section-height-default\" data-id=\"30cf9ff\" data-element_type=\"section\">\n\t\t\t\t\t\t<div class=\"elementor-container elementor-column-gap-default\">\n\t\t\t\t\t\t\t<div class=\"elementor-row\">\n\t\t\t\t\t<div class=\"has_eae_slider elementor-column elementor-col-50 elementor-inner-column elementor-element elementor-element-7d19ca8\" data-id=\"7d19ca8\" data-element_type=\"column\">\n\t\t\t<div class=\"elementor-column-wrap elementor-element-populated\">\n\t\t\t\t\t\t\t<div class=\"elementor-widget-wrap\">\n\t\t\t\t\t\t<div class=\"elementor-element elementor-element-e3e9f81 elementor-aspect-ratio-169 elementor-widget elementor-widget-video\" data-id=\"e3e9f81\" data-element_type=\"widget\" data-settings=\"{&quot;youtube_url&quot;:&quot;https:\\\/\\\/www.youtube.com\\\/watch?v=5Vh7Nk8CUS8&quot;,&quot;video_type&quot;:&quot;youtube&quot;,&quot;controls&quot;:&quot;yes&quot;,&quot;aspect_ratio&quot;:&quot;169&quot;}\" data-widget_type=\"video.default\">\n\t\t\t\t<div class=\"elementor-widget-container\">\n\t\t\t\t\t<div class=\"elementor-wrapper elementor-fit-aspect-ratio elementor-open-inline\">\n\t\t\t<div class=\"elementor-video\"><\/div>\t\t<\/div>\n\t\t\t\t<\/div>\n\t\t\t\t<\/div>\n\t\t\t\t\t\t<\/div>\n\t\t\t\t\t<\/div>\n\t\t<\/div>\n\t\t\t\t<div class=\"has_eae_slider elementor-column elementor-col-50 elementor-inner-column elementor-element elementor-element-e3c8981\" data-id=\"e3c8981\" data-element_type=\"column\">\n\t\t\t<div class=\"elementor-column-wrap elementor-element-populated\">\n\t\t\t\t\t\t\t<div class=\"elementor-widget-wrap\">\n\t\t\t\t\t\t<div class=\"elementor-element elementor-element-e4c135b elementor-widget elementor-widget-heading\" data-id=\"e4c135b\" data-element_type=\"widget\" data-widget_type=\"heading.default\">\n\t\t\t\t<div class=\"elementor-widget-container\">\n\t\t\t<h4 class=\"elementor-heading-title elementor-size-default\">Questions et remarques du chat :<\/h4>\t\t<\/div>\n\t\t\t\t<\/div>\n\t\t\t\t<div class=\"elementor-element elementor-element-d8fc996 elementor-widget elementor-widget-text-editor\" data-id=\"d8fc996\" data-element_type=\"widget\" data-widget_type=\"text-editor.default\">\n\t\t\t\t<div class=\"elementor-widget-container\">\n\t\t\t\t\t\t\t\t<div class=\"elementor-text-editor elementor-clearfix\">\n\t\t\t\t<p>&#8211;<strong> Isabelle Robin<\/strong> : j&#8217;ai \u00e9t\u00e9 frapp\u00e9e par le r\u00f4le des entrepreneurs : en savez-vous plus sur Marchal ?<\/p><p>&#8211; <strong>Vincent Gourdon<\/strong> : A Charleville, on fait un peu comme si le quartier des Faubourgs n&#8217;existait pas, en nous concentrant sur l&#8217;<em>intra-muros<\/em>.<\/p><p>&#8211; <strong>Claude Grimmer<\/strong> : Oui, alors que Pont-d\u2019Arches a une importance certaine, fortifi\u00e9e il me semble. C&#8217;est une piste.<\/p><p>&#8211; <strong>Youri Carbonnier<\/strong> : Le faubourg se d\u00e9veloppe \u00e0 partir du moment o\u00f9 il ne reste plus de place <em>intra-muros<\/em>.<\/p>\t\t\t\t\t<\/div>\n\t\t\t\t\t\t<\/div>\n\t\t\t\t<\/div>\n\t\t\t\t\t\t<\/div>\n\t\t\t\t\t<\/div>\n\t\t<\/div>\n\t\t\t\t\t\t\t\t<\/div>\n\t\t\t\t\t<\/div>\n\t\t<\/section>\n\t\t\t\t<div class=\"elementor-element elementor-element-cfbce5c elementor-widget elementor-widget-spacer\" data-id=\"cfbce5c\" data-element_type=\"widget\" data-widget_type=\"spacer.default\">\n\t\t\t\t<div class=\"elementor-widget-container\">\n\t\t\t\t\t<div class=\"elementor-spacer\">\n\t\t\t<div class=\"elementor-spacer-inner\"><\/div>\n\t\t<\/div>\n\t\t\t\t<\/div>\n\t\t\t\t<\/div>\n\t\t\t\t<div class=\"elementor-element elementor-element-76d9d04 elementor-widget-divider--view-line elementor-widget elementor-widget-divider\" data-id=\"76d9d04\" data-element_type=\"widget\" data-widget_type=\"divider.default\">\n\t\t\t\t<div class=\"elementor-widget-container\">\n\t\t\t\t\t<div class=\"elementor-divider\">\n\t\t\t<span class=\"elementor-divider-separator\">\n\t\t\t\t\t\t<\/span>\n\t\t<\/div>\n\t\t\t\t<\/div>\n\t\t\t\t<\/div>\n\t\t\t\t\t\t<\/div>\n\t\t\t\t\t<\/div>\n\t\t<\/div>\n\t\t\t\t\t\t\t\t<\/div>\n\t\t\t\t\t<\/div>\n\t\t<\/section>\n\t\t\t\t<section class=\"has_eae_slider elementor-section elementor-top-section elementor-element elementor-element-7e61896 elementor-section-boxed elementor-section-height-default elementor-section-height-default\" data-id=\"7e61896\" data-element_type=\"section\">\n\t\t\t\t\t\t<div class=\"elementor-container elementor-column-gap-default\">\n\t\t\t\t\t\t\t<div class=\"elementor-row\">\n\t\t\t\t\t<div class=\"has_eae_slider elementor-column elementor-col-100 elementor-top-column elementor-element elementor-element-19eaafc\" data-id=\"19eaafc\" data-element_type=\"column\">\n\t\t\t<div class=\"elementor-column-wrap elementor-element-populated\">\n\t\t\t\t\t\t\t<div class=\"elementor-widget-wrap\">\n\t\t\t\t\t\t<div class=\"elementor-element elementor-element-6789d91 elementor-widget elementor-widget-heading\" data-id=\"6789d91\" data-element_type=\"widget\" data-widget_type=\"heading.default\">\n\t\t\t\t<div class=\"elementor-widget-container\">\n\t\t\t<h3 class=\"elementor-heading-title elementor-size-default\">Mikel Etchart-Salas, Olivier Brun<br> (Conseil d\u00e9partemental des Ardennes ; Conseil d\u00e9partemental de l\u2019Eure)<br> -\n<\/h3>\t\t<\/div>\n\t\t\t\t<\/div>\n\t\t\t\t<div class=\"elementor-element elementor-element-26254f9 elementor-widget elementor-widget-heading\" data-id=\"26254f9\" data-element_type=\"widget\" data-widget_type=\"heading.default\">\n\t\t\t\t<div class=\"elementor-widget-container\">\n\t\t\t<h3 class=\"elementor-heading-title elementor-size-default\">Contribution de l\u2019arch\u00e9ologie \u00e0 la connaissance des remparts de Charleville<\/h3>\t\t<\/div>\n\t\t\t\t<\/div>\n\t\t\t\t<section class=\"has_eae_slider elementor-section elementor-inner-section elementor-element elementor-element-d884d64 elementor-section-boxed elementor-section-height-default elementor-section-height-default\" data-id=\"d884d64\" data-element_type=\"section\">\n\t\t\t\t\t\t<div class=\"elementor-container elementor-column-gap-default\">\n\t\t\t\t\t\t\t<div class=\"elementor-row\">\n\t\t\t\t\t<div class=\"has_eae_slider elementor-column elementor-col-50 elementor-inner-column elementor-element elementor-element-45e0d0e\" data-id=\"45e0d0e\" data-element_type=\"column\">\n\t\t\t<div class=\"elementor-column-wrap elementor-element-populated\">\n\t\t\t\t\t\t\t<div class=\"elementor-widget-wrap\">\n\t\t\t\t\t\t<div class=\"elementor-element elementor-element-e265b63 elementor-aspect-ratio-169 elementor-widget elementor-widget-video\" data-id=\"e265b63\" data-element_type=\"widget\" data-settings=\"{&quot;youtube_url&quot;:&quot;https:\\\/\\\/www.youtube.com\\\/watch?v=K0SWjxdlWk0&quot;,&quot;video_type&quot;:&quot;youtube&quot;,&quot;controls&quot;:&quot;yes&quot;,&quot;aspect_ratio&quot;:&quot;169&quot;}\" data-widget_type=\"video.default\">\n\t\t\t\t<div class=\"elementor-widget-container\">\n\t\t\t\t\t<div class=\"elementor-wrapper elementor-fit-aspect-ratio elementor-open-inline\">\n\t\t\t<div class=\"elementor-video\"><\/div>\t\t<\/div>\n\t\t\t\t<\/div>\n\t\t\t\t<\/div>\n\t\t\t\t\t\t<\/div>\n\t\t\t\t\t<\/div>\n\t\t<\/div>\n\t\t\t\t<div class=\"has_eae_slider elementor-column elementor-col-50 elementor-inner-column elementor-element elementor-element-06ee242\" data-id=\"06ee242\" data-element_type=\"column\">\n\t\t\t<div class=\"elementor-column-wrap elementor-element-populated\">\n\t\t\t\t\t\t\t<div class=\"elementor-widget-wrap\">\n\t\t\t\t\t\t<div class=\"elementor-element elementor-element-213f2d4 elementor-widget elementor-widget-heading\" data-id=\"213f2d4\" data-element_type=\"widget\" data-widget_type=\"heading.default\">\n\t\t\t\t<div class=\"elementor-widget-container\">\n\t\t\t<h4 class=\"elementor-heading-title elementor-size-default\">Questions et remarques du chat :<\/h4>\t\t<\/div>\n\t\t\t\t<\/div>\n\t\t\t\t<div class=\"elementor-element elementor-element-8f85969 elementor-widget elementor-widget-text-editor\" data-id=\"8f85969\" data-element_type=\"widget\" data-widget_type=\"text-editor.default\">\n\t\t\t\t<div class=\"elementor-widget-container\">\n\t\t\t\t\t\t\t\t<div class=\"elementor-text-editor elementor-clearfix\">\n\t\t\t\t<p>&#8211; <strong>Claude Grimmer<\/strong> : Pont-d\u2019Arches existe avant Charleville.<\/p><p>&#8211; <strong>Patrice Bertrand<\/strong> : Depuis le Moyen \u00c2ge, une t\u00eate de pont comme son nom l&#8217;indique. Le plan ADA est un plan &#8220;imagin\u00e9&#8221;.<\/p><p>Concernant le bastion de Montferrat : la fouille a-t-elle donn\u00e9 des informations sur la maison du Mont-Dieu (et sur Arches \u00e9ventuellement) ?<\/p><p>&#8211;\u00a0<strong> St\u00e9phane Collet<\/strong> : Olivier, peux-tu en dire plus sur les fragments de pipe trouv\u00e9s \u00e0 l&#8217;emplacement du bastion Bourbon ? Quel fabricant ?<\/p><p>&#8211;<strong> Yann Vaxelaire<\/strong> : Le mur d\u2019escarpe n\u2019est pas renforc\u00e9 par des \u00e9perons du c\u00f4t\u00e9 des masses de terre ? Des lev\u00e9es de terre ?<\/p><p>&#8211; <strong>Blanchard-Jacquet<\/strong> : Gambier ?<\/p><p>&#8211; <strong>Patrice Bertrand<\/strong> : Autre question plus g\u00e9n\u00e9rale : pas de d\u00e9couverte de verrerie ?<\/p><p>&#8211; <strong>Fran\u00e7ois-Joseph Ruggiu<\/strong> : Je voudrais aussi souligner l&#8217;excellente synergie des disciplines au sein de ce colloque et des professions qui concourent \u00e0 la connaissance des villes : histoire ; arch\u00e9ologie ; architecture ; sciences du patrimoine\u2026 c&#8217;est l\u00e0 aussi exemplaire&#8230;<\/p>\t\t\t\t\t<\/div>\n\t\t\t\t\t\t<\/div>\n\t\t\t\t<\/div>\n\t\t\t\t\t\t<\/div>\n\t\t\t\t\t<\/div>\n\t\t<\/div>\n\t\t\t\t\t\t\t\t<\/div>\n\t\t\t\t\t<\/div>\n\t\t<\/section>\n\t\t\t\t<div class=\"elementor-element elementor-element-f47c356 elementor-widget elementor-widget-spacer\" data-id=\"f47c356\" data-element_type=\"widget\" data-widget_type=\"spacer.default\">\n\t\t\t\t<div class=\"elementor-widget-container\">\n\t\t\t\t\t<div class=\"elementor-spacer\">\n\t\t\t<div class=\"elementor-spacer-inner\"><\/div>\n\t\t<\/div>\n\t\t\t\t<\/div>\n\t\t\t\t<\/div>\n\t\t\t\t<div class=\"elementor-element elementor-element-991770e elementor-widget-divider--view-line elementor-widget elementor-widget-divider\" data-id=\"991770e\" data-element_type=\"widget\" data-widget_type=\"divider.default\">\n\t\t\t\t<div class=\"elementor-widget-container\">\n\t\t\t\t\t<div class=\"elementor-divider\">\n\t\t\t<span class=\"elementor-divider-separator\">\n\t\t\t\t\t\t<\/span>\n\t\t<\/div>\n\t\t\t\t<\/div>\n\t\t\t\t<\/div>\n\t\t\t\t\t\t<\/div>\n\t\t\t\t\t<\/div>\n\t\t<\/div>\n\t\t\t\t\t\t\t\t<\/div>\n\t\t\t\t\t<\/div>\n\t\t<\/section>\n\t\t\t\t<section class=\"has_eae_slider elementor-section elementor-top-section elementor-element elementor-element-60f56af elementor-section-boxed elementor-section-height-default elementor-section-height-default\" data-id=\"60f56af\" data-element_type=\"section\">\n\t\t\t\t\t\t<div class=\"elementor-container elementor-column-gap-default\">\n\t\t\t\t\t\t\t<div class=\"elementor-row\">\n\t\t\t\t\t<div class=\"has_eae_slider elementor-column elementor-col-100 elementor-top-column elementor-element elementor-element-238a3d6\" data-id=\"238a3d6\" data-element_type=\"column\">\n\t\t\t<div class=\"elementor-column-wrap elementor-element-populated\">\n\t\t\t\t\t\t\t<div class=\"elementor-widget-wrap\">\n\t\t\t\t\t\t<div class=\"elementor-element elementor-element-98009a9 elementor-widget elementor-widget-heading\" data-id=\"98009a9\" data-element_type=\"widget\" data-widget_type=\"heading.default\">\n\t\t\t\t<div class=\"elementor-widget-container\">\n\t\t\t<h3 class=\"elementor-heading-title elementor-size-default\">Justine Croutelle, Pauline Langlait, Jean-Pierre Riocreux<br> (DRAC Grand-Est, Conservation r\u00e9gionale des Monuments historiques, <br>site de Ch\u00e2lons-en-Champagne)<br> -\n<\/h3>\t\t<\/div>\n\t\t\t\t<\/div>\n\t\t\t\t<div class=\"elementor-element elementor-element-7e27b87 elementor-widget elementor-widget-heading\" data-id=\"7e27b87\" data-element_type=\"widget\" data-widget_type=\"heading.default\">\n\t\t\t\t<div class=\"elementor-widget-container\">\n\t\t\t<h3 class=\"elementor-heading-title elementor-size-default\">D\u2019hier \u00e0 aujourd\u2019hui : la gestion patrimoniale d\u2019une place historique.<br> L\u2019exemple de la Place Ducale<\/h3>\t\t<\/div>\n\t\t\t\t<\/div>\n\t\t\t\t<section class=\"has_eae_slider elementor-section elementor-inner-section elementor-element elementor-element-59e15f7 elementor-section-boxed elementor-section-height-default elementor-section-height-default\" data-id=\"59e15f7\" data-element_type=\"section\">\n\t\t\t\t\t\t<div class=\"elementor-container elementor-column-gap-default\">\n\t\t\t\t\t\t\t<div class=\"elementor-row\">\n\t\t\t\t\t<div class=\"has_eae_slider elementor-column elementor-col-50 elementor-inner-column elementor-element elementor-element-70eb572\" data-id=\"70eb572\" data-element_type=\"column\">\n\t\t\t<div class=\"elementor-column-wrap elementor-element-populated\">\n\t\t\t\t\t\t\t<div class=\"elementor-widget-wrap\">\n\t\t\t\t\t\t<div class=\"elementor-element elementor-element-0b07b86 elementor-aspect-ratio-169 elementor-widget elementor-widget-video\" data-id=\"0b07b86\" data-element_type=\"widget\" data-settings=\"{&quot;youtube_url&quot;:&quot;https:\\\/\\\/www.youtube.com\\\/watch?v=2D-aXFO1UVw&quot;,&quot;video_type&quot;:&quot;youtube&quot;,&quot;controls&quot;:&quot;yes&quot;,&quot;aspect_ratio&quot;:&quot;169&quot;}\" data-widget_type=\"video.default\">\n\t\t\t\t<div class=\"elementor-widget-container\">\n\t\t\t\t\t<div class=\"elementor-wrapper elementor-fit-aspect-ratio elementor-open-inline\">\n\t\t\t<div class=\"elementor-video\"><\/div>\t\t<\/div>\n\t\t\t\t<\/div>\n\t\t\t\t<\/div>\n\t\t\t\t\t\t<\/div>\n\t\t\t\t\t<\/div>\n\t\t<\/div>\n\t\t\t\t<div class=\"has_eae_slider elementor-column elementor-col-50 elementor-inner-column elementor-element elementor-element-e31f2a3\" data-id=\"e31f2a3\" data-element_type=\"column\">\n\t\t\t<div class=\"elementor-column-wrap elementor-element-populated\">\n\t\t\t\t\t\t\t<div class=\"elementor-widget-wrap\">\n\t\t\t\t\t\t<div class=\"elementor-element elementor-element-ad091db elementor-widget elementor-widget-heading\" data-id=\"ad091db\" data-element_type=\"widget\" data-widget_type=\"heading.default\">\n\t\t\t\t<div class=\"elementor-widget-container\">\n\t\t\t<h4 class=\"elementor-heading-title elementor-size-default\">Questions et remarques du chat :<\/h4>\t\t<\/div>\n\t\t\t\t<\/div>\n\t\t\t\t<div class=\"elementor-element elementor-element-e4ea657 elementor-widget elementor-widget-text-editor\" data-id=\"e4ea657\" data-element_type=\"widget\" data-widget_type=\"text-editor.default\">\n\t\t\t\t<div class=\"elementor-widget-container\">\n\t\t\t\t\t\t\t\t<div class=\"elementor-text-editor elementor-clearfix\">\n\t\t\t\t<div>&#8211; <strong>Claude Grimmer<\/strong> : Il me semble que les premiers trumeaux des fen\u00eatres \u00e9taient en pierre mais qu\u2019on a autoris\u00e9 ensuite le bois.<\/div><div>\u00a0<\/div><div>&#8211; <strong>Patrice Bertrand<\/strong> : A titre d&#8217;information : les huisseries \u00e9taient peintes en vert et les arcades &#8220;couleur de briques&#8221; (N. Por\u00e9e, 1622).<\/div><div>\u00a0<\/div><div>&#8211; <strong>Claude Grimmer<\/strong> : Une pr\u00e9cision : en 1630 arrivent pour la charpente du palais du bois de Clairefontaine et 300 voitures de pierres de Champigneul. Mais Charles de Mantoue pr\u00e9f\u00e8re une pierre blanche douce et de beau grain de la vall\u00e9e de Bordeaux. Une partie du palais est rehauss\u00e9e sous les Cond\u00e9 et l&#8217;on vend une partie du palais \u00e0 des bourgeois de la ville.<\/div><div>\u00a0<\/div><div>&#8211; <strong>Patrice Bertrand<\/strong> : Palais grandiose ; fort heureusement, le projet n&#8217;a pas abouti ; cela dit, Jean Rocard \u00e9tait un architecte des Monuments historiques qui \u00e9crivait des articles int\u00e9ressants dans les revues locales, et en outre fort une personne fort sympathique.<\/div><div>\u00a0<\/div><p>&#8211; <strong>Vincent Gourdon<\/strong> : Au final, on a une id\u00e9e du nombre de d\u00f4mes r\u00e9ellement construits au XVIIe si\u00e8cle ?<br \/>&#8211; <strong>Youri Carbonnier<\/strong> : Silvestre en montre quatre, il me semble. <br \/>&#8211; <strong>Carole Marquet-Morelle<\/strong> : oui.<br \/>&#8211; <strong>Claude Grimmer<\/strong> : Dans le censier, ils sont not\u00e9s demi-pavillon avec d\u00f4me : je crois qu\u2019il y en a quatre.<\/p><p>&#8211; <strong>Pauline Langlait<\/strong> : Quatre demi-pavillons, donc quatre d\u00f4mes suppos\u00e9s oui.<\/p><p>&#8211; <strong>Patrice Bertrand<\/strong> : D&#8217;autres documents le disent aussi; encore pr\u00e9sents fin XVIIIe (voir Sartelet, p. 47).<\/p><p>&#8211; <strong>St\u00e9phane Collet<\/strong> : A quand, alors, la restitution de Charles de Gonzague \u00e0 sa place historique, au centre de sa ville?<\/p><p>&#8211; <strong>Blanchard-Jacquet<\/strong> : C&#8217;est le feu qui a fait dispara\u00eetre les d\u00f4mes de la place ducale ? comme place du S\u00e9pulcre ?<\/p><p>&#8211; <strong>Patrice Bertrand<\/strong> : il est vrai qu&#8217;il m\u00e9riterait de revenir sur sa place, au lieu de servir de panneau indicateur \u00e0 ceux qui viennent de la gare ; bel ouvrage de fonderie, en outre.<\/p><p>&#8211; <strong>Ren\u00e9 Pierre Colinet<\/strong> : Ne faut-il pas rendre totalement pi\u00e9tonne la place toute l&#8217;ann\u00e9e? &#8221; Chasser&#8221; les voitures polluantes sur les plans de l&#8217;air et du bruit. Qu&#8217;en est-il de le reconstruction des d\u00f4mes? Quand?<\/p><p>&#8211; <strong>Blanchard-Jacquet<\/strong> : Si la statue de Charles de Gonzague revient place ducale, il faudra l&#8217;orienter vers l&#8217;est et non vers le sud comme initialement, car M. Carbonnier nous a dit ce matin que l&#8217;axe majeur est Est-Ouest et non Nord-Sud.<\/p><p>&#8211; <strong>Vincent Gourdon<\/strong> : Il y avait des volets (d&#8217;apr\u00e8s les photos de 1900) ? qui ont disparu ? Est-ce un choix syst\u00e9matique de Rocard ?<\/p><p>&#8211; <strong>Ren\u00e9 Pierre Colinet<\/strong> : II faudrait trouver des m\u00e9c\u00e8nes pour construire le palais ducal !<\/p><p>&#8211; <strong>Patrice Bertrand<\/strong> : Ne pas tomber dans les travers actuels : charpente &#8220;\u00e0 l&#8217;identique de Notre-Dame-de-Paris, fl\u00e8che de Saint-Denis. Un seul d\u00f4me \u00e0 titre d&#8217;\u00e9chantillon et \u00e7a suffit (que de d\u00e9penses inutiles en mati\u00e8re de Monuments historiques).<\/p><p>&#8211; <strong>Sven Externbrink<\/strong> : Un petit suppl\u00e9ment concernant les villes &#8220;nouvelles\u201c et id\u00e9ales comme Charleville et autres. En 1599, Fr\u00e9d\u00e9ric Ier de W\u00fcrttemberg fonde Freudenstadt dans la For\u00eat-noire, aussi sur un plan rectangulaire \u2026 vous trouvez les diff\u00e9rents esquisses sur un article dans wikidepdia : <a href=\"https:\/\/de.wikipedia.org\/wiki\/Freudenstadt\">https:\/\/de.wikipedia.org\/wiki\/Freudenstadt<\/a><\/p><p>&#8211; <strong>Ren\u00e9 Pierre Colinet<\/strong> : Bertrand, je ne partage pas ton avis.<\/p><p>&#8211; <strong>Youri Carbonnier<\/strong> : le plan Dodet a \u00e9t\u00e9 en d\u00e9p\u00f4t \u00e0 Charleville \u00e0 une \u00e9poque. Il est d\u00e9sormais revenu aux AN.<\/p><p>&#8211; <strong>Patrice Bertrand<\/strong> : il faudrait mieux r\u00e9fl\u00e9chir \u00e0 la mise en valeur de l&#8217;ensemble de la ville plut\u00f4t que de la place ducale seule. Sauf erreur, il y a un secteur sauvegard\u00e9 : c&#8217;est son r\u00f4le.<\/p><p>&#8211; <strong>Ren\u00e9 Pierre Colinet<\/strong> : Merci pour les r\u00e9ponses en ce qui concerne les d\u00f4mes.<\/p><p>&#8211; <strong>Erica Gaug\u00e9<\/strong> : On pourra aussi souligner la collaboration avec le Service r\u00e9gional de l&#8217;arch\u00e9ologie de la Drac sur ces dossiers.<\/p><p>&#8211; <strong>Patrice Bertrand<\/strong> : Oui, il faudrait qu&#8217;ils puissent mener des op\u00e9rations d&#8217;arch\u00e9ologie du b\u00e2ti. <br \/>Oui, j&#8217;ai pu voir ce qui se menait \u00e0 Bruxelles en arch\u00e9ologie des maisons : c&#8217;est tout autre chose.<\/p><p>&#8211; <strong>Vincent Gourdon<\/strong> : L&#8217;\u00e9quipe en charge de la restauration tire-t-elle des choses de la matrice des ann\u00e9es 1830-1840, par exemple pour la pr\u00e9servation des espaces int\u00e9rieurs ?<\/p><p>&#8211;<strong> Patrice Bertrand<\/strong> : Bonne question : pour ne pas verser dans le fa\u00e7adisme. Il y eut autrefois un service qui s&#8217;appelait l&#8217;inventaire g\u00e9n\u00e9ral et qui documentait ces questions ; il est consid\u00e9rablement r\u00e9duit (au niveau national) et n&#8217;a jamais eu les effectifs n\u00e9cessaires, en Champagne-Ardennes.<\/p><p>&#8211; <strong>Yann Vaxelaire<\/strong> : Oui, au d\u00e9but du XVIIe, les volets sont toujours \u00e0 l\u2019int\u00e9rieur \u00e0 ma connaissance.\u00a0 Le volet ext\u00e9rieur appara\u00eet au mieux au tournant des XVIIe et XVIIIe si\u00e8cles.<\/p><p>&#8211; <strong>Blanchard-Jacquet<\/strong> : Place du S\u00e9pulcre, le d\u00f4me du s\u00e9minaire a disparu car il a brul\u00e9 au temps de Rimbaud.<\/p><p>&#8211; <strong>Youri Carbonnier<\/strong> : Jusqu&#8217;au XIXe si\u00e8cle, on pose plut\u00f4t des volets int\u00e9rieurs et non des volets ext\u00e9rieurs (les persiennes ext\u00e9rieures se g\u00e9n\u00e9ralisent \u00e0 la toute fin du XVIIIe si\u00e8cle).<\/p><p>&#8211; <strong>Patrice Bertrand<\/strong> : L&#8217;\u00e9glise du S\u00e9pulcre s&#8217;est \u00e9croul\u00e9e : voir les nombreuses images.<\/p><p>&#8211; <strong>Elise Nicolas<\/strong> : Le d\u00f4me du Saint-S\u00e9pulcre s&#8217;est effondr\u00e9 en 1926.<\/p><p>&#8211; <strong>Olivier Brun<\/strong> : L&#8217;arch\u00e9ologie du b\u00e2ti pourrait peut \u00eatre documenter les phases de destruction \/ d\u00e9molition.<\/p><p>&#8211; <strong>Florent Simonet<\/strong> : Les d\u00f4mes sont repr\u00e9sent\u00e9s sur une vignette de l&#8217;imprimeur Raucourt, vers 1780.<\/p><p>&#8211; <strong>Vincent Gourdon<\/strong> : Oui, mais on voit chez Raucourt aussi des escaliers sur les pavillons&#8230; qui n&#8217;existaient pas.<\/p>\t\t\t\t\t<\/div>\n\t\t\t\t\t\t<\/div>\n\t\t\t\t<\/div>\n\t\t\t\t\t\t<\/div>\n\t\t\t\t\t<\/div>\n\t\t<\/div>\n\t\t\t\t\t\t\t\t<\/div>\n\t\t\t\t\t<\/div>\n\t\t<\/section>\n\t\t\t\t<div class=\"elementor-element elementor-element-291033b elementor-widget elementor-widget-spacer\" data-id=\"291033b\" data-element_type=\"widget\" data-widget_type=\"spacer.default\">\n\t\t\t\t<div class=\"elementor-widget-container\">\n\t\t\t\t\t<div class=\"elementor-spacer\">\n\t\t\t<div class=\"elementor-spacer-inner\"><\/div>\n\t\t<\/div>\n\t\t\t\t<\/div>\n\t\t\t\t<\/div>\n\t\t\t\t<div class=\"elementor-element elementor-element-5fbe8a2 elementor-widget-divider--view-line elementor-widget elementor-widget-divider\" data-id=\"5fbe8a2\" data-element_type=\"widget\" data-widget_type=\"divider.default\">\n\t\t\t\t<div class=\"elementor-widget-container\">\n\t\t\t\t\t<div class=\"elementor-divider\">\n\t\t\t<span class=\"elementor-divider-separator\">\n\t\t\t\t\t\t<\/span>\n\t\t<\/div>\n\t\t\t\t<\/div>\n\t\t\t\t<\/div>\n\t\t\t\t<div class=\"elementor-element elementor-element-7bee00a elementor-widget elementor-widget-menu-anchor\" data-id=\"7bee00a\" data-element_type=\"widget\" data-widget_type=\"menu-anchor.default\">\n\t\t\t\t<div class=\"elementor-widget-container\">\n\t\t\t\t\t<div id=\"3\" class=\"elementor-menu-anchor\"><\/div>\n\t\t\t\t<\/div>\n\t\t\t\t<\/div>\n\t\t\t\t\t\t<\/div>\n\t\t\t\t\t<\/div>\n\t\t<\/div>\n\t\t\t\t\t\t\t\t<\/div>\n\t\t\t\t\t<\/div>\n\t\t<\/section>\n\t\t\t\t<section class=\"has_eae_slider elementor-section elementor-top-section elementor-element elementor-element-4c78f41 elementor-section-boxed elementor-section-height-default elementor-section-height-default\" data-id=\"4c78f41\" data-element_type=\"section\">\n\t\t\t\t\t\t<div class=\"elementor-container elementor-column-gap-default\">\n\t\t\t\t\t\t\t<div class=\"elementor-row\">\n\t\t\t\t\t<div class=\"has_eae_slider elementor-column elementor-col-100 elementor-top-column elementor-element elementor-element-105c94d\" data-id=\"105c94d\" data-element_type=\"column\">\n\t\t\t<div class=\"elementor-column-wrap elementor-element-populated\">\n\t\t\t\t\t\t\t<div class=\"elementor-widget-wrap\">\n\t\t\t\t\t\t<div class=\"elementor-element elementor-element-bca5599 elementor-widget elementor-widget-heading\" data-id=\"bca5599\" data-element_type=\"widget\" data-widget_type=\"heading.default\">\n\t\t\t\t<div class=\"elementor-widget-container\">\n\t\t\t<h2 class=\"elementor-heading-title elementor-size-default\">4<sup>\u00e8me<\/sup> session : La soci\u00e9t\u00e9 carolopolitaine au XIXe si\u00e8cle<br><h3>session dirig\u00e9e par Isabelle Robin et Jean-Luc Guillaume<\/h3><\/h2>\t\t<\/div>\n\t\t\t\t<\/div>\n\t\t\t\t<div class=\"elementor-element elementor-element-56dd3a0 elementor-widget-divider--view-line elementor-widget elementor-widget-divider\" data-id=\"56dd3a0\" data-element_type=\"widget\" data-widget_type=\"divider.default\">\n\t\t\t\t<div class=\"elementor-widget-container\">\n\t\t\t\t\t<div class=\"elementor-divider\">\n\t\t\t<span class=\"elementor-divider-separator\">\n\t\t\t\t\t\t<\/span>\n\t\t<\/div>\n\t\t\t\t<\/div>\n\t\t\t\t<\/div>\n\t\t\t\t\t\t<\/div>\n\t\t\t\t\t<\/div>\n\t\t<\/div>\n\t\t\t\t\t\t\t\t<\/div>\n\t\t\t\t\t<\/div>\n\t\t<\/section>\n\t\t\t\t<section class=\"has_eae_slider elementor-section elementor-top-section elementor-element elementor-element-d1dfe16 elementor-section-boxed elementor-section-height-default elementor-section-height-default\" data-id=\"d1dfe16\" data-element_type=\"section\">\n\t\t\t\t\t\t<div class=\"elementor-container elementor-column-gap-default\">\n\t\t\t\t\t\t\t<div class=\"elementor-row\">\n\t\t\t\t\t<div class=\"has_eae_slider elementor-column elementor-col-100 elementor-top-column elementor-element elementor-element-f453606\" data-id=\"f453606\" data-element_type=\"column\">\n\t\t\t<div class=\"elementor-column-wrap elementor-element-populated\">\n\t\t\t\t\t\t\t<div class=\"elementor-widget-wrap\">\n\t\t\t\t\t\t<div class=\"elementor-element elementor-element-c33cd25 elementor-widget elementor-widget-heading\" data-id=\"c33cd25\" data-element_type=\"widget\" data-widget_type=\"heading.default\">\n\t\t\t\t<div class=\"elementor-widget-container\">\n\t\t\t<h3 class=\"elementor-heading-title elementor-size-default\">Fabrice Boudjaaba, Vincent Gourdon <br>(CNRS \u2013 Centre Roland Mousnier\net Centre de Recherches Historiques)<br> -\n<\/h3>\t\t<\/div>\n\t\t\t\t<\/div>\n\t\t\t\t<div class=\"elementor-element elementor-element-bd661f6 elementor-widget elementor-widget-heading\" data-id=\"bd661f6\" data-element_type=\"widget\" data-widget_type=\"heading.default\">\n\t\t\t\t<div class=\"elementor-widget-container\">\n\t\t\t<h3 class=\"elementor-heading-title elementor-size-default\">Vieillir et mourir\ndans une ville industrielle du XIXe si\u00e8cle :\nCharleville (1850-1880)<\/h3>\t\t<\/div>\n\t\t\t\t<\/div>\n\t\t\t\t<section class=\"has_eae_slider elementor-section elementor-inner-section elementor-element elementor-element-2bbbbfe elementor-section-boxed elementor-section-height-default elementor-section-height-default\" data-id=\"2bbbbfe\" data-element_type=\"section\">\n\t\t\t\t\t\t<div class=\"elementor-container elementor-column-gap-default\">\n\t\t\t\t\t\t\t<div class=\"elementor-row\">\n\t\t\t\t\t<div class=\"has_eae_slider elementor-column elementor-col-50 elementor-inner-column elementor-element elementor-element-3c235a6\" data-id=\"3c235a6\" data-element_type=\"column\">\n\t\t\t<div class=\"elementor-column-wrap elementor-element-populated\">\n\t\t\t\t\t\t\t<div class=\"elementor-widget-wrap\">\n\t\t\t\t\t\t<div class=\"elementor-element elementor-element-57488c1 elementor-aspect-ratio-169 elementor-widget elementor-widget-video\" data-id=\"57488c1\" data-element_type=\"widget\" data-settings=\"{&quot;youtube_url&quot;:&quot;https:\\\/\\\/www.youtube.com\\\/watch?v=ZxKyO0Qt9UI&quot;,&quot;video_type&quot;:&quot;youtube&quot;,&quot;controls&quot;:&quot;yes&quot;,&quot;aspect_ratio&quot;:&quot;169&quot;}\" data-widget_type=\"video.default\">\n\t\t\t\t<div class=\"elementor-widget-container\">\n\t\t\t\t\t<div class=\"elementor-wrapper elementor-fit-aspect-ratio elementor-open-inline\">\n\t\t\t<div class=\"elementor-video\"><\/div>\t\t<\/div>\n\t\t\t\t<\/div>\n\t\t\t\t<\/div>\n\t\t\t\t\t\t<\/div>\n\t\t\t\t\t<\/div>\n\t\t<\/div>\n\t\t\t\t<div class=\"has_eae_slider elementor-column elementor-col-50 elementor-inner-column elementor-element elementor-element-3df6557\" data-id=\"3df6557\" data-element_type=\"column\">\n\t\t\t<div class=\"elementor-column-wrap elementor-element-populated\">\n\t\t\t\t\t\t\t<div class=\"elementor-widget-wrap\">\n\t\t\t\t\t\t<div class=\"elementor-element elementor-element-1269362 elementor-widget elementor-widget-heading\" data-id=\"1269362\" data-element_type=\"widget\" data-widget_type=\"heading.default\">\n\t\t\t\t<div class=\"elementor-widget-container\">\n\t\t\t<h4 class=\"elementor-heading-title elementor-size-default\">Questions et remarques du chat :<\/h4>\t\t<\/div>\n\t\t\t\t<\/div>\n\t\t\t\t<div class=\"elementor-element elementor-element-abb0842 elementor-widget elementor-widget-text-editor\" data-id=\"abb0842\" data-element_type=\"widget\" data-widget_type=\"text-editor.default\">\n\t\t\t\t<div class=\"elementor-widget-container\">\n\t\t\t\t\t\t\t\t<div class=\"elementor-text-editor elementor-clearfix\">\n\t\t\t\t<p>&#8211; <strong>Blanchard-Jacquet<\/strong> : Quel est l&#8217;\u00e2ge moyen d&#8217;entr\u00e9e dans Charleville des &#8220;vieux&#8221; qui viennent des Ardennes ? Je voudrais savoir si on vient \u00e0 Charleville pour y prendre sa retraite ou bien plus jeune, pour y travailler.<\/p><p>Tenez vous compte pour les femmes seules des femmes de militaires dont le mari en garnison n&#8217;est jamais recens\u00e9 avec sa famille ?<\/p><p>&#8211; <strong>Chantal Petillon<\/strong> : Y a-t-il eu une forte \u00e9pid\u00e9mie de chol\u00e9ra en 1866 ?<\/p><p>&#8211; <strong>J\u00e9r\u00e9my Dupuy<\/strong> : Les chiffres du c\u00e9libat pour les femmes au moment du d\u00e9c\u00e8s sont importants ; quelle explication ?<\/p><p>&#8211; <strong>Ren\u00e9 Pierre Colinet<\/strong> : En 1901, l&#8217;esp\u00e9rance de vie \u00e0 Charleville est de 44 ans selon le g\u00e9ographe Adolphe Johanne.<\/p><p>&#8211; <strong>St\u00e9phane Collet<\/strong> : M\u00eame si cela est hors du sujet trait\u00e9, ce qui frappe, c&#8217;est la mortalit\u00e9 infantile\u2026 effrayante.<\/p><p>&#8211; <strong>Micha\u00ebl Gasperoni<\/strong> : Est-ce que vous pensez croiser ces donn\u00e9es avec des donn\u00e9es plus qualitatives issues par exemple des archives notariales (inventaires apr\u00e8s d\u00e9c\u00e8s, testaments, donations..), du moins dans un second temps ?<\/p>\t\t\t\t\t<\/div>\n\t\t\t\t\t\t<\/div>\n\t\t\t\t<\/div>\n\t\t\t\t\t\t<\/div>\n\t\t\t\t\t<\/div>\n\t\t<\/div>\n\t\t\t\t\t\t\t\t<\/div>\n\t\t\t\t\t<\/div>\n\t\t<\/section>\n\t\t\t\t<div class=\"elementor-element elementor-element-e8fbf93 elementor-widget elementor-widget-spacer\" data-id=\"e8fbf93\" data-element_type=\"widget\" data-widget_type=\"spacer.default\">\n\t\t\t\t<div class=\"elementor-widget-container\">\n\t\t\t\t\t<div class=\"elementor-spacer\">\n\t\t\t<div class=\"elementor-spacer-inner\"><\/div>\n\t\t<\/div>\n\t\t\t\t<\/div>\n\t\t\t\t<\/div>\n\t\t\t\t<div class=\"elementor-element elementor-element-9c5da28 elementor-widget-divider--view-line elementor-widget elementor-widget-divider\" data-id=\"9c5da28\" data-element_type=\"widget\" data-widget_type=\"divider.default\">\n\t\t\t\t<div class=\"elementor-widget-container\">\n\t\t\t\t\t<div class=\"elementor-divider\">\n\t\t\t<span class=\"elementor-divider-separator\">\n\t\t\t\t\t\t<\/span>\n\t\t<\/div>\n\t\t\t\t<\/div>\n\t\t\t\t<\/div>\n\t\t\t\t\t\t<\/div>\n\t\t\t\t\t<\/div>\n\t\t<\/div>\n\t\t\t\t\t\t\t\t<\/div>\n\t\t\t\t\t<\/div>\n\t\t<\/section>\n\t\t\t\t<section class=\"has_eae_slider elementor-section elementor-top-section elementor-element elementor-element-b86c4f1 elementor-section-boxed elementor-section-height-default elementor-section-height-default\" data-id=\"b86c4f1\" data-element_type=\"section\">\n\t\t\t\t\t\t<div class=\"elementor-container elementor-column-gap-default\">\n\t\t\t\t\t\t\t<div class=\"elementor-row\">\n\t\t\t\t\t<div class=\"has_eae_slider elementor-column elementor-col-100 elementor-top-column elementor-element elementor-element-bf25072\" data-id=\"bf25072\" data-element_type=\"column\">\n\t\t\t<div class=\"elementor-column-wrap elementor-element-populated\">\n\t\t\t\t\t\t\t<div class=\"elementor-widget-wrap\">\n\t\t\t\t\t\t<div class=\"elementor-element elementor-element-10d7726 elementor-widget elementor-widget-heading\" data-id=\"10d7726\" data-element_type=\"widget\" data-widget_type=\"heading.default\">\n\t\t\t\t<div class=\"elementor-widget-container\">\n\t\t\t<h3 class=\"elementor-heading-title elementor-size-default\">J\u00e9r\u00e9my Dupuy (Sorbonne Universit\u00e9 \u2013 Centre Roland Mousnier)<br> -\n<\/h3>\t\t<\/div>\n\t\t\t\t<\/div>\n\t\t\t\t<div class=\"elementor-element elementor-element-9d4f295 elementor-widget elementor-widget-heading\" data-id=\"9d4f295\" data-element_type=\"widget\" data-widget_type=\"heading.default\">\n\t\t\t\t<div class=\"elementor-widget-container\">\n\t\t\t<h3 class=\"elementor-heading-title elementor-size-default\">Entre d\u00e9veloppement \u00e9conomique\net expansion spatiale,<br> qui sont\nles nouveaux habitants de Charleville au cours<br>\nde la seconde moiti\u00e9 du XIXe si\u00e8cle ?<\/h3>\t\t<\/div>\n\t\t\t\t<\/div>\n\t\t\t\t<section class=\"has_eae_slider elementor-section elementor-inner-section elementor-element elementor-element-f0b34da elementor-section-boxed elementor-section-height-default elementor-section-height-default\" data-id=\"f0b34da\" data-element_type=\"section\">\n\t\t\t\t\t\t<div class=\"elementor-container elementor-column-gap-default\">\n\t\t\t\t\t\t\t<div class=\"elementor-row\">\n\t\t\t\t\t<div class=\"has_eae_slider elementor-column elementor-col-50 elementor-inner-column elementor-element elementor-element-72f87d2\" data-id=\"72f87d2\" data-element_type=\"column\">\n\t\t\t<div class=\"elementor-column-wrap elementor-element-populated\">\n\t\t\t\t\t\t\t<div class=\"elementor-widget-wrap\">\n\t\t\t\t\t\t<div class=\"elementor-element elementor-element-a93f13c elementor-aspect-ratio-169 elementor-widget elementor-widget-video\" data-id=\"a93f13c\" data-element_type=\"widget\" data-settings=\"{&quot;youtube_url&quot;:&quot;https:\\\/\\\/www.youtube.com\\\/watch?v=X2mXnCb8pqk&quot;,&quot;video_type&quot;:&quot;youtube&quot;,&quot;controls&quot;:&quot;yes&quot;,&quot;aspect_ratio&quot;:&quot;169&quot;}\" data-widget_type=\"video.default\">\n\t\t\t\t<div class=\"elementor-widget-container\">\n\t\t\t\t\t<div class=\"elementor-wrapper elementor-fit-aspect-ratio elementor-open-inline\">\n\t\t\t<div class=\"elementor-video\"><\/div>\t\t<\/div>\n\t\t\t\t<\/div>\n\t\t\t\t<\/div>\n\t\t\t\t\t\t<\/div>\n\t\t\t\t\t<\/div>\n\t\t<\/div>\n\t\t\t\t<div class=\"has_eae_slider elementor-column elementor-col-50 elementor-inner-column elementor-element elementor-element-6503dcc\" data-id=\"6503dcc\" data-element_type=\"column\">\n\t\t\t<div class=\"elementor-column-wrap elementor-element-populated\">\n\t\t\t\t\t\t\t<div class=\"elementor-widget-wrap\">\n\t\t\t\t\t\t<div class=\"elementor-element elementor-element-d012d0e elementor-widget elementor-widget-heading\" data-id=\"d012d0e\" data-element_type=\"widget\" data-widget_type=\"heading.default\">\n\t\t\t\t<div class=\"elementor-widget-container\">\n\t\t\t<h4 class=\"elementor-heading-title elementor-size-default\">Questions et remarques du chat :<\/h4>\t\t<\/div>\n\t\t\t\t<\/div>\n\t\t\t\t<div class=\"elementor-element elementor-element-99f1548 elementor-widget elementor-widget-text-editor\" data-id=\"99f1548\" data-element_type=\"widget\" data-widget_type=\"text-editor.default\">\n\t\t\t\t<div class=\"elementor-widget-container\">\n\t\t\t\t\t\t\t\t<div class=\"elementor-text-editor elementor-clearfix\">\n\t\t\t\t<p>&#8211; <strong>Blanchard-Jacquet<\/strong> : Lechanteur maire pour le d\u00e9veloppement de la ville, Jean Hubert pour la carte de 1854, biblioth\u00e9caire (l&#8217;Assis de Rimbaud), Corneau pour l&#8217;industrie\u2026 ont \u00e9t\u00e9 trois francs-ma\u00e7ons de Charleville, parmi beaucoup d&#8217;autres. Ma\u00e7ons et Franc-Ma\u00e7ons \u00e0 Charleville : Une sociologie de la Franc-Ma\u00e7onnerie \u00e0 Charleville depuis le XVIIIe si\u00e8cle serait tr\u00e8s int\u00e9ressante. D&#8217;autant que la loge des Fr\u00e8res Discrets avait sa loge rue de la Gravi\u00e8re en 1854, quand elle est mise en sommeil (c&#8217;\u00e9tait la rue des maisons closes aussi).<\/p><p>&#8211; <strong>Chantal Petillon<\/strong> : Pour l&#8217;absence d&#8217;\u00e9pid\u00e9mie de chol\u00e9ra \u00e0 Charleville, il faut peut-\u00eatre chercher une des causes dans l&#8217;habitat ouvrier : il est sans doute plus \u00e0 m\u00eame de prot\u00e9ger la population \u00e0 Charleville. Les cour\u00e9es dans l&#8217;agglom\u00e9ration lilloise sont plus propices au d\u00e9veloppement de la mortalit\u00e9 lors d&#8217;\u00e9pid\u00e9mies.<\/p><p>&#8211; <strong>St\u00e9phane Collet<\/strong> : Pour la franc-ma\u00e7onnerie en Ardenne, il est possible de se reporter au n\u00b0163 de la revue des Amis de l&#8217;Ardenne.<\/p><p>&#8211; <strong>Fabrice Boudjaaba<\/strong> : Disposez-vous d&#8217;archives d&#8217;enqu\u00eates publique sur ces transformations de la ville ? Et avez vous des \u00e9l\u00e9ments sur d&#8217;\u00e9ventuelles oppositions li\u00e9es \u00e0 la transformations sociologiques que ces transformations urbanistiques impliquent ? Dans le fil de ce que vous disiez sur les concurrences pour l&#8217;espace entre commer\u00e7ant et ambulants autour de la gare&#8230;<\/p><p>&#8211; <strong>Ren\u00e9 Pierre Colinet<\/strong> : Num\u00e9ro XXIX de la <em>Revue Historique Ardennaise<\/em> \u00e0 lire sur la transformation de Charleville au XIXe si\u00e8cle.<\/p><p>&#8211; <strong>Blanchard-Jacquet<\/strong> : Oui, opposition tr\u00e8s forte de la population \u00e0 la translation du cimeti\u00e8re. Voir Archives d\u00e9partementales des Ardennes.<\/p><p>&#8211; <strong>Claire Lignereux<\/strong> : Concernant le quartier de la gare, a-t-on la date de l&#8217;implantation de la Chambre de commerce au bord du square ?<\/p><p>&#8211; <strong>St\u00e9phane Collet<\/strong> : <em>Quid<\/em> de la rue transversale reliant la gare \u00e0 la place Winston-Churchill ?<\/p>\t\t\t\t\t<\/div>\n\t\t\t\t\t\t<\/div>\n\t\t\t\t<\/div>\n\t\t\t\t\t\t<\/div>\n\t\t\t\t\t<\/div>\n\t\t<\/div>\n\t\t\t\t\t\t\t\t<\/div>\n\t\t\t\t\t<\/div>\n\t\t<\/section>\n\t\t\t\t<div class=\"elementor-element elementor-element-770e5e0 elementor-widget elementor-widget-spacer\" data-id=\"770e5e0\" data-element_type=\"widget\" data-widget_type=\"spacer.default\">\n\t\t\t\t<div class=\"elementor-widget-container\">\n\t\t\t\t\t<div class=\"elementor-spacer\">\n\t\t\t<div class=\"elementor-spacer-inner\"><\/div>\n\t\t<\/div>\n\t\t\t\t<\/div>\n\t\t\t\t<\/div>\n\t\t\t\t<div class=\"elementor-element elementor-element-b3a9d62 elementor-widget-divider--view-line elementor-widget elementor-widget-divider\" data-id=\"b3a9d62\" data-element_type=\"widget\" data-widget_type=\"divider.default\">\n\t\t\t\t<div class=\"elementor-widget-container\">\n\t\t\t\t\t<div class=\"elementor-divider\">\n\t\t\t<span class=\"elementor-divider-separator\">\n\t\t\t\t\t\t<\/span>\n\t\t<\/div>\n\t\t\t\t<\/div>\n\t\t\t\t<\/div>\n\t\t\t\t\t\t<\/div>\n\t\t\t\t\t<\/div>\n\t\t<\/div>\n\t\t\t\t\t\t\t\t<\/div>\n\t\t\t\t\t<\/div>\n\t\t<\/section>\n\t\t\t\t<section class=\"has_eae_slider elementor-section elementor-top-section elementor-element elementor-element-3a8f58e elementor-section-boxed elementor-section-height-default elementor-section-height-default\" data-id=\"3a8f58e\" data-element_type=\"section\">\n\t\t\t\t\t\t<div class=\"elementor-container elementor-column-gap-default\">\n\t\t\t\t\t\t\t<div class=\"elementor-row\">\n\t\t\t\t\t<div class=\"has_eae_slider elementor-column elementor-col-100 elementor-top-column elementor-element elementor-element-efcbb8e\" data-id=\"efcbb8e\" data-element_type=\"column\">\n\t\t\t<div class=\"elementor-column-wrap elementor-element-populated\">\n\t\t\t\t\t\t\t<div class=\"elementor-widget-wrap\">\n\t\t\t\t\t\t<div class=\"elementor-element elementor-element-8a1cd73 elementor-widget elementor-widget-heading\" data-id=\"8a1cd73\" data-element_type=\"widget\" data-widget_type=\"heading.default\">\n\t\t\t\t<div class=\"elementor-widget-container\">\n\t\t\t<h3 class=\"elementor-heading-title elementor-size-default\">Ren\u00e9 Pierre Colinet<br> (Conservateur du Mus\u00e9e de la M\u00e9tallurgie Ardennaise ; Membre du CILAC et de l\u2019APIC)<br> -\n<\/h3>\t\t<\/div>\n\t\t\t\t<\/div>\n\t\t\t\t<div class=\"elementor-element elementor-element-5ee14ab elementor-widget elementor-widget-heading\" data-id=\"5ee14ab\" data-element_type=\"widget\" data-widget_type=\"heading.default\">\n\t\t\t\t<div class=\"elementor-widget-container\">\n\t\t\t<h3 class=\"elementor-heading-title elementor-size-default\">Supr\u00e9matie urbaine\net nouvelle \u00e9lite entrepreneuriale :\nCharleville \u00e0 la fin du XIXe si\u00e8cle<\/h3>\t\t<\/div>\n\t\t\t\t<\/div>\n\t\t\t\t<section class=\"has_eae_slider elementor-section elementor-inner-section elementor-element elementor-element-39d82dd elementor-section-boxed elementor-section-height-default elementor-section-height-default\" data-id=\"39d82dd\" data-element_type=\"section\">\n\t\t\t\t\t\t<div class=\"elementor-container elementor-column-gap-default\">\n\t\t\t\t\t\t\t<div class=\"elementor-row\">\n\t\t\t\t\t<div class=\"has_eae_slider elementor-column elementor-col-50 elementor-inner-column elementor-element elementor-element-d4d9faa\" data-id=\"d4d9faa\" data-element_type=\"column\">\n\t\t\t<div class=\"elementor-column-wrap elementor-element-populated\">\n\t\t\t\t\t\t\t<div class=\"elementor-widget-wrap\">\n\t\t\t\t\t\t<div class=\"elementor-element elementor-element-4717304 elementor-aspect-ratio-169 elementor-widget elementor-widget-video\" data-id=\"4717304\" data-element_type=\"widget\" data-settings=\"{&quot;youtube_url&quot;:&quot;https:\\\/\\\/www.youtube.com\\\/watch?v=7NoCoVsITx4&quot;,&quot;video_type&quot;:&quot;youtube&quot;,&quot;controls&quot;:&quot;yes&quot;,&quot;aspect_ratio&quot;:&quot;169&quot;}\" data-widget_type=\"video.default\">\n\t\t\t\t<div class=\"elementor-widget-container\">\n\t\t\t\t\t<div class=\"elementor-wrapper elementor-fit-aspect-ratio elementor-open-inline\">\n\t\t\t<div class=\"elementor-video\"><\/div>\t\t<\/div>\n\t\t\t\t<\/div>\n\t\t\t\t<\/div>\n\t\t\t\t\t\t<\/div>\n\t\t\t\t\t<\/div>\n\t\t<\/div>\n\t\t\t\t<div class=\"has_eae_slider elementor-column elementor-col-50 elementor-inner-column elementor-element elementor-element-6d32ba5\" data-id=\"6d32ba5\" data-element_type=\"column\">\n\t\t\t<div class=\"elementor-column-wrap elementor-element-populated\">\n\t\t\t\t\t\t\t<div class=\"elementor-widget-wrap\">\n\t\t\t\t\t\t<div class=\"elementor-element elementor-element-7d4d9b4 elementor-widget elementor-widget-heading\" data-id=\"7d4d9b4\" data-element_type=\"widget\" data-widget_type=\"heading.default\">\n\t\t\t\t<div class=\"elementor-widget-container\">\n\t\t\t<h4 class=\"elementor-heading-title elementor-size-default\">Questions et remarques du chat :<\/h4>\t\t<\/div>\n\t\t\t\t<\/div>\n\t\t\t\t<div class=\"elementor-element elementor-element-d0248bc elementor-widget elementor-widget-text-editor\" data-id=\"d0248bc\" data-element_type=\"widget\" data-widget_type=\"text-editor.default\">\n\t\t\t\t<div class=\"elementor-widget-container\">\n\t\t\t\t\t\t\t\t<div class=\"elementor-text-editor elementor-clearfix\">\n\t\t\t\t<p>&#8211;<strong> St\u00e9phane Collet<\/strong> : Comme dirait un certain Ren\u00e9 Colinet, pour qu&#8217;il y ait des entreprises, il faut qu&#8217;il y ait des\u2026 entrepreneurs.<\/p><p>&#8211; <strong>Isabelle Robin<\/strong> : J&#8217;aurais une petite question sur la trentaine de familles : sont-elles uniquement de Charleville ?<\/p><p>&#8211; <strong>Blanchard-Jacquet<\/strong> : Les LETRANGE-MARCHOT venaient de Gu\u00e9 d&#8217;Hossus.<\/p><p>&#8211; <strong>St\u00e9phane Collet<\/strong> : Pourrait-on comparer la richesse des industriels de Charleville avec celle des drapiers sedanais en leur temps ?<\/p><p>&#8211; <strong>Blanchard-Jacquet<\/strong> : Les LETRANGE MARCHOT sont devenus les LATOUR place ducale. A voir aussi les liens avec l&#8217;\u00e9tranger : les LETRANGE avec l&#8217;Allemagne notamment.<\/p><p>&#8211; <strong>Chantal Petillon<\/strong> : Premi\u00e8re g\u00e9n\u00e9ration, les cr\u00e9ateurs, deuxi\u00e8me g\u00e9n\u00e9ration, les rentiers et la troisi\u00e8me, celle de la faillite !<\/p><p>&#8211; <strong>Vincent Gourdon<\/strong> : Un classique du romanesque !<\/p>\t\t\t\t\t<\/div>\n\t\t\t\t\t\t<\/div>\n\t\t\t\t<\/div>\n\t\t\t\t\t\t<\/div>\n\t\t\t\t\t<\/div>\n\t\t<\/div>\n\t\t\t\t\t\t\t\t<\/div>\n\t\t\t\t\t<\/div>\n\t\t<\/section>\n\t\t\t\t<div class=\"elementor-element elementor-element-a39ca6e elementor-widget elementor-widget-spacer\" data-id=\"a39ca6e\" data-element_type=\"widget\" data-widget_type=\"spacer.default\">\n\t\t\t\t<div class=\"elementor-widget-container\">\n\t\t\t\t\t<div class=\"elementor-spacer\">\n\t\t\t<div class=\"elementor-spacer-inner\"><\/div>\n\t\t<\/div>\n\t\t\t\t<\/div>\n\t\t\t\t<\/div>\n\t\t\t\t<div class=\"elementor-element elementor-element-f55f7c3 elementor-widget-divider--view-line elementor-widget elementor-widget-divider\" data-id=\"f55f7c3\" data-element_type=\"widget\" data-widget_type=\"divider.default\">\n\t\t\t\t<div class=\"elementor-widget-container\">\n\t\t\t\t\t<div class=\"elementor-divider\">\n\t\t\t<span class=\"elementor-divider-separator\">\n\t\t\t\t\t\t<\/span>\n\t\t<\/div>\n\t\t\t\t<\/div>\n\t\t\t\t<\/div>\n\t\t\t\t\t\t<\/div>\n\t\t\t\t\t<\/div>\n\t\t<\/div>\n\t\t\t\t\t\t\t\t<\/div>\n\t\t\t\t\t<\/div>\n\t\t<\/section>\n\t\t\t\t<section class=\"has_eae_slider elementor-section elementor-top-section elementor-element elementor-element-95b9cd1 elementor-section-boxed elementor-section-height-default elementor-section-height-default\" data-id=\"95b9cd1\" data-element_type=\"section\">\n\t\t\t\t\t\t<div class=\"elementor-container elementor-column-gap-default\">\n\t\t\t\t\t\t\t<div class=\"elementor-row\">\n\t\t\t\t\t\t\t\t\t<\/div>\n\t\t\t\t\t<\/div>\n\t\t<\/section>\n\t\t\t\t<section class=\"has_eae_slider elementor-section elementor-top-section elementor-element elementor-element-d2e3d4a elementor-section-boxed elementor-section-height-default elementor-section-height-default\" data-id=\"d2e3d4a\" data-element_type=\"section\">\n\t\t\t\t\t\t<div class=\"elementor-container elementor-column-gap-default\">\n\t\t\t\t\t\t\t<div class=\"elementor-row\">\n\t\t\t\t\t<div class=\"has_eae_slider elementor-column elementor-col-100 elementor-top-column elementor-element elementor-element-d052e9c\" data-id=\"d052e9c\" data-element_type=\"column\">\n\t\t\t<div class=\"elementor-column-wrap elementor-element-populated\">\n\t\t\t\t\t\t\t<div class=\"elementor-widget-wrap\">\n\t\t\t\t\t\t<div class=\"elementor-element elementor-element-eedd1d6 elementor-widget elementor-widget-heading\" data-id=\"eedd1d6\" data-element_type=\"widget\" data-widget_type=\"heading.default\">\n\t\t\t\t<div class=\"elementor-widget-container\">\n\t\t\t<h3 class=\"elementor-heading-title elementor-size-default\">C\u00e9cile Alexandre (Sorbonne Universit\u00e9 \u2013 Centre Roland Mousnier)<br> -\n<\/h3>\t\t<\/div>\n\t\t\t\t<\/div>\n\t\t\t\t<div class=\"elementor-element elementor-element-e0cf599 elementor-widget elementor-widget-heading\" data-id=\"e0cf599\" data-element_type=\"widget\" data-widget_type=\"heading.default\">\n\t\t\t\t<div class=\"elementor-widget-container\">\n\t\t\t<h3 class=\"elementor-heading-title elementor-size-default\">S\u00e9dentarit\u00e9 et culture familiale\u00a0:<br>\nhabiter Charleville pendant\nplusieurs g\u00e9n\u00e9rations (1806-1890)<\/h3>\t\t<\/div>\n\t\t\t\t<\/div>\n\t\t\t\t\t\t<\/div>\n\t\t\t\t\t<\/div>\n\t\t<\/div>\n\t\t\t\t\t\t\t\t<\/div>\n\t\t\t\t\t<\/div>\n\t\t<\/section>\n\t\t\t\t<section class=\"has_eae_slider elementor-section elementor-top-section elementor-element elementor-element-045a7e0 elementor-section-boxed elementor-section-height-default elementor-section-height-default\" data-id=\"045a7e0\" data-element_type=\"section\">\n\t\t\t\t\t\t<div class=\"elementor-container elementor-column-gap-default\">\n\t\t\t\t\t\t\t<div class=\"elementor-row\">\n\t\t\t\t\t<div class=\"has_eae_slider elementor-column elementor-col-100 elementor-top-column elementor-element elementor-element-b528828\" data-id=\"b528828\" data-element_type=\"column\">\n\t\t\t<div class=\"elementor-column-wrap elementor-element-populated\">\n\t\t\t\t\t\t\t<div class=\"elementor-widget-wrap\">\n\t\t\t\t\t\t<section class=\"has_eae_slider elementor-section elementor-inner-section elementor-element elementor-element-e3fc907 elementor-section-boxed elementor-section-height-default elementor-section-height-default\" data-id=\"e3fc907\" data-element_type=\"section\">\n\t\t\t\t\t\t<div class=\"elementor-container elementor-column-gap-default\">\n\t\t\t\t\t\t\t<div class=\"elementor-row\">\n\t\t\t\t\t<div class=\"has_eae_slider elementor-column elementor-col-50 elementor-inner-column elementor-element elementor-element-43aa456\" data-id=\"43aa456\" data-element_type=\"column\">\n\t\t\t<div class=\"elementor-column-wrap elementor-element-populated\">\n\t\t\t\t\t\t\t<div class=\"elementor-widget-wrap\">\n\t\t\t\t\t\t<div class=\"elementor-element elementor-element-27a8adf elementor-aspect-ratio-169 elementor-widget elementor-widget-video\" data-id=\"27a8adf\" data-element_type=\"widget\" data-settings=\"{&quot;youtube_url&quot;:&quot;https:\\\/\\\/www.youtube.com\\\/watch?v=2dAomRX96W4&quot;,&quot;video_type&quot;:&quot;youtube&quot;,&quot;controls&quot;:&quot;yes&quot;,&quot;aspect_ratio&quot;:&quot;169&quot;}\" data-widget_type=\"video.default\">\n\t\t\t\t<div class=\"elementor-widget-container\">\n\t\t\t\t\t<div class=\"elementor-wrapper elementor-fit-aspect-ratio elementor-open-inline\">\n\t\t\t<div class=\"elementor-video\"><\/div>\t\t<\/div>\n\t\t\t\t<\/div>\n\t\t\t\t<\/div>\n\t\t\t\t\t\t<\/div>\n\t\t\t\t\t<\/div>\n\t\t<\/div>\n\t\t\t\t<div class=\"has_eae_slider elementor-column elementor-col-50 elementor-inner-column elementor-element elementor-element-c7e97f8\" data-id=\"c7e97f8\" data-element_type=\"column\">\n\t\t\t<div class=\"elementor-column-wrap elementor-element-populated\">\n\t\t\t\t\t\t\t<div class=\"elementor-widget-wrap\">\n\t\t\t\t\t\t<div class=\"elementor-element elementor-element-943f4d1 elementor-widget elementor-widget-heading\" data-id=\"943f4d1\" data-element_type=\"widget\" data-widget_type=\"heading.default\">\n\t\t\t\t<div class=\"elementor-widget-container\">\n\t\t\t<h4 class=\"elementor-heading-title elementor-size-default\">Questions et remarques du chat :<\/h4>\t\t<\/div>\n\t\t\t\t<\/div>\n\t\t\t\t<div class=\"elementor-element elementor-element-3f8a8db elementor-widget elementor-widget-text-editor\" data-id=\"3f8a8db\" data-element_type=\"widget\" data-widget_type=\"text-editor.default\">\n\t\t\t\t<div class=\"elementor-widget-container\">\n\t\t\t\t\t\t\t\t<div class=\"elementor-text-editor elementor-clearfix\">\n\t\t\t\t<p>&#8211; <strong>Denys Breysse<\/strong> : Je pense qu\u2019il y eu une \u00e9tude sur Loos-les-Lille, \u00e0 l\u2019\u00e9chelle d\u2019une rue.<\/p><p>&#8211; <strong>Vincent Gourdon<\/strong> : Je confirme: un travail d&#8217;Hontebeyrie et Rosental, de m\u00e9moire ?<\/p><p>&#8211; <strong>Blanchard-Jacquet<\/strong> : La famille Pinard a d\u00fb conna\u00eetre Rimbaud qui habitait rue Bourbon, au 73, en 1860 et 1861.<\/p><p>&#8211; <strong>Carole Marquet-Morelle<\/strong> : Oui, je pensais \u00e0 la famille Rimbaud qui a \u00e9norm\u00e9ment d\u00e9m\u00e9nag\u00e9 dans Charleville.<\/p><p>&#8211; <strong>Denys Breysse<\/strong> : Pour la m\u00e9thode, on peut aussi avoir une g\u00e9n\u00e9ration G2 qui se marie dans le voisinage et la G3 qui revient \u00e0 Charleville, par exemple&#8230;<\/p><p>&#8211; <strong>Vincent Gourdon<\/strong> : Est-ce qu&#8217;il y a un seuil sur le plan g\u00e9n\u00e9rationnel : beaucoup disparaissent apr\u00e8s deux g\u00e9n\u00e9rations et puis ensuite les autres sont stables \u00e0 4, 5, 6 g\u00e9n\u00e9rations ?<br \/>On aurait une sorte de noyau stable. <br \/>Les quelques biographies ouvri\u00e8res du XIXe montrent des d\u00e9m\u00e9nagements fr\u00e9quents. Les Pinard en sont un contre-exemple.<\/p><p>&#8211; <strong>Blanchard-Jacquet<\/strong> : Silences travers\u00e9s dans mondes et des anges&#8230;<\/p><p>&#8211; <strong>St\u00e9phane Collet<\/strong> : Le 73 serait aujourd&#8217;hui une micro-cr\u00e8che.<\/p><p>&#8211; <strong>Blanchard-Jacquet<\/strong> : Voyelles.<\/p><p>&#8211; <strong>Carole Marquet-Morelle<\/strong> : C&#8217;est une question que nous nous posons pour Vitalie Rimbaud : pourquoi avoir tant d\u00e9m\u00e9nag\u00e9 ?<\/p><p>&#8211; <strong>Blanchard-Jacquet<\/strong> : En fait, la m\u00e8re Rimb&#8217; avait un caract\u00e8re\u2026. ardennais, et se f\u00e2chait avec ses voisins.<\/p>\t\t\t\t\t<\/div>\n\t\t\t\t\t\t<\/div>\n\t\t\t\t<\/div>\n\t\t\t\t\t\t<\/div>\n\t\t\t\t\t<\/div>\n\t\t<\/div>\n\t\t\t\t\t\t\t\t<\/div>\n\t\t\t\t\t<\/div>\n\t\t<\/section>\n\t\t\t\t<div class=\"elementor-element elementor-element-3fc7eca elementor-widget elementor-widget-spacer\" data-id=\"3fc7eca\" data-element_type=\"widget\" data-widget_type=\"spacer.default\">\n\t\t\t\t<div class=\"elementor-widget-container\">\n\t\t\t\t\t<div class=\"elementor-spacer\">\n\t\t\t<div class=\"elementor-spacer-inner\"><\/div>\n\t\t<\/div>\n\t\t\t\t<\/div>\n\t\t\t\t<\/div>\n\t\t\t\t<div class=\"elementor-element elementor-element-cbffd40 elementor-widget-divider--view-line elementor-widget elementor-widget-divider\" data-id=\"cbffd40\" data-element_type=\"widget\" data-widget_type=\"divider.default\">\n\t\t\t\t<div class=\"elementor-widget-container\">\n\t\t\t\t\t<div class=\"elementor-divider\">\n\t\t\t<span class=\"elementor-divider-separator\">\n\t\t\t\t\t\t<\/span>\n\t\t<\/div>\n\t\t\t\t<\/div>\n\t\t\t\t<\/div>\n\t\t\t\t<div class=\"elementor-element elementor-element-bfeafbd elementor-widget elementor-widget-menu-anchor\" data-id=\"bfeafbd\" data-element_type=\"widget\" data-widget_type=\"menu-anchor.default\">\n\t\t\t\t<div class=\"elementor-widget-container\">\n\t\t\t\t\t<div id=\"4\" class=\"elementor-menu-anchor\"><\/div>\n\t\t\t\t<\/div>\n\t\t\t\t<\/div>\n\t\t\t\t\t\t<\/div>\n\t\t\t\t\t<\/div>\n\t\t<\/div>\n\t\t\t\t\t\t\t\t<\/div>\n\t\t\t\t\t<\/div>\n\t\t<\/section>\n\t\t\t\t<section class=\"has_eae_slider elementor-section elementor-top-section elementor-element elementor-element-8d4d4ae elementor-section-boxed elementor-section-height-default elementor-section-height-default\" data-id=\"8d4d4ae\" data-element_type=\"section\">\n\t\t\t\t\t\t<div class=\"elementor-container elementor-column-gap-default\">\n\t\t\t\t\t\t\t<div class=\"elementor-row\">\n\t\t\t\t\t<div class=\"has_eae_slider elementor-column elementor-col-100 elementor-top-column elementor-element elementor-element-828f430\" data-id=\"828f430\" data-element_type=\"column\">\n\t\t\t<div class=\"elementor-column-wrap elementor-element-populated\">\n\t\t\t\t\t\t\t<div class=\"elementor-widget-wrap\">\n\t\t\t\t\t\t<div class=\"elementor-element elementor-element-6a4bca3 elementor-widget elementor-widget-spacer\" data-id=\"6a4bca3\" data-element_type=\"widget\" data-widget_type=\"spacer.default\">\n\t\t\t\t<div class=\"elementor-widget-container\">\n\t\t\t\t\t<div class=\"elementor-spacer\">\n\t\t\t<div class=\"elementor-spacer-inner\"><\/div>\n\t\t<\/div>\n\t\t\t\t<\/div>\n\t\t\t\t<\/div>\n\t\t\t\t<div class=\"elementor-element elementor-element-7c38578 elementor-widget elementor-widget-heading\" data-id=\"7c38578\" data-element_type=\"widget\" data-widget_type=\"heading.default\">\n\t\t\t\t<div class=\"elementor-widget-container\">\n\t\t\t<h2 class=\"elementor-heading-title elementor-size-default\">Conclusion du colloque<\/h2>\t\t<\/div>\n\t\t\t\t<\/div>\n\t\t\t\t<div class=\"elementor-element elementor-element-c092708 elementor-widget elementor-widget-heading\" data-id=\"c092708\" data-element_type=\"widget\" data-widget_type=\"heading.default\">\n\t\t\t\t<div class=\"elementor-widget-container\">\n\t\t\t<h3 class=\"elementor-heading-title elementor-size-default\">par Anne Fran\u00e7ois et Vincent Gourdon<\/h3>\t\t<\/div>\n\t\t\t\t<\/div>\n\t\t\t\t<div class=\"elementor-element elementor-element-ef33cc6 elementor-widget-divider--view-line elementor-widget elementor-widget-divider\" data-id=\"ef33cc6\" data-element_type=\"widget\" data-widget_type=\"divider.default\">\n\t\t\t\t<div class=\"elementor-widget-container\">\n\t\t\t\t\t<div class=\"elementor-divider\">\n\t\t\t<span class=\"elementor-divider-separator\">\n\t\t\t\t\t\t<\/span>\n\t\t<\/div>\n\t\t\t\t<\/div>\n\t\t\t\t<\/div>\n\t\t\t\t\t\t<\/div>\n\t\t\t\t\t<\/div>\n\t\t<\/div>\n\t\t\t\t\t\t\t\t<\/div>\n\t\t\t\t\t<\/div>\n\t\t<\/section>\n\t\t\t\t<section class=\"has_eae_slider elementor-section elementor-top-section elementor-element elementor-element-4c2679e elementor-section-boxed elementor-section-height-default elementor-section-height-default\" data-id=\"4c2679e\" data-element_type=\"section\">\n\t\t\t\t\t\t<div class=\"elementor-container elementor-column-gap-default\">\n\t\t\t\t\t\t\t<div class=\"elementor-row\">\n\t\t\t\t\t<div class=\"has_eae_slider elementor-column elementor-col-100 elementor-top-column elementor-element elementor-element-98f26c1\" data-id=\"98f26c1\" data-element_type=\"column\">\n\t\t\t<div class=\"elementor-column-wrap elementor-element-populated\">\n\t\t\t\t\t\t\t<div class=\"elementor-widget-wrap\">\n\t\t\t\t\t\t<section class=\"has_eae_slider elementor-section elementor-inner-section elementor-element elementor-element-be01740 elementor-section-boxed elementor-section-height-default elementor-section-height-default\" data-id=\"be01740\" data-element_type=\"section\">\n\t\t\t\t\t\t<div class=\"elementor-container elementor-column-gap-default\">\n\t\t\t\t\t\t\t<div class=\"elementor-row\">\n\t\t\t\t\t<div class=\"has_eae_slider elementor-column elementor-col-50 elementor-inner-column elementor-element elementor-element-e0267cc\" data-id=\"e0267cc\" data-element_type=\"column\">\n\t\t\t<div class=\"elementor-column-wrap elementor-element-populated\">\n\t\t\t\t\t\t\t<div class=\"elementor-widget-wrap\">\n\t\t\t\t\t\t<div class=\"elementor-element elementor-element-2948ff1 elementor-aspect-ratio-169 elementor-widget elementor-widget-video\" data-id=\"2948ff1\" data-element_type=\"widget\" data-settings=\"{&quot;youtube_url&quot;:&quot;https:\\\/\\\/www.youtube.com\\\/watch?v=wF2zYdBUHSg&quot;,&quot;video_type&quot;:&quot;youtube&quot;,&quot;controls&quot;:&quot;yes&quot;,&quot;aspect_ratio&quot;:&quot;169&quot;}\" data-widget_type=\"video.default\">\n\t\t\t\t<div class=\"elementor-widget-container\">\n\t\t\t\t\t<div class=\"elementor-wrapper elementor-fit-aspect-ratio elementor-open-inline\">\n\t\t\t<div class=\"elementor-video\"><\/div>\t\t<\/div>\n\t\t\t\t<\/div>\n\t\t\t\t<\/div>\n\t\t\t\t\t\t<\/div>\n\t\t\t\t\t<\/div>\n\t\t<\/div>\n\t\t\t\t<div class=\"has_eae_slider elementor-column elementor-col-50 elementor-inner-column elementor-element elementor-element-a5dc354\" data-id=\"a5dc354\" data-element_type=\"column\">\n\t\t\t<div class=\"elementor-column-wrap elementor-element-populated\">\n\t\t\t\t\t\t\t<div class=\"elementor-widget-wrap\">\n\t\t\t\t\t\t<div class=\"elementor-element elementor-element-9777034 elementor-widget elementor-widget-heading\" data-id=\"9777034\" data-element_type=\"widget\" data-widget_type=\"heading.default\">\n\t\t\t\t<div class=\"elementor-widget-container\">\n\t\t\t<h4 class=\"elementor-heading-title elementor-size-default\">Remarques et derniers remerciements du chat:<\/h4>\t\t<\/div>\n\t\t\t\t<\/div>\n\t\t\t\t<div class=\"elementor-element elementor-element-6ce4976 elementor-widget elementor-widget-text-editor\" data-id=\"6ce4976\" data-element_type=\"widget\" data-widget_type=\"text-editor.default\">\n\t\t\t\t<div class=\"elementor-widget-container\">\n\t\t\t\t\t\t\t\t<div class=\"elementor-text-editor elementor-clearfix\">\n\t\t\t\t<p>&#8211; <strong>Ren\u00e9 Pierre Colinet<\/strong> : Merci \u00e0 toutes et \u00e0 tous . Deux magnifiques journ\u00e9es.<\/p><p>&#8211; <strong>St\u00e9phane Collet<\/strong> : Bravo aux organisateurs et aux contributeurs pour ce colloque passionnant et riche d&#8217;enseignements dont on attend avec impatience les actes.<\/p><p>&#8211; <strong>St\u00e9phane Jeunehomme<\/strong> : Un grand merci aux organisateurs. Quel beau colloque !<\/p><p>&#8211; <strong>Aurora Garcia<\/strong> : Merci \u00e0 tous pour ces deux journ\u00e9es.<\/p><p>&#8211; <strong>Chantal Petillon<\/strong> : Grand merci aux organisateurs et aux intervenants pour ce colloque f\u00e9cond.<\/p><p>&#8211; <strong>Lucia Carle<\/strong> : Merci \u00e0 tous pour ce beau colloque qui a bien montr\u00e9 l&#8217;int\u00e9r\u00eat europ\u00e9en du projet Charleville. Int\u00e9ressant du d\u00e9but \u00e0 la fin. Merci et bravo pour l&#8217;organisation !<\/p><p>&#8211; <strong>Paola Artoni<\/strong> : Merci \u00e0 tous ! Deux jours tr\u00e8s passionnants.<\/p><p>&#8211; <strong>Roberto Berardinelli<\/strong> : Aussi de ma part un tr\u00e8s grand merci \u00e0 tous et \u00e0 tous les partenaires qui ont rendu possible ce colloque unique ! Merci, Grazie !<\/p><p>&#8211; <strong>Paolo Bertelli<\/strong> : Un grand merci pour votre engagement et votre accueil !<br \/>Sinc\u00e8res f\u00e9licitations pour l&#8217;organisation et merci \u00e0 tous les intervenants !<br \/>Une salutation chaleureuse depuis Mantoue, ville de Gonzague, ville jumelle.<\/p><p>&#8211; <strong>Patrice Bertrand\u00a0<\/strong> : Merci pour l&#8217;organisation ; que de pistes ouvertes ! Pour ma part, ce n&#8217;\u00e9tait qu&#8217;un d\u00e9broussaillage ; un travail collectif doit se poursuivre.<br \/>&#8211; <strong>Elise Nicolas<\/strong> : Merci pour ces deux jours passionnants !<\/p><p>&#8211; <strong>Ren\u00e9 Pierre Colinet<\/strong> : Merci monsieur Vincent Gourdon.<\/p><p>&#8211;<strong> Carole Marquet-Morelle<\/strong> : Oui, bravo \u00e0 tous !<\/p><p>&#8211; <strong>Ren\u00e9 Pierre Colinet<\/strong> : Merci Anne.<\/p><p>&#8211; <strong>C\u00e9cile Alexandre<\/strong> : Merci beaucoup \u00e0 tout le monde !!<\/p><p>&#8211; <strong>Vincent Gourdon<\/strong> : Merci \u00e0 tous !<\/p><p>&#8211; <strong>Annamaria AZZARONE<\/strong> : Merci beaucoup !<\/p><p>&#8211; <strong>Mathilde Prez<\/strong> : Merci beaucoup \u00e0 tous pour ces deux journ\u00e9es tr\u00e8s int\u00e9ressantes et enrichissantes ! Au revoir.<\/p><p>&#8211; <strong>Jean S\u00e9ni\u00e9<\/strong> : Merci beaucoup !<\/p><p>&#8211; <strong>Micha\u00ebl Gasperoni<\/strong> : Merci et bravo !!<\/p><p>&#8211; <strong>Ren\u00e9 Pierre Colinet<\/strong> : Bon dimanche \u00e0 tous.<\/p><p>&#8211; <strong>Olivier Brun, Mikel Etchart-Salas <\/strong>: Merci \u00e0 tous ! A bient\u00f4t pour les suites.<\/p>\t\t\t\t\t<\/div>\n\t\t\t\t\t\t<\/div>\n\t\t\t\t<\/div>\n\t\t\t\t\t\t<\/div>\n\t\t\t\t\t<\/div>\n\t\t<\/div>\n\t\t\t\t\t\t\t\t<\/div>\n\t\t\t\t\t<\/div>\n\t\t<\/section>\n\t\t\t\t\t\t<\/div>\n\t\t\t\t\t<\/div>\n\t\t<\/div>\n\t\t\t\t\t\t\t\t<\/div>\n\t\t\t\t\t<\/div>\n\t\t<\/section>\n\t\t\t\t<section class=\"has_eae_slider elementor-section elementor-top-section elementor-element elementor-element-58256de elementor-section-content-middle elementor-section-boxed elementor-section-height-default elementor-section-height-default\" data-id=\"58256de\" data-element_type=\"section\" data-settings=\"{&quot;background_background&quot;:&quot;classic&quot;}\">\n\t\t\t\t\t\t<div class=\"elementor-container elementor-column-gap-default\">\n\t\t\t\t\t\t\t<div class=\"elementor-row\">\n\t\t\t\t\t<div class=\"has_eae_slider elementor-column elementor-col-66 elementor-top-column elementor-element elementor-element-ab2b7b0\" data-id=\"ab2b7b0\" data-element_type=\"column\" data-settings=\"{&quot;background_background&quot;:&quot;classic&quot;}\">\n\t\t\t<div class=\"elementor-column-wrap elementor-element-populated\">\n\t\t\t\t\t\t\t<div class=\"elementor-widget-wrap\">\n\t\t\t\t\t\t<div class=\"elementor-element elementor-element-47a5240 elementor-widget elementor-widget-heading\" data-id=\"47a5240\" data-element_type=\"widget\" data-widget_type=\"heading.default\">\n\t\t\t\t<div class=\"elementor-widget-container\">\n\t\t\t<h3 class=\"elementor-heading-title elementor-size-small\">L'\u00e9quipe remercie tr\u00e8s vivement Ludivine Canon pour l'\u00e9dition et le montage vid\u00e9o<\/h3>\t\t<\/div>\n\t\t\t\t<\/div>\n\t\t\t\t<div class=\"elementor-element elementor-element-180355d elementor-widget elementor-widget-heading\" data-id=\"180355d\" data-element_type=\"widget\" data-widget_type=\"heading.default\">\n\t\t\t\t<div class=\"elementor-widget-container\">\n\t\t\t<h5 class=\"elementor-heading-title elementor-size-default\">Ludivine Canon<\/h5>\t\t<\/div>\n\t\t\t\t<\/div>\n\t\t\t\t<div class=\"elementor-element elementor-element-cca671d elementor-widget elementor-widget-heading\" data-id=\"cca671d\" data-element_type=\"widget\" data-widget_type=\"heading.default\">\n\t\t\t\t<div class=\"elementor-widget-container\">\n\t\t\t<h6 class=\"elementor-heading-title elementor-size-default\"><a href ='http:\/\/www.ludivinecanon.fr\/'>http:\/\/www.ludivinecanon.fr\/<\/a><\/h6>\t\t<\/div>\n\t\t\t\t<\/div>\n\t\t\t\t<div class=\"elementor-element elementor-element-8b79cc1 e-grid-align-right elementor-shape-rounded elementor-grid-0 elementor-widget elementor-widget-social-icons\" data-id=\"8b79cc1\" data-element_type=\"widget\" data-widget_type=\"social-icons.default\">\n\t\t\t\t<div class=\"elementor-widget-container\">\n\t\t\t\t\t<div class=\"elementor-social-icons-wrapper elementor-grid\">\n\t\t\t\t\t\t\t<span class=\"elementor-grid-item\">\n\t\t\t\t\t<a class=\"elementor-icon elementor-social-icon elementor-social-icon-facebook elementor-repeater-item-cd49f3e\" href=\"https:\/\/www.facebook.com\/ludivinecanongraphiste\/\" target=\"_blank\">\n\t\t\t\t\t\t<span class=\"elementor-screen-only\">Facebook<\/span>\n\t\t\t\t\t\t<i class=\"fab fa-facebook\"><\/i>\t\t\t\t\t<\/a>\n\t\t\t\t<\/span>\n\t\t\t\t\t\t\t<span class=\"elementor-grid-item\">\n\t\t\t\t\t<a class=\"elementor-icon elementor-social-icon elementor-social-icon-twitter elementor-repeater-item-8f8e658\" href=\"https:\/\/twitter.com\/ludivine_canon\/\" target=\"_blank\">\n\t\t\t\t\t\t<span class=\"elementor-screen-only\">Twitter<\/span>\n\t\t\t\t\t\t<i class=\"fab fa-twitter\"><\/i>\t\t\t\t\t<\/a>\n\t\t\t\t<\/span>\n\t\t\t\t\t\t\t<span class=\"elementor-grid-item\">\n\t\t\t\t\t<a class=\"elementor-icon elementor-social-icon elementor-social-icon-linkedin-in elementor-repeater-item-b0a494c\" href=\"https:\/\/www.linkedin.com\/in\/ludivine-canon-353426b3\/\" target=\"_blank\">\n\t\t\t\t\t\t<span class=\"elementor-screen-only\">Linkedin-in<\/span>\n\t\t\t\t\t\t<i class=\"fab fa-linkedin-in\"><\/i>\t\t\t\t\t<\/a>\n\t\t\t\t<\/span>\n\t\t\t\t\t<\/div>\n\t\t\t\t<\/div>\n\t\t\t\t<\/div>\n\t\t\t\t\t\t<\/div>\n\t\t\t\t\t<\/div>\n\t\t<\/div>\n\t\t\t\t<div class=\"has_eae_slider elementor-column elementor-col-33 elementor-top-column elementor-element elementor-element-acbabcb\" data-id=\"acbabcb\" data-element_type=\"column\" data-settings=\"{&quot;background_background&quot;:&quot;classic&quot;}\">\n\t\t\t<div class=\"elementor-column-wrap elementor-element-populated\">\n\t\t\t\t\t\t\t<div class=\"elementor-widget-wrap\">\n\t\t\t\t\t\t<div class=\"elementor-element elementor-element-ecb9737 elementor-widget elementor-widget-image\" data-id=\"ecb9737\" data-element_type=\"widget\" data-widget_type=\"image.default\">\n\t\t\t\t<div class=\"elementor-widget-container\">\n\t\t\t\t\t\t\t\t<div class=\"elementor-image\">\n\t\t\t\t\t\t\t\t\t\t\t\t<img src=\"http:\/\/crm-umr8596.huma-num.fr\/Charleville\/wp-content\/uploads\/2021\/08\/lcanon3.png\" title=\"\" alt=\"\" \/>\t\t\t\t\t\t\t\t\t\t\t\t\t\t<\/div>\n\t\t\t\t\t\t<\/div>\n\t\t\t\t<\/div>\n\t\t\t\t\t\t<\/div>\n\t\t\t\t\t<\/div>\n\t\t<\/div>\n\t\t\t\t\t\t\t\t<\/div>\n\t\t\t\t\t<\/div>\n\t\t<\/section>\n\t\t\t\t\t\t<\/div>\n\t\t\t\t\t\t<\/div>\n\t\t\t\t\t<\/div>\n\t\t","protected":false},"excerpt":{"rendered":"<p>Rediffusion vid\u00e9o du colloque &#8211; Jour 2 &#8211; Contenu propos\u00e9 par Ludivine Canon &amp; C\u00e9cile Alexandre&#8211; Ao\u00fbt 2021 &#8211; 28 &#8211; 29 Mai 2021, Charleville-M\u00e9zi\u00e8res Nouveaux Regards sur Charleville : Histoire, Population et Territoire (XVIIe-XIXe si\u00e8cles) Introduction 3\u00e8me session 4\u00e8me session Conclusion Introduction 3\u00e8me session : Architecture et urbanisme session dirig\u00e9e par Carole Marquet-Morelle et &hellip;<\/p>\n<p class=\"read-more\"> <a class=\"\" href=\"https:\/\/crm-umr8596.huma-num.fr\/Charleville\/rediffusion-video-du-colloque-jour-2\/\"> <span class=\"screen-reader-text\">Rediffusion vid\u00e9o du colloque &#8211; Jour 2<\/span> Lire la suite\u00a0\u00bb<\/a><\/p>\n","protected":false},"author":10,"featured_media":0,"parent":0,"menu_order":0,"comment_status":"closed","ping_status":"closed","template":"","meta":[],"_links":{"self":[{"href":"https:\/\/crm-umr8596.huma-num.fr\/Charleville\/wp-json\/wp\/v2\/pages\/9326"}],"collection":[{"href":"https:\/\/crm-umr8596.huma-num.fr\/Charleville\/wp-json\/wp\/v2\/pages"}],"about":[{"href":"https:\/\/crm-umr8596.huma-num.fr\/Charleville\/wp-json\/wp\/v2\/types\/page"}],"author":[{"embeddable":true,"href":"https:\/\/crm-umr8596.huma-num.fr\/Charleville\/wp-json\/wp\/v2\/users\/10"}],"replies":[{"embeddable":true,"href":"https:\/\/crm-umr8596.huma-num.fr\/Charleville\/wp-json\/wp\/v2\/comments?post=9326"}],"version-history":[{"count":114,"href":"https:\/\/crm-umr8596.huma-num.fr\/Charleville\/wp-json\/wp\/v2\/pages\/9326\/revisions"}],"predecessor-version":[{"id":9633,"href":"https:\/\/crm-umr8596.huma-num.fr\/Charleville\/wp-json\/wp\/v2\/pages\/9326\/revisions\/9633"}],"wp:attachment":[{"href":"https:\/\/crm-umr8596.huma-num.fr\/Charleville\/wp-json\/wp\/v2\/media?parent=9326"}],"curies":[{"name":"wp","href":"https:\/\/api.w.org\/{rel}","templated":true}]}}