{"id":6842,"date":"2020-12-04T21:09:49","date_gmt":"2020-12-04T20:09:49","guid":{"rendered":"http:\/\/crm-umr8596.huma-num.fr\/Charleville\/?page_id=6842"},"modified":"2020-12-08T01:17:57","modified_gmt":"2020-12-08T00:17:57","slug":"notice-ville-de-charles","status":"publish","type":"page","link":"https:\/\/crm-umr8596.huma-num.fr\/Charleville\/notice-ville-de-charles\/","title":{"rendered":"Notice : La ville de Charles"},"content":{"rendered":"\t\t<div data-elementor-type=\"wp-post\" data-elementor-id=\"6842\" class=\"elementor elementor-6842\" data-elementor-settings=\"[]\">\n\t\t\t\t\t\t<div class=\"elementor-inner\">\n\t\t\t\t\t\t\t<div class=\"elementor-section-wrap\">\n\t\t\t\t\t\t\t<section class=\"has_eae_slider elementor-section elementor-top-section elementor-element elementor-element-7c07c9f elementor-section-content-middle elementor-section-boxed elementor-section-height-default elementor-section-height-default\" data-id=\"7c07c9f\" data-element_type=\"section\" data-settings=\"{&quot;background_background&quot;:&quot;classic&quot;}\">\n\t\t\t\t\t\t\t<div class=\"elementor-background-overlay\"><\/div>\n\t\t\t\t\t\t\t<div class=\"elementor-container elementor-column-gap-no\">\n\t\t\t\t\t\t\t<div class=\"elementor-row\">\n\t\t\t\t\t<div class=\"has_eae_slider elementor-column elementor-col-100 elementor-top-column elementor-element elementor-element-1eb19e3\" data-id=\"1eb19e3\" data-element_type=\"column\">\n\t\t\t<div class=\"elementor-column-wrap\">\n\t\t\t\t\t\t\t<div class=\"elementor-widget-wrap\">\n\t\t\t\t\t\t\t\t<\/div>\n\t\t\t\t\t<\/div>\n\t\t<\/div>\n\t\t\t\t\t\t\t\t<\/div>\n\t\t\t\t\t<\/div>\n\t\t<\/section>\n\t\t\t\t<section class=\"has_eae_slider elementor-section elementor-top-section elementor-element elementor-element-a9feb37 elementor-section-content-middle elementor-reverse-mobile elementor-section-boxed elementor-section-height-default elementor-section-height-default\" data-id=\"a9feb37\" data-element_type=\"section\">\n\t\t\t\t\t\t\t<div class=\"elementor-background-overlay\"><\/div>\n\t\t\t\t\t\t\t<div class=\"elementor-container elementor-column-gap-default\">\n\t\t\t\t\t\t\t<div class=\"elementor-row\">\n\t\t\t\t\t<div class=\"has_eae_slider elementor-column elementor-col-100 elementor-top-column elementor-element elementor-element-c721358\" data-id=\"c721358\" data-element_type=\"column\">\n\t\t\t<div class=\"elementor-column-wrap elementor-element-populated\">\n\t\t\t\t\t\t\t<div class=\"elementor-widget-wrap\">\n\t\t\t\t\t\t<div class=\"elementor-element elementor-element-dc2d50f elementor-widget elementor-widget-heading\" data-id=\"dc2d50f\" data-element_type=\"widget\" data-widget_type=\"heading.default\">\n\t\t\t\t<div class=\"elementor-widget-container\">\n\t\t\t<h1 class=\"elementor-heading-title elementor-size-default\">La ville de Charles<\/h1>\t\t<\/div>\n\t\t\t\t<\/div>\n\t\t\t\t<section class=\"has_eae_slider elementor-section elementor-inner-section elementor-element elementor-element-142d4f5 elementor-section-content-middle elementor-section-boxed elementor-section-height-default elementor-section-height-default\" data-id=\"142d4f5\" data-element_type=\"section\">\n\t\t\t\t\t\t<div class=\"elementor-container elementor-column-gap-default\">\n\t\t\t\t\t\t\t<div class=\"elementor-row\">\n\t\t\t\t\t<div class=\"has_eae_slider elementor-column elementor-col-33 elementor-inner-column elementor-element elementor-element-a39fce4\" data-id=\"a39fce4\" data-element_type=\"column\">\n\t\t\t<div class=\"elementor-column-wrap elementor-element-populated\">\n\t\t\t\t\t\t\t<div class=\"elementor-widget-wrap\">\n\t\t\t\t\t\t<div class=\"elementor-element elementor-element-de8479b elementor-widget-divider--view-line elementor-widget elementor-widget-divider\" data-id=\"de8479b\" data-element_type=\"widget\" data-widget_type=\"divider.default\">\n\t\t\t\t<div class=\"elementor-widget-container\">\n\t\t\t\t\t<div class=\"elementor-divider\">\n\t\t\t<span class=\"elementor-divider-separator\">\n\t\t\t\t\t\t<\/span>\n\t\t<\/div>\n\t\t\t\t<\/div>\n\t\t\t\t<\/div>\n\t\t\t\t\t\t<\/div>\n\t\t\t\t\t<\/div>\n\t\t<\/div>\n\t\t\t\t<div class=\"has_eae_slider elementor-column elementor-col-33 elementor-inner-column elementor-element elementor-element-1e6f859\" data-id=\"1e6f859\" data-element_type=\"column\">\n\t\t\t<div class=\"elementor-column-wrap elementor-element-populated\">\n\t\t\t\t\t\t\t<div class=\"elementor-widget-wrap\">\n\t\t\t\t\t\t<div class=\"elementor-element elementor-element-bda873a elementor-widget elementor-widget-image\" data-id=\"bda873a\" data-element_type=\"widget\" data-widget_type=\"image.default\">\n\t\t\t\t<div class=\"elementor-widget-container\">\n\t\t\t\t\t\t\t\t<div class=\"elementor-image\">\n\t\t\t\t\t\t\t\t\t\t\t\t<img width=\"150\" height=\"150\" src=\"https:\/\/crm-umr8596.huma-num.fr\/Charleville\/wp-content\/uploads\/2018\/11\/photo_CLaude_Grimmer.png\" class=\"attachment-large size-large\" alt=\"\" loading=\"lazy\" \/>\t\t\t\t\t\t\t\t\t\t\t\t\t\t<\/div>\n\t\t\t\t\t\t<\/div>\n\t\t\t\t<\/div>\n\t\t\t\t\t\t<\/div>\n\t\t\t\t\t<\/div>\n\t\t<\/div>\n\t\t\t\t<div class=\"has_eae_slider elementor-column elementor-col-33 elementor-inner-column elementor-element elementor-element-8a280c3\" data-id=\"8a280c3\" data-element_type=\"column\">\n\t\t\t<div class=\"elementor-column-wrap elementor-element-populated\">\n\t\t\t\t\t\t\t<div class=\"elementor-widget-wrap\">\n\t\t\t\t\t\t<div class=\"elementor-element elementor-element-ac1aacd elementor-widget-divider--view-line elementor-widget elementor-widget-divider\" data-id=\"ac1aacd\" data-element_type=\"widget\" data-widget_type=\"divider.default\">\n\t\t\t\t<div class=\"elementor-widget-container\">\n\t\t\t\t\t<div class=\"elementor-divider\">\n\t\t\t<span class=\"elementor-divider-separator\">\n\t\t\t\t\t\t<\/span>\n\t\t<\/div>\n\t\t\t\t<\/div>\n\t\t\t\t<\/div>\n\t\t\t\t\t\t<\/div>\n\t\t\t\t\t<\/div>\n\t\t<\/div>\n\t\t\t\t\t\t\t\t<\/div>\n\t\t\t\t\t<\/div>\n\t\t<\/section>\n\t\t\t\t<div class=\"elementor-element elementor-element-80312aa elementor-widget elementor-widget-text-editor\" data-id=\"80312aa\" data-element_type=\"widget\" data-widget_type=\"text-editor.default\">\n\t\t\t\t<div class=\"elementor-widget-container\">\n\t\t\t\t\t\t\t\t<div class=\"elementor-text-editor elementor-clearfix\">\n\t\t\t\t<p>Notice propos\u00e9e par Claude Grimmer<br \/>&#8211; Novembre 2020 &#8211;<\/p>\t\t\t\t\t<\/div>\n\t\t\t\t\t\t<\/div>\n\t\t\t\t<\/div>\n\t\t\t\t\t\t<\/div>\n\t\t\t\t\t<\/div>\n\t\t<\/div>\n\t\t\t\t\t\t\t\t<\/div>\n\t\t\t\t\t<\/div>\n\t\t<\/section>\n\t\t\t\t<section class=\"has_eae_slider elementor-section elementor-top-section elementor-element elementor-element-ca3806a elementor-section-boxed elementor-section-height-default elementor-section-height-default\" data-id=\"ca3806a\" data-element_type=\"section\" data-settings=\"{&quot;background_background&quot;:&quot;classic&quot;}\">\n\t\t\t\t\t\t<div class=\"elementor-container elementor-column-gap-default\">\n\t\t\t\t\t\t\t<div class=\"elementor-row\">\n\t\t\t\t\t<div class=\"has_eae_slider elementor-column elementor-col-50 elementor-top-column elementor-element elementor-element-5d94efa\" data-id=\"5d94efa\" data-element_type=\"column\" data-settings=\"{&quot;background_background&quot;:&quot;classic&quot;}\">\n\t\t\t<div class=\"elementor-column-wrap elementor-element-populated\">\n\t\t\t\t\t\t\t<div class=\"elementor-widget-wrap\">\n\t\t\t\t\t\t<div class=\"elementor-element elementor-element-e310097 elementor-widget elementor-widget-image\" data-id=\"e310097\" data-element_type=\"widget\" data-widget_type=\"image.default\">\n\t\t\t\t<div class=\"elementor-widget-container\">\n\t\t\t\t\t\t\t\t<div class=\"elementor-image\">\n\t\t\t\t\t\t\t\t\t\t\t\t<img width=\"768\" height=\"1366\" src=\"https:\/\/crm-umr8596.huma-num.fr\/Charleville\/wp-content\/uploads\/2020\/12\/Charles_de_GOnzague_par_du_Monstier_08528.jpg\" class=\"attachment-full size-full\" alt=\"\" loading=\"lazy\" \/>\t\t\t\t\t\t\t\t\t\t\t\t\t\t<\/div>\n\t\t\t\t\t\t<\/div>\n\t\t\t\t<\/div>\n\t\t\t\t\t\t<\/div>\n\t\t\t\t\t<\/div>\n\t\t<\/div>\n\t\t\t\t<div class=\"has_eae_slider elementor-column elementor-col-50 elementor-top-column elementor-element elementor-element-353a592\" data-id=\"353a592\" data-element_type=\"column\">\n\t\t\t<div class=\"elementor-column-wrap elementor-element-populated\">\n\t\t\t\t\t\t\t<div class=\"elementor-widget-wrap\">\n\t\t\t\t\t\t<div class=\"elementor-element elementor-element-57be49a elementor-widget elementor-widget-text-editor\" data-id=\"57be49a\" data-element_type=\"widget\" data-widget_type=\"text-editor.default\">\n\t\t\t\t<div class=\"elementor-widget-container\">\n\t\t\t\t\t\t\t\t<div class=\"elementor-text-editor elementor-clearfix\">\n\t\t\t\t<p><strong>Le 6 mai 1606, Charles de Gonzague-Cl\u00e8ves, duc de Nevers et prince d\u2019Arches, le jour de ses 26 ans, fonde une ville dans sa principaut\u00e9 d\u2019Arches<\/strong>. C\u2019est une id\u00e9e qui lui tient \u00e0 c\u0153ur depuis son enfance. Par ses lectures, il est impr\u00e9gn\u00e9 des destins de Romulus, d\u2019Alexandre ou d\u2019Andronic Pal\u00e9ologue son anc\u00eatre, tous fondateurs de villes qui portent leurs noms. Le secret de cette fondation est de mise\u00a0; Charles n\u2019en parle pas dans ses lettres, le roi Henri IV d\u00e9couvre le projet par une indiscr\u00e9tion en 1608\u00a0; le <em>Mercure Fran\u00e7ois<\/em> en fait \u00e9tat fin 1609.<\/p><p><strong>C\u2019est un projet qu\u2019il a muri avec les fr\u00e8res M\u00e9tezeau<\/strong>. Le p\u00e8re M\u00e9tezeau est venu de Dreux s\u2019installer comme architecte \u00e0 Paris et \u00e0 la mort de celui-ci, en 1593, Louis, l\u2019a\u00een\u00e9 de nombreux fils, architecte des b\u00e2timents du Roi, prend sous sa protection son plus jeune fr\u00e8re, Cl\u00e9ment, qui n\u2019a que 12 ans. Tous les fr\u00e8res M\u00e9tezeau travaillent en \u00e9troite collaboration. La conception de la place royale de Paris voulue par Henri IV (actuelle Place des Vosges) et celle de la place ducale de Charleville datent toutes deux des ann\u00e9es 1605\/1606. Nous savons que Cl\u00e9ment surveille lui-m\u00eame les premiers travaux de Charleville entre 1610 et 1615. En 1611, les deux fr\u00e8res, qui ont le titre d\u2019architectes et contr\u00f4leurs des b\u00e2timents de Monsieur de Nevers, se font r\u00e9gler conjointement des factures.<\/p><p>Lorsqu\u2019en janvier 1628, Charles de Gonzague quitte pr\u00e9cipitamment sa ville pour aller recueillir la succession de son cousin Vincenzo, d\u00e9c\u00e9d\u00e9 \u00e0 Mantoue, <strong>la ville est encore un immense chantier et le restera longtemps<\/strong>. Les h\u00e9ritiers de Charles continueront \u00e0 l\u2019embellir, toujours selon les principes du Prince fondateur\u00a0: l\u2019harmonie et la sym\u00e9trie.<\/p>\t\t\t\t\t<\/div>\n\t\t\t\t\t\t<\/div>\n\t\t\t\t<\/div>\n\t\t\t\t\t\t<\/div>\n\t\t\t\t\t<\/div>\n\t\t<\/div>\n\t\t\t\t\t\t\t\t<\/div>\n\t\t\t\t\t<\/div>\n\t\t<\/section>\n\t\t\t\t<section class=\"has_eae_slider elementor-section elementor-top-section elementor-element elementor-element-5679075 elementor-reverse-mobile elementor-section-boxed elementor-section-height-default elementor-section-height-default\" data-id=\"5679075\" data-element_type=\"section\" data-settings=\"{&quot;background_background&quot;:&quot;classic&quot;}\">\n\t\t\t\t\t\t<div class=\"elementor-container elementor-column-gap-default\">\n\t\t\t\t\t\t\t<div class=\"elementor-row\">\n\t\t\t\t\t<div class=\"has_eae_slider elementor-column elementor-col-50 elementor-top-column elementor-element elementor-element-3bb0e5c\" data-id=\"3bb0e5c\" data-element_type=\"column\">\n\t\t\t<div class=\"elementor-column-wrap elementor-element-populated\">\n\t\t\t\t\t\t\t<div class=\"elementor-widget-wrap\">\n\t\t\t\t\t\t<div class=\"elementor-element elementor-element-a998879 elementor-widget elementor-widget-heading\" data-id=\"a998879\" data-element_type=\"widget\" data-widget_type=\"heading.default\">\n\t\t\t\t<div class=\"elementor-widget-container\">\n\t\t\t<h2 class=\"elementor-heading-title elementor-size-default\">Le dessein d\u2019un couple catholique<\/h2>\t\t<\/div>\n\t\t\t\t<\/div>\n\t\t\t\t<div class=\"elementor-element elementor-element-d9093cb elementor-widget-divider--view-line elementor-widget elementor-widget-divider\" data-id=\"d9093cb\" data-element_type=\"widget\" data-widget_type=\"divider.default\">\n\t\t\t\t<div class=\"elementor-widget-container\">\n\t\t\t\t\t<div class=\"elementor-divider\">\n\t\t\t<span class=\"elementor-divider-separator\">\n\t\t\t\t\t\t<\/span>\n\t\t<\/div>\n\t\t\t\t<\/div>\n\t\t\t\t<\/div>\n\t\t\t\t<div class=\"elementor-element elementor-element-6ba7389 elementor-widget elementor-widget-text-editor\" data-id=\"6ba7389\" data-element_type=\"widget\" data-widget_type=\"text-editor.default\">\n\t\t\t\t<div class=\"elementor-widget-container\">\n\t\t\t\t\t\t\t\t<div class=\"elementor-text-editor elementor-clearfix\">\n\t\t\t\t<p>Pourquoi cr\u00e9er une ville\u00a0? Nous en sommes r\u00e9duits aux hypoth\u00e8ses. Charles veut-il en faire la capitale d\u2019un \u00c9tat sur la Meuse\u00a0? En 1609, il r\u00e9clame l\u2019h\u00e9ritage des Cl\u00e8ves dans le Saint-Empire Romain Germanique et en Flandres\u00a0: Cl\u00e8ves, Juliers, Berg, et en 1616, il fait valoir ses droits sur le duch\u00e9 de Brabant, la province de Limbourg et la ville d\u2019Anvers. Simple co\u00efncidence peut-\u00eatre car, ses esp\u00e9rances d\u00e9\u00e7ues, il continue le chantier sans interruption.<\/p><p><strong>En 1619, il proclame Charleville capitale de l\u2019Europe chr\u00e9tienne<\/strong>. Nous sommes certainement au c\u0153ur des ambitions de Charles. Et l\u2019influence de son \u00e9pouse Catherine de Lorraine, fille du dernier chef ligueur, Charles de Lorraine dit Mayenne, ni\u00e8ce du duc de Guise et du Cardinal de Guise, assassin\u00e9s \u00e0 Blois, est prouv\u00e9e par les couvents f\u00e9minins qu\u2019elle fait construire de ses propres deniers. <strong>Charleville est une ville de la Contre-R\u00e9forme, une ville militante face \u00e0 Sedan la protestante<\/strong>, avec ses quatre quartiers plac\u00e9s sous la protection de saints ou de la Vierge, ses rues portant des noms de saints, dont l\u2019axe structurant des rues Saint-Charles et Sainte-Catherine, son h\u00f4pital de la milice chr\u00e9tienne, destin\u00e9 \u00e0 recevoir les pauvres vieillards, et son projet de basilique. <strong>En 1625, Michel de Marolles la compare \u00e0 la J\u00e9rusalem c\u00e9leste de saint Jean dans <\/strong><em><strong>l\u2019Apocalypse<\/strong>.<\/em><\/p>\t\t\t\t\t<\/div>\n\t\t\t\t\t\t<\/div>\n\t\t\t\t<\/div>\n\t\t\t\t\t\t<\/div>\n\t\t\t\t\t<\/div>\n\t\t<\/div>\n\t\t\t\t<div class=\"has_eae_slider elementor-column elementor-col-50 elementor-top-column elementor-element elementor-element-3a25ab6\" data-id=\"3a25ab6\" data-element_type=\"column\" data-settings=\"{&quot;background_background&quot;:&quot;classic&quot;}\">\n\t\t\t<div class=\"elementor-column-wrap elementor-element-populated\">\n\t\t\t\t\t\t\t<div class=\"elementor-widget-wrap\">\n\t\t\t\t\t\t<div class=\"elementor-element elementor-element-b81f9c1 elementor-widget elementor-widget-image\" data-id=\"b81f9c1\" data-element_type=\"widget\" data-widget_type=\"image.default\">\n\t\t\t\t<div class=\"elementor-widget-container\">\n\t\t\t\t\t\t\t\t<div class=\"elementor-image\">\n\t\t\t\t\t\t\t\t\t\t\t\t<img width=\"770\" height=\"1366\" src=\"https:\/\/crm-umr8596.huma-num.fr\/Charleville\/wp-content\/uploads\/2020\/12\/Catherine_de_Lorraine_duchess_of_Mantua.jpg\" class=\"attachment-full size-full\" alt=\"\" loading=\"lazy\" \/>\t\t\t\t\t\t\t\t\t\t\t\t\t\t<\/div>\n\t\t\t\t\t\t<\/div>\n\t\t\t\t<\/div>\n\t\t\t\t\t\t<\/div>\n\t\t\t\t\t<\/div>\n\t\t<\/div>\n\t\t\t\t\t\t\t\t<\/div>\n\t\t\t\t\t<\/div>\n\t\t<\/section>\n\t\t\t\t<section class=\"has_eae_slider elementor-section elementor-top-section elementor-element elementor-element-2038db9 elementor-section-boxed elementor-section-height-default elementor-section-height-default\" data-id=\"2038db9\" data-element_type=\"section\">\n\t\t\t\t\t\t<div class=\"elementor-container elementor-column-gap-default\">\n\t\t\t\t\t\t\t<div class=\"elementor-row\">\n\t\t\t\t\t<div class=\"has_eae_slider elementor-column elementor-col-100 elementor-top-column elementor-element elementor-element-0d0eed4\" data-id=\"0d0eed4\" data-element_type=\"column\">\n\t\t\t<div class=\"elementor-column-wrap elementor-element-populated\">\n\t\t\t\t\t\t\t<div class=\"elementor-widget-wrap\">\n\t\t\t\t\t\t<div class=\"elementor-element elementor-element-80ebe89 elementor-widget elementor-widget-heading\" data-id=\"80ebe89\" data-element_type=\"widget\" data-widget_type=\"heading.default\">\n\t\t\t\t<div class=\"elementor-widget-container\">\n\t\t\t<h2 class=\"elementor-heading-title elementor-size-default\">Une ville moderne<\/h2>\t\t<\/div>\n\t\t\t\t<\/div>\n\t\t\t\t<div class=\"elementor-element elementor-element-4b5923a elementor-widget-divider--view-line elementor-widget elementor-widget-divider\" data-id=\"4b5923a\" data-element_type=\"widget\" data-widget_type=\"divider.default\">\n\t\t\t\t<div class=\"elementor-widget-container\">\n\t\t\t\t\t<div class=\"elementor-divider\">\n\t\t\t<span class=\"elementor-divider-separator\">\n\t\t\t\t\t\t<\/span>\n\t\t<\/div>\n\t\t\t\t<\/div>\n\t\t\t\t<\/div>\n\t\t\t\t<div class=\"elementor-element elementor-element-26d241f elementor-widget elementor-widget-image\" data-id=\"26d241f\" data-element_type=\"widget\" data-widget_type=\"image.default\">\n\t\t\t\t<div class=\"elementor-widget-container\">\n\t\t\t\t\t\t\t\t<div class=\"elementor-image\">\n\t\t\t\t\t\t\t\t\t\t\t\t<img width=\"1366\" height=\"865\" src=\"https:\/\/crm-umr8596.huma-num.fr\/Charleville\/wp-content\/uploads\/2020\/12\/Plan_maillan.jpg\" class=\"attachment-full size-full\" alt=\"\" loading=\"lazy\" \/>\t\t\t\t\t\t\t\t\t\t\t\t\t\t<\/div>\n\t\t\t\t\t\t<\/div>\n\t\t\t\t<\/div>\n\t\t\t\t<section class=\"has_eae_slider elementor-section elementor-inner-section elementor-element elementor-element-8dbfbe1 elementor-section-boxed elementor-section-height-default elementor-section-height-default\" data-id=\"8dbfbe1\" data-element_type=\"section\">\n\t\t\t\t\t\t<div class=\"elementor-container elementor-column-gap-default\">\n\t\t\t\t\t\t\t<div class=\"elementor-row\">\n\t\t\t\t\t<div class=\"has_eae_slider elementor-column elementor-col-50 elementor-inner-column elementor-element elementor-element-f7ca067\" data-id=\"f7ca067\" data-element_type=\"column\" data-settings=\"{&quot;background_background&quot;:&quot;classic&quot;}\">\n\t\t\t<div class=\"elementor-column-wrap elementor-element-populated\">\n\t\t\t\t\t\t\t<div class=\"elementor-widget-wrap\">\n\t\t\t\t\t\t<div class=\"elementor-element elementor-element-110b51d elementor-widget elementor-widget-text-editor\" data-id=\"110b51d\" data-element_type=\"widget\" data-widget_type=\"text-editor.default\">\n\t\t\t\t<div class=\"elementor-widget-container\">\n\t\t\t\t\t\t\t\t<div class=\"elementor-text-editor elementor-clearfix\">\n\t\t\t\t<p>La ville se construit en englobant le petit village d\u2019Arches mais Charles est possesseur de l\u2019ensemble des terres. <strong>Le plan imagin\u00e9 est extr\u00eamement novateur avec sa place centrale, ses quatre places secondaires, centres des quartiers, ses avenues larges et pav\u00e9es, ses arcades propices au commerce, ses jardins, ses fontaines<\/strong>. Ce n\u2019est pas une ville d\u2019apparat, c\u2019est une ville pratique comme le montre son premier r\u00e8glement. Le commerce sur la Meuse, la venue des meilleurs artisans de Paris, de Flandres ou d\u2019Italie, doivent en faire une ville \u00ab\u00a0rentable\u00a0\u00bb et attractive.<\/p>\t\t\t\t\t<\/div>\n\t\t\t\t\t\t<\/div>\n\t\t\t\t<\/div>\n\t\t\t\t\t\t<\/div>\n\t\t\t\t\t<\/div>\n\t\t<\/div>\n\t\t\t\t<div class=\"has_eae_slider elementor-column elementor-col-50 elementor-inner-column elementor-element elementor-element-d143548\" data-id=\"d143548\" data-element_type=\"column\" data-settings=\"{&quot;background_background&quot;:&quot;classic&quot;}\">\n\t\t\t<div class=\"elementor-column-wrap elementor-element-populated\">\n\t\t\t\t\t\t\t<div class=\"elementor-widget-wrap\">\n\t\t\t\t\t\t<div class=\"elementor-element elementor-element-8ca142c elementor-widget elementor-widget-text-editor\" data-id=\"8ca142c\" data-element_type=\"widget\" data-widget_type=\"text-editor.default\">\n\t\t\t\t<div class=\"elementor-widget-container\">\n\t\t\t\t\t\t\t\t<div class=\"elementor-text-editor elementor-clearfix\">\n\t\t\t\t<p>Esprit ouvert par son ma\u00eetre, Blaise de Vigen\u00e8re, ses voyages, ses lectures, <strong>Charles veut faire venir les meilleurs pour sa ville,\u00a0qu\u2019ils soient protestants ou juifs<\/strong>. Le commerce et l\u2019artisanat ne se con\u00e7oivent pas sans le pr\u00eat de liquidit\u00e9s. La protection qu\u2019il accorde \u00e0 une communaut\u00e9 juive de Francfort qui s\u2019installe rue des Juifs montre qu\u2019il a tir\u00e9 les le\u00e7ons de ce qu\u2019il a vu \u00e0 Amsterdam et \u00e0 Mantoue, o\u00f9 vit une des plus grosses communaut\u00e9s juives d\u2019Italie et m\u00eame d\u2019Europe.<\/p>\t\t\t\t\t<\/div>\n\t\t\t\t\t\t<\/div>\n\t\t\t\t<\/div>\n\t\t\t\t\t\t<\/div>\n\t\t\t\t\t<\/div>\n\t\t<\/div>\n\t\t\t\t\t\t\t\t<\/div>\n\t\t\t\t\t<\/div>\n\t\t<\/section>\n\t\t\t\t\t\t<\/div>\n\t\t\t\t\t<\/div>\n\t\t<\/div>\n\t\t\t\t\t\t\t\t<\/div>\n\t\t\t\t\t<\/div>\n\t\t<\/section>\n\t\t\t\t<section class=\"has_eae_slider elementor-section elementor-top-section elementor-element elementor-element-fef412f elementor-section-boxed elementor-section-height-default elementor-section-height-default\" data-id=\"fef412f\" data-element_type=\"section\" data-settings=\"{&quot;background_background&quot;:&quot;classic&quot;}\">\n\t\t\t\t\t\t<div class=\"elementor-container elementor-column-gap-default\">\n\t\t\t\t\t\t\t<div class=\"elementor-row\">\n\t\t\t\t\t<div class=\"has_eae_slider elementor-column elementor-col-100 elementor-top-column elementor-element elementor-element-6d7580d\" data-id=\"6d7580d\" data-element_type=\"column\">\n\t\t\t<div class=\"elementor-column-wrap elementor-element-populated\">\n\t\t\t\t\t\t\t<div class=\"elementor-widget-wrap\">\n\t\t\t\t\t\t<div class=\"elementor-element elementor-element-4bcb2c2 elementor-widget elementor-widget-heading\" data-id=\"4bcb2c2\" data-element_type=\"widget\" data-widget_type=\"heading.default\">\n\t\t\t\t<div class=\"elementor-widget-container\">\n\t\t\t<h2 class=\"elementor-heading-title elementor-size-default\">Une ville refuge<\/h2>\t\t<\/div>\n\t\t\t\t<\/div>\n\t\t\t\t<div class=\"elementor-element elementor-element-d1dd945 elementor-widget-divider--view-line elementor-widget elementor-widget-divider\" data-id=\"d1dd945\" data-element_type=\"widget\" data-widget_type=\"divider.default\">\n\t\t\t\t<div class=\"elementor-widget-container\">\n\t\t\t\t\t<div class=\"elementor-divider\">\n\t\t\t<span class=\"elementor-divider-separator\">\n\t\t\t\t\t\t<\/span>\n\t\t<\/div>\n\t\t\t\t<\/div>\n\t\t\t\t<\/div>\n\t\t\t\t\t\t<\/div>\n\t\t\t\t\t<\/div>\n\t\t<\/div>\n\t\t\t\t\t\t\t\t<\/div>\n\t\t\t\t\t<\/div>\n\t\t<\/section>\n\t\t\t\t<section class=\"has_eae_slider elementor-section elementor-top-section elementor-element elementor-element-69a2148 elementor-section-boxed elementor-section-height-default elementor-section-height-default\" data-id=\"69a2148\" data-element_type=\"section\" data-settings=\"{&quot;background_background&quot;:&quot;classic&quot;}\">\n\t\t\t\t\t\t<div class=\"elementor-container elementor-column-gap-default\">\n\t\t\t\t\t\t\t<div class=\"elementor-row\">\n\t\t\t\t\t<div class=\"has_eae_slider elementor-column elementor-col-100 elementor-top-column elementor-element elementor-element-71f893d\" data-id=\"71f893d\" data-element_type=\"column\">\n\t\t\t<div class=\"elementor-column-wrap elementor-element-populated\">\n\t\t\t\t\t\t\t<div class=\"elementor-widget-wrap\">\n\t\t\t\t\t\t<section class=\"has_eae_slider elementor-section elementor-inner-section elementor-element elementor-element-4944d8c elementor-section-boxed elementor-section-height-default elementor-section-height-default\" data-id=\"4944d8c\" data-element_type=\"section\">\n\t\t\t\t\t\t<div class=\"elementor-container elementor-column-gap-default\">\n\t\t\t\t\t\t\t<div class=\"elementor-row\">\n\t\t\t\t\t<div class=\"has_eae_slider elementor-column elementor-col-50 elementor-inner-column elementor-element elementor-element-5ef883f\" data-id=\"5ef883f\" data-element_type=\"column\" data-settings=\"{&quot;background_background&quot;:&quot;classic&quot;}\">\n\t\t\t<div class=\"elementor-column-wrap elementor-element-populated\">\n\t\t\t\t\t\t\t<div class=\"elementor-widget-wrap\">\n\t\t\t\t\t\t<div class=\"elementor-element elementor-element-3ec039e elementor-widget elementor-widget-text-editor\" data-id=\"3ec039e\" data-element_type=\"widget\" data-widget_type=\"text-editor.default\">\n\t\t\t\t<div class=\"elementor-widget-container\">\n\t\t\t\t\t\t\t\t<div class=\"elementor-text-editor elementor-clearfix\">\n\t\t\t\t<p><strong>Pour attirer des habitants, le prince d\u00e9cide d\u2019accorder de nombreux privil\u00e8ges fiscaux mais aussi de donner des terrains \u00e0 ceux qui veulent construire<\/strong>, et il fait cadeau de maisons \u00e0 ses fid\u00e8les. Parfois il oblige certains \u00e0 investir, comme les villes de Champagne pri\u00e9es de construire des maisons \u00e0 leurs frais rue du Moulin ou les chanoines de Rozoy, somm\u00e9s de s\u2019installer dans la future coll\u00e9giale. <strong>Il accorde aussi le droit d\u2019asile \u00e0 tous ceux qui ont eu des probl\u00e8mes avec la justice<\/strong>. \u00c0 Charleville, nul ne sera inqui\u00e9t\u00e9 pour ses id\u00e9es religieuses, ni pour ses m\u00e9faits dans le pass\u00e9. Offrir une ville refuge aux bannis est une v\u00e9ritable politique de peuplement pour lui, qu\u2019il reprend \u00e0 Mantoue \u2026 en 1630. Mais on ne peut oublier que son \u00e9pouse Catherine, \u00e0 Paris, visite les prisons r\u00e9guli\u00e8rement et que tous deux croient en la r\u00e9demption et au rachat des p\u00e9ch\u00e9s.<strong> L\u2019id\u00e9e d\u2019une ville accueillante pour\u00a0tous sera remise en cause, \u00e0 son d\u00e9part<\/strong>, par les plus d\u00e9vots, les J\u00e9suites, les descendants des ligueurs et surtout par Jean-Antoine de Mesmes, conseiller au parlement de Paris, seigneur d\u2019Irval, \u00e0 qui Charles a confi\u00e9 la gestion de ses affaires en France, qui est un proche de la Compagnie du Saint-Sacrement.<\/p><p>Par la suite, l\u2019absence de paiement de la taille sera le principal levier pour attirer les plus riches et la multiplication des fabriques pour faire venir de la main d\u2019\u0153uvre.<\/p>\t\t\t\t\t<\/div>\n\t\t\t\t\t\t<\/div>\n\t\t\t\t<\/div>\n\t\t\t\t\t\t<\/div>\n\t\t\t\t\t<\/div>\n\t\t<\/div>\n\t\t\t\t<div class=\"has_eae_slider elementor-column elementor-col-50 elementor-inner-column elementor-element elementor-element-e008c43\" data-id=\"e008c43\" data-element_type=\"column\" data-settings=\"{&quot;background_background&quot;:&quot;classic&quot;}\">\n\t\t\t<div class=\"elementor-column-wrap elementor-element-populated\">\n\t\t\t\t\t\t\t<div class=\"elementor-widget-wrap\">\n\t\t\t\t\t\t<div class=\"elementor-element elementor-element-b065c92 elementor-widget elementor-widget-text-editor\" data-id=\"b065c92\" data-element_type=\"widget\" data-widget_type=\"text-editor.default\">\n\t\t\t\t<div class=\"elementor-widget-container\">\n\t\t\t\t\t\t\t\t<div class=\"elementor-text-editor elementor-clearfix\">\n\t\t\t\t<p><strong>\u00ab\u00a0Sa bien-aim\u00e9e Charleville\u00a0\u00bb, \u00ab\u00a0sa ville cr\u00e9ature\u00a0\u00bb se construit lentement, trop lentement \u00e0 ses yeux, mais Charles en est fier<\/strong>. Apr\u00e8s son veuvage en 1618, il y r\u00e9side de longs mois par an. Lorsque la succession de son cousin l\u2019oblige \u00e0 \u00eatre pr\u00e9sent \u00e0 Mantoue, il laisse ses habits, son carrosse, ses livres, esp\u00e9rant y revenir.<\/p><p>Mais \u00eatre fran\u00e7ais et devenir duc de Mantoue ne peut \u00eatre accept\u00e9 ni par le duc de Savoie, ni par les Habsbourg. Vu la position strat\u00e9gique du duch\u00e9, cela favorise trop, \u00e0 leurs yeux, le royaume de France. <strong>La guerre de succession de Mantoue<\/strong> n\u2019est qu\u2019un des conflits qui d\u00e9chirent l\u2019Europe de 1618 \u00e0 1648, ce que l\u2019on appellera la Guerre de Trente ans.<\/p><p><strong>Un des derniers v\u0153ux de Charles de Gonzague<\/strong>, duc de Nevers et duc de Mantoue\u00a0: <strong>que la ville qu\u2019il a cr\u00e9\u00e9e porte son nom pour l\u2019\u00e9ternit\u00e9\u00a0!<\/strong><\/p>\t\t\t\t\t<\/div>\n\t\t\t\t\t\t<\/div>\n\t\t\t\t<\/div>\n\t\t\t\t\t\t<\/div>\n\t\t\t\t\t<\/div>\n\t\t<\/div>\n\t\t\t\t\t\t\t\t<\/div>\n\t\t\t\t\t<\/div>\n\t\t<\/section>\n\t\t\t\t\t\t<\/div>\n\t\t\t\t\t<\/div>\n\t\t<\/div>\n\t\t\t\t\t\t\t\t<\/div>\n\t\t\t\t\t<\/div>\n\t\t<\/section>\n\t\t\t\t<section class=\"has_eae_slider elementor-section elementor-top-section elementor-element elementor-element-21cd64f elementor-section-boxed elementor-section-height-default elementor-section-height-default\" data-id=\"21cd64f\" data-element_type=\"section\">\n\t\t\t\t\t\t<div class=\"elementor-container elementor-column-gap-default\">\n\t\t\t\t\t\t\t<div class=\"elementor-row\">\n\t\t\t\t\t<div class=\"has_eae_slider elementor-column elementor-col-100 elementor-top-column elementor-element elementor-element-da573cc\" data-id=\"da573cc\" data-element_type=\"column\">\n\t\t\t<div class=\"elementor-column-wrap elementor-element-populated\">\n\t\t\t\t\t\t\t<div class=\"elementor-widget-wrap\">\n\t\t\t\t\t\t<div class=\"elementor-element elementor-element-da2e863 elementor-widget elementor-widget-heading\" data-id=\"da2e863\" data-element_type=\"widget\" data-widget_type=\"heading.default\">\n\t\t\t\t<div class=\"elementor-widget-container\">\n\t\t\t<h2 class=\"elementor-heading-title elementor-size-default\">Bibliographie<\/h2>\t\t<\/div>\n\t\t\t\t<\/div>\n\t\t\t\t<div class=\"elementor-element elementor-element-9a6b2e8 elementor-widget-divider--view-line elementor-widget elementor-widget-divider\" data-id=\"9a6b2e8\" data-element_type=\"widget\" data-widget_type=\"divider.default\">\n\t\t\t\t<div class=\"elementor-widget-container\">\n\t\t\t\t\t<div class=\"elementor-divider\">\n\t\t\t<span class=\"elementor-divider-separator\">\n\t\t\t\t\t\t<\/span>\n\t\t<\/div>\n\t\t\t\t<\/div>\n\t\t\t\t<\/div>\n\t\t\t\t\t\t<\/div>\n\t\t\t\t\t<\/div>\n\t\t<\/div>\n\t\t\t\t\t\t\t\t<\/div>\n\t\t\t\t\t<\/div>\n\t\t<\/section>\n\t\t\t\t<section class=\"has_eae_slider elementor-section elementor-top-section elementor-element elementor-element-b253502 elementor-section-boxed elementor-section-height-default elementor-section-height-default\" data-id=\"b253502\" data-element_type=\"section\">\n\t\t\t\t\t\t<div class=\"elementor-container elementor-column-gap-default\">\n\t\t\t\t\t\t\t<div class=\"elementor-row\">\n\t\t\t\t\t<div class=\"has_eae_slider elementor-column elementor-col-100 elementor-top-column elementor-element elementor-element-7a42719\" data-id=\"7a42719\" data-element_type=\"column\">\n\t\t\t<div class=\"elementor-column-wrap elementor-element-populated\">\n\t\t\t\t\t\t\t<div class=\"elementor-widget-wrap\">\n\t\t\t\t\t\t<div class=\"elementor-element elementor-element-0915f15 elementor-widget elementor-widget-text-editor\" data-id=\"0915f15\" data-element_type=\"widget\" data-widget_type=\"text-editor.default\">\n\t\t\t\t<div class=\"elementor-widget-container\">\n\t\t\t\t\t\t\t\t<div class=\"elementor-text-editor elementor-clearfix\">\n\t\t\t\t<p>Claude Grimmer, <em>Le Duc de Nevers, prince europ\u00e9en sous Louis XIII<\/em>, Paris, Fayard, 2021.<\/p><p><em>Charleville, chef-d\u2019\u0153uvre du XVIIe si\u00e8cle,<\/em> Charleville-M\u00e9zi\u00e8res, Mus\u00e9e de l\u2019Ardenne, 2010.<\/p><p><em>Charleville-M\u00e9zi\u00e8res, La place ducale et la ville de Charles de Gonzague, <\/em>Parcours du Patrimoine, 2012.<\/p><p><em>Costruire, abitare, pensare. Sabbioneta e Charleville, Citt\u00e0 ideali dei Gonzaga, <\/em>Mantova, Universitas Studiorum, 2017.<\/p>\t\t\t\t\t<\/div>\n\t\t\t\t\t\t<\/div>\n\t\t\t\t<\/div>\n\t\t\t\t\t\t<\/div>\n\t\t\t\t\t<\/div>\n\t\t<\/div>\n\t\t\t\t\t\t\t\t<\/div>\n\t\t\t\t\t<\/div>\n\t\t<\/section>\n\t\t\t\t\t\t<\/div>\n\t\t\t\t\t\t<\/div>\n\t\t\t\t\t<\/div>\n\t\t","protected":false},"excerpt":{"rendered":"<p>La ville de Charles Notice propos\u00e9e par Claude Grimmer&#8211; Novembre 2020 &#8211; Le 6 mai 1606, Charles de Gonzague-Cl\u00e8ves, duc de Nevers et prince d\u2019Arches, le jour de ses 26 ans, fonde une ville dans sa principaut\u00e9 d\u2019Arches. C\u2019est une id\u00e9e qui lui tient \u00e0 c\u0153ur depuis son enfance. Par ses lectures, il est impr\u00e9gn\u00e9 &hellip;<\/p>\n<p class=\"read-more\"> <a class=\"\" href=\"https:\/\/crm-umr8596.huma-num.fr\/Charleville\/notice-ville-de-charles\/\"> <span class=\"screen-reader-text\">Notice : La ville de Charles<\/span> Lire la suite\u00a0\u00bb<\/a><\/p>\n","protected":false},"author":1,"featured_media":0,"parent":0,"menu_order":0,"comment_status":"closed","ping_status":"closed","template":"","meta":[],"_links":{"self":[{"href":"https:\/\/crm-umr8596.huma-num.fr\/Charleville\/wp-json\/wp\/v2\/pages\/6842"}],"collection":[{"href":"https:\/\/crm-umr8596.huma-num.fr\/Charleville\/wp-json\/wp\/v2\/pages"}],"about":[{"href":"https:\/\/crm-umr8596.huma-num.fr\/Charleville\/wp-json\/wp\/v2\/types\/page"}],"author":[{"embeddable":true,"href":"https:\/\/crm-umr8596.huma-num.fr\/Charleville\/wp-json\/wp\/v2\/users\/1"}],"replies":[{"embeddable":true,"href":"https:\/\/crm-umr8596.huma-num.fr\/Charleville\/wp-json\/wp\/v2\/comments?post=6842"}],"version-history":[{"count":76,"href":"https:\/\/crm-umr8596.huma-num.fr\/Charleville\/wp-json\/wp\/v2\/pages\/6842\/revisions"}],"predecessor-version":[{"id":8182,"href":"https:\/\/crm-umr8596.huma-num.fr\/Charleville\/wp-json\/wp\/v2\/pages\/6842\/revisions\/8182"}],"wp:attachment":[{"href":"https:\/\/crm-umr8596.huma-num.fr\/Charleville\/wp-json\/wp\/v2\/media?parent=6842"}],"curies":[{"name":"wp","href":"https:\/\/api.w.org\/{rel}","templated":true}]}}