{"id":5106,"date":"2020-12-02T23:40:24","date_gmt":"2020-12-02T22:40:24","guid":{"rendered":"http:\/\/crm-umr8596.huma-num.fr\/Charleville\/?page_id=5106"},"modified":"2020-12-08T12:25:58","modified_gmt":"2020-12-08T11:25:58","slug":"journees-europeennes","status":"publish","type":"page","link":"https:\/\/crm-umr8596.huma-num.fr\/Charleville\/journees-europeennes\/","title":{"rendered":"Genealogis"},"content":{"rendered":"\t\t<div data-elementor-type=\"wp-post\" data-elementor-id=\"5106\" class=\"elementor elementor-5106\" data-elementor-settings=\"[]\">\n\t\t\t\t\t\t<div class=\"elementor-inner\">\n\t\t\t\t\t\t\t<div class=\"elementor-section-wrap\">\n\t\t\t\t\t\t\t<section class=\"has_eae_slider elementor-section elementor-top-section elementor-element elementor-element-797db47 elementor-section-content-middle elementor-section-boxed elementor-section-height-default elementor-section-height-default\" data-id=\"797db47\" data-element_type=\"section\" data-settings=\"{&quot;background_background&quot;:&quot;classic&quot;}\">\n\t\t\t\t\t\t\t<div class=\"elementor-background-overlay\"><\/div>\n\t\t\t\t\t\t\t<div class=\"elementor-container elementor-column-gap-no\">\n\t\t\t\t\t\t\t<div class=\"elementor-row\">\n\t\t\t\t\t<div class=\"has_eae_slider elementor-column elementor-col-100 elementor-top-column elementor-element elementor-element-b15b336\" data-id=\"b15b336\" data-element_type=\"column\">\n\t\t\t<div class=\"elementor-column-wrap\">\n\t\t\t\t\t\t\t<div class=\"elementor-widget-wrap\">\n\t\t\t\t\t\t\t\t<\/div>\n\t\t\t\t\t<\/div>\n\t\t<\/div>\n\t\t\t\t\t\t\t\t<\/div>\n\t\t\t\t\t<\/div>\n\t\t<\/section>\n\t\t\t\t<section class=\"has_eae_slider elementor-section elementor-top-section elementor-element elementor-element-829c449 elementor-section-content-middle elementor-reverse-mobile elementor-section-boxed elementor-section-height-default elementor-section-height-default\" data-id=\"829c449\" data-element_type=\"section\">\n\t\t\t\t\t\t\t<div class=\"elementor-background-overlay\"><\/div>\n\t\t\t\t\t\t\t<div class=\"elementor-container elementor-column-gap-default\">\n\t\t\t\t\t\t\t<div class=\"elementor-row\">\n\t\t\t\t\t<div class=\"has_eae_slider elementor-column elementor-col-100 elementor-top-column elementor-element elementor-element-090b3fb\" data-id=\"090b3fb\" data-element_type=\"column\">\n\t\t\t<div class=\"elementor-column-wrap elementor-element-populated\">\n\t\t\t\t\t\t\t<div class=\"elementor-widget-wrap\">\n\t\t\t\t\t\t<div class=\"elementor-element elementor-element-18a500e elementor-widget elementor-widget-heading\" data-id=\"18a500e\" data-element_type=\"widget\" data-widget_type=\"heading.default\">\n\t\t\t\t<div class=\"elementor-widget-container\">\n\t\t\t<h1 class=\"elementor-heading-title elementor-size-default\">Les journ\u00e9es europ\u00e9ennes du patrimoine<\/h1>\t\t<\/div>\n\t\t\t\t<\/div>\n\t\t\t\t<div class=\"elementor-element elementor-element-2ea83bf elementor-widget-divider--view-line_icon elementor-view-default elementor-widget-divider--element-align-center elementor-widget elementor-widget-divider\" data-id=\"2ea83bf\" data-element_type=\"widget\" data-widget_type=\"divider.default\">\n\t\t\t\t<div class=\"elementor-widget-container\">\n\t\t\t\t\t<div class=\"elementor-divider\">\n\t\t\t<span class=\"elementor-divider-separator\">\n\t\t\t\t\t\t\t<div class=\"elementor-icon elementor-divider__element\">\n\t\t\t\t\t<i aria-hidden=\"true\" class=\"far fa-comment\"><\/i><\/div>\n\t\t\t\t\t\t<\/span>\n\t\t<\/div>\n\t\t\t\t<\/div>\n\t\t\t\t<\/div>\n\t\t\t\t<div class=\"elementor-element elementor-element-81a1168 elementor-widget elementor-widget-text-editor\" data-id=\"81a1168\" data-element_type=\"widget\" data-widget_type=\"text-editor.default\">\n\t\t\t\t<div class=\"elementor-widget-container\">\n\t\t\t\t\t\t\t\t<div class=\"elementor-text-editor elementor-clearfix\">\n\t\t\t\t<p>Visites promenades &amp; conf\u00e9rences\u00a0<br \/>&#8211; 16 &amp; 17 septembre 2016 &#8211;<\/p>\t\t\t\t\t<\/div>\n\t\t\t\t\t\t<\/div>\n\t\t\t\t<\/div>\n\t\t\t\t\t\t<\/div>\n\t\t\t\t\t<\/div>\n\t\t<\/div>\n\t\t\t\t\t\t\t\t<\/div>\n\t\t\t\t\t<\/div>\n\t\t<\/section>\n\t\t\t\t<section class=\"has_eae_slider elementor-section elementor-top-section elementor-element elementor-element-1b86ac2 elementor-section-boxed elementor-section-height-default elementor-section-height-default\" data-id=\"1b86ac2\" data-element_type=\"section\">\n\t\t\t\t\t\t<div class=\"elementor-container elementor-column-gap-default\">\n\t\t\t\t\t\t\t<div class=\"elementor-row\">\n\t\t\t\t\t<div class=\"has_eae_slider elementor-column elementor-col-100 elementor-top-column elementor-element elementor-element-65856d4\" data-id=\"65856d4\" data-element_type=\"column\">\n\t\t\t<div class=\"elementor-column-wrap elementor-element-populated\">\n\t\t\t\t\t\t\t<div class=\"elementor-widget-wrap\">\n\t\t\t\t\t\t<div class=\"elementor-element elementor-element-c6ee900 elementor-widget elementor-widget-heading\" data-id=\"c6ee900\" data-element_type=\"widget\" data-widget_type=\"heading.default\">\n\t\t\t\t<div class=\"elementor-widget-container\">\n\t\t\t<h3 class=\"elementor-heading-title elementor-size-default\">Organis\u00e9es par : <\/h3>\t\t<\/div>\n\t\t\t\t<\/div>\n\t\t\t\t\t\t<\/div>\n\t\t\t\t\t<\/div>\n\t\t<\/div>\n\t\t\t\t\t\t\t\t<\/div>\n\t\t\t\t\t<\/div>\n\t\t<\/section>\n\t\t\t\t<section class=\"has_eae_slider elementor-section elementor-top-section elementor-element elementor-element-0ac6a64 elementor-section-boxed elementor-section-height-default elementor-section-height-default\" data-id=\"0ac6a64\" data-element_type=\"section\">\n\t\t\t\t\t\t<div class=\"elementor-container elementor-column-gap-default\">\n\t\t\t\t\t\t\t<div class=\"elementor-row\">\n\t\t\t\t\t<div class=\"has_eae_slider elementor-column elementor-col-100 elementor-top-column elementor-element elementor-element-3376333\" data-id=\"3376333\" data-element_type=\"column\">\n\t\t\t<div class=\"elementor-column-wrap elementor-element-populated\">\n\t\t\t\t\t\t\t<div class=\"elementor-widget-wrap\">\n\t\t\t\t\t\t<div class=\"elementor-element elementor-element-a9ddb01 elementor-hidden-desktop elementor-hidden-tablet elementor-widget elementor-widget-image\" data-id=\"a9ddb01\" data-element_type=\"widget\" data-widget_type=\"image.default\">\n\t\t\t\t<div class=\"elementor-widget-container\">\n\t\t\t\t\t\t\t\t<div class=\"elementor-image\">\n\t\t\t\t\t\t\t\t\t\t\t\t<img width=\"1024\" height=\"140\" src=\"https:\/\/crm-umr8596.huma-num.fr\/Charleville\/wp-content\/uploads\/2020\/12\/logo_ban_gene1-1024x140.jpg\" class=\"attachment-large size-large\" alt=\"\" loading=\"lazy\" \/>\t\t\t\t\t\t\t\t\t\t\t\t\t\t<\/div>\n\t\t\t\t\t\t<\/div>\n\t\t\t\t<\/div>\n\t\t\t\t\t\t<\/div>\n\t\t\t\t\t<\/div>\n\t\t<\/div>\n\t\t\t\t\t\t\t\t<\/div>\n\t\t\t\t\t<\/div>\n\t\t<\/section>\n\t\t\t\t<section class=\"has_eae_slider elementor-section elementor-top-section elementor-element elementor-element-e7c2e11 elementor-hidden-phone elementor-section-boxed elementor-section-height-default elementor-section-height-default\" data-id=\"e7c2e11\" data-element_type=\"section\">\n\t\t\t\t\t\t<div class=\"elementor-container elementor-column-gap-default\">\n\t\t\t\t\t\t\t<div class=\"elementor-row\">\n\t\t\t\t\t<div class=\"has_eae_slider elementor-column elementor-col-100 elementor-top-column elementor-element elementor-element-b8af9a7\" data-id=\"b8af9a7\" data-element_type=\"column\">\n\t\t\t<div class=\"elementor-column-wrap elementor-element-populated\">\n\t\t\t\t\t\t\t<div class=\"elementor-widget-wrap\">\n\t\t\t\t\t\t<div class=\"elementor-element elementor-element-c6e4ad6 gallery-spacing-custom elementor-hidden-phone elementor-widget elementor-widget-image-gallery\" data-id=\"c6e4ad6\" data-element_type=\"widget\" data-widget_type=\"image-gallery.default\">\n\t\t\t\t<div class=\"elementor-widget-container\">\n\t\t\t\t\t<div class=\"elementor-image-gallery\">\n\t\t\t<div id='gallery-1' class='gallery galleryid-5106 gallery-columns-5 gallery-size-full'><figure class='gallery-item'>\n\t\t\t<div class='gallery-icon landscape'>\n\t\t\t\t<img width=\"210\" height=\"150\" src=\"https:\/\/crm-umr8596.huma-num.fr\/Charleville\/wp-content\/uploads\/2020\/12\/logo_CNRS_ok2.png\" class=\"attachment-full size-full\" alt=\"\" loading=\"lazy\" \/>\n\t\t\t<\/div><\/figure><figure class='gallery-item'>\n\t\t\t<div class='gallery-icon landscape'>\n\t\t\t\t<img width=\"210\" height=\"150\" src=\"https:\/\/crm-umr8596.huma-num.fr\/Charleville\/wp-content\/uploads\/2020\/12\/Logo_of_Sorbonne_University.png\" class=\"attachment-full size-full\" alt=\"\" loading=\"lazy\" \/>\n\t\t\t<\/div><\/figure><figure class='gallery-item'>\n\t\t\t<div class='gallery-icon landscape'>\n\t\t\t\t<img width=\"210\" height=\"150\" src=\"https:\/\/crm-umr8596.huma-num.fr\/Charleville\/wp-content\/uploads\/2020\/12\/logo_CRM_ok.png\" class=\"attachment-full size-full\" alt=\"\" loading=\"lazy\" \/>\n\t\t\t<\/div><\/figure><figure class='gallery-item'>\n\t\t\t<div class='gallery-icon landscape'>\n\t\t\t\t<img width=\"210\" height=\"150\" src=\"https:\/\/crm-umr8596.huma-num.fr\/Charleville\/wp-content\/uploads\/2020\/12\/logo_CH_mez_ok.png\" class=\"attachment-full size-full\" alt=\"\" loading=\"lazy\" \/>\n\t\t\t<\/div><\/figure><figure class='gallery-item'>\n\t\t\t<div class='gallery-icon landscape'>\n\t\t\t\t<img width=\"210\" height=\"150\" src=\"https:\/\/crm-umr8596.huma-num.fr\/Charleville\/wp-content\/uploads\/2020\/12\/logo_MA_ok.png\" class=\"attachment-full size-full\" alt=\"\" loading=\"lazy\" \/>\n\t\t\t<\/div><\/figure>\n\t\t<\/div>\n\t\t<\/div>\n\t\t\t\t<\/div>\n\t\t\t\t<\/div>\n\t\t\t\t\t\t<\/div>\n\t\t\t\t\t<\/div>\n\t\t<\/div>\n\t\t\t\t\t\t\t\t<\/div>\n\t\t\t\t\t<\/div>\n\t\t<\/section>\n\t\t\t\t<section class=\"has_eae_slider elementor-section elementor-top-section elementor-element elementor-element-dd84340 elementor-section-boxed elementor-section-height-default elementor-section-height-default\" data-id=\"dd84340\" data-element_type=\"section\">\n\t\t\t\t\t\t<div class=\"elementor-container elementor-column-gap-default\">\n\t\t\t\t\t\t\t<div class=\"elementor-row\">\n\t\t\t\t\t<div class=\"has_eae_slider elementor-column elementor-col-100 elementor-top-column elementor-element elementor-element-b8861bc\" data-id=\"b8861bc\" data-element_type=\"column\">\n\t\t\t<div class=\"elementor-column-wrap elementor-element-populated\">\n\t\t\t\t\t\t\t<div class=\"elementor-widget-wrap\">\n\t\t\t\t\t\t<div class=\"elementor-element elementor-element-e2a42f1 elementor-widget elementor-widget-heading\" data-id=\"e2a42f1\" data-element_type=\"widget\" data-widget_type=\"heading.default\">\n\t\t\t\t<div class=\"elementor-widget-container\">\n\t\t\t<h3 class=\"elementor-heading-title elementor-size-default\">Soutenues par : <\/h3>\t\t<\/div>\n\t\t\t\t<\/div>\n\t\t\t\t\t\t<\/div>\n\t\t\t\t\t<\/div>\n\t\t<\/div>\n\t\t\t\t\t\t\t\t<\/div>\n\t\t\t\t\t<\/div>\n\t\t<\/section>\n\t\t\t\t<section class=\"has_eae_slider elementor-section elementor-top-section elementor-element elementor-element-960f587 elementor-section-boxed elementor-section-height-default elementor-section-height-default\" data-id=\"960f587\" data-element_type=\"section\">\n\t\t\t\t\t\t<div class=\"elementor-container elementor-column-gap-default\">\n\t\t\t\t\t\t\t<div class=\"elementor-row\">\n\t\t\t\t\t<div class=\"has_eae_slider elementor-column elementor-col-100 elementor-top-column elementor-element elementor-element-49284af\" data-id=\"49284af\" data-element_type=\"column\">\n\t\t\t<div class=\"elementor-column-wrap elementor-element-populated\">\n\t\t\t\t\t\t\t<div class=\"elementor-widget-wrap\">\n\t\t\t\t\t\t<div class=\"elementor-element elementor-element-3dc0f8f elementor-hidden-desktop elementor-hidden-tablet elementor-widget elementor-widget-image\" data-id=\"3dc0f8f\" data-element_type=\"widget\" data-widget_type=\"image.default\">\n\t\t\t\t<div class=\"elementor-widget-container\">\n\t\t\t\t\t\t\t\t<div class=\"elementor-image\">\n\t\t\t\t\t\t\t\t\t\t\t\t<img width=\"1024\" height=\"117\" src=\"https:\/\/crm-umr8596.huma-num.fr\/Charleville\/wp-content\/uploads\/2020\/12\/logo_ban_gene2-1024x117.jpg\" class=\"attachment-large size-large\" alt=\"\" loading=\"lazy\" \/>\t\t\t\t\t\t\t\t\t\t\t\t\t\t<\/div>\n\t\t\t\t\t\t<\/div>\n\t\t\t\t<\/div>\n\t\t\t\t\t\t<\/div>\n\t\t\t\t\t<\/div>\n\t\t<\/div>\n\t\t\t\t\t\t\t\t<\/div>\n\t\t\t\t\t<\/div>\n\t\t<\/section>\n\t\t\t\t<section class=\"has_eae_slider elementor-section elementor-top-section elementor-element elementor-element-e3db0de elementor-hidden-phone elementor-section-boxed elementor-section-height-default elementor-section-height-default\" data-id=\"e3db0de\" data-element_type=\"section\">\n\t\t\t\t\t\t<div class=\"elementor-container elementor-column-gap-default\">\n\t\t\t\t\t\t\t<div class=\"elementor-row\">\n\t\t\t\t\t<div class=\"has_eae_slider elementor-column elementor-col-100 elementor-top-column elementor-element elementor-element-d80ea20\" data-id=\"d80ea20\" data-element_type=\"column\">\n\t\t\t<div class=\"elementor-column-wrap elementor-element-populated\">\n\t\t\t\t\t\t\t<div class=\"elementor-widget-wrap\">\n\t\t\t\t\t\t<div class=\"elementor-element elementor-element-ce918a2 gallery-spacing-custom elementor-widget elementor-widget-image-gallery\" data-id=\"ce918a2\" data-element_type=\"widget\" data-widget_type=\"image-gallery.default\">\n\t\t\t\t<div class=\"elementor-widget-container\">\n\t\t\t\t\t<div class=\"elementor-image-gallery\">\n\t\t\t<div id='gallery-2' class='gallery galleryid-5106 gallery-columns-6 gallery-size-full'><figure class='gallery-item'>\n\t\t\t<div class='gallery-icon landscape'>\n\t\t\t\t<img width=\"210\" height=\"150\" src=\"https:\/\/crm-umr8596.huma-num.fr\/Charleville\/wp-content\/uploads\/2020\/12\/logo_jeanteur_bof.png\" class=\"attachment-full size-full\" alt=\"\" loading=\"lazy\" \/>\n\t\t\t<\/div><\/figure><figure class='gallery-item'>\n\t\t\t<div class='gallery-icon landscape'>\n\t\t\t\t<img width=\"210\" height=\"150\" src=\"https:\/\/crm-umr8596.huma-num.fr\/Charleville\/wp-content\/uploads\/2020\/12\/logo_krys_ok.png\" class=\"attachment-full size-full\" alt=\"\" loading=\"lazy\" \/>\n\t\t\t<\/div><\/figure><figure class='gallery-item'>\n\t\t\t<div class='gallery-icon landscape'>\n\t\t\t\t<img width=\"210\" height=\"150\" src=\"https:\/\/crm-umr8596.huma-num.fr\/Charleville\/wp-content\/uploads\/2020\/12\/logo_le_ven_ok.png\" class=\"attachment-full size-full\" alt=\"\" loading=\"lazy\" \/>\n\t\t\t<\/div><\/figure><figure class='gallery-item'>\n\t\t\t<div class='gallery-icon landscape'>\n\t\t\t\t<img width=\"210\" height=\"150\" src=\"https:\/\/crm-umr8596.huma-num.fr\/Charleville\/wp-content\/uploads\/2020\/12\/logo_rimbaud_bof.png\" class=\"attachment-full size-full\" alt=\"\" loading=\"lazy\" \/>\n\t\t\t<\/div><\/figure><figure class='gallery-item'>\n\t\t\t<div class='gallery-icon landscape'>\n\t\t\t\t<img width=\"210\" height=\"150\" src=\"https:\/\/crm-umr8596.huma-num.fr\/Charleville\/wp-content\/uploads\/2020\/12\/logo_alterego_bof.png\" class=\"attachment-full size-full\" alt=\"\" loading=\"lazy\" \/>\n\t\t\t<\/div><\/figure><figure class='gallery-item'>\n\t\t\t<div class='gallery-icon landscape'>\n\t\t\t\t<img width=\"210\" height=\"150\" src=\"https:\/\/crm-umr8596.huma-num.fr\/Charleville\/wp-content\/uploads\/2020\/12\/logo_bonduelle_ok.png\" class=\"attachment-full size-full\" alt=\"\" loading=\"lazy\" \/>\n\t\t\t<\/div><\/figure>\n\t\t<\/div>\n\t\t<\/div>\n\t\t\t\t<\/div>\n\t\t\t\t<\/div>\n\t\t\t\t\t\t<\/div>\n\t\t\t\t\t<\/div>\n\t\t<\/div>\n\t\t\t\t\t\t\t\t<\/div>\n\t\t\t\t\t<\/div>\n\t\t<\/section>\n\t\t\t\t<section class=\"has_eae_slider elementor-section elementor-top-section elementor-element elementor-element-fdef287 elementor-section-boxed elementor-section-height-default elementor-section-height-default\" data-id=\"fdef287\" data-element_type=\"section\" data-settings=\"{&quot;background_background&quot;:&quot;classic&quot;}\">\n\t\t\t\t\t\t<div class=\"elementor-container elementor-column-gap-default\">\n\t\t\t\t\t\t\t<div class=\"elementor-row\">\n\t\t\t\t\t<div class=\"has_eae_slider elementor-column elementor-col-100 elementor-top-column elementor-element elementor-element-9639a0d\" data-id=\"9639a0d\" data-element_type=\"column\">\n\t\t\t<div class=\"elementor-column-wrap elementor-element-populated\">\n\t\t\t\t\t\t\t<div class=\"elementor-widget-wrap\">\n\t\t\t\t\t\t<div class=\"elementor-element elementor-element-d40a0b9 elementor-widget elementor-widget-heading\" data-id=\"d40a0b9\" data-element_type=\"widget\" data-widget_type=\"heading.default\">\n\t\t\t\t<div class=\"elementor-widget-container\">\n\t\t\t<h2 class=\"elementor-heading-title elementor-size-default\">Charleville, une ville et sa population<\/h2>\t\t<\/div>\n\t\t\t\t<\/div>\n\t\t\t\t<div class=\"elementor-element elementor-element-636bc5b elementor-widget elementor-widget-heading\" data-id=\"636bc5b\" data-element_type=\"widget\" data-widget_type=\"heading.default\">\n\t\t\t\t<div class=\"elementor-widget-container\">\n\t\t\t<h3 class=\"elementor-heading-title elementor-size-default\">\u00c9tat des recherches (XVIIe-XIXe si\u00e8cle) <\/h3>\t\t<\/div>\n\t\t\t\t<\/div>\n\t\t\t\t<div class=\"elementor-element elementor-element-8d62457 elementor-widget-divider--view-line elementor-widget elementor-widget-divider\" data-id=\"8d62457\" data-element_type=\"widget\" data-widget_type=\"divider.default\">\n\t\t\t\t<div class=\"elementor-widget-container\">\n\t\t\t\t\t<div class=\"elementor-divider\">\n\t\t\t<span class=\"elementor-divider-separator\">\n\t\t\t\t\t\t<\/span>\n\t\t<\/div>\n\t\t\t\t<\/div>\n\t\t\t\t<\/div>\n\t\t\t\t\t\t<\/div>\n\t\t\t\t\t<\/div>\n\t\t<\/div>\n\t\t\t\t\t\t\t\t<\/div>\n\t\t\t\t\t<\/div>\n\t\t<\/section>\n\t\t\t\t<section class=\"has_eae_slider elementor-section elementor-top-section elementor-element elementor-element-aacbafa elementor-section-boxed elementor-section-height-default elementor-section-height-default\" data-id=\"aacbafa\" data-element_type=\"section\" data-settings=\"{&quot;background_background&quot;:&quot;classic&quot;}\">\n\t\t\t\t\t\t<div class=\"elementor-container elementor-column-gap-default\">\n\t\t\t\t\t\t\t<div class=\"elementor-row\">\n\t\t\t\t\t<div class=\"has_eae_slider elementor-column elementor-col-100 elementor-top-column elementor-element elementor-element-7122a62\" data-id=\"7122a62\" data-element_type=\"column\">\n\t\t\t<div class=\"elementor-column-wrap elementor-element-populated\">\n\t\t\t\t\t\t\t<div class=\"elementor-widget-wrap\">\n\t\t\t\t\t\t<div class=\"elementor-element elementor-element-c121f98 elementor-widget elementor-widget-heading\" data-id=\"c121f98\" data-element_type=\"widget\" data-widget_type=\"heading.default\">\n\t\t\t\t<div class=\"elementor-widget-container\">\n\t\t\t<h4 class=\"elementor-heading-title elementor-size-default\">Conf\u00e9rence des \u00e9tudiants de master le 16 septembre 2016 \u2013 auditorium de la m\u00e9diath\u00e8que Voyelles<\/h4>\t\t<\/div>\n\t\t\t\t<\/div>\n\t\t\t\t<section class=\"has_eae_slider elementor-section elementor-inner-section elementor-element elementor-element-3e2b333 elementor-section-content-middle elementor-section-boxed elementor-section-height-default elementor-section-height-default\" data-id=\"3e2b333\" data-element_type=\"section\">\n\t\t\t\t\t\t<div class=\"elementor-container elementor-column-gap-default\">\n\t\t\t\t\t\t\t<div class=\"elementor-row\">\n\t\t\t\t\t<div class=\"has_eae_slider elementor-column elementor-col-50 elementor-inner-column elementor-element elementor-element-f565ae5\" data-id=\"f565ae5\" data-element_type=\"column\">\n\t\t\t<div class=\"elementor-column-wrap elementor-element-populated\">\n\t\t\t\t\t\t\t<div class=\"elementor-widget-wrap\">\n\t\t\t\t\t\t<div class=\"elementor-element elementor-element-6214ce8 elementor-widget elementor-widget-image\" data-id=\"6214ce8\" data-element_type=\"widget\" data-widget_type=\"image.default\">\n\t\t\t\t<div class=\"elementor-widget-container\">\n\t\t\t\t\t\t\t\t<div class=\"elementor-image\">\n\t\t\t\t\t\t\t\t\t\t\t\t<img width=\"1024\" height=\"516\" src=\"https:\/\/crm-umr8596.huma-num.fr\/Charleville\/wp-content\/uploads\/2020\/12\/2016_presentation_des_masters_-mediatheque_3b-1024x516.jpg\" class=\"attachment-large size-large\" alt=\"\" loading=\"lazy\" \/>\t\t\t\t\t\t\t\t\t\t\t\t\t\t<\/div>\n\t\t\t\t\t\t<\/div>\n\t\t\t\t<\/div>\n\t\t\t\t\t\t<\/div>\n\t\t\t\t\t<\/div>\n\t\t<\/div>\n\t\t\t\t<div class=\"has_eae_slider elementor-column elementor-col-50 elementor-inner-column elementor-element elementor-element-0311eeb\" data-id=\"0311eeb\" data-element_type=\"column\">\n\t\t\t<div class=\"elementor-column-wrap elementor-element-populated\">\n\t\t\t\t\t\t\t<div class=\"elementor-widget-wrap\">\n\t\t\t\t\t\t<div class=\"elementor-element elementor-element-7f481c2 elementor-widget elementor-widget-text-editor\" data-id=\"7f481c2\" data-element_type=\"widget\" data-widget_type=\"text-editor.default\">\n\t\t\t\t<div class=\"elementor-widget-container\">\n\t\t\t\t\t\t\t\t<div class=\"elementor-text-editor elementor-clearfix\">\n\t\t\t\t<p>Pour lancer les journ\u00e9es europ\u00e9ennes du patrimoine, les \u00e9tudiants de master du Centre Roland Mousnier de Sorbonne Universit\u00e9 ont pr\u00e9sent\u00e9 leurs travaux en cours sur Charleville, son histoire et sa population.<\/p><p>Plusieurs th\u00e8mes ont \u00e9t\u00e9 abord\u00e9s concernant la ville \u00e0 l\u2019\u00e9poque moderne\u00a0:<\/p>\t\t\t\t\t<\/div>\n\t\t\t\t\t\t<\/div>\n\t\t\t\t<\/div>\n\t\t\t\t\t\t<\/div>\n\t\t\t\t\t<\/div>\n\t\t<\/div>\n\t\t\t\t\t\t\t\t<\/div>\n\t\t\t\t\t<\/div>\n\t\t<\/section>\n\t\t\t\t\t\t<\/div>\n\t\t\t\t\t<\/div>\n\t\t<\/div>\n\t\t\t\t\t\t\t\t<\/div>\n\t\t\t\t\t<\/div>\n\t\t<\/section>\n\t\t\t\t<section class=\"has_eae_slider elementor-section elementor-top-section elementor-element elementor-element-2118dbb elementor-section-boxed elementor-section-height-default elementor-section-height-default\" data-id=\"2118dbb\" data-element_type=\"section\" data-settings=\"{&quot;background_background&quot;:&quot;classic&quot;}\">\n\t\t\t\t\t\t<div class=\"elementor-container elementor-column-gap-default\">\n\t\t\t\t\t\t\t<div class=\"elementor-row\">\n\t\t\t\t\t<div class=\"has_eae_slider elementor-column elementor-col-100 elementor-top-column elementor-element elementor-element-a6b35a9\" data-id=\"a6b35a9\" data-element_type=\"column\">\n\t\t\t<div class=\"elementor-column-wrap elementor-element-populated\">\n\t\t\t\t\t\t\t<div class=\"elementor-widget-wrap\">\n\t\t\t\t\t\t<section class=\"has_eae_slider elementor-section elementor-inner-section elementor-element elementor-element-5c80d73 elementor-section-content-middle elementor-section-boxed elementor-section-height-default elementor-section-height-default\" data-id=\"5c80d73\" data-element_type=\"section\">\n\t\t\t\t\t\t<div class=\"elementor-container elementor-column-gap-default\">\n\t\t\t\t\t\t\t<div class=\"elementor-row\">\n\t\t\t\t\t<div class=\"has_eae_slider elementor-column elementor-col-33 elementor-inner-column elementor-element elementor-element-2d82678\" data-id=\"2d82678\" data-element_type=\"column\">\n\t\t\t<div class=\"elementor-column-wrap elementor-element-populated\">\n\t\t\t\t\t\t\t<div class=\"elementor-widget-wrap\">\n\t\t\t\t\t\t<div class=\"elementor-element elementor-element-7536b92 elementor-widget elementor-widget-image\" data-id=\"7536b92\" data-element_type=\"widget\" data-widget_type=\"image.default\">\n\t\t\t\t<div class=\"elementor-widget-container\">\n\t\t\t\t\t\t\t\t<div class=\"elementor-image\">\n\t\t\t\t\t\t\t\t\t\t\t\t<img width=\"606\" height=\"856\" src=\"https:\/\/crm-umr8596.huma-num.fr\/Charleville\/wp-content\/uploads\/2020\/12\/conference-des-etudiants2016_fig-1-affiche-JEP.png\" class=\"attachment-large size-large\" alt=\"\" loading=\"lazy\" \/>\t\t\t\t\t\t\t\t\t\t\t\t\t\t<\/div>\n\t\t\t\t\t\t<\/div>\n\t\t\t\t<\/div>\n\t\t\t\t\t\t<\/div>\n\t\t\t\t\t<\/div>\n\t\t<\/div>\n\t\t\t\t<div class=\"has_eae_slider elementor-column elementor-col-33 elementor-inner-column elementor-element elementor-element-71cf0b8\" data-id=\"71cf0b8\" data-element_type=\"column\">\n\t\t\t<div class=\"elementor-column-wrap elementor-element-populated\">\n\t\t\t\t\t\t\t<div class=\"elementor-widget-wrap\">\n\t\t\t\t\t\t<div class=\"elementor-element elementor-element-f08573d elementor-widget-divider--view-line elementor-widget elementor-widget-divider\" data-id=\"f08573d\" data-element_type=\"widget\" data-widget_type=\"divider.default\">\n\t\t\t\t<div class=\"elementor-widget-container\">\n\t\t\t\t\t<div class=\"elementor-divider\">\n\t\t\t<span class=\"elementor-divider-separator\">\n\t\t\t\t\t\t<\/span>\n\t\t<\/div>\n\t\t\t\t<\/div>\n\t\t\t\t<\/div>\n\t\t\t\t<div class=\"elementor-element elementor-element-e0a3e0d elementor-widget elementor-widget-text-editor\" data-id=\"e0a3e0d\" data-element_type=\"widget\" data-widget_type=\"text-editor.default\">\n\t\t\t\t<div class=\"elementor-widget-container\">\n\t\t\t\t\t\t\t\t<div class=\"elementor-text-editor elementor-clearfix\">\n\t\t\t\t<p>Le coll\u00e8ge des J\u00e9suites <br \/>(Romain Gu\u00e9not)<\/p><p>La succession des Gonzague aux Cond\u00e9<br \/>(Anna Bastianelli)<\/p><p>La soci\u00e9t\u00e9 aux XVIIIe si\u00e8cle et XIXe si\u00e8cles<br \/>gr\u00e2ce \u00e0 l&#8217;\u00e9tude des r\u00e9seaux de parrainage<br \/>(C\u00e9cile Alexandre)<\/p><p>Les mariages entre parents, XVIIIe-XIXe si\u00e8cles (Elodie Carpentier)<\/p><p>Les grands gar\u00e7ons au XVIIIe si\u00e8cle<br \/>(Coralie Monteil)<\/p><p>La pr\u00e9sence des Belges dans la ville au XIXe<br \/>(Romain George)<\/p>\t\t\t\t\t<\/div>\n\t\t\t\t\t\t<\/div>\n\t\t\t\t<\/div>\n\t\t\t\t<div class=\"elementor-element elementor-element-59a63ba elementor-widget-divider--view-line elementor-widget elementor-widget-divider\" data-id=\"59a63ba\" data-element_type=\"widget\" data-widget_type=\"divider.default\">\n\t\t\t\t<div class=\"elementor-widget-container\">\n\t\t\t\t\t<div class=\"elementor-divider\">\n\t\t\t<span class=\"elementor-divider-separator\">\n\t\t\t\t\t\t<\/span>\n\t\t<\/div>\n\t\t\t\t<\/div>\n\t\t\t\t<\/div>\n\t\t\t\t\t\t<\/div>\n\t\t\t\t\t<\/div>\n\t\t<\/div>\n\t\t\t\t<div class=\"has_eae_slider elementor-column elementor-col-33 elementor-inner-column elementor-element elementor-element-8e10d64 elementor-hidden-phone\" data-id=\"8e10d64\" data-element_type=\"column\">\n\t\t\t<div class=\"elementor-column-wrap elementor-element-populated\">\n\t\t\t\t\t\t\t<div class=\"elementor-widget-wrap\">\n\t\t\t\t\t\t<div class=\"elementor-element elementor-element-7b70ebe elementor-widget elementor-widget-image\" data-id=\"7b70ebe\" data-element_type=\"widget\" data-widget_type=\"image.default\">\n\t\t\t\t<div class=\"elementor-widget-container\">\n\t\t\t\t\t\t\t\t<div class=\"elementor-image\">\n\t\t\t\t\t\t\t\t\t\t\t\t<img width=\"651\" height=\"926\" src=\"https:\/\/crm-umr8596.huma-num.fr\/Charleville\/wp-content\/uploads\/2020\/12\/conference-des-etudiants-2016-fig-2.jpg\" class=\"attachment-large size-large\" alt=\"\" loading=\"lazy\" \/>\t\t\t\t\t\t\t\t\t\t\t\t\t\t<\/div>\n\t\t\t\t\t\t<\/div>\n\t\t\t\t<\/div>\n\t\t\t\t\t\t<\/div>\n\t\t\t\t\t<\/div>\n\t\t<\/div>\n\t\t\t\t\t\t\t\t<\/div>\n\t\t\t\t\t<\/div>\n\t\t<\/section>\n\t\t\t\t\t\t<\/div>\n\t\t\t\t\t<\/div>\n\t\t<\/div>\n\t\t\t\t\t\t\t\t<\/div>\n\t\t\t\t\t<\/div>\n\t\t<\/section>\n\t\t\t\t<section class=\"has_eae_slider elementor-section elementor-top-section elementor-element elementor-element-9b3cfdb elementor-section-boxed elementor-section-height-default elementor-section-height-default\" data-id=\"9b3cfdb\" data-element_type=\"section\">\n\t\t\t\t\t\t<div class=\"elementor-container elementor-column-gap-default\">\n\t\t\t\t\t\t\t<div class=\"elementor-row\">\n\t\t\t\t\t<div class=\"has_eae_slider elementor-column elementor-col-100 elementor-top-column elementor-element elementor-element-78c5ab6\" data-id=\"78c5ab6\" data-element_type=\"column\">\n\t\t\t<div class=\"elementor-column-wrap elementor-element-populated\">\n\t\t\t\t\t\t\t<div class=\"elementor-widget-wrap\">\n\t\t\t\t\t\t<div class=\"elementor-element elementor-element-bc263b1 elementor-widget elementor-widget-heading\" data-id=\"bc263b1\" data-element_type=\"widget\" data-widget_type=\"heading.default\">\n\t\t\t\t<div class=\"elementor-widget-container\">\n\t\t\t<h2 class=\"elementor-heading-title elementor-size-default\">G\u00e9n\u00e9aLogis<\/h2>\t\t<\/div>\n\t\t\t\t<\/div>\n\t\t\t\t<div class=\"elementor-element elementor-element-002e7ae elementor-widget elementor-widget-heading\" data-id=\"002e7ae\" data-element_type=\"widget\" data-widget_type=\"heading.default\">\n\t\t\t\t<div class=\"elementor-widget-container\">\n\t\t\t<h3 class=\"elementor-heading-title elementor-size-default\">Habiter la place ducale <\/h3>\t\t<\/div>\n\t\t\t\t<\/div>\n\t\t\t\t<div class=\"elementor-element elementor-element-f74510c elementor-widget-divider--view-line elementor-widget elementor-widget-divider\" data-id=\"f74510c\" data-element_type=\"widget\" data-widget_type=\"divider.default\">\n\t\t\t\t<div class=\"elementor-widget-container\">\n\t\t\t\t\t<div class=\"elementor-divider\">\n\t\t\t<span class=\"elementor-divider-separator\">\n\t\t\t\t\t\t<\/span>\n\t\t<\/div>\n\t\t\t\t<\/div>\n\t\t\t\t<\/div>\n\t\t\t\t\t\t<\/div>\n\t\t\t\t\t<\/div>\n\t\t<\/div>\n\t\t\t\t\t\t\t\t<\/div>\n\t\t\t\t\t<\/div>\n\t\t<\/section>\n\t\t\t\t<section class=\"has_eae_slider elementor-section elementor-top-section elementor-element elementor-element-77bfc3f elementor-section-boxed elementor-section-height-default elementor-section-height-default\" data-id=\"77bfc3f\" data-element_type=\"section\">\n\t\t\t\t\t\t<div class=\"elementor-container elementor-column-gap-default\">\n\t\t\t\t\t\t\t<div class=\"elementor-row\">\n\t\t\t\t\t<div class=\"has_eae_slider elementor-column elementor-col-100 elementor-top-column elementor-element elementor-element-7ac14ad\" data-id=\"7ac14ad\" data-element_type=\"column\">\n\t\t\t<div class=\"elementor-column-wrap elementor-element-populated\">\n\t\t\t\t\t\t\t<div class=\"elementor-widget-wrap\">\n\t\t\t\t\t\t<div class=\"elementor-element elementor-element-c1c0a58 elementor-widget elementor-widget-heading\" data-id=\"c1c0a58\" data-element_type=\"widget\" data-widget_type=\"heading.default\">\n\t\t\t\t<div class=\"elementor-widget-container\">\n\t\t\t<h4 class=\"elementor-heading-title elementor-size-default\">Visite promenade lors des journ\u00e9es europ\u00e9ennes du patrimoine - 17 septembre 2016<\/h4>\t\t<\/div>\n\t\t\t\t<\/div>\n\t\t\t\t<section class=\"has_eae_slider elementor-section elementor-inner-section elementor-element elementor-element-cff4517 elementor-section-boxed elementor-section-height-default elementor-section-height-default\" data-id=\"cff4517\" data-element_type=\"section\">\n\t\t\t\t\t\t<div class=\"elementor-container elementor-column-gap-default\">\n\t\t\t\t\t\t\t<div class=\"elementor-row\">\n\t\t\t\t\t<div class=\"has_eae_slider elementor-column elementor-col-50 elementor-inner-column elementor-element elementor-element-f1ab42a\" data-id=\"f1ab42a\" data-element_type=\"column\">\n\t\t\t<div class=\"elementor-column-wrap elementor-element-populated\">\n\t\t\t\t\t\t\t<div class=\"elementor-widget-wrap\">\n\t\t\t\t\t\t<div class=\"elementor-element elementor-element-c649b20 elementor-widget elementor-widget-image\" data-id=\"c649b20\" data-element_type=\"widget\" data-widget_type=\"image.default\">\n\t\t\t\t<div class=\"elementor-widget-container\">\n\t\t\t\t\t\t\t\t<div class=\"elementor-image\">\n\t\t\t\t\t\t\t\t\t\t\t\t<img width=\"472\" height=\"1024\" src=\"https:\/\/crm-umr8596.huma-num.fr\/Charleville\/wp-content\/uploads\/2020\/12\/2016_journee-du-patrimoine_3b-472x1024.jpg\" class=\"attachment-large size-large\" alt=\"\" loading=\"lazy\" \/>\t\t\t\t\t\t\t\t\t\t\t\t\t\t<\/div>\n\t\t\t\t\t\t<\/div>\n\t\t\t\t<\/div>\n\t\t\t\t\t\t<\/div>\n\t\t\t\t\t<\/div>\n\t\t<\/div>\n\t\t\t\t<div class=\"has_eae_slider elementor-column elementor-col-50 elementor-inner-column elementor-element elementor-element-aa8f8ab\" data-id=\"aa8f8ab\" data-element_type=\"column\">\n\t\t\t<div class=\"elementor-column-wrap elementor-element-populated\">\n\t\t\t\t\t\t\t<div class=\"elementor-widget-wrap\">\n\t\t\t\t\t\t<div class=\"elementor-element elementor-element-1702357 elementor-widget elementor-widget-text-editor\" data-id=\"1702357\" data-element_type=\"widget\" data-widget_type=\"text-editor.default\">\n\t\t\t\t<div class=\"elementor-widget-container\">\n\t\t\t\t\t\t\t\t<div class=\"elementor-text-editor elementor-clearfix\">\n\t\t\t\t<p>L\u2019enqu\u00eate \u00ab\u00a0Charleville\u00a0\u00bb s\u2019int\u00e9resse \u00e0 un espace qui jouit d\u2019une forte identit\u00e9. Elle est focalis\u00e9e autour des populations des XVIIe, XVIIIe et XIXe si\u00e8cle, c\u2019est-\u00e0-dire <strong>des hommes et des femmes qui ont occup\u00e9 cet espace dans le pass\u00e9<\/strong>, et dont les descendants, au sens large, sont souvent encore enracin\u00e9s dans la r\u00e9gion. Elle t\u00e9moigne, par son int\u00e9r\u00eat pour les migrations, de <strong>l\u2019intense brassage<\/strong> qui a anim\u00e9 cette r\u00e9gion, depuis les origines de la ville de Charleville jusqu\u2019\u00e0 nos jours.<\/p><p>Cette enqu\u00eate valorise une richesse ind\u00e9passable : les hommes et les femmes, et les inscrit au c\u0153ur du patrimoine urbain et culturel de la ville de Charleville-M\u00e9zi\u00e8res. Il nous a donc sembl\u00e9 naturel d\u2019<strong>aller au-devant des populations actuelles<\/strong> de la ville de Charleville-M\u00e9zi\u00e8res pour partager avec elles les avanc\u00e9es scientifiques de nos travaux. En 2016, pour les journ\u00e9es europ\u00e9ennes du patrimoine, nous avons organis\u00e9 des visites place ducale pour <strong>raconter l\u2019histoire de trois maisons et de leurs habitants sur trois si\u00e8cles<\/strong>. Nous les avons baptis\u00e9es maison Namuroy, maison Pierquin et maison Jeanteur, du nom d\u2019un de leurs propri\u00e9taires historiques.<\/p><p>Cette histoire a pu se reconstituer <strong>gr\u00e2ce aux archives<\/strong>. Des extraits d\u2019actes et des images \u00e9taient pr\u00e9sent\u00e9s sur des kakemonos devant les entr\u00e9es et dans les cours de ces trois maisons. Le d\u00e9part des groupes se faisait dans la cour du Mus\u00e9e de l\u2019Ardenne et suivait un circuit de maison en maison.<\/p>\t\t\t\t\t<\/div>\n\t\t\t\t\t\t<\/div>\n\t\t\t\t<\/div>\n\t\t\t\t\t\t<\/div>\n\t\t\t\t\t<\/div>\n\t\t<\/div>\n\t\t\t\t\t\t\t\t<\/div>\n\t\t\t\t\t<\/div>\n\t\t<\/section>\n\t\t\t\t\t\t<\/div>\n\t\t\t\t\t<\/div>\n\t\t<\/div>\n\t\t\t\t\t\t\t\t<\/div>\n\t\t\t\t\t<\/div>\n\t\t<\/section>\n\t\t\t\t<section class=\"has_eae_slider elementor-section elementor-top-section elementor-element elementor-element-8449933 elementor-hidden-phone elementor-section-boxed elementor-section-height-default elementor-section-height-default\" data-id=\"8449933\" data-element_type=\"section\">\n\t\t\t\t\t\t<div class=\"elementor-container elementor-column-gap-default\">\n\t\t\t\t\t\t\t<div class=\"elementor-row\">\n\t\t\t\t\t<div class=\"has_eae_slider elementor-column elementor-col-100 elementor-top-column elementor-element elementor-element-f77d578\" data-id=\"f77d578\" data-element_type=\"column\">\n\t\t\t<div class=\"elementor-column-wrap elementor-element-populated\">\n\t\t\t\t\t\t\t<div class=\"elementor-widget-wrap\">\n\t\t\t\t\t\t<div class=\"elementor-element elementor-element-3b7537e elementor-widget elementor-widget-heading\" data-id=\"3b7537e\" data-element_type=\"widget\" data-widget_type=\"heading.default\">\n\t\t\t\t<div class=\"elementor-widget-container\">\n\t\t\t<h3 class=\"elementor-heading-title elementor-size-default\">Chercheurs participants<\/h3>\t\t<\/div>\n\t\t\t\t<\/div>\n\t\t\t\t<section class=\"has_eae_slider elementor-section elementor-inner-section elementor-element elementor-element-b1ef61e elementor-section-boxed elementor-section-height-default elementor-section-height-default\" data-id=\"b1ef61e\" data-element_type=\"section\">\n\t\t\t\t\t\t<div class=\"elementor-container elementor-column-gap-default\">\n\t\t\t\t\t\t\t<div class=\"elementor-row\">\n\t\t\t\t\t<div class=\"has_eae_slider elementor-column elementor-col-16 elementor-inner-column elementor-element elementor-element-0da6294\" data-id=\"0da6294\" data-element_type=\"column\">\n\t\t\t<div class=\"elementor-column-wrap elementor-element-populated\">\n\t\t\t\t\t\t\t<div class=\"elementor-widget-wrap\">\n\t\t\t\t\t\t<div class=\"elementor-element elementor-element-3b26bb3 elementor-widget elementor-widget-image\" data-id=\"3b26bb3\" data-element_type=\"widget\" data-widget_type=\"image.default\">\n\t\t\t\t<div class=\"elementor-widget-container\">\n\t\t\t\t\t\t\t\t<div class=\"elementor-image\">\n\t\t\t\t\t\t\t\t\t\t\t\t<img width=\"150\" height=\"150\" src=\"https:\/\/crm-umr8596.huma-num.fr\/Charleville\/wp-content\/uploads\/2020\/07\/youri_carbonnier_photo.png\" class=\"attachment-large size-large\" alt=\"\" loading=\"lazy\" \/>\t\t\t\t\t\t\t\t\t\t\t\t\t\t<\/div>\n\t\t\t\t\t\t<\/div>\n\t\t\t\t<\/div>\n\t\t\t\t<div class=\"elementor-element elementor-element-c1b5bb4 elementor-widget elementor-widget-heading\" data-id=\"c1b5bb4\" data-element_type=\"widget\" data-widget_type=\"heading.default\">\n\t\t\t\t<div class=\"elementor-widget-container\">\n\t\t\t<h4 class=\"elementor-heading-title elementor-size-default\">Youri<br>  CARBONNIER<\/h4>\t\t<\/div>\n\t\t\t\t<\/div>\n\t\t\t\t\t\t<\/div>\n\t\t\t\t\t<\/div>\n\t\t<\/div>\n\t\t\t\t<div class=\"has_eae_slider elementor-column elementor-col-16 elementor-inner-column elementor-element elementor-element-4e5fea6\" data-id=\"4e5fea6\" data-element_type=\"column\">\n\t\t\t<div class=\"elementor-column-wrap elementor-element-populated\">\n\t\t\t\t\t\t\t<div class=\"elementor-widget-wrap\">\n\t\t\t\t\t\t<div class=\"elementor-element elementor-element-979a277 elementor-widget elementor-widget-image\" data-id=\"979a277\" data-element_type=\"widget\" data-widget_type=\"image.default\">\n\t\t\t\t<div class=\"elementor-widget-container\">\n\t\t\t\t\t\t\t\t<div class=\"elementor-image\">\n\t\t\t\t\t\t\t\t\t\t\t\t<img width=\"150\" height=\"150\" src=\"https:\/\/crm-umr8596.huma-num.fr\/Charleville\/wp-content\/uploads\/2020\/07\/JPS.png\" class=\"attachment-large size-large\" alt=\"\" loading=\"lazy\" \/>\t\t\t\t\t\t\t\t\t\t\t\t\t\t<\/div>\n\t\t\t\t\t\t<\/div>\n\t\t\t\t<\/div>\n\t\t\t\t<div class=\"elementor-element elementor-element-479ec48 elementor-widget elementor-widget-heading\" data-id=\"479ec48\" data-element_type=\"widget\" data-widget_type=\"heading.default\">\n\t\t\t\t<div class=\"elementor-widget-container\">\n\t\t\t<h4 class=\"elementor-heading-title elementor-size-default\">Jean-Paul<br> DESAIVE<\/h4>\t\t<\/div>\n\t\t\t\t<\/div>\n\t\t\t\t\t\t<\/div>\n\t\t\t\t\t<\/div>\n\t\t<\/div>\n\t\t\t\t<div class=\"has_eae_slider elementor-column elementor-col-16 elementor-inner-column elementor-element elementor-element-dc03a9b\" data-id=\"dc03a9b\" data-element_type=\"column\">\n\t\t\t<div class=\"elementor-column-wrap elementor-element-populated\">\n\t\t\t\t\t\t\t<div class=\"elementor-widget-wrap\">\n\t\t\t\t\t\t<div class=\"elementor-element elementor-element-33cee2a elementor-widget elementor-widget-image\" data-id=\"33cee2a\" data-element_type=\"widget\" data-widget_type=\"image.default\">\n\t\t\t\t<div class=\"elementor-widget-container\">\n\t\t\t\t\t\t\t\t<div class=\"elementor-image\">\n\t\t\t\t\t\t\t\t\t\t\t\t<img width=\"150\" height=\"150\" src=\"https:\/\/crm-umr8596.huma-num.fr\/Charleville\/wp-content\/uploads\/2018\/11\/photo_CLaude_Grimmer.png\" class=\"attachment-large size-large\" alt=\"\" loading=\"lazy\" \/>\t\t\t\t\t\t\t\t\t\t\t\t\t\t<\/div>\n\t\t\t\t\t\t<\/div>\n\t\t\t\t<\/div>\n\t\t\t\t<div class=\"elementor-element elementor-element-0196e92 elementor-widget elementor-widget-heading\" data-id=\"0196e92\" data-element_type=\"widget\" data-widget_type=\"heading.default\">\n\t\t\t\t<div class=\"elementor-widget-container\">\n\t\t\t<h4 class=\"elementor-heading-title elementor-size-default\">Claude<br>  GRIMMER<\/h4>\t\t<\/div>\n\t\t\t\t<\/div>\n\t\t\t\t\t\t<\/div>\n\t\t\t\t\t<\/div>\n\t\t<\/div>\n\t\t\t\t<div class=\"has_eae_slider elementor-column elementor-col-16 elementor-inner-column elementor-element elementor-element-e9d4ecd\" data-id=\"e9d4ecd\" data-element_type=\"column\">\n\t\t\t<div class=\"elementor-column-wrap elementor-element-populated\">\n\t\t\t\t\t\t\t<div class=\"elementor-widget-wrap\">\n\t\t\t\t\t\t<div class=\"elementor-element elementor-element-8124452 elementor-widget elementor-widget-image\" data-id=\"8124452\" data-element_type=\"widget\" data-widget_type=\"image.default\">\n\t\t\t\t<div class=\"elementor-widget-container\">\n\t\t\t\t\t\t\t\t<div class=\"elementor-image\">\n\t\t\t\t\t\t\t\t\t\t\t\t<img width=\"150\" height=\"150\" src=\"https:\/\/crm-umr8596.huma-num.fr\/Charleville\/wp-content\/uploads\/2020\/05\/Gourdon.png\" class=\"attachment-large size-large\" alt=\"\" loading=\"lazy\" \/>\t\t\t\t\t\t\t\t\t\t\t\t\t\t<\/div>\n\t\t\t\t\t\t<\/div>\n\t\t\t\t<\/div>\n\t\t\t\t<div class=\"elementor-element elementor-element-597fb4e elementor-widget elementor-widget-heading\" data-id=\"597fb4e\" data-element_type=\"widget\" data-widget_type=\"heading.default\">\n\t\t\t\t<div class=\"elementor-widget-container\">\n\t\t\t<h4 class=\"elementor-heading-title elementor-size-default\">Vincent<br>  GOURDON<\/h4>\t\t<\/div>\n\t\t\t\t<\/div>\n\t\t\t\t\t\t<\/div>\n\t\t\t\t\t<\/div>\n\t\t<\/div>\n\t\t\t\t<div class=\"has_eae_slider elementor-column elementor-col-16 elementor-inner-column elementor-element elementor-element-618eef4\" data-id=\"618eef4\" data-element_type=\"column\">\n\t\t\t<div class=\"elementor-column-wrap elementor-element-populated\">\n\t\t\t\t\t\t\t<div class=\"elementor-widget-wrap\">\n\t\t\t\t\t\t<div class=\"elementor-element elementor-element-2c9fa60 elementor-widget elementor-widget-image\" data-id=\"2c9fa60\" data-element_type=\"widget\" data-widget_type=\"image.default\">\n\t\t\t\t<div class=\"elementor-widget-container\">\n\t\t\t\t\t\t\t\t<div class=\"elementor-image\">\n\t\t\t\t\t\t\t\t\t\t\t\t<img width=\"150\" height=\"150\" src=\"https:\/\/crm-umr8596.huma-num.fr\/Charleville\/wp-content\/uploads\/2020\/05\/Robin_Isabelle2.png\" class=\"attachment-large size-large\" alt=\"\" loading=\"lazy\" \/>\t\t\t\t\t\t\t\t\t\t\t\t\t\t<\/div>\n\t\t\t\t\t\t<\/div>\n\t\t\t\t<\/div>\n\t\t\t\t<div class=\"elementor-element elementor-element-e0924b4 elementor-widget elementor-widget-heading\" data-id=\"e0924b4\" data-element_type=\"widget\" data-widget_type=\"heading.default\">\n\t\t\t\t<div class=\"elementor-widget-container\">\n\t\t\t<h4 class=\"elementor-heading-title elementor-size-default\">Isabelle<br>  ROBIN<\/h4>\t\t<\/div>\n\t\t\t\t<\/div>\n\t\t\t\t\t\t<\/div>\n\t\t\t\t\t<\/div>\n\t\t<\/div>\n\t\t\t\t<div class=\"has_eae_slider elementor-column elementor-col-16 elementor-inner-column elementor-element elementor-element-d77f0b7\" data-id=\"d77f0b7\" data-element_type=\"column\">\n\t\t\t<div class=\"elementor-column-wrap elementor-element-populated\">\n\t\t\t\t\t\t\t<div class=\"elementor-widget-wrap\">\n\t\t\t\t\t\t<div class=\"elementor-element elementor-element-4710b11 elementor-widget elementor-widget-image\" data-id=\"4710b11\" data-element_type=\"widget\" data-widget_type=\"image.default\">\n\t\t\t\t<div class=\"elementor-widget-container\">\n\t\t\t\t\t\t\t\t<div class=\"elementor-image\">\n\t\t\t\t\t\t\t\t\t\t\t\t<img width=\"150\" height=\"148\" src=\"https:\/\/crm-umr8596.huma-num.fr\/Charleville\/wp-content\/uploads\/2020\/05\/Ruggiu_Fran\u00e7ois-Joseph.png\" class=\"attachment-large size-large\" alt=\"\" loading=\"lazy\" \/>\t\t\t\t\t\t\t\t\t\t\t\t\t\t<\/div>\n\t\t\t\t\t\t<\/div>\n\t\t\t\t<\/div>\n\t\t\t\t<div class=\"elementor-element elementor-element-b75772a elementor-widget elementor-widget-heading\" data-id=\"b75772a\" data-element_type=\"widget\" data-widget_type=\"heading.default\">\n\t\t\t\t<div class=\"elementor-widget-container\">\n\t\t\t<h4 class=\"elementor-heading-title elementor-size-default\">Fran\u00e7ois-Joseph<br>  RUGGIU<\/h4>\t\t<\/div>\n\t\t\t\t<\/div>\n\t\t\t\t\t\t<\/div>\n\t\t\t\t\t<\/div>\n\t\t<\/div>\n\t\t\t\t\t\t\t\t<\/div>\n\t\t\t\t\t<\/div>\n\t\t<\/section>\n\t\t\t\t\t\t<\/div>\n\t\t\t\t\t<\/div>\n\t\t<\/div>\n\t\t\t\t\t\t\t\t<\/div>\n\t\t\t\t\t<\/div>\n\t\t<\/section>\n\t\t\t\t<section class=\"has_eae_slider elementor-section elementor-top-section elementor-element elementor-element-be40e21 elementor-hidden-desktop elementor-hidden-tablet elementor-section-boxed elementor-section-height-default elementor-section-height-default\" data-id=\"be40e21\" data-element_type=\"section\">\n\t\t\t\t\t\t<div class=\"elementor-container elementor-column-gap-default\">\n\t\t\t\t\t\t\t<div class=\"elementor-row\">\n\t\t\t\t\t<div class=\"has_eae_slider elementor-column elementor-col-100 elementor-top-column elementor-element elementor-element-7645eda\" data-id=\"7645eda\" data-element_type=\"column\">\n\t\t\t<div class=\"elementor-column-wrap elementor-element-populated\">\n\t\t\t\t\t\t\t<div class=\"elementor-widget-wrap\">\n\t\t\t\t\t\t<div class=\"elementor-element elementor-element-844ce90 elementor-widget elementor-widget-heading\" data-id=\"844ce90\" data-element_type=\"widget\" data-widget_type=\"heading.default\">\n\t\t\t\t<div class=\"elementor-widget-container\">\n\t\t\t<h3 class=\"elementor-heading-title elementor-size-default\">Chercheurs participants<\/h3>\t\t<\/div>\n\t\t\t\t<\/div>\n\t\t\t\t<div class=\"elementor-element elementor-element-6ca10ee elementor-widget elementor-widget-image\" data-id=\"6ca10ee\" data-element_type=\"widget\" data-widget_type=\"image.default\">\n\t\t\t\t<div class=\"elementor-widget-container\">\n\t\t\t\t\t\t\t\t<div class=\"elementor-image\">\n\t\t\t\t\t\t\t\t\t\t\t\t\t<a href=\"http:\/\/crm-umr8596.huma-num.fr\/Charleville\/wp-content\/uploads\/2020\/12\/Participants_gene.jpg\" data-elementor-open-lightbox=\"yes\" data-elementor-lightbox-title=\"Participants_gene\">\n\t\t\t\t\t\t\t<img width=\"1024\" height=\"231\" src=\"https:\/\/crm-umr8596.huma-num.fr\/Charleville\/wp-content\/uploads\/2020\/12\/Participants_gene-1024x231.jpg\" class=\"attachment-large size-large\" alt=\"\" loading=\"lazy\" \/>\t\t\t\t\t\t\t\t<\/a>\n\t\t\t\t\t\t\t\t\t\t\t\t\t\t<\/div>\n\t\t\t\t\t\t<\/div>\n\t\t\t\t<\/div>\n\t\t\t\t\t\t<\/div>\n\t\t\t\t\t<\/div>\n\t\t<\/div>\n\t\t\t\t\t\t\t\t<\/div>\n\t\t\t\t\t<\/div>\n\t\t<\/section>\n\t\t\t\t<section class=\"has_eae_slider elementor-section elementor-top-section elementor-element elementor-element-e518765 elementor-section-boxed elementor-section-height-default elementor-section-height-default\" data-id=\"e518765\" data-element_type=\"section\" data-settings=\"{&quot;background_background&quot;:&quot;classic&quot;}\">\n\t\t\t\t\t\t<div class=\"elementor-container elementor-column-gap-default\">\n\t\t\t\t\t\t\t<div class=\"elementor-row\">\n\t\t\t\t\t<div class=\"has_eae_slider elementor-column elementor-col-100 elementor-top-column elementor-element elementor-element-959512d\" data-id=\"959512d\" data-element_type=\"column\">\n\t\t\t<div class=\"elementor-column-wrap elementor-element-populated\">\n\t\t\t\t\t\t\t<div class=\"elementor-widget-wrap\">\n\t\t\t\t\t\t<div class=\"elementor-element elementor-element-89f0ebd elementor-widget elementor-widget-heading\" data-id=\"89f0ebd\" data-element_type=\"widget\" data-widget_type=\"heading.default\">\n\t\t\t\t<div class=\"elementor-widget-container\">\n\t\t\t<h2 class=\"elementor-heading-title elementor-size-default\">Le parcours de la visite<\/h2>\t\t<\/div>\n\t\t\t\t<\/div>\n\t\t\t\t<div class=\"elementor-element elementor-element-3063a51 elementor-widget elementor-widget-heading\" data-id=\"3063a51\" data-element_type=\"widget\" data-widget_type=\"heading.default\">\n\t\t\t\t<div class=\"elementor-widget-container\">\n\t\t\t<h3 class=\"elementor-heading-title elementor-size-default\">Etape I<\/h3>\t\t<\/div>\n\t\t\t\t<\/div>\n\t\t\t\t<div class=\"elementor-element elementor-element-c0e3ae3 elementor-widget-divider--view-line elementor-widget elementor-widget-divider\" data-id=\"c0e3ae3\" data-element_type=\"widget\" data-widget_type=\"divider.default\">\n\t\t\t\t<div class=\"elementor-widget-container\">\n\t\t\t\t\t<div class=\"elementor-divider\">\n\t\t\t<span class=\"elementor-divider-separator\">\n\t\t\t\t\t\t<\/span>\n\t\t<\/div>\n\t\t\t\t<\/div>\n\t\t\t\t<\/div>\n\t\t\t\t<section class=\"has_eae_slider elementor-section elementor-inner-section elementor-element elementor-element-06ed53e elementor-section-content-middle elementor-section-boxed elementor-section-height-default elementor-section-height-default\" data-id=\"06ed53e\" data-element_type=\"section\">\n\t\t\t\t\t\t<div class=\"elementor-container elementor-column-gap-default\">\n\t\t\t\t\t\t\t<div class=\"elementor-row\">\n\t\t\t\t\t<div class=\"has_eae_slider elementor-column elementor-col-25 elementor-inner-column elementor-element elementor-element-2023c41\" data-id=\"2023c41\" data-element_type=\"column\">\n\t\t\t<div class=\"elementor-column-wrap elementor-element-populated\">\n\t\t\t\t\t\t\t<div class=\"elementor-widget-wrap\">\n\t\t\t\t\t\t<div class=\"elementor-element elementor-element-005b7e1 elementor-widget elementor-widget-heading\" data-id=\"005b7e1\" data-element_type=\"widget\" data-widget_type=\"heading.default\">\n\t\t\t\t<div class=\"elementor-widget-container\">\n\t\t\t<h4 class=\"elementor-heading-title elementor-size-default\">Mus\u00e9e de l'Ardenne<\/h4>\t\t<\/div>\n\t\t\t\t<\/div>\n\t\t\t\t<div class=\"elementor-element elementor-element-a0230c7 elementor-widget elementor-widget-image\" data-id=\"a0230c7\" data-element_type=\"widget\" data-widget_type=\"image.default\">\n\t\t\t\t<div class=\"elementor-widget-container\">\n\t\t\t\t\t\t\t\t<div class=\"elementor-image\">\n\t\t\t\t\t\t\t\t\t\t\t\t<img width=\"917\" height=\"1024\" src=\"https:\/\/crm-umr8596.huma-num.fr\/Charleville\/wp-content\/uploads\/2020\/12\/GeneaLogis_fig-2_cour-du-musee-1-917x1024.jpg\" class=\"attachment-large size-large\" alt=\"\" loading=\"lazy\" \/>\t\t\t\t\t\t\t\t\t\t\t\t\t\t<\/div>\n\t\t\t\t\t\t<\/div>\n\t\t\t\t<\/div>\n\t\t\t\t\t\t<\/div>\n\t\t\t\t\t<\/div>\n\t\t<\/div>\n\t\t\t\t<div class=\"has_eae_slider elementor-column elementor-col-50 elementor-inner-column elementor-element elementor-element-e3ff5f1\" data-id=\"e3ff5f1\" data-element_type=\"column\">\n\t\t\t<div class=\"elementor-column-wrap elementor-element-populated\">\n\t\t\t\t\t\t\t<div class=\"elementor-widget-wrap\">\n\t\t\t\t\t\t<div class=\"elementor-element elementor-element-cb63ed4 elementor-widget elementor-widget-shortcode\" data-id=\"cb63ed4\" data-element_type=\"widget\" data-widget_type=\"shortcode.default\">\n\t\t\t\t<div class=\"elementor-widget-container\">\n\t\t\t\t\t<div class=\"elementor-shortcode\"><div class=\"leaflet-map WPLeafletMap\" style=\"height:400px; width:100%;\"><\/div><script>\nwindow.WPLeafletMapPlugin = window.WPLeafletMapPlugin || [];\nwindow.WPLeafletMapPlugin.push(function WPLeafletMapShortcode() {\/*<script>*\/\nvar baseUrl = 'https:\/\/{s}.tile.openstreetmap.org\/{z}\/{x}\/{y}.png';\nvar base = (!baseUrl && window.MQ) ? \n    window.MQ.mapLayer() : L.tileLayer(baseUrl, \n        L.Util.extend({}, {\n            detectRetina: 0,\n            minZoom: 12,\n            maxZoom: 19,\n        }, \n        {\"subdomains\":\"abc\",\"noWrap\":false}        )\n    );\n    var options = L.Util.extend({}, {\n        layers: [base],\n        attributionControl: false\n    }, \n    {\"zoomControl\":true,\"scrollWheelZoom\":false,\"doubleClickZoom\":false,\"fitBounds\":true,\"minZoom\":12,\"maxZoom\":19,\"attribution\":\"<a href=\\\"http:\\\/\\\/leafletjs.com\\\" title=\\\"Une biblioth\\u00e8que JS pour des cartes interactives\\\">Leaflet<\\\/a>; \\u00a9 <a href=\\\"http:\\\/\\\/www.openstreetmap.org\\\/copyright\\\">OpenStreetMap<\\\/a> contributeurs\"}, \n    {});\nwindow.WPLeafletMapPlugin.createMap(options).setView([44.67,-63.61],18);});<\/script>\n\n<script>\nwindow.WPLeafletMapPlugin = window.WPLeafletMapPlugin || [];\nwindow.WPLeafletMapPlugin.push(function WPLeafletMarkerShortcode() {\/*<script>*\/\nvar map = window.WPLeafletMapPlugin.getCurrentMap();\nvar group = window.WPLeafletMapPlugin.getCurrentGroup();\nvar marker_options = (function () {\n    var _options = {\"svg\":true,\"background\":\"#4B2515\",\"iconClass\":\"dashicons dashicons-bank\",\"color\":\"white\"};\n    var iconArrays = [\n        'iconSize', \n        'iconAnchor', \n        'shadowSize', \n        'shadowAnchor',\n        'popupAnchor'\n    ];\n    var default_icon = L.Icon.Default.prototype.options;\n    if (_options.iconUrl) {\n        \/\/ arrays are strings, unfortunately...\n        for (var i = 0, len = iconArrays.length; i < len; i++) {\n            var option_name = iconArrays[i];\n            var option = _options[ option_name ];\n            \/\/ convert \"1,2\" to [1, 2];\n            if (option) {\n                var arr = option.join('').split(',');\n                \/\/ array.map for ie<9\n                for (var j = 0, lenJ = arr.length; j < lenJ; j++) {\n                    arr[j] = Number(arr[j]);\n                }\n                _options[ option_name ] = arr;\n            }\n        }\n        \/\/ default popupAnchor\n        if (!_options.popupAnchor) {\n            \/\/ set (roughly) to size of icon\n            _options.popupAnchor = (function (i_size) {\n                \/\/ copy array\n                i_size = i_size.slice();\n                \n                \/\/ inverse coordinates\n                i_size[0] = 0;\n                i_size[1] *= -1;\n                \/\/ bottom position on popup is 7px\n                i_size[1] -= 3;\n                return i_size;\n            })(_options.iconSize || default_icon.iconSize);\n        }\n        _options.icon = new L.Icon( _options );\n    }\n    return _options;\n})();\nvar marker = new L.SVGMarker(\n    [49.772816737063,4.721422791481], \n    marker_options\n);\nvar is_image = map.is_image_map;\nif (marker_options.draggable) {\n    marker.on('dragend', function () {\n        var latlng = this.getLatLng();\n        var lat = latlng.lat;\n        var lng = latlng.lng;\n        if (is_image) {\n            console.log('leaflet-marker y=' + lat + ' x=' + lng);\n        } else {\n            console.log('leaflet-marker lat=' + lat + ' lng=' + lng);\n        }\n    });\n}\nmarker.addTo( group );\nmarker.bindPopup(window.WPLeafletMapPlugin.unescape('I - Mus\u00e9e de l\\'Ardenne&lt;br&gt;'));window.WPLeafletMapPlugin.markers.push( marker );\n        });<\/script>\n\n<script>\nwindow.WPLeafletMapPlugin = window.WPLeafletMapPlugin || [];\nwindow.WPLeafletMapPlugin.push(function WPLeafletMarkerShortcode() {\/*<script>*\/\nvar map = window.WPLeafletMapPlugin.getCurrentMap();\nvar group = window.WPLeafletMapPlugin.getCurrentGroup();\nvar marker_options = (function () {\n    var _options = {\"svg\":true,\"background\":\"#4B2515\",\"iconClass\":\"dashicons dashicons-admin-home\",\"color\":\"white\"};\n    var iconArrays = [\n        'iconSize', \n        'iconAnchor', \n        'shadowSize', \n        'shadowAnchor',\n        'popupAnchor'\n    ];\n    var default_icon = L.Icon.Default.prototype.options;\n    if (_options.iconUrl) {\n        \/\/ arrays are strings, unfortunately...\n        for (var i = 0, len = iconArrays.length; i < len; i++) {\n            var option_name = iconArrays[i];\n            var option = _options[ option_name ];\n            \/\/ convert \"1,2\" to [1, 2];\n            if (option) {\n                var arr = option.join('').split(',');\n                \/\/ array.map for ie<9\n                for (var j = 0, lenJ = arr.length; j < lenJ; j++) {\n                    arr[j] = Number(arr[j]);\n                }\n                _options[ option_name ] = arr;\n            }\n        }\n        \/\/ default popupAnchor\n        if (!_options.popupAnchor) {\n            \/\/ set (roughly) to size of icon\n            _options.popupAnchor = (function (i_size) {\n                \/\/ copy array\n                i_size = i_size.slice();\n                \n                \/\/ inverse coordinates\n                i_size[0] = 0;\n                i_size[1] *= -1;\n                \/\/ bottom position on popup is 7px\n                i_size[1] -= 3;\n                return i_size;\n            })(_options.iconSize || default_icon.iconSize);\n        }\n        _options.icon = new L.Icon( _options );\n    }\n    return _options;\n})();\nvar marker = new L.SVGMarker(\n    [49.773677644842,4.7218251228333], \n    marker_options\n);\nvar is_image = map.is_image_map;\nif (marker_options.draggable) {\n    marker.on('dragend', function () {\n        var latlng = this.getLatLng();\n        var lat = latlng.lat;\n        var lng = latlng.lng;\n        if (is_image) {\n            console.log('leaflet-marker y=' + lat + ' x=' + lng);\n        } else {\n            console.log('leaflet-marker lat=' + lat + ' lng=' + lng);\n        }\n    });\n}\nmarker.addTo( group );\nmarker.bindPopup(window.WPLeafletMapPlugin.unescape('II - Maison Namuroy&lt;br&gt;')).openPopup();window.WPLeafletMapPlugin.markers.push( marker );\n        });<\/script>\n\n<script>\nwindow.WPLeafletMapPlugin = window.WPLeafletMapPlugin || [];\nwindow.WPLeafletMapPlugin.push(function WPLeafletLineShortcode() {\/*<script>*\/\nvar previous_map = window.WPLeafletMapPlugin.getCurrentMap();\nvar group = window.WPLeafletMapPlugin.getCurrentGroup();\nvar shape = L.polyline([[49.77281673706301,4.721422791481018],[49.772877364871945,4.721449613571168],[49.772969172552465,4.721500575542451],[49.77367764484158,4.721825122833253]], {\"color\":\"#102230\"});\nvar fitbounds = 0;\nshape.addTo( group );\nif (fitbounds) {\n    \/\/ zoom the map to the shape\n    previous_map.fitBounds( shape.getBounds() );\n}\nwindow.WPLeafletMapPlugin.lines.push( shape );});<\/script>\n\n<script>\nwindow.WPLeafletMapPlugin = window.WPLeafletMapPlugin || [];\nwindow.WPLeafletMapPlugin.push(function WPLeafletLineShortcode() {\/*<script>*\/\nvar previous_map = window.WPLeafletMapPlugin.getCurrentMap();\nvar group = window.WPLeafletMapPlugin.getCurrentGroup();\nvar shape = L.polygon([[49.77399148,4.7222756],[49.7738704,4.7222106],[49.77385188,4.72229572],[49.77372018,4.72222657],[49.77372329,4.72220167],[49.7736387,4.72215685],[49.77368654,4.72195203],[49.77372396,4.72197207],[49.77373498,4.72192129],[49.77391141,4.72202562],[49.77395281,4.7218389],[49.77404208,4.72188701],[49.77407662,4.72190315],[49.77399148,4.7222756]], {\"color\":\"#102230\",\"fillColor\":\"#726047\"});\nvar fitbounds = 0;\nshape.addTo( group );\nif (fitbounds) {\n    \/\/ zoom the map to the shape\n    previous_map.fitBounds( shape.getBounds() );\n}\nshape.bindPopup(window.WPLeafletMapPlugin.unescape('Maison Namuroy &lt;br&gt;Emprise de 1834'));window.WPLeafletMapPlugin.polygons.push( shape );});<\/script><\/div>\n\t\t\t\t<\/div>\n\t\t\t\t<\/div>\n\t\t\t\t\t\t<\/div>\n\t\t\t\t\t<\/div>\n\t\t<\/div>\n\t\t\t\t<div class=\"has_eae_slider elementor-column elementor-col-25 elementor-inner-column elementor-element elementor-element-302ed28\" data-id=\"302ed28\" data-element_type=\"column\">\n\t\t\t<div class=\"elementor-column-wrap elementor-element-populated\">\n\t\t\t\t\t\t\t<div class=\"elementor-widget-wrap\">\n\t\t\t\t\t\t<div class=\"elementor-element elementor-element-d739266 elementor-widget elementor-widget-heading\" data-id=\"d739266\" data-element_type=\"widget\" data-widget_type=\"heading.default\">\n\t\t\t\t<div class=\"elementor-widget-container\">\n\t\t\t<h4 class=\"elementor-heading-title elementor-size-default\">Maison Namuroy<\/h4>\t\t<\/div>\n\t\t\t\t<\/div>\n\t\t\t\t<div class=\"elementor-element elementor-element-676283b elementor-widget elementor-widget-image\" data-id=\"676283b\" data-element_type=\"widget\" data-widget_type=\"image.default\">\n\t\t\t\t<div class=\"elementor-widget-container\">\n\t\t\t\t\t\t\t\t<div class=\"elementor-image\">\n\t\t\t\t\t\t\t\t\t\t\t\t<img width=\"917\" height=\"1024\" src=\"https:\/\/crm-umr8596.huma-num.fr\/Charleville\/wp-content\/uploads\/2020\/12\/GeneaLogis_fig-6_maison-1_Namuroy-1-917x1024.jpg\" class=\"attachment-large size-large\" alt=\"\" loading=\"lazy\" \/>\t\t\t\t\t\t\t\t\t\t\t\t\t\t<\/div>\n\t\t\t\t\t\t<\/div>\n\t\t\t\t<\/div>\n\t\t\t\t\t\t<\/div>\n\t\t\t\t\t<\/div>\n\t\t<\/div>\n\t\t\t\t\t\t\t\t<\/div>\n\t\t\t\t\t<\/div>\n\t\t<\/section>\n\t\t\t\t\t\t<\/div>\n\t\t\t\t\t<\/div>\n\t\t<\/div>\n\t\t\t\t\t\t\t\t<\/div>\n\t\t\t\t\t<\/div>\n\t\t<\/section>\n\t\t\t\t<section class=\"has_eae_slider elementor-section elementor-top-section elementor-element elementor-element-c639624 elementor-reverse-mobile elementor-section-boxed elementor-section-height-default elementor-section-height-default\" data-id=\"c639624\" data-element_type=\"section\" data-settings=\"{&quot;background_background&quot;:&quot;classic&quot;}\">\n\t\t\t\t\t\t\t<div class=\"elementor-background-overlay\"><\/div>\n\t\t\t\t\t\t\t<div class=\"elementor-container elementor-column-gap-default\">\n\t\t\t\t\t\t\t<div class=\"elementor-row\">\n\t\t\t\t\t<div class=\"has_eae_slider elementor-column elementor-col-50 elementor-top-column elementor-element elementor-element-be97167 elementor-hidden-tablet elementor-hidden-phone\" data-id=\"be97167\" data-element_type=\"column\" data-settings=\"{&quot;background_background&quot;:&quot;classic&quot;}\">\n\t\t\t<div class=\"elementor-column-wrap elementor-element-populated\">\n\t\t\t\t\t\t\t<div class=\"elementor-widget-wrap\">\n\t\t\t\t\t\t<div class=\"elementor-element elementor-element-2cfc770 elementor-widget elementor-widget-htmega-verticletimeline-addons\" data-id=\"2cfc770\" data-element_type=\"widget\" data-widget_type=\"htmega-verticletimeline-addons.default\">\n\t\t\t\t<div class=\"elementor-widget-container\">\n\t\t\t        <div class=\"htc-verctimeline-wrapper htmega-verticletimeline-style-2\">\n\n                           \n                                    <div class=\"ht-ver-timeline--2\">\n                                                    <div class=\"vertical-time\">\n                                <div class=\"vertical-date\">\n                                    <span class=\"month\">1795<br><br><\/span>\n                                <\/div>\n                            <\/div>\n                                                    <div class=\"timeline-content\">\n                                (26 vent\u00f4se an III de la R\u00e9publique)\u00a0: vente aux ench\u00e8res de la maison en tant que bien national.                            <\/div>\n                                            <\/div>\n                \n                           \n                                    <div class=\"ht-ver-timeline--2 vertical-reverse\">\n                                                    <div class=\"vertical-time\">\n                                <div class=\"vertical-date\">\n                                    <span class=\"month\">1743<br><br><\/span>\n                                <\/div>\n                            <\/div>\n                                                    <div class=\"timeline-content\">\n                                D\u00e9c\u00e8s de Fran\u00e7ois Namurois\u00a0; la maison est donn\u00e9e par testament \u00e0 l\u2019H\u00f4tel-dieu de M\u00e9zi\u00e8res.                            <\/div>\n                                            <\/div>\n\n                \n                           \n                                    <div class=\"ht-ver-timeline--2\">\n                                                    <div class=\"vertical-time\">\n                                <div class=\"vertical-date\">\n                                    <span class=\"month\">1704<br><br><\/span>\n                                <\/div>\n                            <\/div>\n                                                    <div class=\"timeline-content\">\n                                D\u00e9c\u00e8s de Melchior Namurois, son fr\u00e8re Fran\u00e7ois h\u00e9rite.                            <\/div>\n                                            <\/div>\n                \n                           \n                                    <div class=\"ht-ver-timeline--2 vertical-reverse\">\n                                                    <div class=\"vertical-time\">\n                                <div class=\"vertical-date\">\n                                    <span class=\"month\">1693<br><br><\/span>\n                                <\/div>\n                            <\/div>\n                                                    <div class=\"timeline-content\">\n                                Melchior Namurois (ou Namuroy), originaire de M\u00e9zi\u00e8res, ach\u00e8te la maison \u00e0 la fille de Philippe II. Il y habite avec son fr\u00e8re Fran\u00e7ois.                            <\/div>\n                                            <\/div>\n\n                \n                           \n                                    <div class=\"ht-ver-timeline--2\">\n                                                    <div class=\"vertical-time\">\n                                <div class=\"vertical-date\">\n                                    <span class=\"month\">1675<br><br><\/span>\n                                <\/div>\n                            <\/div>\n                                                    <div class=\"timeline-content\">\n                                Philippe II, leur fils, h\u00e9rite d\u2019une partie et rach\u00e8te l\u2019autre partie \u00e0 sa ni\u00e8ce Anne de Combles                            <\/div>\n                                            <\/div>\n                \n                           \n                                    <div class=\"ht-ver-timeline--2 vertical-reverse\">\n                                                    <div class=\"vertical-time\">\n                                <div class=\"vertical-date\">\n                                    <span class=\"month\">1630<br><br><\/span>\n                                <\/div>\n                            <\/div>\n                                                    <div class=\"timeline-content\">\n                                Philippe de La Place et son \u00e9pouse Marie de Melin ach\u00e8tent la maison \u00e0 Charles de Gonzague.                            <\/div>\n                                            <\/div>\n\n                \n                           \n                                    <div class=\"ht-ver-timeline--2\">\n                                                    <div class=\"vertical-time\">\n                                <div class=\"vertical-date\">\n                                    <span class=\"month\">1615<br><br><\/span>\n                                <\/div>\n                            <\/div>\n                                                    <div class=\"timeline-content\">\n                                Philipe de La Place, originaire des Pays-Bas, s\u2019installe dans cette maison.                            <\/div>\n                                            <\/div>\n                \n            \n        <\/div>\n\n        \t\t<\/div>\n\t\t\t\t<\/div>\n\t\t\t\t\t\t<\/div>\n\t\t\t\t\t<\/div>\n\t\t<\/div>\n\t\t\t\t<div class=\"has_eae_slider elementor-column elementor-col-50 elementor-top-column elementor-element elementor-element-eb4aa07\" data-id=\"eb4aa07\" data-element_type=\"column\">\n\t\t\t<div class=\"elementor-column-wrap elementor-element-populated\">\n\t\t\t\t\t\t\t<div class=\"elementor-widget-wrap\">\n\t\t\t\t\t\t<div class=\"elementor-element elementor-element-0b16e84 elementor-widget elementor-widget-heading\" data-id=\"0b16e84\" data-element_type=\"widget\" data-widget_type=\"heading.default\">\n\t\t\t\t<div class=\"elementor-widget-container\">\n\t\t\t<h2 class=\"elementor-heading-title elementor-size-default\">La maison Namuroy : <\/h2>\t\t<\/div>\n\t\t\t\t<\/div>\n\t\t\t\t<div class=\"elementor-element elementor-element-1e8e08b elementor-widget elementor-widget-heading\" data-id=\"1e8e08b\" data-element_type=\"widget\" data-widget_type=\"heading.default\">\n\t\t\t\t<div class=\"elementor-widget-container\">\n\t\t\t<h3 class=\"elementor-heading-title elementor-size-default\">une maison donn\u00e9e \u00e0 l\u2019H\u00f4tel-dieu de M\u00e9zi\u00e8res<\/h3>\t\t<\/div>\n\t\t\t\t<\/div>\n\t\t\t\t<div class=\"elementor-element elementor-element-075dcce elementor-hidden-tablet elementor-hidden-phone elementor-widget elementor-widget-heading\" data-id=\"075dcce\" data-element_type=\"widget\" data-widget_type=\"heading.default\">\n\t\t\t\t<div class=\"elementor-widget-container\">\n\t\t\t<h5 class=\"elementor-heading-title elementor-size-default\">G\u00e9n\u00e9alogie de la maison de 1615 \u00e0 1795<\/h5>\t\t<\/div>\n\t\t\t\t<\/div>\n\t\t\t\t<div class=\"elementor-element elementor-element-d6c4be0 elementor-widget elementor-widget-image\" data-id=\"d6c4be0\" data-element_type=\"widget\" data-widget_type=\"image.default\">\n\t\t\t\t<div class=\"elementor-widget-container\">\n\t\t\t\t\t\t\t\t<div class=\"elementor-image\">\n\t\t\t\t\t\t\t\t\t\t\t\t<img width=\"1223\" height=\"1366\" src=\"https:\/\/crm-umr8596.huma-num.fr\/Charleville\/wp-content\/uploads\/2020\/12\/GeneaLogis_fig-6_maison-1_Namuroy-1.jpg\" class=\"attachment-full size-full\" alt=\"\" loading=\"lazy\" \/>\t\t\t\t\t\t\t\t\t\t\t\t\t\t<\/div>\n\t\t\t\t\t\t<\/div>\n\t\t\t\t<\/div>\n\t\t\t\t<div class=\"elementor-element elementor-element-b207740 elementor-widget elementor-widget-heading\" data-id=\"b207740\" data-element_type=\"widget\" data-widget_type=\"heading.default\">\n\t\t\t\t<div class=\"elementor-widget-container\">\n\t\t\t<h5 class=\"elementor-heading-title elementor-size-default\">La maison formant l\u2019angle de la place ducale, avec deux pavillons | 40 place ducale<\/h5>\t\t<\/div>\n\t\t\t\t<\/div>\n\t\t\t\t\t\t<\/div>\n\t\t\t\t\t<\/div>\n\t\t<\/div>\n\t\t\t\t\t\t\t\t<\/div>\n\t\t\t\t\t<\/div>\n\t\t<\/section>\n\t\t\t\t<section class=\"has_eae_slider elementor-section elementor-top-section elementor-element elementor-element-2e1bf5f elementor-section-boxed elementor-section-height-default elementor-section-height-default\" data-id=\"2e1bf5f\" data-element_type=\"section\">\n\t\t\t\t\t\t<div class=\"elementor-container elementor-column-gap-default\">\n\t\t\t\t\t\t\t<div class=\"elementor-row\">\n\t\t\t\t\t<div class=\"has_eae_slider elementor-column elementor-col-50 elementor-top-column elementor-element elementor-element-16f9d56\" data-id=\"16f9d56\" data-element_type=\"column\" data-settings=\"{&quot;background_background&quot;:&quot;classic&quot;}\">\n\t\t\t<div class=\"elementor-column-wrap elementor-element-populated\">\n\t\t\t\t\t\t\t<div class=\"elementor-widget-wrap\">\n\t\t\t\t\t\t<div class=\"elementor-element elementor-element-5725619 elementor-widget elementor-widget-heading\" data-id=\"5725619\" data-element_type=\"widget\" data-widget_type=\"heading.default\">\n\t\t\t\t<div class=\"elementor-widget-container\">\n\t\t\t<h3 class=\"elementor-heading-title elementor-size-default\">Les premiers habitants, une famille de protestants venus des Pays-Bas via Sedan <\/h3>\t\t<\/div>\n\t\t\t\t<\/div>\n\t\t\t\t<div class=\"elementor-element elementor-element-75664a5 elementor-widget elementor-widget-text-editor\" data-id=\"75664a5\" data-element_type=\"widget\" data-widget_type=\"text-editor.default\">\n\t\t\t\t<div class=\"elementor-widget-container\">\n\t\t\t\t\t\t\t\t<div class=\"elementor-text-editor elementor-clearfix\">\n\t\t\t\t<p>Charles veut <strong>peupler sa ville et en d\u00e9velopper l\u2019\u00e9conomie. Il fait venir des artisans<\/strong> de toutes sortes comme Philippe de La Place, un batteur de cuivre originaire des Pays-Bas mari\u00e9 \u00e0 une femme de Li\u00e8ge, qu\u2019il installe dans une maison nouvellement construite de la place. Le prince leur vend la maison avec grange, magasin, cour, jardin le 30 mai 1630 devant Marsoc, notaire.<\/p><p>Philippe et son fr\u00e8re Andr\u00e9 sont associ\u00e9s avec le beau-fr\u00e8re d\u2019Andr\u00e9, Halin de la Saulx, pour cr\u00e9er une batterie de cuivre \u00e0 Charleville. Les locaux professionnels \u00e9taient-ils place ducale\u00a0? C\u2019est fort possible si on en croit le plan M\u00e9rian et les habitudes anciennes qui voulaient que l\u2019atelier et le domicile soient rassembl\u00e9s en un m\u00eame lieu.<\/p><p>La maison reste dans les mains de La Place encore deux g\u00e9n\u00e9rations, puis en 1693 une petite-fille du premier propri\u00e9taire vend \u00e0 un certain Namuroy.<\/p>\t\t\t\t\t<\/div>\n\t\t\t\t\t\t<\/div>\n\t\t\t\t<\/div>\n\t\t\t\t\t\t<\/div>\n\t\t\t\t\t<\/div>\n\t\t<\/div>\n\t\t\t\t<div class=\"has_eae_slider elementor-column elementor-col-50 elementor-top-column elementor-element elementor-element-5af9902\" data-id=\"5af9902\" data-element_type=\"column\" data-settings=\"{&quot;background_background&quot;:&quot;classic&quot;}\">\n\t\t\t<div class=\"elementor-column-wrap elementor-element-populated\">\n\t\t\t\t\t\t\t<div class=\"elementor-widget-wrap\">\n\t\t\t\t\t\t<div class=\"elementor-element elementor-element-94057e4 elementor-widget elementor-widget-heading\" data-id=\"94057e4\" data-element_type=\"widget\" data-widget_type=\"heading.default\">\n\t\t\t\t<div class=\"elementor-widget-container\">\n\t\t\t<h3 class=\"elementor-heading-title elementor-size-default\">Les Namuroy, p\u00e8re et fils<\/h3>\t\t<\/div>\n\t\t\t\t<\/div>\n\t\t\t\t<div class=\"elementor-element elementor-element-03bc3c9 elementor-widget elementor-widget-text-editor\" data-id=\"03bc3c9\" data-element_type=\"widget\" data-widget_type=\"text-editor.default\">\n\t\t\t\t<div class=\"elementor-widget-container\">\n\t\t\t\t\t\t\t\t<div class=\"elementor-text-editor elementor-clearfix\">\n\t\t\t\t<p>Melchior Namuroy (ou Namurois), n\u00e9 le 27 janvier 1609 de Jean Namuroy le jeune et Jeanne H\u00e9bert, est <strong>marchand \u00e0 M\u00e9zi\u00e8res<\/strong>. Avec Jeanne Dorthe, ils ont quatre enfants. Leur fils, Fran\u00e7ois Namurois, est dit dans son acte de mariage \u00ab escuyer, seigneur de la Francheville et de Bar les Buzancy, capitaine des chasses de la Principaut\u00e9 d\u2019Arches et Charleville et ancien consul de Charleville \u00bb (A.C. Charleville, registre paroissial, 19 f\u00e9vrier 1729). <strong>A 76 ans, il \u00e9pouse Jeanne Pierquin, sa voisine<\/strong> qui en a 44 (voir maison Pierquin ci-dessous). Elle comme lui ont v\u00e9cu presque toute leur vie place ducale. Le couple jouit d\u2019une belle aisance. Ils emploient deux ou trois domestiques selon les ann\u00e9es, comme nous l\u2019apprennent les recensements. L\u2019appartement est d\u00e9cor\u00e9 de tapisseries, de tableaux, de miroirs ; ils poss\u00e8dent une belle argenterie.<\/p><p><strong>Sans enfant, Fran\u00e7ois d\u00e9cide de l\u00e9guer une grande partie de ses biens,<\/strong> et notamment sa maison de la place ducale, <strong>\u00e0 l\u2019H\u00f4tel-dieu de M\u00e9zi\u00e8res<\/strong>. A sa mort en 1743, sa veuve retourne dans sa maison familiale (voir maison Pierquin ci-dessous) et son neveu Melchior Le Feron entame un long proc\u00e8s avec l\u2019H\u00f4tel-dieu de M\u00e9zi\u00e8res car il <strong>conteste le legs charitable fait par son oncle<\/strong>. Il n\u2019obtient au final que la jouissance de la maison de son vivant . Il meurt lui aussi sans h\u00e9ritier.<\/p>\t\t\t\t\t<\/div>\n\t\t\t\t\t\t<\/div>\n\t\t\t\t<\/div>\n\t\t\t\t\t\t<\/div>\n\t\t\t\t\t<\/div>\n\t\t<\/div>\n\t\t\t\t\t\t\t\t<\/div>\n\t\t\t\t\t<\/div>\n\t\t<\/section>\n\t\t\t\t<section class=\"has_eae_slider elementor-section elementor-top-section elementor-element elementor-element-31f6957 elementor-hidden-desktop elementor-section-boxed elementor-section-height-default elementor-section-height-default\" data-id=\"31f6957\" data-element_type=\"section\">\n\t\t\t\t\t\t<div class=\"elementor-container elementor-column-gap-default\">\n\t\t\t\t\t\t\t<div class=\"elementor-row\">\n\t\t\t\t\t<div class=\"has_eae_slider elementor-column elementor-col-100 elementor-top-column elementor-element elementor-element-cbc0f63\" data-id=\"cbc0f63\" data-element_type=\"column\">\n\t\t\t<div class=\"elementor-column-wrap elementor-element-populated\">\n\t\t\t\t\t\t\t<div class=\"elementor-widget-wrap\">\n\t\t\t\t\t\t<div class=\"elementor-element elementor-element-29117f4 elementor-widget elementor-widget-image\" data-id=\"29117f4\" data-element_type=\"widget\" data-widget_type=\"image.default\">\n\t\t\t\t<div class=\"elementor-widget-container\">\n\t\t\t\t\t\t\t\t<div class=\"elementor-image\">\n\t\t\t\t\t\t\t\t\t\t\t\t\t<a href=\"http:\/\/crm-umr8596.huma-num.fr\/Charleville\/wp-content\/uploads\/2020\/12\/GeneaLogis_fig-7-legs-Namuroy.jpg\" data-elementor-open-lightbox=\"yes\" data-elementor-lightbox-title=\"Registre de l\u2019H\u00f4tel-dieu de M\u00e9zi\u00e8res qui enregistre le legs de Fran\u00e7ois Namuroy en 1748\">\n\t\t\t\t\t\t\t<img width=\"1366\" height=\"1128\" src=\"https:\/\/crm-umr8596.huma-num.fr\/Charleville\/wp-content\/uploads\/2020\/12\/GeneaLogis_fig-7-legs-Namuroy.jpg\" class=\"attachment-full size-full\" alt=\"\" loading=\"lazy\" \/>\t\t\t\t\t\t\t\t<\/a>\n\t\t\t\t\t\t\t\t\t\t\t\t\t\t<\/div>\n\t\t\t\t\t\t<\/div>\n\t\t\t\t<\/div>\n\t\t\t\t<div class=\"elementor-element elementor-element-fc32f1c elementor-widget elementor-widget-heading\" data-id=\"fc32f1c\" data-element_type=\"widget\" data-widget_type=\"heading.default\">\n\t\t\t\t<div class=\"elementor-widget-container\">\n\t\t\t<h5 class=\"elementor-heading-title elementor-size-default\">Registre de l\u2019H\u00f4tel-dieu de M\u00e9zi\u00e8res qui enregistre le legs de Fran\u00e7ois Namuroy en 1748 <\/h5>\t\t<\/div>\n\t\t\t\t<\/div>\n\t\t\t\t\t\t<\/div>\n\t\t\t\t\t<\/div>\n\t\t<\/div>\n\t\t\t\t\t\t\t\t<\/div>\n\t\t\t\t\t<\/div>\n\t\t<\/section>\n\t\t\t\t<section class=\"has_eae_slider elementor-section elementor-top-section elementor-element elementor-element-bf278d7 elementor-reverse-mobile elementor-hidden-tablet elementor-hidden-phone elementor-section-boxed elementor-section-height-default elementor-section-height-default\" data-id=\"bf278d7\" data-element_type=\"section\" data-settings=\"{&quot;background_background&quot;:&quot;classic&quot;}\">\n\t\t\t\t\t\t\t<div class=\"elementor-background-overlay\"><\/div>\n\t\t\t\t\t\t\t<div class=\"elementor-container elementor-column-gap-default\">\n\t\t\t\t\t\t\t<div class=\"elementor-row\">\n\t\t\t\t\t<div class=\"has_eae_slider elementor-column elementor-col-50 elementor-top-column elementor-element elementor-element-f790c2f\" data-id=\"f790c2f\" data-element_type=\"column\" data-settings=\"{&quot;background_background&quot;:&quot;classic&quot;}\">\n\t\t\t<div class=\"elementor-column-wrap elementor-element-populated\">\n\t\t\t\t\t\t\t<div class=\"elementor-widget-wrap\">\n\t\t\t\t\t\t<div class=\"elementor-element elementor-element-8fe7370 elementor-widget elementor-widget-image\" data-id=\"8fe7370\" data-element_type=\"widget\" data-widget_type=\"image.default\">\n\t\t\t\t<div class=\"elementor-widget-container\">\n\t\t\t\t\t\t\t\t<div class=\"elementor-image\">\n\t\t\t\t\t\t\t\t\t\t\t\t\t<a href=\"http:\/\/crm-umr8596.huma-num.fr\/Charleville\/wp-content\/uploads\/2020\/12\/GeneaLogis_fig-7-legs-Namuroy.jpg\" data-elementor-open-lightbox=\"yes\" data-elementor-lightbox-title=\"Registre de l\u2019H\u00f4tel-dieu de M\u00e9zi\u00e8res qui enregistre le legs de Fran\u00e7ois Namuroy en 1748\">\n\t\t\t\t\t\t\t<img width=\"1366\" height=\"1128\" src=\"https:\/\/crm-umr8596.huma-num.fr\/Charleville\/wp-content\/uploads\/2020\/12\/GeneaLogis_fig-7-legs-Namuroy.jpg\" class=\"attachment-full size-full\" alt=\"\" loading=\"lazy\" \/>\t\t\t\t\t\t\t\t<\/a>\n\t\t\t\t\t\t\t\t\t\t\t\t\t\t<\/div>\n\t\t\t\t\t\t<\/div>\n\t\t\t\t<\/div>\n\t\t\t\t\t\t<\/div>\n\t\t\t\t\t<\/div>\n\t\t<\/div>\n\t\t\t\t<div class=\"has_eae_slider elementor-column elementor-col-50 elementor-top-column elementor-element elementor-element-1be8c71\" data-id=\"1be8c71\" data-element_type=\"column\">\n\t\t\t<div class=\"elementor-column-wrap elementor-element-populated\">\n\t\t\t\t\t\t\t<div class=\"elementor-widget-wrap\">\n\t\t\t\t\t\t<div class=\"elementor-element elementor-element-92203f0 elementor-widget elementor-widget-heading\" data-id=\"92203f0\" data-element_type=\"widget\" data-widget_type=\"heading.default\">\n\t\t\t\t<div class=\"elementor-widget-container\">\n\t\t\t<h5 class=\"elementor-heading-title elementor-size-default\">Registre de l\u2019H\u00f4tel-dieu de M\u00e9zi\u00e8res qui enregistre le legs de Fran\u00e7ois Namuroy en 1748 <\/h5>\t\t<\/div>\n\t\t\t\t<\/div>\n\t\t\t\t<div class=\"elementor-element elementor-element-738eb61 elementor-widget elementor-widget-heading\" data-id=\"738eb61\" data-element_type=\"widget\" data-widget_type=\"heading.default\">\n\t\t\t\t<div class=\"elementor-widget-container\">\n\t\t\t<h5 class=\"elementor-heading-title elementor-size-default\">Transcription\u00a0:<\/h5>\t\t<\/div>\n\t\t\t\t<\/div>\n\t\t\t\t<div class=\"elementor-element elementor-element-4901957 elementor-widget elementor-widget-text-editor\" data-id=\"4901957\" data-element_type=\"widget\" data-widget_type=\"text-editor.default\">\n\t\t\t\t<div class=\"elementor-widget-container\">\n\t\t\t\t\t\t\t\t<div class=\"elementor-text-editor elementor-clearfix\">\n\t\t\t\t<p>\u00ab <em>Cejourd\u2019hui 28 septembre 1748 les dix heures du matin le bureau de l\u2019h\u00f4tel dieu extraordinairement assembl\u00e9e est comparu M. Melchior Le Feron seigneur de la Francheville et capitaine des chasses de Charleville r\u00e9sidant, lequel a repr\u00e9sent\u00e9 que par l\u2019arr\u00eat rendu en la cour du Parlement de Paris entre luy et les administrateurs du dit h\u00f4tel-dieu le 26 juin 1745 il a \u00e9t\u00e9 fait d\u00e9livrance au dit h\u00f4tel-Dieu de M\u00e9zi\u00e8res ente autres choses de deux maisons situ\u00e9es \u00e0 Charleville sur la place ducale l\u00e9gu\u00e9es par les testament et codicille du sieur Fran\u00e7ois Namuroy et sir de la Francheville, capitaine des chasses de la principaut\u00e9 d\u2019Arches et de Charleville, et ancien\u00a0 consul de la ville y demeurant du 14 juin 1730 et 7 mars 1741<\/em>\u00a0\u00bb<\/p>\t\t\t\t\t<\/div>\n\t\t\t\t\t\t<\/div>\n\t\t\t\t<\/div>\n\t\t\t\t\t\t<\/div>\n\t\t\t\t\t<\/div>\n\t\t<\/div>\n\t\t\t\t\t\t\t\t<\/div>\n\t\t\t\t\t<\/div>\n\t\t<\/section>\n\t\t\t\t<section class=\"has_eae_slider elementor-section elementor-top-section elementor-element elementor-element-4e5f3f3 elementor-section-boxed elementor-section-height-default elementor-section-height-default\" data-id=\"4e5f3f3\" data-element_type=\"section\">\n\t\t\t\t\t\t<div class=\"elementor-container elementor-column-gap-default\">\n\t\t\t\t\t\t\t<div class=\"elementor-row\">\n\t\t\t\t\t<div class=\"has_eae_slider elementor-column elementor-col-50 elementor-top-column elementor-element elementor-element-4c7e9cb\" data-id=\"4c7e9cb\" data-element_type=\"column\" data-settings=\"{&quot;background_background&quot;:&quot;classic&quot;}\">\n\t\t\t<div class=\"elementor-column-wrap elementor-element-populated\">\n\t\t\t\t\t\t\t<div class=\"elementor-widget-wrap\">\n\t\t\t\t\t\t<div class=\"elementor-element elementor-element-dcd956e elementor-widget elementor-widget-heading\" data-id=\"dcd956e\" data-element_type=\"widget\" data-widget_type=\"heading.default\">\n\t\t\t\t<div class=\"elementor-widget-container\">\n\t\t\t<h3 class=\"elementor-heading-title elementor-size-default\">Un revenu pour <br> l\u2019H\u00f4tel-Dieu et<br> pour les pauvres de la ville<\/h3>\t\t<\/div>\n\t\t\t\t<\/div>\n\t\t\t\t<div class=\"elementor-element elementor-element-bf50f4d elementor-widget elementor-widget-text-editor\" data-id=\"bf50f4d\" data-element_type=\"widget\" data-widget_type=\"text-editor.default\">\n\t\t\t\t<div class=\"elementor-widget-container\">\n\t\t\t\t\t\t\t\t<div class=\"elementor-text-editor elementor-clearfix\">\n\t\t\t\t<p>L\u2019h\u00f4pital rest\u00e9 seul propri\u00e9taire des deux pavillons entend en tirer des revenus, comme de toutes ses biens immobiliers. Il met la maison <strong>en location pour<\/strong> <strong>financer l\u2019accueil et les soins des pauvres malades<\/strong>. Toutefois, un des deux pavillons a besoin de r\u00e9parations : chemin\u00e9e, huisserie, serrures sont \u00e0 refaire en 1767.<\/p>\t\t\t\t\t<\/div>\n\t\t\t\t\t\t<\/div>\n\t\t\t\t<\/div>\n\t\t\t\t<div class=\"elementor-element elementor-element-08cfa8b elementor-widget-divider--view-line elementor-widget elementor-widget-divider\" data-id=\"08cfa8b\" data-element_type=\"widget\" data-widget_type=\"divider.default\">\n\t\t\t\t<div class=\"elementor-widget-container\">\n\t\t\t\t\t<div class=\"elementor-divider\">\n\t\t\t<span class=\"elementor-divider-separator\">\n\t\t\t\t\t\t<\/span>\n\t\t<\/div>\n\t\t\t\t<\/div>\n\t\t\t\t<\/div>\n\t\t\t\t<div class=\"elementor-element elementor-element-095b8e9 elementor-widget elementor-widget-text-editor\" data-id=\"095b8e9\" data-element_type=\"widget\" data-widget_type=\"text-editor.default\">\n\t\t\t\t<div class=\"elementor-widget-container\">\n\t\t\t\t\t\t\t\t<div class=\"elementor-text-editor elementor-clearfix\">\n\t\t\t\t<p>Les recensements annuels nous montrent dans la seconde moiti\u00e9 du XVIIIe si\u00e8cle <strong>la succession rapide des locataires, nombreux \u00e0 se partager les deux pavillons<\/strong>. L\u2019origine de ces personnes (Rethel, Enval, Chimay, etc.) est symptomatique du renouvellement constant par migration de la population urbaine.<\/p><p>Propri\u00e9t\u00e9 d\u2019un h\u00f4pital, <strong>la maison est mise aux ench\u00e8res au moment de la vente des biens nationaux sous la R\u00e9volution<\/strong>. Jean Domin\u00e9 et Charles Joseph Mineur en acqui\u00e8rent une partie pour la somme de 103 000 livres ; Ambroise Legay-Meurant emporte les ench\u00e8res de l\u2019autre partie pour 51 000 livres (A.D. Ardennes, Q 178).<\/p>\t\t\t\t\t<\/div>\n\t\t\t\t\t\t<\/div>\n\t\t\t\t<\/div>\n\t\t\t\t\t\t<\/div>\n\t\t\t\t\t<\/div>\n\t\t<\/div>\n\t\t\t\t<div class=\"has_eae_slider elementor-column elementor-col-50 elementor-top-column elementor-element elementor-element-4738234\" data-id=\"4738234\" data-element_type=\"column\">\n\t\t\t<div class=\"elementor-column-wrap elementor-element-populated\">\n\t\t\t\t\t\t\t<div class=\"elementor-widget-wrap\">\n\t\t\t\t\t\t<div class=\"elementor-element elementor-element-e63cd38 elementor-widget elementor-widget-image\" data-id=\"e63cd38\" data-element_type=\"widget\" data-widget_type=\"image.default\">\n\t\t\t\t<div class=\"elementor-widget-container\">\n\t\t\t\t\t\t\t\t<div class=\"elementor-image\">\n\t\t\t\t\t\t\t\t\t\t\t\t\t<a href=\"http:\/\/crm-umr8596.huma-num.fr\/Charleville\/wp-content\/uploads\/2020\/12\/GeneaLogis_fig-8_plan-expert-HD.jpg\" data-elementor-open-lightbox=\"yes\" data-elementor-lightbox-title=\"El\u00e9vation de la maison apr\u00e8s la visite des experts avant les travaux en 1767\">\n\t\t\t\t\t\t\t<img width=\"968\" height=\"1366\" src=\"https:\/\/crm-umr8596.huma-num.fr\/Charleville\/wp-content\/uploads\/2020\/12\/GeneaLogis_fig-8_plan-expert-HD.jpg\" class=\"attachment-full size-full\" alt=\"\" loading=\"lazy\" \/>\t\t\t\t\t\t\t\t<\/a>\n\t\t\t\t\t\t\t\t\t\t\t\t\t\t<\/div>\n\t\t\t\t\t\t<\/div>\n\t\t\t\t<\/div>\n\t\t\t\t<div class=\"elementor-element elementor-element-66ca35c elementor-widget elementor-widget-heading\" data-id=\"66ca35c\" data-element_type=\"widget\" data-widget_type=\"heading.default\">\n\t\t\t\t<div class=\"elementor-widget-container\">\n\t\t\t<h5 class=\"elementor-heading-title elementor-size-default\">El\u00e9vation de la maison apr\u00e8s la visite des experts<br> avant les travaux en 1767<\/h5>\t\t<\/div>\n\t\t\t\t<\/div>\n\t\t\t\t\t\t<\/div>\n\t\t\t\t\t<\/div>\n\t\t<\/div>\n\t\t\t\t\t\t\t\t<\/div>\n\t\t\t\t\t<\/div>\n\t\t<\/section>\n\t\t\t\t<section class=\"has_eae_slider elementor-section elementor-top-section elementor-element elementor-element-0f1665d elementor-section-boxed elementor-section-height-default elementor-section-height-default\" data-id=\"0f1665d\" data-element_type=\"section\">\n\t\t\t\t\t\t<div class=\"elementor-container elementor-column-gap-default\">\n\t\t\t\t\t\t\t<div class=\"elementor-row\">\n\t\t\t\t\t<div class=\"has_eae_slider elementor-column elementor-col-100 elementor-top-column elementor-element elementor-element-8ff8f45\" data-id=\"8ff8f45\" data-element_type=\"column\">\n\t\t\t<div class=\"elementor-column-wrap elementor-element-populated\">\n\t\t\t\t\t\t\t<div class=\"elementor-widget-wrap\">\n\t\t\t\t\t\t<div class=\"elementor-element elementor-element-e7bdb05 elementor-widget elementor-widget-heading\" data-id=\"e7bdb05\" data-element_type=\"widget\" data-widget_type=\"heading.default\">\n\t\t\t\t<div class=\"elementor-widget-container\">\n\t\t\t<h3 class=\"elementor-heading-title elementor-size-default\">Au XIXe si\u00e8cle, le temps <br>des caf\u00e9s, des billards et des maisons de commerce\n<\/h3>\t\t<\/div>\n\t\t\t\t<\/div>\n\t\t\t\t<div class=\"elementor-element elementor-element-6ca1bad elementor-widget elementor-widget-text-editor\" data-id=\"6ca1bad\" data-element_type=\"widget\" data-widget_type=\"text-editor.default\">\n\t\t\t\t<div class=\"elementor-widget-container\">\n\t\t\t\t\t\t\t\t<div class=\"elementor-text-editor elementor-clearfix\">\n\t\t\t\t<p>Au XIXe si\u00e8cle, les propri\u00e9taires se succ\u00e8dent, d\u00e9sormais certains n\u2019habitant m\u00eame plus Charleville. <strong>Les maisons sont dens\u00e9ment occup\u00e9es<\/strong> par des locataires r\u00e9sidant sur place ou par des activit\u00e9s diverses. Des maisons de commerce s\u2019installent sur la place de plus en plus souvent, tandis que <strong>les arcades deviennent le lieu privil\u00e9gi\u00e9 de la sociabilit\u00e9 urbaine,<\/strong> avec la multiplication des caf\u00e9s.<\/p>\t\t\t\t\t<\/div>\n\t\t\t\t\t\t<\/div>\n\t\t\t\t<\/div>\n\t\t\t\t\t\t<\/div>\n\t\t\t\t\t<\/div>\n\t\t<\/div>\n\t\t\t\t\t\t\t\t<\/div>\n\t\t\t\t\t<\/div>\n\t\t<\/section>\n\t\t\t\t<section class=\"has_eae_slider elementor-section elementor-top-section elementor-element elementor-element-1df5981 elementor-hidden-desktop elementor-section-boxed elementor-section-height-default elementor-section-height-default\" data-id=\"1df5981\" data-element_type=\"section\">\n\t\t\t\t\t\t<div class=\"elementor-container elementor-column-gap-default\">\n\t\t\t\t\t\t\t<div class=\"elementor-row\">\n\t\t\t\t\t<div class=\"has_eae_slider elementor-column elementor-col-100 elementor-top-column elementor-element elementor-element-cf4aa08\" data-id=\"cf4aa08\" data-element_type=\"column\">\n\t\t\t<div class=\"elementor-column-wrap elementor-element-populated\">\n\t\t\t\t\t\t\t<div class=\"elementor-widget-wrap\">\n\t\t\t\t\t\t<div class=\"elementor-element elementor-element-326166b elementor-widget elementor-widget-heading\" data-id=\"326166b\" data-element_type=\"widget\" data-widget_type=\"heading.default\">\n\t\t\t\t<div class=\"elementor-widget-container\">\n\t\t\t<h4 class=\"elementor-heading-title elementor-size-default\">D\u00e9tails de l\u2019occupation de la maison Namuroy<\/h4>\t\t<\/div>\n\t\t\t\t<\/div>\n\t\t\t\t<div class=\"elementor-element elementor-element-b8021a5 elementor-widget elementor-widget-image\" data-id=\"b8021a5\" data-element_type=\"widget\" data-widget_type=\"image.default\">\n\t\t\t\t<div class=\"elementor-widget-container\">\n\t\t\t\t\t\t\t\t<div class=\"elementor-image\">\n\t\t\t\t\t\t\t\t\t\t\t\t\t<a href=\"http:\/\/crm-umr8596.huma-num.fr\/Charleville\/wp-content\/uploads\/2020\/12\/GeneaLogis_fig-9_occupation-en-1834.png\" data-elementor-open-lightbox=\"yes\" data-elementor-lightbox-title=\"Occupation de la maison \u00ab Namuroy \u00bb selon la matrice cadastrale de 1834\">\n\t\t\t\t\t\t\t<img width=\"1366\" height=\"1030\" src=\"https:\/\/crm-umr8596.huma-num.fr\/Charleville\/wp-content\/uploads\/2020\/12\/GeneaLogis_fig-9_occupation-en-1834.png\" class=\"attachment-full size-full\" alt=\"\" loading=\"lazy\" \/>\t\t\t\t\t\t\t\t<\/a>\n\t\t\t\t\t\t\t\t\t\t\t\t\t\t<\/div>\n\t\t\t\t\t\t<\/div>\n\t\t\t\t<\/div>\n\t\t\t\t<div class=\"elementor-element elementor-element-3e723c8 elementor-widget elementor-widget-heading\" data-id=\"3e723c8\" data-element_type=\"widget\" data-widget_type=\"heading.default\">\n\t\t\t\t<div class=\"elementor-widget-container\">\n\t\t\t<h5 class=\"elementor-heading-title elementor-size-default\">Occupation de la maison \u00ab Namuroy \u00bb selon la matrice cadastrale de 1834<\/h5>\t\t<\/div>\n\t\t\t\t<\/div>\n\t\t\t\t\t\t<\/div>\n\t\t\t\t\t<\/div>\n\t\t<\/div>\n\t\t\t\t\t\t\t\t<\/div>\n\t\t\t\t\t<\/div>\n\t\t<\/section>\n\t\t\t\t<section class=\"has_eae_slider elementor-section elementor-top-section elementor-element elementor-element-5351b29 elementor-hidden-desktop elementor-section-boxed elementor-section-height-default elementor-section-height-default\" data-id=\"5351b29\" data-element_type=\"section\">\n\t\t\t\t\t\t<div class=\"elementor-container elementor-column-gap-default\">\n\t\t\t\t\t\t\t<div class=\"elementor-row\">\n\t\t\t\t\t<div class=\"has_eae_slider elementor-column elementor-col-50 elementor-top-column elementor-element elementor-element-d52f471\" data-id=\"d52f471\" data-element_type=\"column\">\n\t\t\t<div class=\"elementor-column-wrap elementor-element-populated\">\n\t\t\t\t\t\t\t<div class=\"elementor-widget-wrap\">\n\t\t\t\t\t\t<div class=\"elementor-element elementor-element-2a42fd7 elementor-widget elementor-widget-heading\" data-id=\"2a42fd7\" data-element_type=\"widget\" data-widget_type=\"heading.default\">\n\t\t\t\t<div class=\"elementor-widget-container\">\n\t\t\t<h3 class=\"elementor-heading-title elementor-size-default\">Le pavillon qui fait face \u00e0 la place<\/h3>\t\t<\/div>\n\t\t\t\t<\/div>\n\t\t\t\t<div class=\"elementor-element elementor-element-fc66ee9 elementor-widget elementor-widget-text-editor\" data-id=\"fc66ee9\" data-element_type=\"widget\" data-widget_type=\"text-editor.default\">\n\t\t\t\t<div class=\"elementor-widget-container\">\n\t\t\t\t\t\t\t\t<div class=\"elementor-text-editor elementor-clearfix\">\n\t\t\t\t<p>Claude Maleotte Adolphe Nestor, <strong>marchand de vin en gros<\/strong>, occupe une grande partie du b\u00e2timent tandis que Jeaney, un <strong>marchand de grains<\/strong>, loue la remise dans la cour.<\/p><p>Henri Druet, <strong>marchand d\u2019avoine,<\/strong> occupe l\u2019\u00e9curie, les remises et Laurent Cokeko tient <strong>un caf\u00e9 et un billard <\/strong>; un certain Camuzeau, de Rethel, a lou\u00e9 pendant un temps une remise mais elle est actuellement vacante.<\/p>\t\t\t\t\t<\/div>\n\t\t\t\t\t\t<\/div>\n\t\t\t\t<\/div>\n\t\t\t\t\t\t<\/div>\n\t\t\t\t\t<\/div>\n\t\t<\/div>\n\t\t\t\t<div class=\"has_eae_slider elementor-column elementor-col-50 elementor-top-column elementor-element elementor-element-b3bb93e\" data-id=\"b3bb93e\" data-element_type=\"column\">\n\t\t\t<div class=\"elementor-column-wrap elementor-element-populated\">\n\t\t\t\t\t\t\t<div class=\"elementor-widget-wrap\">\n\t\t\t\t\t\t<div class=\"elementor-element elementor-element-008eb21 elementor-widget elementor-widget-heading\" data-id=\"008eb21\" data-element_type=\"widget\" data-widget_type=\"heading.default\">\n\t\t\t\t<div class=\"elementor-widget-container\">\n\t\t\t<h3 class=\"elementor-heading-title elementor-size-default\">L\u2019autre pavillon sur la droite<\/h3>\t\t<\/div>\n\t\t\t\t<\/div>\n\t\t\t\t<div class=\"elementor-element elementor-element-e8dddd7 elementor-widget elementor-widget-text-editor\" data-id=\"e8dddd7\" data-element_type=\"widget\" data-widget_type=\"text-editor.default\">\n\t\t\t\t<div class=\"elementor-widget-container\">\n\t\t\t\t\t\t\t\t<div class=\"elementor-text-editor elementor-clearfix\">\n\t\t\t\t<p>Le b\u00e2timent appartient \u00e0 la famille Lecanut-Mineure qui n\u2019y r\u00e9side pas. <strong>Un<\/strong> <strong>caf\u00e9<\/strong> occupe le rez-de-chauss\u00e9e, <strong>un cercle litt\u00e9raire<\/strong> avec un billard se trouve au premier \u00e9tage, <strong>des appartements<\/strong> sont lou\u00e9s au-dessus.<\/p>\t\t\t\t\t<\/div>\n\t\t\t\t\t\t<\/div>\n\t\t\t\t<\/div>\n\t\t\t\t\t\t<\/div>\n\t\t\t\t\t<\/div>\n\t\t<\/div>\n\t\t\t\t\t\t\t\t<\/div>\n\t\t\t\t\t<\/div>\n\t\t<\/section>\n\t\t\t\t<section class=\"has_eae_slider elementor-section elementor-top-section elementor-element elementor-element-dd1d47c elementor-hidden-tablet elementor-hidden-phone elementor-section-boxed elementor-section-height-default elementor-section-height-default\" data-id=\"dd1d47c\" data-element_type=\"section\">\n\t\t\t\t\t\t<div class=\"elementor-container elementor-column-gap-default\">\n\t\t\t\t\t\t\t<div class=\"elementor-row\">\n\t\t\t\t\t<div class=\"has_eae_slider elementor-column elementor-col-33 elementor-top-column elementor-element elementor-element-a40933a\" data-id=\"a40933a\" data-element_type=\"column\">\n\t\t\t<div class=\"elementor-column-wrap elementor-element-populated\">\n\t\t\t\t\t\t\t<div class=\"elementor-widget-wrap\">\n\t\t\t\t\t\t<div class=\"elementor-element elementor-element-c3fab38 elementor-widget elementor-widget-heading\" data-id=\"c3fab38\" data-element_type=\"widget\" data-widget_type=\"heading.default\">\n\t\t\t\t<div class=\"elementor-widget-container\">\n\t\t\t<h4 class=\"elementor-heading-title elementor-size-default\">D\u00e9tails de l\u2019occupation de la maison Namuroy<\/h4>\t\t<\/div>\n\t\t\t\t<\/div>\n\t\t\t\t<div class=\"elementor-element elementor-element-5acd8b4 elementor-widget elementor-widget-image\" data-id=\"5acd8b4\" data-element_type=\"widget\" data-widget_type=\"image.default\">\n\t\t\t\t<div class=\"elementor-widget-container\">\n\t\t\t\t\t\t\t\t<div class=\"elementor-image\">\n\t\t\t\t\t\t\t\t\t\t\t\t\t<a href=\"http:\/\/crm-umr8596.huma-num.fr\/Charleville\/wp-content\/uploads\/2020\/12\/GeneaLogis_fig-9_occupation-en-1834.png\" data-elementor-open-lightbox=\"yes\" data-elementor-lightbox-title=\"Occupation de la maison \u00ab Namuroy \u00bb selon la matrice cadastrale de 1834\">\n\t\t\t\t\t\t\t<img width=\"1366\" height=\"1030\" src=\"https:\/\/crm-umr8596.huma-num.fr\/Charleville\/wp-content\/uploads\/2020\/12\/GeneaLogis_fig-9_occupation-en-1834.png\" class=\"attachment-full size-full\" alt=\"\" loading=\"lazy\" \/>\t\t\t\t\t\t\t\t<\/a>\n\t\t\t\t\t\t\t\t\t\t\t\t\t\t<\/div>\n\t\t\t\t\t\t<\/div>\n\t\t\t\t<\/div>\n\t\t\t\t<div class=\"elementor-element elementor-element-fa46a1f elementor-widget elementor-widget-heading\" data-id=\"fa46a1f\" data-element_type=\"widget\" data-widget_type=\"heading.default\">\n\t\t\t\t<div class=\"elementor-widget-container\">\n\t\t\t<h5 class=\"elementor-heading-title elementor-size-default\">Occupation de la maison \u00ab Namuroy \u00bb selon la matrice cadastrale de 1834<\/h5>\t\t<\/div>\n\t\t\t\t<\/div>\n\t\t\t\t\t\t<\/div>\n\t\t\t\t\t<\/div>\n\t\t<\/div>\n\t\t\t\t<div class=\"has_eae_slider elementor-column elementor-col-33 elementor-top-column elementor-element elementor-element-b1ec9e7\" data-id=\"b1ec9e7\" data-element_type=\"column\">\n\t\t\t<div class=\"elementor-column-wrap elementor-element-populated\">\n\t\t\t\t\t\t\t<div class=\"elementor-widget-wrap\">\n\t\t\t\t\t\t<div class=\"elementor-element elementor-element-03b4915 elementor-widget elementor-widget-heading\" data-id=\"03b4915\" data-element_type=\"widget\" data-widget_type=\"heading.default\">\n\t\t\t\t<div class=\"elementor-widget-container\">\n\t\t\t<h3 class=\"elementor-heading-title elementor-size-default\">Le pavillon qui fait face \u00e0 la place<\/h3>\t\t<\/div>\n\t\t\t\t<\/div>\n\t\t\t\t<div class=\"elementor-element elementor-element-1018097 elementor-widget elementor-widget-text-editor\" data-id=\"1018097\" data-element_type=\"widget\" data-widget_type=\"text-editor.default\">\n\t\t\t\t<div class=\"elementor-widget-container\">\n\t\t\t\t\t\t\t\t<div class=\"elementor-text-editor elementor-clearfix\">\n\t\t\t\t<p>Claude Maleotte Adolphe Nestor, <strong>marchand de vin en gros<\/strong>, occupe une grande partie du b\u00e2timent tandis que Jeaney, un <strong>marchand de grains<\/strong>, loue la remise dans la cour.<\/p><p>Henri Druet, <strong>marchand d\u2019avoine,<\/strong> occupe l\u2019\u00e9curie, les remises et Laurent Cokeko tient <strong>un caf\u00e9 et un billard <\/strong>; un certain Camuzeau, de Rethel, a lou\u00e9 pendant un temps une remise mais elle est actuellement vacante.<\/p>\t\t\t\t\t<\/div>\n\t\t\t\t\t\t<\/div>\n\t\t\t\t<\/div>\n\t\t\t\t\t\t<\/div>\n\t\t\t\t\t<\/div>\n\t\t<\/div>\n\t\t\t\t<div class=\"has_eae_slider elementor-column elementor-col-33 elementor-top-column elementor-element elementor-element-93c6d2d\" data-id=\"93c6d2d\" data-element_type=\"column\">\n\t\t\t<div class=\"elementor-column-wrap elementor-element-populated\">\n\t\t\t\t\t\t\t<div class=\"elementor-widget-wrap\">\n\t\t\t\t\t\t<div class=\"elementor-element elementor-element-edc0a8b elementor-widget elementor-widget-heading\" data-id=\"edc0a8b\" data-element_type=\"widget\" data-widget_type=\"heading.default\">\n\t\t\t\t<div class=\"elementor-widget-container\">\n\t\t\t<h3 class=\"elementor-heading-title elementor-size-default\">L\u2019autre pavillon sur la droite<\/h3>\t\t<\/div>\n\t\t\t\t<\/div>\n\t\t\t\t<div class=\"elementor-element elementor-element-43ced52 elementor-widget elementor-widget-text-editor\" data-id=\"43ced52\" data-element_type=\"widget\" data-widget_type=\"text-editor.default\">\n\t\t\t\t<div class=\"elementor-widget-container\">\n\t\t\t\t\t\t\t\t<div class=\"elementor-text-editor elementor-clearfix\">\n\t\t\t\t<p>Le b\u00e2timent appartient \u00e0 la famille Lecanut-Mineure qui n\u2019y r\u00e9side pas. <strong>Un<\/strong> <strong>caf\u00e9<\/strong> occupe le rez-de-chauss\u00e9e, <strong>un cercle litt\u00e9raire<\/strong> avec un billard se trouve au premier \u00e9tage, <strong>des appartements<\/strong> sont lou\u00e9s au-dessus.<\/p>\t\t\t\t\t<\/div>\n\t\t\t\t\t\t<\/div>\n\t\t\t\t<\/div>\n\t\t\t\t\t\t<\/div>\n\t\t\t\t\t<\/div>\n\t\t<\/div>\n\t\t\t\t\t\t\t\t<\/div>\n\t\t\t\t\t<\/div>\n\t\t<\/section>\n\t\t\t\t<section class=\"has_eae_slider elementor-section elementor-top-section elementor-element elementor-element-ccf6def elementor-section-boxed elementor-section-height-default elementor-section-height-default\" data-id=\"ccf6def\" data-element_type=\"section\" data-settings=\"{&quot;background_background&quot;:&quot;classic&quot;}\">\n\t\t\t\t\t\t<div class=\"elementor-container elementor-column-gap-default\">\n\t\t\t\t\t\t\t<div class=\"elementor-row\">\n\t\t\t\t\t<div class=\"has_eae_slider elementor-column elementor-col-100 elementor-top-column elementor-element elementor-element-f16dd22\" data-id=\"f16dd22\" data-element_type=\"column\">\n\t\t\t<div class=\"elementor-column-wrap elementor-element-populated\">\n\t\t\t\t\t\t\t<div class=\"elementor-widget-wrap\">\n\t\t\t\t\t\t<div class=\"elementor-element elementor-element-9ce842e elementor-widget elementor-widget-heading\" data-id=\"9ce842e\" data-element_type=\"widget\" data-widget_type=\"heading.default\">\n\t\t\t\t<div class=\"elementor-widget-container\">\n\t\t\t<h2 class=\"elementor-heading-title elementor-size-default\">Le parcours de la visite<\/h2>\t\t<\/div>\n\t\t\t\t<\/div>\n\t\t\t\t<div class=\"elementor-element elementor-element-d55b497 elementor-widget elementor-widget-heading\" data-id=\"d55b497\" data-element_type=\"widget\" data-widget_type=\"heading.default\">\n\t\t\t\t<div class=\"elementor-widget-container\">\n\t\t\t<h3 class=\"elementor-heading-title elementor-size-default\">Etape II<\/h3>\t\t<\/div>\n\t\t\t\t<\/div>\n\t\t\t\t<div class=\"elementor-element elementor-element-c835ee7 elementor-widget-divider--view-line elementor-widget elementor-widget-divider\" data-id=\"c835ee7\" data-element_type=\"widget\" data-widget_type=\"divider.default\">\n\t\t\t\t<div class=\"elementor-widget-container\">\n\t\t\t\t\t<div class=\"elementor-divider\">\n\t\t\t<span class=\"elementor-divider-separator\">\n\t\t\t\t\t\t<\/span>\n\t\t<\/div>\n\t\t\t\t<\/div>\n\t\t\t\t<\/div>\n\t\t\t\t<section class=\"has_eae_slider elementor-section elementor-inner-section elementor-element elementor-element-b0cdcdb elementor-section-content-middle elementor-section-boxed elementor-section-height-default elementor-section-height-default\" data-id=\"b0cdcdb\" data-element_type=\"section\">\n\t\t\t\t\t\t<div class=\"elementor-container elementor-column-gap-default\">\n\t\t\t\t\t\t\t<div class=\"elementor-row\">\n\t\t\t\t\t<div class=\"has_eae_slider elementor-column elementor-col-25 elementor-inner-column elementor-element elementor-element-a642232\" data-id=\"a642232\" data-element_type=\"column\">\n\t\t\t<div class=\"elementor-column-wrap elementor-element-populated\">\n\t\t\t\t\t\t\t<div class=\"elementor-widget-wrap\">\n\t\t\t\t\t\t<div class=\"elementor-element elementor-element-491c7d1 elementor-widget elementor-widget-heading\" data-id=\"491c7d1\" data-element_type=\"widget\" data-widget_type=\"heading.default\">\n\t\t\t\t<div class=\"elementor-widget-container\">\n\t\t\t<h4 class=\"elementor-heading-title elementor-size-default\">Maison Namuroy<\/h4>\t\t<\/div>\n\t\t\t\t<\/div>\n\t\t\t\t<div class=\"elementor-element elementor-element-36a7518 elementor-widget elementor-widget-image\" data-id=\"36a7518\" data-element_type=\"widget\" data-widget_type=\"image.default\">\n\t\t\t\t<div class=\"elementor-widget-container\">\n\t\t\t\t\t\t\t\t<div class=\"elementor-image\">\n\t\t\t\t\t\t\t\t\t\t\t\t<img width=\"917\" height=\"1024\" src=\"https:\/\/crm-umr8596.huma-num.fr\/Charleville\/wp-content\/uploads\/2020\/12\/GeneaLogis_fig-6_maison-1_Namuroy-1-917x1024.jpg\" class=\"attachment-large size-large\" alt=\"\" loading=\"lazy\" \/>\t\t\t\t\t\t\t\t\t\t\t\t\t\t<\/div>\n\t\t\t\t\t\t<\/div>\n\t\t\t\t<\/div>\n\t\t\t\t\t\t<\/div>\n\t\t\t\t\t<\/div>\n\t\t<\/div>\n\t\t\t\t<div class=\"has_eae_slider elementor-column elementor-col-50 elementor-inner-column elementor-element elementor-element-7065a33\" data-id=\"7065a33\" data-element_type=\"column\">\n\t\t\t<div class=\"elementor-column-wrap elementor-element-populated\">\n\t\t\t\t\t\t\t<div class=\"elementor-widget-wrap\">\n\t\t\t\t\t\t<div class=\"elementor-element elementor-element-737a271 elementor-widget elementor-widget-shortcode\" data-id=\"737a271\" data-element_type=\"widget\" data-widget_type=\"shortcode.default\">\n\t\t\t\t<div class=\"elementor-widget-container\">\n\t\t\t\t\t<div class=\"elementor-shortcode\"><div class=\"leaflet-map WPLeafletMap\" style=\"height:400px; width:100%;\"><\/div><script>\nwindow.WPLeafletMapPlugin = window.WPLeafletMapPlugin || [];\nwindow.WPLeafletMapPlugin.push(function WPLeafletMapShortcode() {\/*<script>*\/\nvar baseUrl = 'https:\/\/{s}.tile.openstreetmap.org\/{z}\/{x}\/{y}.png';\nvar base = (!baseUrl && window.MQ) ? \n    window.MQ.mapLayer() : L.tileLayer(baseUrl, \n        L.Util.extend({}, {\n            detectRetina: 0,\n            minZoom: 12,\n            maxZoom: 19,\n        }, \n        {\"subdomains\":\"abc\",\"noWrap\":false}        )\n    );\n    var options = L.Util.extend({}, {\n        layers: [base],\n        attributionControl: false\n    }, \n    {\"zoomControl\":true,\"scrollWheelZoom\":false,\"doubleClickZoom\":false,\"fitBounds\":true,\"minZoom\":12,\"maxZoom\":19,\"attribution\":\"<a href=\\\"http:\\\/\\\/leafletjs.com\\\" title=\\\"Une biblioth\\u00e8que JS pour des cartes interactives\\\">Leaflet<\\\/a>; \\u00a9 <a href=\\\"http:\\\/\\\/www.openstreetmap.org\\\/copyright\\\">OpenStreetMap<\\\/a> contributeurs\"}, \n    {});\nwindow.WPLeafletMapPlugin.createMap(options).setView([44.67,-63.61],18);});<\/script>\n\n<script>\nwindow.WPLeafletMapPlugin = window.WPLeafletMapPlugin || [];\nwindow.WPLeafletMapPlugin.push(function WPLeafletMarkerShortcode() {\/*<script>*\/\nvar map = window.WPLeafletMapPlugin.getCurrentMap();\nvar group = window.WPLeafletMapPlugin.getCurrentGroup();\nvar marker_options = (function () {\n    var _options = {\"svg\":true,\"background\":\"#4B2515\",\"iconClass\":\"dashicons dashicons-admin-home\",\"color\":\"white\"};\n    var iconArrays = [\n        'iconSize', \n        'iconAnchor', \n        'shadowSize', \n        'shadowAnchor',\n        'popupAnchor'\n    ];\n    var default_icon = L.Icon.Default.prototype.options;\n    if (_options.iconUrl) {\n        \/\/ arrays are strings, unfortunately...\n        for (var i = 0, len = iconArrays.length; i < len; i++) {\n            var option_name = iconArrays[i];\n            var option = _options[ option_name ];\n            \/\/ convert \"1,2\" to [1, 2];\n            if (option) {\n                var arr = option.join('').split(',');\n                \/\/ array.map for ie<9\n                for (var j = 0, lenJ = arr.length; j < lenJ; j++) {\n                    arr[j] = Number(arr[j]);\n                }\n                _options[ option_name ] = arr;\n            }\n        }\n        \/\/ default popupAnchor\n        if (!_options.popupAnchor) {\n            \/\/ set (roughly) to size of icon\n            _options.popupAnchor = (function (i_size) {\n                \/\/ copy array\n                i_size = i_size.slice();\n                \n                \/\/ inverse coordinates\n                i_size[0] = 0;\n                i_size[1] *= -1;\n                \/\/ bottom position on popup is 7px\n                i_size[1] -= 3;\n                return i_size;\n            })(_options.iconSize || default_icon.iconSize);\n        }\n        _options.icon = new L.Icon( _options );\n    }\n    return _options;\n})();\nvar marker = new L.SVGMarker(\n    [49.773677644842,4.7218251228333], \n    marker_options\n);\nvar is_image = map.is_image_map;\nif (marker_options.draggable) {\n    marker.on('dragend', function () {\n        var latlng = this.getLatLng();\n        var lat = latlng.lat;\n        var lng = latlng.lng;\n        if (is_image) {\n            console.log('leaflet-marker y=' + lat + ' x=' + lng);\n        } else {\n            console.log('leaflet-marker lat=' + lat + ' lng=' + lng);\n        }\n    });\n}\nmarker.addTo( group );\nmarker.bindPopup(window.WPLeafletMapPlugin.unescape('II - Maison Namuroy&lt;br&gt;'));window.WPLeafletMapPlugin.markers.push( marker );\n        });<\/script>\n\n<script>\nwindow.WPLeafletMapPlugin = window.WPLeafletMapPlugin || [];\nwindow.WPLeafletMapPlugin.push(function WPLeafletMarkerShortcode() {\/*<script>*\/\nvar map = window.WPLeafletMapPlugin.getCurrentMap();\nvar group = window.WPLeafletMapPlugin.getCurrentGroup();\nvar marker_options = (function () {\n    var _options = {\"svg\":true,\"background\":\"#4B2515\",\"iconClass\":\"dashicons dashicons-admin-home\",\"color\":\"white\"};\n    var iconArrays = [\n        'iconSize', \n        'iconAnchor', \n        'shadowSize', \n        'shadowAnchor',\n        'popupAnchor'\n    ];\n    var default_icon = L.Icon.Default.prototype.options;\n    if (_options.iconUrl) {\n        \/\/ arrays are strings, unfortunately...\n        for (var i = 0, len = iconArrays.length; i < len; i++) {\n            var option_name = iconArrays[i];\n            var option = _options[ option_name ];\n            \/\/ convert \"1,2\" to [1, 2];\n            if (option) {\n                var arr = option.join('').split(',');\n                \/\/ array.map for ie<9\n                for (var j = 0, lenJ = arr.length; j < lenJ; j++) {\n                    arr[j] = Number(arr[j]);\n                }\n                _options[ option_name ] = arr;\n            }\n        }\n        \/\/ default popupAnchor\n        if (!_options.popupAnchor) {\n            \/\/ set (roughly) to size of icon\n            _options.popupAnchor = (function (i_size) {\n                \/\/ copy array\n                i_size = i_size.slice();\n                \n                \/\/ inverse coordinates\n                i_size[0] = 0;\n                i_size[1] *= -1;\n                \/\/ bottom position on popup is 7px\n                i_size[1] -= 3;\n                return i_size;\n            })(_options.iconSize || default_icon.iconSize);\n        }\n        _options.icon = new L.Icon( _options );\n    }\n    return _options;\n})();\nvar marker = new L.SVGMarker(\n    [49.773764254435,4.7216239571571], \n    marker_options\n);\nvar is_image = map.is_image_map;\nif (marker_options.draggable) {\n    marker.on('dragend', function () {\n        var latlng = this.getLatLng();\n        var lat = latlng.lat;\n        var lng = latlng.lng;\n        if (is_image) {\n            console.log('leaflet-marker y=' + lat + ' x=' + lng);\n        } else {\n            console.log('leaflet-marker lat=' + lat + ' lng=' + lng);\n        }\n    });\n}\nmarker.addTo( group );\nmarker.bindPopup(window.WPLeafletMapPlugin.unescape('III - Maison Pierquin&lt;br&gt;')).openPopup();window.WPLeafletMapPlugin.markers.push( marker );\n        });<\/script>\n\n<script>\nwindow.WPLeafletMapPlugin = window.WPLeafletMapPlugin || [];\nwindow.WPLeafletMapPlugin.push(function WPLeafletLineShortcode() {\/*<script>*\/\nvar previous_map = window.WPLeafletMapPlugin.getCurrentMap();\nvar group = window.WPLeafletMapPlugin.getCurrentGroup();\nvar shape = L.polyline([[49.77367764484158,4.721825122833253],[49.77376425443543,4.721623957157136]], {\"color\":\"#102230\"});\nvar fitbounds = 0;\nshape.addTo( group );\nif (fitbounds) {\n    \/\/ zoom the map to the shape\n    previous_map.fitBounds( shape.getBounds() );\n}\nwindow.WPLeafletMapPlugin.lines.push( shape );});<\/script>\n\n<script>\nwindow.WPLeafletMapPlugin = window.WPLeafletMapPlugin || [];\nwindow.WPLeafletMapPlugin.push(function WPLeafletLineShortcode() {\/*<script>*\/\nvar previous_map = window.WPLeafletMapPlugin.getCurrentMap();\nvar group = window.WPLeafletMapPlugin.getCurrentGroup();\nvar shape = L.polygon([[49.77395281,4.7218389],[49.77377516,4.72174313],[49.77381224,4.72157869],[49.77398696,4.7216723],[49.77411354,4.72174166],[49.77407662,4.72190315]], {\"color\":\"#102230\",\"fillColor\":\"#726047\"});\nvar fitbounds = 0;\nshape.addTo( group );\nif (fitbounds) {\n    \/\/ zoom the map to the shape\n    previous_map.fitBounds( shape.getBounds() );\n}\nshape.bindPopup(window.WPLeafletMapPlugin.unescape('Maison Pierquin&lt;br&gt;Emprise de 1834'));window.WPLeafletMapPlugin.polygons.push( shape );});<\/script><\/div>\n\t\t\t\t<\/div>\n\t\t\t\t<\/div>\n\t\t\t\t\t\t<\/div>\n\t\t\t\t\t<\/div>\n\t\t<\/div>\n\t\t\t\t<div class=\"has_eae_slider elementor-column elementor-col-25 elementor-inner-column elementor-element elementor-element-204f743\" data-id=\"204f743\" data-element_type=\"column\">\n\t\t\t<div class=\"elementor-column-wrap elementor-element-populated\">\n\t\t\t\t\t\t\t<div class=\"elementor-widget-wrap\">\n\t\t\t\t\t\t<div class=\"elementor-element elementor-element-61e4ebb elementor-widget elementor-widget-heading\" data-id=\"61e4ebb\" data-element_type=\"widget\" data-widget_type=\"heading.default\">\n\t\t\t\t<div class=\"elementor-widget-container\">\n\t\t\t<h4 class=\"elementor-heading-title elementor-size-default\">La maison Pierquin<\/h4>\t\t<\/div>\n\t\t\t\t<\/div>\n\t\t\t\t<div class=\"elementor-element elementor-element-e03eda9 elementor-widget elementor-widget-image\" data-id=\"e03eda9\" data-element_type=\"widget\" data-widget_type=\"image.default\">\n\t\t\t\t<div class=\"elementor-widget-container\">\n\t\t\t\t\t\t\t\t<div class=\"elementor-image\">\n\t\t\t\t\t\t\t\t\t\t\t\t<img width=\"916\" height=\"1024\" src=\"https:\/\/crm-umr8596.huma-num.fr\/Charleville\/wp-content\/uploads\/2020\/12\/GeneaLogis_fig-10_maison-2_Pierquin-916x1024.jpg\" class=\"attachment-large size-large\" alt=\"\" loading=\"lazy\" \/>\t\t\t\t\t\t\t\t\t\t\t\t\t\t<\/div>\n\t\t\t\t\t\t<\/div>\n\t\t\t\t<\/div>\n\t\t\t\t\t\t<\/div>\n\t\t\t\t\t<\/div>\n\t\t<\/div>\n\t\t\t\t\t\t\t\t<\/div>\n\t\t\t\t\t<\/div>\n\t\t<\/section>\n\t\t\t\t\t\t<\/div>\n\t\t\t\t\t<\/div>\n\t\t<\/div>\n\t\t\t\t\t\t\t\t<\/div>\n\t\t\t\t\t<\/div>\n\t\t<\/section>\n\t\t\t\t<section class=\"has_eae_slider elementor-section elementor-top-section elementor-element elementor-element-50ee741 elementor-reverse-mobile elementor-section-boxed elementor-section-height-default elementor-section-height-default\" data-id=\"50ee741\" data-element_type=\"section\" data-settings=\"{&quot;background_background&quot;:&quot;classic&quot;}\">\n\t\t\t\t\t\t\t<div class=\"elementor-background-overlay\"><\/div>\n\t\t\t\t\t\t\t<div class=\"elementor-container elementor-column-gap-default\">\n\t\t\t\t\t\t\t<div class=\"elementor-row\">\n\t\t\t\t\t<div class=\"has_eae_slider elementor-column elementor-col-50 elementor-top-column elementor-element elementor-element-3f15c93 elementor-hidden-tablet elementor-hidden-phone\" data-id=\"3f15c93\" data-element_type=\"column\" data-settings=\"{&quot;background_background&quot;:&quot;classic&quot;}\">\n\t\t\t<div class=\"elementor-column-wrap elementor-element-populated\">\n\t\t\t\t\t\t\t<div class=\"elementor-widget-wrap\">\n\t\t\t\t\t\t<div class=\"elementor-element elementor-element-dc2360b elementor-widget elementor-widget-htmega-verticletimeline-addons\" data-id=\"dc2360b\" data-element_type=\"widget\" data-widget_type=\"htmega-verticletimeline-addons.default\">\n\t\t\t\t<div class=\"elementor-widget-container\">\n\t\t\t        <div class=\"htc-verctimeline-wrapper htmega-verticletimeline-style-2\">\n\n                           \n                                    <div class=\"ht-ver-timeline--2\">\n                                                    <div class=\"vertical-time\">\n                                <div class=\"vertical-date\">\n                                    <span class=\"month\">1843<br><br><\/span>\n                                <\/div>\n                            <\/div>\n                                                    <div class=\"timeline-content\">\n                                Gabriel Remy Jules Balteau, marchand de toile, l\u2019ach\u00e8te aux filles de Pierre Vall\u00e9e dit Le Sage.                            <\/div>\n                                            <\/div>\n                \n                           \n                                    <div class=\"ht-ver-timeline--2 vertical-reverse\">\n                                                    <div class=\"vertical-time\">\n                                <div class=\"vertical-date\">\n                                    <span class=\"month\">D\u00e9but du XIXe si\u00e8cle<br><br><\/span>\n                                <\/div>\n                            <\/div>\n                                                    <div class=\"timeline-content\">\n                                Pierre Vall\u00e9e dit Le Sage s\u2019y installe.                            <\/div>\n                                            <\/div>\n\n                \n                           \n                                    <div class=\"ht-ver-timeline--2\">\n                                                    <div class=\"vertical-time\">\n                                <div class=\"vertical-date\">\n                                    <span class=\"month\">1787<br><br><\/span>\n                                <\/div>\n                            <\/div>\n                                                    <div class=\"timeline-content\">\n                                Pierre Augustin, marchand, est propri\u00e9taire.                            <\/div>\n                                            <\/div>\n                \n                           \n                                    <div class=\"ht-ver-timeline--2 vertical-reverse\">\n                                                    <div class=\"vertical-time\">\n                                <div class=\"vertical-date\">\n                                    <span class=\"month\">1769<br><br><\/span>\n                                <\/div>\n                            <\/div>\n                                                    <div class=\"timeline-content\">\n                                Thomas Etienne Viot et sa femme Marie Julie Ren\u00e9e Laram\u00e9e ach\u00e8tent la maison et l\u2019occupent.                            <\/div>\n                                            <\/div>\n\n                \n                           \n                                    <div class=\"ht-ver-timeline--2\">\n                                                    <div class=\"vertical-time\">\n                                <div class=\"vertical-date\">\n                                    <span class=\"month\">1768 <br><br><\/span>\n                                <\/div>\n                            <\/div>\n                                                    <div class=\"timeline-content\">\n                                mort de Jeanne Pierquin, scell\u00e9s sur la maison et mise aux ench\u00e8res du mobilier et de la maison. Louis Biguet, fils de Marie Marguerite Pierquin et neveu de Jeanne et d\u2019Anne, rach\u00e8te la maison aux autres h\u00e9ritiers.                            <\/div>\n                                            <\/div>\n                \n                           \n                                    <div class=\"ht-ver-timeline--2 vertical-reverse\">\n                                                    <div class=\"vertical-time\">\n                                <div class=\"vertical-date\">\n                                    <span class=\"month\">1766<br><br><\/span>\n                                <\/div>\n                            <\/div>\n                                                    <div class=\"timeline-content\">\n                                \u00e0 la mort de sa s\u0153ur, Jeanne Pierquin, veuve Namuroy, a la jouissance de la maison.                             <\/div>\n                                            <\/div>\n\n                \n                           \n                                    <div class=\"ht-ver-timeline--2\">\n                                                    <div class=\"vertical-time\">\n                                <div class=\"vertical-date\">\n                                    <span class=\"month\">1704<br><br><\/span>\n                                <\/div>\n                            <\/div>\n                                                    <div class=\"timeline-content\">\n                                Anne Pierquin, fille de Louis, \u00e9pouse en premi\u00e8res noces de Claude Antoine Parmentier, chevalier, seigneur de Mareuil, en 1714.                            <\/div>\n                                            <\/div>\n                \n                           \n                                    <div class=\"ht-ver-timeline--2 vertical-reverse\">\n                                                    <div class=\"vertical-time\">\n                                <div class=\"vertical-date\">\n                                    <span class=\"month\">1666<br><br><\/span>\n                                <\/div>\n                            <\/div>\n                                                    <div class=\"timeline-content\">\n                                Louis Pierquin, avocat, lieutenant des traites de la juridiction de Charleville                             <\/div>\n                                            <\/div>\n\n                \n            \n        <\/div>\n\n        \t\t<\/div>\n\t\t\t\t<\/div>\n\t\t\t\t\t\t<\/div>\n\t\t\t\t\t<\/div>\n\t\t<\/div>\n\t\t\t\t<div class=\"has_eae_slider elementor-column elementor-col-50 elementor-top-column elementor-element elementor-element-159b62a\" data-id=\"159b62a\" data-element_type=\"column\">\n\t\t\t<div class=\"elementor-column-wrap elementor-element-populated\">\n\t\t\t\t\t\t\t<div class=\"elementor-widget-wrap\">\n\t\t\t\t\t\t<div class=\"elementor-element elementor-element-8147aa2 elementor-widget elementor-widget-heading\" data-id=\"8147aa2\" data-element_type=\"widget\" data-widget_type=\"heading.default\">\n\t\t\t\t<div class=\"elementor-widget-container\">\n\t\t\t<h2 class=\"elementor-heading-title elementor-size-default\">La maison Pierquin : <\/h2>\t\t<\/div>\n\t\t\t\t<\/div>\n\t\t\t\t<div class=\"elementor-element elementor-element-158ba83 elementor-widget elementor-widget-heading\" data-id=\"158ba83\" data-element_type=\"widget\" data-widget_type=\"heading.default\">\n\t\t\t\t<div class=\"elementor-widget-container\">\n\t\t\t<h3 class=\"elementor-heading-title elementor-size-default\">des notables aux marchands <\/h3>\t\t<\/div>\n\t\t\t\t<\/div>\n\t\t\t\t<div class=\"elementor-element elementor-element-919d9b6 elementor-hidden-tablet elementor-hidden-phone elementor-widget elementor-widget-heading\" data-id=\"919d9b6\" data-element_type=\"widget\" data-widget_type=\"heading.default\">\n\t\t\t\t<div class=\"elementor-widget-container\">\n\t\t\t<h5 class=\"elementor-heading-title elementor-size-default\">G\u00e9n\u00e9alogie de la maison de 1666 \u00e0 1843<\/h5>\t\t<\/div>\n\t\t\t\t<\/div>\n\t\t\t\t<div class=\"elementor-element elementor-element-9cc4839 elementor-widget elementor-widget-image\" data-id=\"9cc4839\" data-element_type=\"widget\" data-widget_type=\"image.default\">\n\t\t\t\t<div class=\"elementor-widget-container\">\n\t\t\t\t\t\t\t\t<div class=\"elementor-image\">\n\t\t\t\t\t\t\t\t\t\t\t\t<img width=\"1222\" height=\"1366\" src=\"https:\/\/crm-umr8596.huma-num.fr\/Charleville\/wp-content\/uploads\/2020\/12\/GeneaLogis_fig-10_maison-2_Pierquin.jpg\" class=\"attachment-full size-full\" alt=\"\" loading=\"lazy\" \/>\t\t\t\t\t\t\t\t\t\t\t\t\t\t<\/div>\n\t\t\t\t\t\t<\/div>\n\t\t\t\t<\/div>\n\t\t\t\t<div class=\"elementor-element elementor-element-3ebdf40 elementor-widget elementor-widget-heading\" data-id=\"3ebdf40\" data-element_type=\"widget\" data-widget_type=\"heading.default\">\n\t\t\t\t<div class=\"elementor-widget-container\">\n\t\t\t<h5 class=\"elementor-heading-title elementor-size-default\">La fa\u00e7ade de la maison Pierquin sur la place | 38 place Ducale<\/h5>\t\t<\/div>\n\t\t\t\t<\/div>\n\t\t\t\t\t\t<\/div>\n\t\t\t\t\t<\/div>\n\t\t<\/div>\n\t\t\t\t\t\t\t\t<\/div>\n\t\t\t\t\t<\/div>\n\t\t<\/section>\n\t\t\t\t<section class=\"has_eae_slider elementor-section elementor-top-section elementor-element elementor-element-765636c elementor-section-boxed elementor-section-height-default elementor-section-height-default\" data-id=\"765636c\" data-element_type=\"section\">\n\t\t\t\t\t\t<div class=\"elementor-container elementor-column-gap-default\">\n\t\t\t\t\t\t\t<div class=\"elementor-row\">\n\t\t\t\t\t<div class=\"has_eae_slider elementor-column elementor-col-50 elementor-top-column elementor-element elementor-element-555a115\" data-id=\"555a115\" data-element_type=\"column\">\n\t\t\t<div class=\"elementor-column-wrap elementor-element-populated\">\n\t\t\t\t\t\t\t<div class=\"elementor-widget-wrap\">\n\t\t\t\t\t\t<div class=\"elementor-element elementor-element-c687e78 elementor-widget elementor-widget-heading\" data-id=\"c687e78\" data-element_type=\"widget\" data-widget_type=\"heading.default\">\n\t\t\t\t<div class=\"elementor-widget-container\">\n\t\t\t<h3 class=\"elementor-heading-title elementor-size-default\">La vie de famille des Pierquin<br>  dans la maison de la place ducale <\/h3>\t\t<\/div>\n\t\t\t\t<\/div>\n\t\t\t\t<div class=\"elementor-element elementor-element-ff731b8 elementor-widget elementor-widget-text-editor\" data-id=\"ff731b8\" data-element_type=\"widget\" data-widget_type=\"text-editor.default\">\n\t\t\t\t<div class=\"elementor-widget-container\">\n\t\t\t\t\t\t\t\t<div class=\"elementor-text-editor elementor-clearfix\">\n\t\t\t\t<p>On ne conna\u00eet pas les premiers occupants ou propri\u00e9taires de la maison. En 1666, <strong>Louis Pierquin<\/strong>, fils de Ponce Pierquin et Anne Galopin, avocat, lieutenant des traites, y vit avec son \u00e9pouse, Alexis Malherbe. <strong>Des 14 enfants du couple, seuls cinq parviennent \u00e0 l\u2019\u00e2ge adulte, quatre filles et un fils. <\/strong>Lorsque Louis Pierquin meurt le 18 octobre 1704, il est inhum\u00e9 en bon notable dans l\u2019\u00e9glise, son a\u00een\u00e9e a alors 27 ans et ses benjamins, des jumeaux, ont 7 ans.<\/p><p>Les quatre s\u0153urs survivantes, Anne, Jeanne, Marie Marguerite et Marie Madeleine, sont rest\u00e9es tr\u00e8s li\u00e9es jusqu\u2019\u00e0 leur mort. Les a\u00een\u00e9es, Anne et Jeanne, ont m\u00eame joint leurs revenus et leur solitude quand elles sont devenues veuves. <strong>Les deux s\u0153urs ont cohabit\u00e9 pendant une quinzaine d\u2019ann\u00e9e dans la maison familiale<\/strong>. Sur le recensement de 1762, on lit que la dame Mareuil et la dame Namuroy ont aussi deux domestiques (A.C. Charleville, BB\u00a054).<\/p>\t\t\t\t\t<\/div>\n\t\t\t\t\t\t<\/div>\n\t\t\t\t<\/div>\n\t\t\t\t\t\t<\/div>\n\t\t\t\t\t<\/div>\n\t\t<\/div>\n\t\t\t\t<div class=\"has_eae_slider elementor-column elementor-col-50 elementor-top-column elementor-element elementor-element-7855d6a\" data-id=\"7855d6a\" data-element_type=\"column\">\n\t\t\t<div class=\"elementor-column-wrap elementor-element-populated\">\n\t\t\t\t\t\t\t<div class=\"elementor-widget-wrap\">\n\t\t\t\t\t\t<div class=\"elementor-element elementor-element-a4a132d elementor-widget elementor-widget-image\" data-id=\"a4a132d\" data-element_type=\"widget\" data-widget_type=\"image.default\">\n\t\t\t\t<div class=\"elementor-widget-container\">\n\t\t\t\t\t\t\t\t<div class=\"elementor-image\">\n\t\t\t\t\t\t\t\t\t\t\t\t\t<a href=\"http:\/\/crm-umr8596.huma-num.fr\/Charleville\/wp-content\/uploads\/2020\/12\/GeneaLogis_fig-11_legs-soeurs-Pierquin.jpg\" data-elementor-open-lightbox=\"yes\" data-elementor-lightbox-title=\"Anne fait de sa s\u0153ur Jeanne sa l\u00e9gataire universelle en 1766\">\n\t\t\t\t\t\t\t<img width=\"1366\" height=\"437\" src=\"https:\/\/crm-umr8596.huma-num.fr\/Charleville\/wp-content\/uploads\/2020\/12\/GeneaLogis_fig-11_legs-soeurs-Pierquin.jpg\" class=\"attachment-full size-full\" alt=\"\" loading=\"lazy\" \/>\t\t\t\t\t\t\t\t<\/a>\n\t\t\t\t\t\t\t\t\t\t\t\t\t\t<\/div>\n\t\t\t\t\t\t<\/div>\n\t\t\t\t<\/div>\n\t\t\t\t<div class=\"elementor-element elementor-element-37f134d elementor-widget elementor-widget-heading\" data-id=\"37f134d\" data-element_type=\"widget\" data-widget_type=\"heading.default\">\n\t\t\t\t<div class=\"elementor-widget-container\">\n\t\t\t<h5 class=\"elementor-heading-title elementor-size-default\">Anne fait de sa s\u0153ur Jeanne sa l\u00e9gataire universelle en 1766<\/h5>\t\t<\/div>\n\t\t\t\t<\/div>\n\t\t\t\t<div class=\"elementor-element elementor-element-f878b10 elementor-widget-divider--view-line elementor-widget elementor-widget-divider\" data-id=\"f878b10\" data-element_type=\"widget\" data-widget_type=\"divider.default\">\n\t\t\t\t<div class=\"elementor-widget-container\">\n\t\t\t\t\t<div class=\"elementor-divider\">\n\t\t\t<span class=\"elementor-divider-separator\">\n\t\t\t\t\t\t<\/span>\n\t\t<\/div>\n\t\t\t\t<\/div>\n\t\t\t\t<\/div>\n\t\t\t\t<div class=\"elementor-element elementor-element-79ed379 elementor-widget elementor-widget-text-editor\" data-id=\"79ed379\" data-element_type=\"widget\" data-widget_type=\"text-editor.default\">\n\t\t\t\t<div class=\"elementor-widget-container\">\n\t\t\t\t\t\t\t\t<div class=\"elementor-text-editor elementor-clearfix\">\n\t\t\t\t<p>Deux ans apr\u00e8s sa s\u0153ur, Jeanne Pierquin meurt en 1768. Aucune de ces femmes n\u2019a eu d\u2019enfants ayant surv\u00e9cu. Leurs h\u00e9ritiers, les enfants de leur cadette Marie Marguerite, \u00e9pouse de R\u00e9mi Fran\u00e7ois Biguet, ne gardent cependant pas la maison. Elle est vendue d\u00e8s 1770.<\/p>\t\t\t\t\t<\/div>\n\t\t\t\t\t\t<\/div>\n\t\t\t\t<\/div>\n\t\t\t\t<div class=\"elementor-element elementor-element-ba7f89e elementor-widget elementor-widget-heading\" data-id=\"ba7f89e\" data-element_type=\"widget\" data-widget_type=\"heading.default\">\n\t\t\t\t<div class=\"elementor-widget-container\">\n\t\t\t<h5 class=\"elementor-heading-title elementor-size-default\">Transcription du rappel du testament d\u2019Anne Pierquin veuve Mareuil, 1766 dans un acte en 1769<\/h5>\t\t<\/div>\n\t\t\t\t<\/div>\n\t\t\t\t<div class=\"elementor-element elementor-element-22f0b06 elementor-widget elementor-widget-text-editor\" data-id=\"22f0b06\" data-element_type=\"widget\" data-widget_type=\"text-editor.default\">\n\t\t\t\t<div class=\"elementor-widget-container\">\n\t\t\t\t\t\t\t\t<div class=\"elementor-text-editor elementor-clearfix\">\n\t\t\t\t<p>\u00ab\u00a0<em>ayant entre autres dispostions institu\u00e9 la dite dame Jeanne Pierquin sa s\u0153ur sa l\u00e9gataire universelle de tous les biens meubles acqu\u00eats et conquets et de ce que la coutume de Paris lui permettait de lui donner dans ses propres aux charges et conditions port\u00e9es en dit testamens\u00a0\u00bb <\/em><br \/>(A.D. Ardennes, 3 E 6\/38 14 ao\u00fbt 1769)<\/p>\t\t\t\t\t<\/div>\n\t\t\t\t\t\t<\/div>\n\t\t\t\t<\/div>\n\t\t\t\t\t\t<\/div>\n\t\t\t\t\t<\/div>\n\t\t<\/div>\n\t\t\t\t\t\t\t\t<\/div>\n\t\t\t\t\t<\/div>\n\t\t<\/section>\n\t\t\t\t<section class=\"has_eae_slider elementor-section elementor-top-section elementor-element elementor-element-ca99427 elementor-section-boxed elementor-section-height-default elementor-section-height-default\" data-id=\"ca99427\" data-element_type=\"section\">\n\t\t\t\t\t\t<div class=\"elementor-container elementor-column-gap-default\">\n\t\t\t\t\t\t\t<div class=\"elementor-row\">\n\t\t\t\t\t<div class=\"has_eae_slider elementor-column elementor-col-100 elementor-top-column elementor-element elementor-element-0122917\" data-id=\"0122917\" data-element_type=\"column\" data-settings=\"{&quot;background_background&quot;:&quot;classic&quot;}\">\n\t\t\t<div class=\"elementor-column-wrap elementor-element-populated\">\n\t\t\t\t\t\t\t<div class=\"elementor-widget-wrap\">\n\t\t\t\t\t\t<div class=\"elementor-element elementor-element-a059e60 elementor-widget elementor-widget-heading\" data-id=\"a059e60\" data-element_type=\"widget\" data-widget_type=\"heading.default\">\n\t\t\t\t<div class=\"elementor-widget-container\">\n\t\t\t<h3 class=\"elementor-heading-title elementor-size-default\">Thomas Etienne Viot, dernier propri\u00e9taire et unique r\u00e9sident de la maison<\/h3>\t\t<\/div>\n\t\t\t\t<\/div>\n\t\t\t\t<div class=\"elementor-element elementor-element-f0d6a79 elementor-widget elementor-widget-text-editor\" data-id=\"f0d6a79\" data-element_type=\"widget\" data-widget_type=\"text-editor.default\">\n\t\t\t\t<div class=\"elementor-widget-container\">\n\t\t\t\t\t\t\t\t<div class=\"elementor-text-editor elementor-clearfix\">\n\t\t\t\t<p>La maison est encore la propri\u00e9t\u00e9 d\u2019un notable qui <strong>l\u2019occupe enti\u00e8rement<\/strong>. Viot est un homme tr\u00e8s impliqu\u00e9 dans la vie carolopolitaine\u00a0: il est <strong>directeur de la ville et de la police, l\u2019administrateur de l\u2019H\u00f4tel-dieu<\/strong> de 1773 \u00e0 1786.<\/p><p>Les h\u00e9ritiers Viot conservent la maison jusque dans les ann\u00e9es 1780, mais ils pr\u00e9f\u00e8rent la <strong>mettre en location<\/strong>. En 1787, elle est occup\u00e9e par deux m\u00e9nages, l\u2019un compos\u00e9 de Jacques Lebrun, cabaretier, sa femme, leurs cinq enfants, et l\u2019autre de Ma\u00eetre Frougnut, avocat et notaire, son \u00e9pouse et leur domestique.<\/p>\t\t\t\t\t<\/div>\n\t\t\t\t\t\t<\/div>\n\t\t\t\t<\/div>\n\t\t\t\t\t\t<\/div>\n\t\t\t\t\t<\/div>\n\t\t<\/div>\n\t\t\t\t\t\t\t\t<\/div>\n\t\t\t\t\t<\/div>\n\t\t<\/section>\n\t\t\t\t<section class=\"has_eae_slider elementor-section elementor-top-section elementor-element elementor-element-1c48646 elementor-hidden-desktop elementor-section-boxed elementor-section-height-default elementor-section-height-default\" data-id=\"1c48646\" data-element_type=\"section\">\n\t\t\t\t\t\t<div class=\"elementor-container elementor-column-gap-default\">\n\t\t\t\t\t\t\t<div class=\"elementor-row\">\n\t\t\t\t\t<div class=\"has_eae_slider elementor-column elementor-col-100 elementor-top-column elementor-element elementor-element-b2229f1\" data-id=\"b2229f1\" data-element_type=\"column\">\n\t\t\t<div class=\"elementor-column-wrap elementor-element-populated\">\n\t\t\t\t\t\t\t<div class=\"elementor-widget-wrap\">\n\t\t\t\t\t\t<div class=\"elementor-element elementor-element-dfca1fe elementor-widget elementor-widget-heading\" data-id=\"dfca1fe\" data-element_type=\"widget\" data-widget_type=\"heading.default\">\n\t\t\t\t<div class=\"elementor-widget-container\">\n\t\t\t<h4 class=\"elementor-heading-title elementor-size-default\">Une maison de marchands<\/h4>\t\t<\/div>\n\t\t\t\t<\/div>\n\t\t\t\t<div class=\"elementor-element elementor-element-878d133 elementor-widget elementor-widget-image\" data-id=\"878d133\" data-element_type=\"widget\" data-widget_type=\"image.default\">\n\t\t\t\t<div class=\"elementor-widget-container\">\n\t\t\t\t\t\t\t\t<div class=\"elementor-image\">\n\t\t\t\t\t\t\t\t\t\t\t\t\t<a href=\"http:\/\/crm-umr8596.huma-num.fr\/Charleville\/wp-content\/uploads\/2020\/12\/GeneaLogis_fig-12_La-Vallee-et-ses-locataires-en-1834.png\" data-elementor-open-lightbox=\"yes\" data-elementor-lightbox-title=\"Occupation de la maison \u00ab Pierquin \u00bb selon la matrice cadastrale de 1834\">\n\t\t\t\t\t\t\t<img width=\"1366\" height=\"1013\" src=\"https:\/\/crm-umr8596.huma-num.fr\/Charleville\/wp-content\/uploads\/2020\/12\/GeneaLogis_fig-12_La-Vallee-et-ses-locataires-en-1834.png\" class=\"attachment-full size-full\" alt=\"\" loading=\"lazy\" \/>\t\t\t\t\t\t\t\t<\/a>\n\t\t\t\t\t\t\t\t\t\t\t\t\t\t<\/div>\n\t\t\t\t\t\t<\/div>\n\t\t\t\t<\/div>\n\t\t\t\t<div class=\"elementor-element elementor-element-162640c elementor-widget elementor-widget-heading\" data-id=\"162640c\" data-element_type=\"widget\" data-widget_type=\"heading.default\">\n\t\t\t\t<div class=\"elementor-widget-container\">\n\t\t\t<h5 class=\"elementor-heading-title elementor-size-default\">Occupation de la maison \u00ab Pierquin \u00bb selon la matrice cadastrale de 1834<\/h5>\t\t<\/div>\n\t\t\t\t<\/div>\n\t\t\t\t\t\t<\/div>\n\t\t\t\t\t<\/div>\n\t\t<\/div>\n\t\t\t\t\t\t\t\t<\/div>\n\t\t\t\t\t<\/div>\n\t\t<\/section>\n\t\t\t\t<section class=\"has_eae_slider elementor-section elementor-top-section elementor-element elementor-element-e0785ce elementor-hidden-desktop elementor-section-boxed elementor-section-height-default elementor-section-height-default\" data-id=\"e0785ce\" data-element_type=\"section\">\n\t\t\t\t\t\t<div class=\"elementor-container elementor-column-gap-default\">\n\t\t\t\t\t\t\t<div class=\"elementor-row\">\n\t\t\t\t\t<div class=\"has_eae_slider elementor-column elementor-col-100 elementor-top-column elementor-element elementor-element-d161e1b\" data-id=\"d161e1b\" data-element_type=\"column\">\n\t\t\t<div class=\"elementor-column-wrap elementor-element-populated\">\n\t\t\t\t\t\t\t<div class=\"elementor-widget-wrap\">\n\t\t\t\t\t\t<div class=\"elementor-element elementor-element-6456c07 elementor-widget elementor-widget-heading\" data-id=\"6456c07\" data-element_type=\"widget\" data-widget_type=\"heading.default\">\n\t\t\t\t<div class=\"elementor-widget-container\">\n\t\t\t<h3 class=\"elementor-heading-title elementor-size-default\">Le pavillon qui fait face \u00e0 la place<\/h3>\t\t<\/div>\n\t\t\t\t<\/div>\n\t\t\t\t<div class=\"elementor-element elementor-element-ff04235 elementor-widget elementor-widget-text-editor\" data-id=\"ff04235\" data-element_type=\"widget\" data-widget_type=\"text-editor.default\">\n\t\t\t\t<div class=\"elementor-widget-container\">\n\t\t\t\t\t\t\t\t<div class=\"elementor-text-editor elementor-clearfix\">\n\t\t\t\t<p>Fin XVIIIe si\u00e8cle, par le jeu des ventes, la maison se\u00a0 retrouve <strong>divis\u00e9e en plusieurs logements,<\/strong> propri\u00e9t\u00e9 successivement de Pierre Augustin puis de Pierre La Vall\u00e9e ; au temps de La Vall\u00e9e, en 1834, <strong>la hi\u00e9rarchie sociale, comme \u00e0 Paris, se lit dans l\u2019occupation des \u00e9tages<\/strong>. Plus on monte dans les \u00e9tages, plus on trouve des petites gens.<\/p><p>Vers 1843, les filles La Vall\u00e9e vendent \u00e0 Gabriel R\u00e9my Jules Balteau, venu de l\u2019Aisne, marchand de toiles. La maison est habit\u00e9e par son fils Henri Jules Balteau et sa femme D\u00e9sir\u00e9e Poncelet, avec leurs deux enfants et leur servante. En 1891, au premier \u00e9tage vit un rentier de 67 ans, Jean Louis Bouchez, avec sa domestique ; au second, loge un couple avec deux enfants, les Piraux. Lui est employ\u00e9.<\/p><p>Les descendants des Balteau ont conserv\u00e9 la maison jusqu\u2019\u00e0 aujourd\u2019hui.<\/p>\t\t\t\t\t<\/div>\n\t\t\t\t\t\t<\/div>\n\t\t\t\t<\/div>\n\t\t\t\t\t\t<\/div>\n\t\t\t\t\t<\/div>\n\t\t<\/div>\n\t\t\t\t\t\t\t\t<\/div>\n\t\t\t\t\t<\/div>\n\t\t<\/section>\n\t\t\t\t<section class=\"has_eae_slider elementor-section elementor-top-section elementor-element elementor-element-df15d82 elementor-hidden-tablet elementor-hidden-phone elementor-section-boxed elementor-section-height-default elementor-section-height-default\" data-id=\"df15d82\" data-element_type=\"section\">\n\t\t\t\t\t\t<div class=\"elementor-container elementor-column-gap-default\">\n\t\t\t\t\t\t\t<div class=\"elementor-row\">\n\t\t\t\t\t<div class=\"has_eae_slider elementor-column elementor-col-100 elementor-top-column elementor-element elementor-element-9515ef1\" data-id=\"9515ef1\" data-element_type=\"column\">\n\t\t\t<div class=\"elementor-column-wrap elementor-element-populated\">\n\t\t\t\t\t\t\t<div class=\"elementor-widget-wrap\">\n\t\t\t\t\t\t<div class=\"elementor-element elementor-element-863af66 elementor-widget elementor-widget-heading\" data-id=\"863af66\" data-element_type=\"widget\" data-widget_type=\"heading.default\">\n\t\t\t\t<div class=\"elementor-widget-container\">\n\t\t\t<h3 class=\"elementor-heading-title elementor-size-default\">Une maison de marchands<\/h3>\t\t<\/div>\n\t\t\t\t<\/div>\n\t\t\t\t<section class=\"has_eae_slider elementor-section elementor-inner-section elementor-element elementor-element-d5dcd5f elementor-section-boxed elementor-section-height-default elementor-section-height-default\" data-id=\"d5dcd5f\" data-element_type=\"section\">\n\t\t\t\t\t\t<div class=\"elementor-container elementor-column-gap-default\">\n\t\t\t\t\t\t\t<div class=\"elementor-row\">\n\t\t\t\t\t<div class=\"has_eae_slider elementor-column elementor-col-50 elementor-inner-column elementor-element elementor-element-d5cebe8\" data-id=\"d5cebe8\" data-element_type=\"column\">\n\t\t\t<div class=\"elementor-column-wrap elementor-element-populated\">\n\t\t\t\t\t\t\t<div class=\"elementor-widget-wrap\">\n\t\t\t\t\t\t<div class=\"elementor-element elementor-element-07760f9 elementor-widget elementor-widget-image\" data-id=\"07760f9\" data-element_type=\"widget\" data-widget_type=\"image.default\">\n\t\t\t\t<div class=\"elementor-widget-container\">\n\t\t\t\t\t\t\t\t<div class=\"elementor-image\">\n\t\t\t\t\t\t\t\t\t\t\t\t\t<a href=\"http:\/\/crm-umr8596.huma-num.fr\/Charleville\/wp-content\/uploads\/2020\/12\/GeneaLogis_fig-12_La-Vallee-et-ses-locataires-en-1834.png\" data-elementor-open-lightbox=\"yes\" data-elementor-lightbox-title=\"Occupation de la maison \u00ab Pierquin \u00bb selon la matrice cadastrale de 1834\">\n\t\t\t\t\t\t\t<img width=\"1366\" height=\"1013\" src=\"https:\/\/crm-umr8596.huma-num.fr\/Charleville\/wp-content\/uploads\/2020\/12\/GeneaLogis_fig-12_La-Vallee-et-ses-locataires-en-1834.png\" class=\"attachment-full size-full\" alt=\"\" loading=\"lazy\" \/>\t\t\t\t\t\t\t\t<\/a>\n\t\t\t\t\t\t\t\t\t\t\t\t\t\t<\/div>\n\t\t\t\t\t\t<\/div>\n\t\t\t\t<\/div>\n\t\t\t\t<div class=\"elementor-element elementor-element-fad7b0f elementor-widget elementor-widget-heading\" data-id=\"fad7b0f\" data-element_type=\"widget\" data-widget_type=\"heading.default\">\n\t\t\t\t<div class=\"elementor-widget-container\">\n\t\t\t<h5 class=\"elementor-heading-title elementor-size-default\">Occupation de la maison \u00ab Pierquin \u00bb selon la matrice cadastrale de 1834<\/h5>\t\t<\/div>\n\t\t\t\t<\/div>\n\t\t\t\t\t\t<\/div>\n\t\t\t\t\t<\/div>\n\t\t<\/div>\n\t\t\t\t<div class=\"has_eae_slider elementor-column elementor-col-50 elementor-inner-column elementor-element elementor-element-7f785cc\" data-id=\"7f785cc\" data-element_type=\"column\">\n\t\t\t<div class=\"elementor-column-wrap elementor-element-populated\">\n\t\t\t\t\t\t\t<div class=\"elementor-widget-wrap\">\n\t\t\t\t\t\t<div class=\"elementor-element elementor-element-683e78b elementor-widget elementor-widget-text-editor\" data-id=\"683e78b\" data-element_type=\"widget\" data-widget_type=\"text-editor.default\">\n\t\t\t\t<div class=\"elementor-widget-container\">\n\t\t\t\t\t\t\t\t<div class=\"elementor-text-editor elementor-clearfix\">\n\t\t\t\t<p>Fin XVIIIe si\u00e8cle, par le jeu des ventes, la maison se\u00a0 retrouve <strong>divis\u00e9e en plusieurs logements,<\/strong> propri\u00e9t\u00e9 successivement de Pierre Augustin puis de Pierre La Vall\u00e9e ; au temps de La Vall\u00e9e, en 1834, <strong>la hi\u00e9rarchie sociale, comme \u00e0 Paris, se lit dans l\u2019occupation des \u00e9tages<\/strong>. Plus on monte dans les \u00e9tages, plus on trouve des petites gens.<\/p><p>Vers 1843, les filles La Vall\u00e9e vendent \u00e0 Gabriel R\u00e9my Jules Balteau, venu de l\u2019Aisne, marchand de toiles. La maison est habit\u00e9e par son fils Henri Jules Balteau et sa femme D\u00e9sir\u00e9e Poncelet, avec leurs deux enfants et leur servante. En 1891, au premier \u00e9tage vit un rentier de 67 ans, Jean Louis Bouchez, avec sa domestique ; au second, loge un couple avec deux enfants, les Piraux. Lui est employ\u00e9.<\/p><p>Les descendants des Balteau ont conserv\u00e9 la maison jusqu\u2019\u00e0 aujourd\u2019hui.<\/p>\t\t\t\t\t<\/div>\n\t\t\t\t\t\t<\/div>\n\t\t\t\t<\/div>\n\t\t\t\t\t\t<\/div>\n\t\t\t\t\t<\/div>\n\t\t<\/div>\n\t\t\t\t\t\t\t\t<\/div>\n\t\t\t\t\t<\/div>\n\t\t<\/section>\n\t\t\t\t\t\t<\/div>\n\t\t\t\t\t<\/div>\n\t\t<\/div>\n\t\t\t\t\t\t\t\t<\/div>\n\t\t\t\t\t<\/div>\n\t\t<\/section>\n\t\t\t\t<section class=\"has_eae_slider elementor-section elementor-top-section elementor-element elementor-element-ad47cc8 elementor-section-boxed elementor-section-height-default elementor-section-height-default\" data-id=\"ad47cc8\" data-element_type=\"section\">\n\t\t\t\t\t\t<div class=\"elementor-container elementor-column-gap-default\">\n\t\t\t\t\t\t\t<div class=\"elementor-row\">\n\t\t\t\t\t<div class=\"has_eae_slider elementor-column elementor-col-100 elementor-top-column elementor-element elementor-element-10adafd\" data-id=\"10adafd\" data-element_type=\"column\">\n\t\t\t<div class=\"elementor-column-wrap elementor-element-populated\">\n\t\t\t\t\t\t\t<div class=\"elementor-widget-wrap\">\n\t\t\t\t\t\t<div class=\"elementor-element elementor-element-b35094d elementor-widget elementor-widget-heading\" data-id=\"b35094d\" data-element_type=\"widget\" data-widget_type=\"heading.default\">\n\t\t\t\t<div class=\"elementor-widget-container\">\n\t\t\t<h4 class=\"elementor-heading-title elementor-size-default\">Un marchand et ses locataires en 1834<\/h4>\t\t<\/div>\n\t\t\t\t<\/div>\n\t\t\t\t\t\t<\/div>\n\t\t\t\t\t<\/div>\n\t\t<\/div>\n\t\t\t\t\t\t\t\t<\/div>\n\t\t\t\t\t<\/div>\n\t\t<\/section>\n\t\t\t\t<section class=\"has_eae_slider elementor-section elementor-top-section elementor-element elementor-element-e4bf110 elementor-section-boxed elementor-section-height-default elementor-section-height-default\" data-id=\"e4bf110\" data-element_type=\"section\">\n\t\t\t\t\t\t<div class=\"elementor-container elementor-column-gap-default\">\n\t\t\t\t\t\t\t<div class=\"elementor-row\">\n\t\t\t\t\t<div class=\"has_eae_slider elementor-column elementor-col-33 elementor-top-column elementor-element elementor-element-3f704dd\" data-id=\"3f704dd\" data-element_type=\"column\">\n\t\t\t<div class=\"elementor-column-wrap elementor-element-populated\">\n\t\t\t\t\t\t\t<div class=\"elementor-widget-wrap\">\n\t\t\t\t\t\t<div class=\"elementor-element elementor-element-c8b20c0 elementor-widget elementor-widget-heading\" data-id=\"c8b20c0\" data-element_type=\"widget\" data-widget_type=\"heading.default\">\n\t\t\t\t<div class=\"elementor-widget-container\">\n\t\t\t<h3 class=\"elementor-heading-title elementor-size-default\">Au rez-de chauss\u00e9e vit le propri\u00e9taire <\/h3>\t\t<\/div>\n\t\t\t\t<\/div>\n\t\t\t\t<div class=\"elementor-element elementor-element-771d06c elementor-widget elementor-widget-text-editor\" data-id=\"771d06c\" data-element_type=\"widget\" data-widget_type=\"text-editor.default\">\n\t\t\t\t<div class=\"elementor-widget-container\">\n\t\t\t\t\t\t\t\t<div class=\"elementor-text-editor elementor-clearfix\">\n\t\t\t\t<p>Il s&#8217;agit de <strong>Pierre Vall\u00e9e<\/strong> dit Lesage, n\u00e9 \u00e0 Meslay dans le Calvados, marchand de grains. Il dispose d\u2019un magasin au fond de la cour avec grenier, et d\u2019un logement sur la rue comprenant un salon, une boutique qui communique, sur l\u2019arri\u00e8re, avec la cuisine et des chambres. Dans les ann\u00e9es 1830, ses trois enfants sont d\u00e9j\u00e0 partis du foyer. Le fils No\u00ebl est v\u00e9lite dans la garde imp\u00e9riale, ses deux filles se sont mari\u00e9es \u00e0 Charleville.<\/p>\t\t\t\t\t<\/div>\n\t\t\t\t\t\t<\/div>\n\t\t\t\t<\/div>\n\t\t\t\t\t\t<\/div>\n\t\t\t\t\t<\/div>\n\t\t<\/div>\n\t\t\t\t<div class=\"has_eae_slider elementor-column elementor-col-33 elementor-top-column elementor-element elementor-element-f38868b\" data-id=\"f38868b\" data-element_type=\"column\">\n\t\t\t<div class=\"elementor-column-wrap elementor-element-populated\">\n\t\t\t\t\t\t\t<div class=\"elementor-widget-wrap\">\n\t\t\t\t\t\t<div class=\"elementor-element elementor-element-b2d202f elementor-widget elementor-widget-heading\" data-id=\"b2d202f\" data-element_type=\"widget\" data-widget_type=\"heading.default\">\n\t\t\t\t<div class=\"elementor-widget-container\">\n\t\t\t<h3 class=\"elementor-heading-title elementor-size-default\">Tout le premier \u00e9tage constitue un seul appartement <\/h3>\t\t<\/div>\n\t\t\t\t<\/div>\n\t\t\t\t<div class=\"elementor-element elementor-element-03ca951 elementor-widget elementor-widget-text-editor\" data-id=\"03ca951\" data-element_type=\"widget\" data-widget_type=\"text-editor.default\">\n\t\t\t\t<div class=\"elementor-widget-container\">\n\t\t\t\t\t\t\t\t<div class=\"elementor-text-editor elementor-clearfix\">\n\t\t\t\t<p><strong>Un appartement<\/strong> de trois chambres, salon, cuisine, occupe le premier \u00e9tage. On est \u00e0 <strong>l\u2019\u00e9tage dit \u00ab\u00a0noble\u00a0\u00bb<\/strong> dans les immeubles anciens. Il est occup\u00e9 par des notables et leur famille : en 1834, Victor Provin, rentier, vit l\u00e0 ; il a \u00e9t\u00e9 remplac\u00e9 dans les ann\u00e9es suivantes par le comte de Roussy puis, en 1841, par un m\u00e9decin, Nicolas Cr\u00e9quy.<\/p>\t\t\t\t\t<\/div>\n\t\t\t\t\t\t<\/div>\n\t\t\t\t<\/div>\n\t\t\t\t\t\t<\/div>\n\t\t\t\t\t<\/div>\n\t\t<\/div>\n\t\t\t\t<div class=\"has_eae_slider elementor-column elementor-col-33 elementor-top-column elementor-element elementor-element-aced7cf\" data-id=\"aced7cf\" data-element_type=\"column\">\n\t\t\t<div class=\"elementor-column-wrap elementor-element-populated\">\n\t\t\t\t\t\t\t<div class=\"elementor-widget-wrap\">\n\t\t\t\t\t\t<div class=\"elementor-element elementor-element-4d48686 elementor-widget elementor-widget-heading\" data-id=\"4d48686\" data-element_type=\"widget\" data-widget_type=\"heading.default\">\n\t\t\t\t<div class=\"elementor-widget-container\">\n\t\t\t<h3 class=\"elementor-heading-title elementor-size-default\">Au deuxi\u00e8me \u00e9tage logent les gens des classes populaires <\/h3>\t\t<\/div>\n\t\t\t\t<\/div>\n\t\t\t\t<div class=\"elementor-element elementor-element-07d5390 elementor-widget elementor-widget-text-editor\" data-id=\"07d5390\" data-element_type=\"widget\" data-widget_type=\"text-editor.default\">\n\t\t\t\t<div class=\"elementor-widget-container\">\n\t\t\t\t\t\t\t\t<div class=\"elementor-text-editor elementor-clearfix\">\n\t\t\t\t<p><strong>Les gens des classes populaires<\/strong> et souvent des <strong>personnes seules,<\/strong> chacune dans une unique chambre ou une chambre avec cuisine, vivent au deuxi\u00e8me \u00e9tage. On trouve ainsi un ouvrier, Armand Parin, un veuf de 79 ans, Alexandre Arminot, employ\u00e9 de commerce.<\/p>\t\t\t\t\t<\/div>\n\t\t\t\t\t\t<\/div>\n\t\t\t\t<\/div>\n\t\t\t\t\t\t<\/div>\n\t\t\t\t\t<\/div>\n\t\t<\/div>\n\t\t\t\t\t\t\t\t<\/div>\n\t\t\t\t\t<\/div>\n\t\t<\/section>\n\t\t\t\t<section class=\"has_eae_slider elementor-section elementor-top-section elementor-element elementor-element-193fa66 elementor-section-boxed elementor-section-height-default elementor-section-height-default\" data-id=\"193fa66\" data-element_type=\"section\" data-settings=\"{&quot;background_background&quot;:&quot;classic&quot;}\">\n\t\t\t\t\t\t<div class=\"elementor-container elementor-column-gap-default\">\n\t\t\t\t\t\t\t<div class=\"elementor-row\">\n\t\t\t\t\t<div class=\"has_eae_slider elementor-column elementor-col-100 elementor-top-column elementor-element elementor-element-a8c98d4\" data-id=\"a8c98d4\" data-element_type=\"column\">\n\t\t\t<div class=\"elementor-column-wrap elementor-element-populated\">\n\t\t\t\t\t\t\t<div class=\"elementor-widget-wrap\">\n\t\t\t\t\t\t<div class=\"elementor-element elementor-element-dfd81a0 elementor-widget elementor-widget-heading\" data-id=\"dfd81a0\" data-element_type=\"widget\" data-widget_type=\"heading.default\">\n\t\t\t\t<div class=\"elementor-widget-container\">\n\t\t\t<h2 class=\"elementor-heading-title elementor-size-default\">Le parcours de la visite<\/h2>\t\t<\/div>\n\t\t\t\t<\/div>\n\t\t\t\t<div class=\"elementor-element elementor-element-92bb4cd elementor-widget elementor-widget-heading\" data-id=\"92bb4cd\" data-element_type=\"widget\" data-widget_type=\"heading.default\">\n\t\t\t\t<div class=\"elementor-widget-container\">\n\t\t\t<h3 class=\"elementor-heading-title elementor-size-default\">Etape III<\/h3>\t\t<\/div>\n\t\t\t\t<\/div>\n\t\t\t\t<div class=\"elementor-element elementor-element-8af5aaf elementor-widget-divider--view-line elementor-widget elementor-widget-divider\" data-id=\"8af5aaf\" data-element_type=\"widget\" data-widget_type=\"divider.default\">\n\t\t\t\t<div class=\"elementor-widget-container\">\n\t\t\t\t\t<div class=\"elementor-divider\">\n\t\t\t<span class=\"elementor-divider-separator\">\n\t\t\t\t\t\t<\/span>\n\t\t<\/div>\n\t\t\t\t<\/div>\n\t\t\t\t<\/div>\n\t\t\t\t<section class=\"has_eae_slider elementor-section elementor-inner-section elementor-element elementor-element-8694e9a elementor-section-content-middle elementor-section-boxed elementor-section-height-default elementor-section-height-default\" data-id=\"8694e9a\" data-element_type=\"section\">\n\t\t\t\t\t\t<div class=\"elementor-container elementor-column-gap-default\">\n\t\t\t\t\t\t\t<div class=\"elementor-row\">\n\t\t\t\t\t<div class=\"has_eae_slider elementor-column elementor-col-25 elementor-inner-column elementor-element elementor-element-7e15dab\" data-id=\"7e15dab\" data-element_type=\"column\">\n\t\t\t<div class=\"elementor-column-wrap elementor-element-populated\">\n\t\t\t\t\t\t\t<div class=\"elementor-widget-wrap\">\n\t\t\t\t\t\t<div class=\"elementor-element elementor-element-2364cfd elementor-widget elementor-widget-heading\" data-id=\"2364cfd\" data-element_type=\"widget\" data-widget_type=\"heading.default\">\n\t\t\t\t<div class=\"elementor-widget-container\">\n\t\t\t<h4 class=\"elementor-heading-title elementor-size-default\">La maison Pierquin<\/h4>\t\t<\/div>\n\t\t\t\t<\/div>\n\t\t\t\t<div class=\"elementor-element elementor-element-00d16fd elementor-widget elementor-widget-image\" data-id=\"00d16fd\" data-element_type=\"widget\" data-widget_type=\"image.default\">\n\t\t\t\t<div class=\"elementor-widget-container\">\n\t\t\t\t\t\t\t\t<div class=\"elementor-image\">\n\t\t\t\t\t\t\t\t\t\t\t\t<img width=\"916\" height=\"1024\" src=\"https:\/\/crm-umr8596.huma-num.fr\/Charleville\/wp-content\/uploads\/2020\/12\/GeneaLogis_fig-10_maison-2_Pierquin-916x1024.jpg\" class=\"attachment-large size-large\" alt=\"\" loading=\"lazy\" \/>\t\t\t\t\t\t\t\t\t\t\t\t\t\t<\/div>\n\t\t\t\t\t\t<\/div>\n\t\t\t\t<\/div>\n\t\t\t\t\t\t<\/div>\n\t\t\t\t\t<\/div>\n\t\t<\/div>\n\t\t\t\t<div class=\"has_eae_slider elementor-column elementor-col-50 elementor-inner-column elementor-element elementor-element-eb9a771\" data-id=\"eb9a771\" data-element_type=\"column\">\n\t\t\t<div class=\"elementor-column-wrap elementor-element-populated\">\n\t\t\t\t\t\t\t<div class=\"elementor-widget-wrap\">\n\t\t\t\t\t\t<div class=\"elementor-element elementor-element-2708363 elementor-widget elementor-widget-shortcode\" data-id=\"2708363\" data-element_type=\"widget\" data-widget_type=\"shortcode.default\">\n\t\t\t\t<div class=\"elementor-widget-container\">\n\t\t\t\t\t<div class=\"elementor-shortcode\"><div class=\"leaflet-map WPLeafletMap\" style=\"height:400px; width:100%;\"><\/div><script>\nwindow.WPLeafletMapPlugin = window.WPLeafletMapPlugin || [];\nwindow.WPLeafletMapPlugin.push(function WPLeafletMapShortcode() {\/*<script>*\/\nvar baseUrl = 'https:\/\/{s}.tile.openstreetmap.org\/{z}\/{x}\/{y}.png';\nvar base = (!baseUrl && window.MQ) ? \n    window.MQ.mapLayer() : L.tileLayer(baseUrl, \n        L.Util.extend({}, {\n            detectRetina: 0,\n            minZoom: 12,\n            maxZoom: 19,\n        }, \n        {\"subdomains\":\"abc\",\"noWrap\":false}        )\n    );\n    var options = L.Util.extend({}, {\n        layers: [base],\n        attributionControl: false\n    }, \n    {\"zoomControl\":true,\"scrollWheelZoom\":false,\"doubleClickZoom\":false,\"fitBounds\":false,\"minZoom\":12,\"maxZoom\":19,\"attribution\":\"<a href=\\\"http:\\\/\\\/leafletjs.com\\\" title=\\\"Une biblioth\\u00e8que JS pour des cartes interactives\\\">Leaflet<\\\/a>; \\u00a9 <a href=\\\"http:\\\/\\\/www.openstreetmap.org\\\/copyright\\\">OpenStreetMap<\\\/a> contributeurs\"}, \n    {});\nwindow.WPLeafletMapPlugin.createMap(options).setView([49.773511353988,4.7208648920059],18);});<\/script>\n\n<script>\nwindow.WPLeafletMapPlugin = window.WPLeafletMapPlugin || [];\nwindow.WPLeafletMapPlugin.push(function WPLeafletMarkerShortcode() {\/*<script>*\/\nvar map = window.WPLeafletMapPlugin.getCurrentMap();\nvar group = window.WPLeafletMapPlugin.getCurrentGroup();\nvar marker_options = (function () {\n    var _options = {\"svg\":true,\"background\":\"#4B2515\",\"iconClass\":\"dashicons dashicons-admin-home\",\"color\":\"white\"};\n    var iconArrays = [\n        'iconSize', \n        'iconAnchor', \n        'shadowSize', \n        'shadowAnchor',\n        'popupAnchor'\n    ];\n    var default_icon = L.Icon.Default.prototype.options;\n    if (_options.iconUrl) {\n        \/\/ arrays are strings, unfortunately...\n        for (var i = 0, len = iconArrays.length; i < len; i++) {\n            var option_name = iconArrays[i];\n            var option = _options[ option_name ];\n            \/\/ convert \"1,2\" to [1, 2];\n            if (option) {\n                var arr = option.join('').split(',');\n                \/\/ array.map for ie<9\n                for (var j = 0, lenJ = arr.length; j < lenJ; j++) {\n                    arr[j] = Number(arr[j]);\n                }\n                _options[ option_name ] = arr;\n            }\n        }\n        \/\/ default popupAnchor\n        if (!_options.popupAnchor) {\n            \/\/ set (roughly) to size of icon\n            _options.popupAnchor = (function (i_size) {\n                \/\/ copy array\n                i_size = i_size.slice();\n                \n                \/\/ inverse coordinates\n                i_size[0] = 0;\n                i_size[1] *= -1;\n                \/\/ bottom position on popup is 7px\n                i_size[1] -= 3;\n                return i_size;\n            })(_options.iconSize || default_icon.iconSize);\n        }\n        _options.icon = new L.Icon( _options );\n    }\n    return _options;\n})();\nvar marker = new L.SVGMarker(\n    [49.773764254435,4.7216239571571], \n    marker_options\n);\nvar is_image = map.is_image_map;\nif (marker_options.draggable) {\n    marker.on('dragend', function () {\n        var latlng = this.getLatLng();\n        var lat = latlng.lat;\n        var lng = latlng.lng;\n        if (is_image) {\n            console.log('leaflet-marker y=' + lat + ' x=' + lng);\n        } else {\n            console.log('leaflet-marker lat=' + lat + ' lng=' + lng);\n        }\n    });\n}\nmarker.addTo( group );\nmarker.bindPopup(window.WPLeafletMapPlugin.unescape('II - Maison Pierquin&lt;br&gt;'));window.WPLeafletMapPlugin.markers.push( marker );\n        });<\/script>\n\n<script>\nwindow.WPLeafletMapPlugin = window.WPLeafletMapPlugin || [];\nwindow.WPLeafletMapPlugin.push(function WPLeafletMarkerShortcode() {\/*<script>*\/\nvar map = window.WPLeafletMapPlugin.getCurrentMap();\nvar group = window.WPLeafletMapPlugin.getCurrentGroup();\nvar marker_options = (function () {\n    var _options = {\"svg\":true,\"background\":\"#4B2515\",\"iconClass\":\"dashicons dashicons-admin-home\",\"color\":\"white\"};\n    var iconArrays = [\n        'iconSize', \n        'iconAnchor', \n        'shadowSize', \n        'shadowAnchor',\n        'popupAnchor'\n    ];\n    var default_icon = L.Icon.Default.prototype.options;\n    if (_options.iconUrl) {\n        \/\/ arrays are strings, unfortunately...\n        for (var i = 0, len = iconArrays.length; i < len; i++) {\n            var option_name = iconArrays[i];\n            var option = _options[ option_name ];\n            \/\/ convert \"1,2\" to [1, 2];\n            if (option) {\n                var arr = option.join('').split(',');\n                \/\/ array.map for ie<9\n                for (var j = 0, lenJ = arr.length; j < lenJ; j++) {\n                    arr[j] = Number(arr[j]);\n                }\n                _options[ option_name ] = arr;\n            }\n        }\n        \/\/ default popupAnchor\n        if (!_options.popupAnchor) {\n            \/\/ set (roughly) to size of icon\n            _options.popupAnchor = (function (i_size) {\n                \/\/ copy array\n                i_size = i_size.slice();\n                \n                \/\/ inverse coordinates\n                i_size[0] = 0;\n                i_size[1] *= -1;\n                \/\/ bottom position on popup is 7px\n                i_size[1] -= 3;\n                return i_size;\n            })(_options.iconSize || default_icon.iconSize);\n        }\n        _options.icon = new L.Icon( _options );\n    }\n    return _options;\n})();\nvar marker = new L.SVGMarker(\n    [49.773078302211,4.7206342220306], \n    marker_options\n);\nvar is_image = map.is_image_map;\nif (marker_options.draggable) {\n    marker.on('dragend', function () {\n        var latlng = this.getLatLng();\n        var lat = latlng.lat;\n        var lng = latlng.lng;\n        if (is_image) {\n            console.log('leaflet-marker y=' + lat + ' x=' + lng);\n        } else {\n            console.log('leaflet-marker lat=' + lat + ' lng=' + lng);\n        }\n    });\n}\nmarker.addTo( group );\nmarker.bindPopup(window.WPLeafletMapPlugin.unescape('IV - Maison Jeanteur&lt;br&gt;')).openPopup();window.WPLeafletMapPlugin.markers.push( marker );\n        });<\/script>\n\n<script>\nwindow.WPLeafletMapPlugin = window.WPLeafletMapPlugin || [];\nwindow.WPLeafletMapPlugin.push(function WPLeafletLineShortcode() {\/*<script>*\/\nvar previous_map = window.WPLeafletMapPlugin.getCurrentMap();\nvar group = window.WPLeafletMapPlugin.getCurrentGroup();\nvar shape = L.polyline([[49.77376425443543,4.721623957157136],[49.77320648593976,4.72069323062896],[49.77307830221065,4.7206342220306405]], {\"color\":\"#102230\"});\nvar fitbounds = 0;\nshape.addTo( group );\nif (fitbounds) {\n    \/\/ zoom the map to the shape\n    previous_map.fitBounds( shape.getBounds() );\n}\nwindow.WPLeafletMapPlugin.lines.push( shape );});<\/script>\n<\/div>\n\t\t\t\t<\/div>\n\t\t\t\t<\/div>\n\t\t\t\t\t\t<\/div>\n\t\t\t\t\t<\/div>\n\t\t<\/div>\n\t\t\t\t<div class=\"has_eae_slider elementor-column elementor-col-25 elementor-inner-column elementor-element elementor-element-a07b19b\" data-id=\"a07b19b\" data-element_type=\"column\">\n\t\t\t<div class=\"elementor-column-wrap elementor-element-populated\">\n\t\t\t\t\t\t\t<div class=\"elementor-widget-wrap\">\n\t\t\t\t\t\t<div class=\"elementor-element elementor-element-9d22370 elementor-widget elementor-widget-heading\" data-id=\"9d22370\" data-element_type=\"widget\" data-widget_type=\"heading.default\">\n\t\t\t\t<div class=\"elementor-widget-container\">\n\t\t\t<h4 class=\"elementor-heading-title elementor-size-default\">La maison Jeanteur<\/h4>\t\t<\/div>\n\t\t\t\t<\/div>\n\t\t\t\t<div class=\"elementor-element elementor-element-e518459 elementor-widget elementor-widget-image\" data-id=\"e518459\" data-element_type=\"widget\" data-widget_type=\"image.default\">\n\t\t\t\t<div class=\"elementor-widget-container\">\n\t\t\t\t\t\t\t\t<div class=\"elementor-image\">\n\t\t\t\t\t\t\t\t\t\t\t\t<img width=\"830\" height=\"928\" src=\"https:\/\/crm-umr8596.huma-num.fr\/Charleville\/wp-content\/uploads\/2020\/12\/Capture-decran-2020-12-03-164152c.jpg\" class=\"attachment-large size-large\" alt=\"\" loading=\"lazy\" \/>\t\t\t\t\t\t\t\t\t\t\t\t\t\t<\/div>\n\t\t\t\t\t\t<\/div>\n\t\t\t\t<\/div>\n\t\t\t\t\t\t<\/div>\n\t\t\t\t\t<\/div>\n\t\t<\/div>\n\t\t\t\t\t\t\t\t<\/div>\n\t\t\t\t\t<\/div>\n\t\t<\/section>\n\t\t\t\t\t\t<\/div>\n\t\t\t\t\t<\/div>\n\t\t<\/div>\n\t\t\t\t\t\t\t\t<\/div>\n\t\t\t\t\t<\/div>\n\t\t<\/section>\n\t\t\t\t<section class=\"has_eae_slider elementor-section elementor-top-section elementor-element elementor-element-892a953 elementor-reverse-mobile elementor-section-boxed elementor-section-height-default elementor-section-height-default\" data-id=\"892a953\" data-element_type=\"section\" data-settings=\"{&quot;background_background&quot;:&quot;classic&quot;}\">\n\t\t\t\t\t\t\t<div class=\"elementor-background-overlay\"><\/div>\n\t\t\t\t\t\t\t<div class=\"elementor-container elementor-column-gap-default\">\n\t\t\t\t\t\t\t<div class=\"elementor-row\">\n\t\t\t\t\t<div class=\"has_eae_slider elementor-column elementor-col-50 elementor-top-column elementor-element elementor-element-a08271c elementor-hidden-tablet elementor-hidden-phone\" data-id=\"a08271c\" data-element_type=\"column\" data-settings=\"{&quot;background_background&quot;:&quot;classic&quot;}\">\n\t\t\t<div class=\"elementor-column-wrap elementor-element-populated\">\n\t\t\t\t\t\t\t<div class=\"elementor-widget-wrap\">\n\t\t\t\t\t\t<div class=\"elementor-element elementor-element-7aa37ad elementor-widget elementor-widget-htmega-verticletimeline-addons\" data-id=\"7aa37ad\" data-element_type=\"widget\" data-widget_type=\"htmega-verticletimeline-addons.default\">\n\t\t\t\t<div class=\"elementor-widget-container\">\n\t\t\t        <div class=\"htc-verctimeline-wrapper htmega-verticletimeline-style-2\">\n\n                           \n                                    <div class=\"ht-ver-timeline--2\">\n                                                    <div class=\"vertical-time\">\n                                <div class=\"vertical-date\">\n                                    <span class=\"month\">1888<br><br><\/span>\n                                <\/div>\n                            <\/div>\n                                                    <div class=\"timeline-content\">\n                                Arthur Jeanteur rach\u00e8te le Coin de Rue \u00e0 la famille Lefevre-Sarrazin.                            <\/div>\n                                            <\/div>\n                \n                           \n                                    <div class=\"ht-ver-timeline--2 vertical-reverse\">\n                                                    <div class=\"vertical-time\">\n                                <div class=\"vertical-date\">\n                                    <span class=\"month\">1849<br><br><\/span>\n                                <\/div>\n                            <\/div>\n                                                    <div class=\"timeline-content\">\n                                Edmond Ch\u00e9ruy et Etienne Labb\u00e9 cr\u00e9ent le magasin \u00ab le Coin de Rue \u00bb.                            <\/div>\n                                            <\/div>\n\n                \n                           \n                                    <div class=\"ht-ver-timeline--2\">\n                                                    <div class=\"vertical-time\">\n                                <div class=\"vertical-date\">\n                                    <span class=\"month\">1779<br><br><\/span>\n                                <\/div>\n                            <\/div>\n                                                    <div class=\"timeline-content\">\n                                la maison appartient \u00e0 Louis Templeux, marchand orf\u00e8vre.                            <\/div>\n                                            <\/div>\n                \n                           \n                                    <div class=\"ht-ver-timeline--2 vertical-reverse\">\n                                                    <div class=\"vertical-time\">\n                                <div class=\"vertical-date\">\n                                    <span class=\"month\">1745<br><br><\/span>\n                                <\/div>\n                            <\/div>\n                                                    <div class=\"timeline-content\">\n                                construction d\u2019une extension de la maison sur les terrains de la rue saint Charles.                            <\/div>\n                                            <\/div>\n\n                \n                           \n                                    <div class=\"ht-ver-timeline--2\">\n                                                    <div class=\"vertical-time\">\n                                <div class=\"vertical-date\">\n                                    <span class=\"month\">1744<br><br><\/span>\n                                <\/div>\n                            <\/div>\n                                                    <div class=\"timeline-content\">\n                                achat par Jean Nicolas Pierdhouy, avocat et notaire, au gendre d\u2019Elisabeth Barth\u00e9lemy.                            <\/div>\n                                            <\/div>\n                \n                           \n                                    <div class=\"ht-ver-timeline--2 vertical-reverse\">\n                                                    <div class=\"vertical-time\">\n                                <div class=\"vertical-date\">\n                                    <span class=\"month\">1724<br><br><\/span>\n                                <\/div>\n                            <\/div>\n                                                    <div class=\"timeline-content\">\n                                Elisabeth Barth\u00e9l\u00e9my, veuve de Thierry Carbon, ach\u00e8te un terrain attenant rue Saint Charles, sur lequel il y a deux esp\u00e8ces de chaumi\u00e8res.                            <\/div>\n                                            <\/div>\n\n                \n                           \n                                    <div class=\"ht-ver-timeline--2\">\n                                                    <div class=\"vertical-time\">\n                                <div class=\"vertical-date\">\n                                    <span class=\"month\">1687<br><br><\/span>\n                                <\/div>\n                            <\/div>\n                                                    <div class=\"timeline-content\">\n                                la maison menace de s\u2019\u00e9crouler, elle est d\u00e9mont\u00e9e et les fondations sont reprises.                            <\/div>\n                                            <\/div>\n                \n                           \n                                    <div class=\"ht-ver-timeline--2 vertical-reverse\">\n                                                    <div class=\"vertical-time\">\n                                <div class=\"vertical-date\">\n                                    <span class=\"month\">1639<br><br><\/span>\n                                <\/div>\n                            <\/div>\n                                                    <div class=\"timeline-content\">\n                                legs de la maison \u00e0 Barbe Sergent, femme de S\u00e9bastien Leroy, puis \u00e0 sa filleule et ni\u00e8ce Barbe Le Roy ; elle passe ensuite dans la famille du second mari de Barbe Sergent, Nicolas Barth\u00e9lemy.                            <\/div>\n                                            <\/div>\n\n                \n                           \n                                    <div class=\"ht-ver-timeline--2\">\n                                                    <div class=\"vertical-time\">\n                                <div class=\"vertical-date\">\n                                    <span class=\"month\">1636<br><br><\/span>\n                                <\/div>\n                            <\/div>\n                                                    <div class=\"timeline-content\">\n                                S\u00e9bastien Le Roy ach\u00e8te le pavillon.                            <\/div>\n                                            <\/div>\n                \n                           \n                                    <div class=\"ht-ver-timeline--2 vertical-reverse\">\n                                                    <div class=\"vertical-time\">\n                                <div class=\"vertical-date\">\n                                    <span class=\"month\">1612<br><br><\/span>\n                                <\/div>\n                            <\/div>\n                                                    <div class=\"timeline-content\">\n                                Charles de Gonzague fait don de la jouissance de la maison aux fr\u00e8res Le Roy, Pierre et S\u00e9bastien, armuriers.                            <\/div>\n                                            <\/div>\n\n                \n            \n        <\/div>\n\n        \t\t<\/div>\n\t\t\t\t<\/div>\n\t\t\t\t\t\t<\/div>\n\t\t\t\t\t<\/div>\n\t\t<\/div>\n\t\t\t\t<div class=\"has_eae_slider elementor-column elementor-col-50 elementor-top-column elementor-element elementor-element-fee5c18\" data-id=\"fee5c18\" data-element_type=\"column\">\n\t\t\t<div class=\"elementor-column-wrap elementor-element-populated\">\n\t\t\t\t\t\t\t<div class=\"elementor-widget-wrap\">\n\t\t\t\t\t\t<div class=\"elementor-element elementor-element-1340240 elementor-widget elementor-widget-heading\" data-id=\"1340240\" data-element_type=\"widget\" data-widget_type=\"heading.default\">\n\t\t\t\t<div class=\"elementor-widget-container\">\n\t\t\t<h2 class=\"elementor-heading-title elementor-size-default\">La maison Jeanteur : <\/h2>\t\t<\/div>\n\t\t\t\t<\/div>\n\t\t\t\t<div class=\"elementor-element elementor-element-490bdaf elementor-widget elementor-widget-heading\" data-id=\"490bdaf\" data-element_type=\"widget\" data-widget_type=\"heading.default\">\n\t\t\t\t<div class=\"elementor-widget-container\">\n\t\t\t<h3 class=\"elementor-heading-title elementor-size-default\">une vitrine de l\u2019artisanat et du beau commerce<\/h3>\t\t<\/div>\n\t\t\t\t<\/div>\n\t\t\t\t<div class=\"elementor-element elementor-element-3e6e202 elementor-hidden-tablet elementor-hidden-phone elementor-widget elementor-widget-heading\" data-id=\"3e6e202\" data-element_type=\"widget\" data-widget_type=\"heading.default\">\n\t\t\t\t<div class=\"elementor-widget-container\">\n\t\t\t<h5 class=\"elementor-heading-title elementor-size-default\">G\u00e9n\u00e9alogie de la maison de 1612 \u00e0 1888<\/h5>\t\t<\/div>\n\t\t\t\t<\/div>\n\t\t\t\t<div class=\"elementor-element elementor-element-75e47dd elementor-widget elementor-widget-image\" data-id=\"75e47dd\" data-element_type=\"widget\" data-widget_type=\"image.default\">\n\t\t\t\t<div class=\"elementor-widget-container\">\n\t\t\t\t\t\t\t\t<div class=\"elementor-image\">\n\t\t\t\t\t\t\t\t\t\t\t\t<img width=\"830\" height=\"928\" src=\"https:\/\/crm-umr8596.huma-num.fr\/Charleville\/wp-content\/uploads\/2020\/12\/Capture-decran-2020-12-03-164152c.jpg\" class=\"attachment-full size-full\" alt=\"\" loading=\"lazy\" \/>\t\t\t\t\t\t\t\t\t\t\t\t\t\t<\/div>\n\t\t\t\t\t\t<\/div>\n\t\t\t\t<\/div>\n\t\t\t\t<div class=\"elementor-element elementor-element-0da9d15 elementor-widget elementor-widget-heading\" data-id=\"0da9d15\" data-element_type=\"widget\" data-widget_type=\"heading.default\">\n\t\t\t\t<div class=\"elementor-widget-container\">\n\t\t\t<h5 class=\"elementor-heading-title elementor-size-default\">La maison Jeanteur au coin de la rue Saint Charles et de la place ducale ; \u00e0 l\u2019origine il n\u2019y avait qu\u2019un pavillon faisant l\u2019encoignure de la rue de la porte de France et de la place, depuis le XVIIIe si\u00e8cle, l\u2019entr\u00e9e de la maison est dans la rue (au 6 rue de la R\u00e9publique aujourd\u2019hui).<\/h5>\t\t<\/div>\n\t\t\t\t<\/div>\n\t\t\t\t\t\t<\/div>\n\t\t\t\t\t<\/div>\n\t\t<\/div>\n\t\t\t\t\t\t\t\t<\/div>\n\t\t\t\t\t<\/div>\n\t\t<\/section>\n\t\t\t\t<section class=\"has_eae_slider elementor-section elementor-top-section elementor-element elementor-element-a09cf70 elementor-section-boxed elementor-section-height-default elementor-section-height-default\" data-id=\"a09cf70\" data-element_type=\"section\">\n\t\t\t\t\t\t<div class=\"elementor-container elementor-column-gap-default\">\n\t\t\t\t\t\t\t<div class=\"elementor-row\">\n\t\t\t\t\t<div class=\"has_eae_slider elementor-column elementor-col-100 elementor-top-column elementor-element elementor-element-0c73387\" data-id=\"0c73387\" data-element_type=\"column\" data-settings=\"{&quot;background_background&quot;:&quot;classic&quot;}\">\n\t\t\t<div class=\"elementor-column-wrap elementor-element-populated\">\n\t\t\t\t\t\t\t<div class=\"elementor-widget-wrap\">\n\t\t\t\t\t\t<div class=\"elementor-element elementor-element-0693117 elementor-widget elementor-widget-heading\" data-id=\"0693117\" data-element_type=\"widget\" data-widget_type=\"heading.default\">\n\t\t\t\t<div class=\"elementor-widget-container\">\n\t\t\t<h3 class=\"elementor-heading-title elementor-size-default\">Les fr\u00e8res Leroy, premiers habitants, et hommes du prince<\/h3>\t\t<\/div>\n\t\t\t\t<\/div>\n\t\t\t\t<div class=\"elementor-element elementor-element-a08e733 elementor-widget elementor-widget-text-editor\" data-id=\"a08e733\" data-element_type=\"widget\" data-widget_type=\"text-editor.default\">\n\t\t\t\t<div class=\"elementor-widget-container\">\n\t\t\t\t\t\t\t\t<div class=\"elementor-text-editor elementor-clearfix\">\n\t\t\t\t<p>D\u00e8s <strong>1612<\/strong>, Charles de Gonzague donne la jouissance de ce pavillon aux fr\u00e8res <strong>Pierre et S\u00e9bastien Leroy, des armuriers de renom<\/strong>, certainement originaires de Li\u00e8ge. Comme pour Philippe de La Place (maison Namuroy), la venue de ces hommes t\u00e9moigne de la <strong>politique de peuplement<\/strong> <strong>de la ville voulue par le prince<\/strong>.<\/p><p>Dans leur atelier <strong>\u00e0 l\u2019enseigne \u00ab\u00a0Le Heaulme\u00a0\u00bb<\/strong>, ils fabriquent des piques de bois ferr\u00e9s, des pistolets, des \u00e9p\u00e9es, des armures. <strong>Ils fournissent le prince<\/strong> (contrat pour 6000 piques) mais aussi la noblesse, comme Honor\u00e9 d\u2019Urf\u00e9, auteur du c\u00e9l\u00e8bre roman l\u2019Astr\u00e9e, Claude de Salnoue, Gabriel de Goullaine, ou Jehan de Goullaine (voir les contrats pass\u00e9s devant notaires, A.N., MC\/ET\/LXXIII\/281 folio 21 ; MC\/ET\/CV\/323 ; MC\/ET\/CV\/571).<\/p>\t\t\t\t\t<\/div>\n\t\t\t\t\t\t<\/div>\n\t\t\t\t<\/div>\n\t\t\t\t<section class=\"has_eae_slider elementor-section elementor-inner-section elementor-element elementor-element-b318654 elementor-section-boxed elementor-section-height-default elementor-section-height-default\" data-id=\"b318654\" data-element_type=\"section\">\n\t\t\t\t\t\t<div class=\"elementor-container elementor-column-gap-default\">\n\t\t\t\t\t\t\t<div class=\"elementor-row\">\n\t\t\t\t\t<div class=\"has_eae_slider elementor-column elementor-col-50 elementor-inner-column elementor-element elementor-element-31c4262\" data-id=\"31c4262\" data-element_type=\"column\">\n\t\t\t<div class=\"elementor-column-wrap elementor-element-populated\">\n\t\t\t\t\t\t\t<div class=\"elementor-widget-wrap\">\n\t\t\t\t\t\t<div class=\"elementor-element elementor-element-80eed9a elementor-widget elementor-widget-image\" data-id=\"80eed9a\" data-element_type=\"widget\" data-widget_type=\"image.default\">\n\t\t\t\t<div class=\"elementor-widget-container\">\n\t\t\t\t\t\t\t\t<div class=\"elementor-image\">\n\t\t\t\t\t\t\t\t\t\t\t\t\t<a href=\"http:\/\/crm-umr8596.huma-num.fr\/Charleville\/wp-content\/uploads\/2020\/12\/GeneaLogis_fig-14_signature-de-Leroy.jpg\" data-elementor-open-lightbox=\"yes\" data-elementor-lightbox-title=\"Signature de l\u2019armurier Le Roy, agr\u00e9ment\u00e9e du dessin d\u2019un heaume qui rappelle son enseigne (AN\/MC\/ET\/CV\/323)\">\n\t\t\t\t\t\t\t<img width=\"1366\" height=\"742\" src=\"https:\/\/crm-umr8596.huma-num.fr\/Charleville\/wp-content\/uploads\/2020\/12\/GeneaLogis_fig-14_signature-de-Leroy.jpg\" class=\"attachment-full size-full\" alt=\"\" loading=\"lazy\" \/>\t\t\t\t\t\t\t\t<\/a>\n\t\t\t\t\t\t\t\t\t\t\t\t\t\t<\/div>\n\t\t\t\t\t\t<\/div>\n\t\t\t\t<\/div>\n\t\t\t\t\t\t<\/div>\n\t\t\t\t\t<\/div>\n\t\t<\/div>\n\t\t\t\t<div class=\"has_eae_slider elementor-column elementor-col-50 elementor-inner-column elementor-element elementor-element-e22cc93\" data-id=\"e22cc93\" data-element_type=\"column\">\n\t\t\t<div class=\"elementor-column-wrap elementor-element-populated\">\n\t\t\t\t\t\t\t<div class=\"elementor-widget-wrap\">\n\t\t\t\t\t\t<div class=\"elementor-element elementor-element-996c28c elementor-widget elementor-widget-heading\" data-id=\"996c28c\" data-element_type=\"widget\" data-widget_type=\"heading.default\">\n\t\t\t\t<div class=\"elementor-widget-container\">\n\t\t\t<h5 class=\"elementor-heading-title elementor-size-default\">Signature de l\u2019armurier Le Roy, agr\u00e9ment\u00e9e du dessin d\u2019un heaume qui rappelle son enseigne (AN\/MC\/ET\/CV\/323)<\/h5>\t\t<\/div>\n\t\t\t\t<\/div>\n\t\t\t\t\t\t<\/div>\n\t\t\t\t\t<\/div>\n\t\t<\/div>\n\t\t\t\t\t\t\t\t<\/div>\n\t\t\t\t\t<\/div>\n\t\t<\/section>\n\t\t\t\t<div class=\"elementor-element elementor-element-269395b elementor-widget elementor-widget-text-editor\" data-id=\"269395b\" data-element_type=\"widget\" data-widget_type=\"text-editor.default\">\n\t\t\t\t<div class=\"elementor-widget-container\">\n\t\t\t\t\t\t\t\t<div class=\"elementor-text-editor elementor-clearfix\">\n\t\t\t\t<p>Dans les ann\u00e9es 1630, <strong>comme de nombreux occupants des pavillons de la place, S\u00e9bastien Le Roy ach\u00e8te au prince la maison dont il avait la jouissance<\/strong>. Sur l\u2019acte d\u2019achat, il est d\u00e9sign\u00e9 comme \u00e9cuyer, capitaine d\u2019une compagnie de gens de pied dans le Montferrat, commissaire d\u2019artillerie, ma\u00eetre armurier de Mr de Nevers. Il paie 1100 livres. Le contrat est pass\u00e9 devant Ma\u00eetre Richer par le fond\u00e9 de pouvoir de Charles de Gonzague, le sieur de Mesme (A.N., MC\/ET\/21\/180).<\/p><p>Le Roy meurt en juillet 1639 \u00e0 75 ans, non sans avoir fait auparavant son testament o\u00f9 il <strong>donne son pavillon \u00e0 sa femme Barbe Sergent<\/strong>, puis \u00e0 sa filleule et ni\u00e8ce Barbe Le Roy. Il est <strong>enterr\u00e9 dans l\u2019\u00e9glise de Charleville aupr\u00e8s de son fr\u00e8re,<\/strong> Pierre (A.D. Ardennes, E 975, Me Marsoc).<\/p><p><strong>Sa veuve se remarie tr\u00e8s vite \u00e0 un autre armurier,<\/strong> Nicolas Barth\u00e9l\u00e9my, afin d&#8217;assurer la continuit\u00e9 de l\u2019entreprise familiale. Elle teste le 6 avril 1640 et meurt le lendemain (A.D. Ardennes, E 975, Me Marsoc), laissant la propri\u00e9t\u00e9 du pavillon \u00e0 son nouvel \u00e9poux.<\/p>\t\t\t\t\t<\/div>\n\t\t\t\t\t\t<\/div>\n\t\t\t\t<\/div>\n\t\t\t\t\t\t<\/div>\n\t\t\t\t\t<\/div>\n\t\t<\/div>\n\t\t\t\t\t\t\t\t<\/div>\n\t\t\t\t\t<\/div>\n\t\t<\/section>\n\t\t\t\t<section class=\"has_eae_slider elementor-section elementor-top-section elementor-element elementor-element-8270b46 elementor-section-boxed elementor-section-height-default elementor-section-height-default\" data-id=\"8270b46\" data-element_type=\"section\">\n\t\t\t\t\t\t<div class=\"elementor-container elementor-column-gap-default\">\n\t\t\t\t\t\t\t<div class=\"elementor-row\">\n\t\t\t\t\t<div class=\"has_eae_slider elementor-column elementor-col-50 elementor-top-column elementor-element elementor-element-60d581f\" data-id=\"60d581f\" data-element_type=\"column\" data-settings=\"{&quot;background_background&quot;:&quot;classic&quot;}\">\n\t\t\t<div class=\"elementor-column-wrap elementor-element-populated\">\n\t\t\t\t\t\t\t<div class=\"elementor-widget-wrap\">\n\t\t\t\t\t\t<div class=\"elementor-element elementor-element-2bb9263 elementor-widget elementor-widget-heading\" data-id=\"2bb9263\" data-element_type=\"widget\" data-widget_type=\"heading.default\">\n\t\t\t\t<div class=\"elementor-widget-container\">\n\t\t\t<h3 class=\"elementor-heading-title elementor-size-default\">Les r\u00e9novations et les travaux des Barth\u00e9lemy et de Pierdhouy<\/h3>\t\t<\/div>\n\t\t\t\t<\/div>\n\t\t\t\t<div class=\"elementor-element elementor-element-cdb8ef5 elementor-widget elementor-widget-text-editor\" data-id=\"cdb8ef5\" data-element_type=\"widget\" data-widget_type=\"text-editor.default\">\n\t\t\t\t<div class=\"elementor-widget-container\">\n\t\t\t\t\t\t\t\t<div class=\"elementor-text-editor elementor-clearfix\">\n\t\t\t\t<p><strong>En 1687,<\/strong> les trois h\u00e9ritiers Barth\u00e9lemy que sont Jean Barth\u00e9lemy, marchand \u00e0 Donch\u00e9ry, Ren\u00e9e Barth\u00e9lemy, sa s\u0153ur, Elisabeth Barth\u00e9lemy, \u00e9pouse de Thierry Carbon, lieutenant de la mar\u00e9chauss\u00e9e de Maubeuge, d\u00e9cident de faire des travaux. <strong>La maison menace de s\u2019\u00e9crouler<\/strong>. Un devis est \u00e9tabli, il faut <strong>d\u00e9monter la devanture et le retour du pavillon<\/strong> sur la rue Saint Charles et les piliers de soutien. Il faut <strong>d\u00e9molir la grande lucarne, les deux ovales et les deux flamandes<\/strong> de la fa\u00e7ade du retour et <strong>refaire toute la toiture<\/strong>. Pour cela, on pr\u00e9voit le <strong>r\u00e9emploi des vieux mat\u00e9riaux<\/strong>. Les travaux d\u2019un montant de 400 livres sont confi\u00e9s \u00e0 Nicolas Dentremeuse. Les travaux qui ont d\u00e9but\u00e9 le 25 septembre 1687, s\u2019ach\u00e8vent le 8 juin 1688 (actes pass\u00e9s chez Me Larmoyer, copies \u00e0 la biblioth\u00e8que du Patrimoine \u00e0 Charenton 81\/08\/47).<\/p><p>Apr\u00e8s cette phase de travaux, Ren\u00e9e Barth\u00e9lemy habite la maison. Elle est c\u00e9libataire et est rejointe par sa s\u0153ur Elisabeth quand celle-ci perd son \u00e9poux Thierry Carbon (A.C. Charleville\/BB22). La boutique du rez-de-chauss\u00e9e est lou\u00e9e \u00e0 un boulanger.<\/p><p><strong>En 1724, Elisabeth Barth\u00e9lemy, <\/strong>veuve du sieur Carbon,<strong> ach\u00e8te un terrain adjacent \u00e0 la maison, rue Saint Charles,<\/strong> sur lequel sont b\u00e2tis deux esp\u00e8ces de chaumi\u00e8res appel\u00e9es porteries. La vente se fait \u00e0 condition d\u2019\u00e9lever d\u2019ici trois ans un b\u00e2timent conforme au dessein du prince fondateur. Les choses en restent l\u00e0.<\/p><p><strong>Le 29 octobre 1744,<\/strong> le sieur <strong>Jean Nicolas Pierdhouy<\/strong> acquiert le pavillon et le terrain aux h\u00e9ritiers Barth\u00e9lemy et Carbon. Ce nouveau propri\u00e9taire est avocat et secr\u00e9taire de Mr Coulon, grand ma\u00eetre des eaux et for\u00eat du parlement de Metz ; il est le fils de Charles, conseiller du roi, ma\u00eetre particulier des eaux et for\u00eat de Ch\u00e2teau Regnaud, pr\u00e9sident du juge d\u2019appel de Revin. Il a <strong>de grands projets d\u2019extension et d\u2019embellissement\u00a0:<\/strong> il veut faire b\u00e2tir sur la parcelle de la rue Saint Charles et faire quelques modifications sur le pavillon sans nuire \u00e0 la sym\u00e9trie du plan voulue par Charles de Gonzague au moment de l\u2019\u00e9dification de la place. Il demande donc une autorisation pour faire ces am\u00e9nagements.<\/p>\t\t\t\t\t<\/div>\n\t\t\t\t\t\t<\/div>\n\t\t\t\t<\/div>\n\t\t\t\t\t\t<\/div>\n\t\t\t\t\t<\/div>\n\t\t<\/div>\n\t\t\t\t<div class=\"has_eae_slider elementor-column elementor-col-50 elementor-top-column elementor-element elementor-element-8db08bb\" data-id=\"8db08bb\" data-element_type=\"column\">\n\t\t\t<div class=\"elementor-column-wrap elementor-element-populated\">\n\t\t\t\t\t\t\t<div class=\"elementor-widget-wrap\">\n\t\t\t\t\t\t<div class=\"elementor-element elementor-element-0a7a430 elementor-widget elementor-widget-image\" data-id=\"0a7a430\" data-element_type=\"widget\" data-widget_type=\"image.default\">\n\t\t\t\t<div class=\"elementor-widget-container\">\n\t\t\t\t\t\t\t\t<div class=\"elementor-image\">\n\t\t\t\t\t\t\t\t\t\t\t\t\t<a href=\"http:\/\/crm-umr8596.huma-num.fr\/Charleville\/wp-content\/uploads\/2020\/12\/GeneaLogis_fig-15-devis-Perdhouy.jpg\" data-elementor-open-lightbox=\"yes\" data-elementor-lightbox-title=\"Demande d\u2019un permis de construire (Archives Chantilly EA2)\">\n\t\t\t\t\t\t\t<img width=\"995\" height=\"1366\" src=\"https:\/\/crm-umr8596.huma-num.fr\/Charleville\/wp-content\/uploads\/2020\/12\/GeneaLogis_fig-15-devis-Perdhouy.jpg\" class=\"attachment-full size-full\" alt=\"\" loading=\"lazy\" \/>\t\t\t\t\t\t\t\t<\/a>\n\t\t\t\t\t\t\t\t\t\t\t\t\t\t<\/div>\n\t\t\t\t\t\t<\/div>\n\t\t\t\t<\/div>\n\t\t\t\t<div class=\"elementor-element elementor-element-9c70391 elementor-widget elementor-widget-heading\" data-id=\"9c70391\" data-element_type=\"widget\" data-widget_type=\"heading.default\">\n\t\t\t\t<div class=\"elementor-widget-container\">\n\t\t\t<h5 class=\"elementor-heading-title elementor-size-default\">Demande d\u2019un permis de construire (Archives Chantilly EA2)<\/h5>\t\t<\/div>\n\t\t\t\t<\/div>\n\t\t\t\t<div class=\"elementor-element elementor-element-572b3a3 elementor-widget elementor-widget-heading\" data-id=\"572b3a3\" data-element_type=\"widget\" data-widget_type=\"heading.default\">\n\t\t\t\t<div class=\"elementor-widget-container\">\n\t\t\t<h5 class=\"elementor-heading-title elementor-size-default\">Transcription\u00a0:<\/h5>\t\t<\/div>\n\t\t\t\t<\/div>\n\t\t\t\t<div class=\"elementor-element elementor-element-a4a0f62 elementor-widget elementor-widget-text-editor\" data-id=\"a4a0f62\" data-element_type=\"widget\" data-widget_type=\"text-editor.default\">\n\t\t\t\t<div class=\"elementor-widget-container\">\n\t\t\t\t\t\t\t\t<div class=\"elementor-text-editor elementor-clearfix\">\n\t\t\t\t\u00ab\u00a0<em>A ce qu\u2019il plaise \u00e0 son Altesse S\u00e9r\u00e9nissime et \u00e0 Messieurs de son conseil, vu l\u2019acte de concession du 19 septembre 1724 et le plan du pavillon et autre pavillon \u00e0 construire ordonne que le dit acte de concession sera ex\u00e9cut\u00e9 selon sa forme et teneur, en cons\u00e9quence agr\u00e9e le plan, autorise le suppliant<\/em><br><br>\n\n<em>1\u00b0 \u00e0 faire le nombre de fen\u00eatres et crois\u00e9es sur la rue St Charles ainsi qu\u2019elles sont figur\u00e9es<\/em><br>\n<em>2\u00b0\u00e0 d\u00e9molir les fa\u00e7ades et portique de la chaumi\u00e8re, reconstruire et \u00e9lever en son lieu et place une porte d\u2019entr\u00e9e au dit batimens avec un balcon au-dessus.<\/em><br>\n<em>3\u00b0 \u00e0 supprimer les traverses crois\u00e9es de pierre de taille des fenetres du gros pavillon<\/em><br>\n<em>4\u00b0 \u00e0 faire tels ornements qu\u2019il jugera \u00e0 propos au dit pavillon soit en sculpture ou autrement\u00a0\u00bb<\/em><br><br>\n\n(Archives Chantilly EA2)\t\t\t\t\t<\/div>\n\t\t\t\t\t\t<\/div>\n\t\t\t\t<\/div>\n\t\t\t\t\t\t<\/div>\n\t\t\t\t\t<\/div>\n\t\t<\/div>\n\t\t\t\t\t\t\t\t<\/div>\n\t\t\t\t\t<\/div>\n\t\t<\/section>\n\t\t\t\t<section class=\"has_eae_slider elementor-section elementor-top-section elementor-element elementor-element-8d21ea5 elementor-section-boxed elementor-section-height-default elementor-section-height-default\" data-id=\"8d21ea5\" data-element_type=\"section\">\n\t\t\t\t\t\t<div class=\"elementor-container elementor-column-gap-default\">\n\t\t\t\t\t\t\t<div class=\"elementor-row\">\n\t\t\t\t\t<div class=\"has_eae_slider elementor-column elementor-col-50 elementor-top-column elementor-element elementor-element-9ffbd4f\" data-id=\"9ffbd4f\" data-element_type=\"column\" data-settings=\"{&quot;background_background&quot;:&quot;classic&quot;}\">\n\t\t\t<div class=\"elementor-column-wrap elementor-element-populated\">\n\t\t\t\t\t\t\t<div class=\"elementor-widget-wrap\">\n\t\t\t\t\t\t<div class=\"elementor-element elementor-element-a61d4be elementor-widget elementor-widget-text-editor\" data-id=\"a61d4be\" data-element_type=\"widget\" data-widget_type=\"text-editor.default\">\n\t\t\t\t<div class=\"elementor-widget-container\">\n\t\t\t\t\t\t\t\t<div class=\"elementor-text-editor elementor-clearfix\">\n\t\t\t\t<p>Ce sont ces travaux de 1744-1745 qui vont donner <strong>l\u2019allure originale de cette maison<\/strong>. Si l\u2019installation de nouvelles fen\u00eatres sur la rue Saint Charles est faite en tenant compte de l\u2019alignement des ouvertures et de l\u2019uniformit\u00e9 des fa\u00e7ades, <strong>la porte principale est d\u00e9cal\u00e9e de la place \u00e0 la rue<\/strong>. Pierd\u2019houy souhaite faire <strong>sculpter le porche<\/strong>. De plus, <strong>il veut innover et installer un balcon<\/strong> au-dessus de cette nouvelle porte d\u2019entr\u00e9e. On a craint que cela ne d\u00e9plaise aux habitants. Il faut dire qu\u2019il n\u2019y a que deux balcons (sans saillie) dans toute la ville alors et aucun dans les quatre rues d\u00e9bouchant sur la place. Finalement, l\u2019accord est donn\u00e9 pour tout, y compris le balcon. On esp\u00e8re alors que d\u2019autres seront cr\u00e9\u00e9s dans le m\u00eame style, dans les autres rues. Pierdhouy m\u00e8ne ce chantier \u00e0 son terme. Il vit encore dans la maison en 1770.<\/p>\t\t\t\t\t<\/div>\n\t\t\t\t\t\t<\/div>\n\t\t\t\t<\/div>\n\t\t\t\t\t\t<\/div>\n\t\t\t\t\t<\/div>\n\t\t<\/div>\n\t\t\t\t<div class=\"has_eae_slider elementor-column elementor-col-50 elementor-top-column elementor-element elementor-element-365688a\" data-id=\"365688a\" data-element_type=\"column\" data-settings=\"{&quot;background_background&quot;:&quot;classic&quot;}\">\n\t\t\t<div class=\"elementor-column-wrap elementor-element-populated\">\n\t\t\t\t\t\t\t<div class=\"elementor-widget-wrap\">\n\t\t\t\t\t\t<div class=\"elementor-element elementor-element-b8f495c elementor-widget elementor-widget-heading\" data-id=\"b8f495c\" data-element_type=\"widget\" data-widget_type=\"heading.default\">\n\t\t\t\t<div class=\"elementor-widget-container\">\n\t\t\t<h3 class=\"elementor-heading-title elementor-size-default\">Promiscuit\u00e9 et renouvellement rapide des habitants : exemple de l\u2019occupation en 1779, 1780 et 1789<\/h3>\t\t<\/div>\n\t\t\t\t<\/div>\n\t\t\t\t<div class=\"elementor-element elementor-element-191f716 elementor-widget elementor-widget-text-editor\" data-id=\"191f716\" data-element_type=\"widget\" data-widget_type=\"text-editor.default\">\n\t\t\t\t<div class=\"elementor-widget-container\">\n\t\t\t\t\t\t\t\t<div class=\"elementor-text-editor elementor-clearfix\">\n\t\t\t\t<p>La maison appartient alors \u00e0 Louis Templeux, notaire et avocat.<\/p><p><strong>En 1779<\/strong>, la maison ne compte pas moins de <strong>6<\/strong> <strong>m\u00e9nages et 21 personnes sur trois niveaux<\/strong> : Louis Templeux, marchand orf\u00e8vre et propri\u00e9taire, habite avec sa femme et ses trois enfants, Claude Tisset, tanneur, de Charleville, sa femme et son neveu ; Jacques Maucourt, tailleur originaire de Metz, et sa femme ; Jean-Baptiste Cl\u00e9ment et sa femme et une pensionnaire de Ch\u00e2teau lieu ; Albert Bouhon, chirurgien de Charleville, sa femme, leurs trois enfants et un domestique et enfin la dame de Provisy, renti\u00e8re originaire de Bouillon, avec une domestique.<\/p><p><strong>En 1780,<\/strong> il n\u2019y a plus que <strong>3 foyers<\/strong> <strong>et 13 personnes\u00a0<\/strong>: les Templeux, les Bohon et la dame de Provisy.<\/p><p><strong>En 1789, 14 personnes sont r\u00e9parties dans 5 m\u00e9nages : <\/strong>la famille Templeux a d\u00e9sormais cinq enfants de moins de 16 ans et un domestique ; les autres foyers sont constitu\u00e9s de personnes seules ou de couples : la veuve Viot, renti\u00e8re ; Mme Favreau avec sa ni\u00e8ce ; Mr Faynot et sa femme ; un ouvrier orf\u00e8vre. On notera la <strong>forte fr\u00e9quence des femmes vivant seules en ville<\/strong>. L\u2019une des habitantes de 1789 de cette maison habitait auparavant de l\u2019autre c\u00f4t\u00e9 de la place avec son \u00e9poux Thomas \u00c9tienne Viot. Devenue veuve, elle a d\u00e9m\u00e9nag\u00e9 dans un logement plus modeste.<\/p>\t\t\t\t\t<\/div>\n\t\t\t\t\t\t<\/div>\n\t\t\t\t<\/div>\n\t\t\t\t\t\t<\/div>\n\t\t\t\t\t<\/div>\n\t\t<\/div>\n\t\t\t\t\t\t\t\t<\/div>\n\t\t\t\t\t<\/div>\n\t\t<\/section>\n\t\t\t\t<section class=\"has_eae_slider elementor-section elementor-top-section elementor-element elementor-element-32422b6 elementor-section-boxed elementor-section-height-default elementor-section-height-default\" data-id=\"32422b6\" data-element_type=\"section\">\n\t\t\t\t\t\t<div class=\"elementor-container elementor-column-gap-default\">\n\t\t\t\t\t\t\t<div class=\"elementor-row\">\n\t\t\t\t\t<div class=\"has_eae_slider elementor-column elementor-col-100 elementor-top-column elementor-element elementor-element-c5f41cd\" data-id=\"c5f41cd\" data-element_type=\"column\">\n\t\t\t<div class=\"elementor-column-wrap elementor-element-populated\">\n\t\t\t\t\t\t\t<div class=\"elementor-widget-wrap\">\n\t\t\t\t\t\t<div class=\"elementor-element elementor-element-552da29 elementor-widget elementor-widget-heading\" data-id=\"552da29\" data-element_type=\"widget\" data-widget_type=\"heading.default\">\n\t\t\t\t<div class=\"elementor-widget-container\">\n\t\t\t<h3 class=\"elementor-heading-title elementor-size-default\">La grande mutation : l\u2019installation d\u2019un magasin de nouveaut\u00e9s<\/h3>\t\t<\/div>\n\t\t\t\t<\/div>\n\t\t\t\t<section class=\"has_eae_slider elementor-section elementor-inner-section elementor-element elementor-element-2ce6e75 elementor-section-boxed elementor-section-height-default elementor-section-height-default\" data-id=\"2ce6e75\" data-element_type=\"section\">\n\t\t\t\t\t\t<div class=\"elementor-container elementor-column-gap-default\">\n\t\t\t\t\t\t\t<div class=\"elementor-row\">\n\t\t\t\t\t<div class=\"has_eae_slider elementor-column elementor-col-50 elementor-inner-column elementor-element elementor-element-e32e2a0\" data-id=\"e32e2a0\" data-element_type=\"column\">\n\t\t\t<div class=\"elementor-column-wrap elementor-element-populated\">\n\t\t\t\t\t\t\t<div class=\"elementor-widget-wrap\">\n\t\t\t\t\t\t<div class=\"elementor-element elementor-element-1e06ef7 elementor-widget elementor-widget-image\" data-id=\"1e06ef7\" data-element_type=\"widget\" data-widget_type=\"image.default\">\n\t\t\t\t<div class=\"elementor-widget-container\">\n\t\t\t\t\t\t\t\t<div class=\"elementor-image\">\n\t\t\t\t\t\t\t\t\t\t\t\t\t<a href=\"http:\/\/crm-umr8596.huma-num.fr\/Charleville\/wp-content\/uploads\/2020\/12\/GeneaLogis_fig-16_affiche-magasin.jpg\" data-elementor-open-lightbox=\"yes\" data-elementor-lightbox-title=\"Affiche du magasin Au Coin de Rue\">\n\t\t\t\t\t\t\t<img width=\"1242\" height=\"1366\" src=\"https:\/\/crm-umr8596.huma-num.fr\/Charleville\/wp-content\/uploads\/2020\/12\/GeneaLogis_fig-16_affiche-magasin.jpg\" class=\"attachment-full size-full\" alt=\"\" loading=\"lazy\" \/>\t\t\t\t\t\t\t\t<\/a>\n\t\t\t\t\t\t\t\t\t\t\t\t\t\t<\/div>\n\t\t\t\t\t\t<\/div>\n\t\t\t\t<\/div>\n\t\t\t\t<div class=\"elementor-element elementor-element-f6351e7 elementor-widget elementor-widget-heading\" data-id=\"f6351e7\" data-element_type=\"widget\" data-widget_type=\"heading.default\">\n\t\t\t\t<div class=\"elementor-widget-container\">\n\t\t\t<h5 class=\"elementor-heading-title elementor-size-default\">Affiche du magasin Au Coin de Rue <\/h5>\t\t<\/div>\n\t\t\t\t<\/div>\n\t\t\t\t\t\t<\/div>\n\t\t\t\t\t<\/div>\n\t\t<\/div>\n\t\t\t\t<div class=\"has_eae_slider elementor-column elementor-col-50 elementor-inner-column elementor-element elementor-element-d5d8a82\" data-id=\"d5d8a82\" data-element_type=\"column\">\n\t\t\t<div class=\"elementor-column-wrap elementor-element-populated\">\n\t\t\t\t\t\t\t<div class=\"elementor-widget-wrap\">\n\t\t\t\t\t\t<div class=\"elementor-element elementor-element-9d78628 elementor-widget elementor-widget-text-editor\" data-id=\"9d78628\" data-element_type=\"widget\" data-widget_type=\"text-editor.default\">\n\t\t\t\t<div class=\"elementor-widget-container\">\n\t\t\t\t\t\t\t\t<div class=\"elementor-text-editor elementor-clearfix\">\n\t\t\t\t<p>En 1849, la maison perd sa fonction d\u2019habitation pour le propri\u00e9taire et ses locataires. Elle devient la succursale d\u2019un <strong>magasin de nouveaut\u00e9s<\/strong> install\u00e9 6 rue du Palais, A la Petite Jardini\u00e8re. Les deux associ\u00e9s propri\u00e9taires, Edmond Ch\u00e9ruy et Etienne Labb\u00e9, baptisent leur nouveau magasin Au coin de Rue. Dans ce genre de commerce particuli\u00e8rement florissant au XIXe si\u00e8cle, on vend tout ce qui sert \u00e0 la toilette des dames. Les deux associ\u00e9s habitent avec leurs familles, trois de leurs commis et une cuisini\u00e8re dans la rue du Palais.<\/p><p>Le 1<sup>er<\/sup> octobre <strong>1888,<\/strong> <strong>Arthur Jeanteur rach\u00e8te le Coin de Rue<\/strong> \u00e0 la famille Lefevre-Sarrazin. La maison devient une enseigne \u00e0 elle seule\u00a0! Cette <strong>maison de nouveaut\u00e9s devient la plus importante de l\u2019Est<\/strong>, offrant le m\u00eame choix qu\u2019\u00e0 Paris. Jeanteur applique <strong>les m\u00e9thodes des grands magasins parisiens<\/strong> comme le Bon March\u00e9, les Grands Magasins du Louvre ou La Samaritaine\u00a0: entr\u00e9e libre, prix fixes, rotations des collections et des stocks, soldes de fin de saison. Tout un nouveau calendrier commercial se met en place. Il vend aussi des calendriers de fin d\u2019ann\u00e9e, des images pour enfants.<\/p>\t\t\t\t\t<\/div>\n\t\t\t\t\t\t<\/div>\n\t\t\t\t<\/div>\n\t\t\t\t\t\t<\/div>\n\t\t\t\t\t<\/div>\n\t\t<\/div>\n\t\t\t\t\t\t\t\t<\/div>\n\t\t\t\t\t<\/div>\n\t\t<\/section>\n\t\t\t\t\t\t<\/div>\n\t\t\t\t\t<\/div>\n\t\t<\/div>\n\t\t\t\t\t\t\t\t<\/div>\n\t\t\t\t\t<\/div>\n\t\t<\/section>\n\t\t\t\t\t\t<\/div>\n\t\t\t\t\t\t<\/div>\n\t\t\t\t\t<\/div>\n\t\t","protected":false},"excerpt":{"rendered":"<p>Les journ\u00e9es europ\u00e9ennes du patrimoine Visites promenades &amp; conf\u00e9rences\u00a0&#8211; 16 &amp; 17 septembre 2016 &#8211; Organis\u00e9es par : Soutenues par : Charleville, une ville et sa population \u00c9tat des recherches (XVIIe-XIXe si\u00e8cle) Conf\u00e9rence des \u00e9tudiants de master le 16 septembre 2016 \u2013 auditorium de la m\u00e9diath\u00e8que Voyelles Pour lancer les journ\u00e9es europ\u00e9ennes du patrimoine, les &hellip;<\/p>\n<p class=\"read-more\"> <a class=\"\" href=\"https:\/\/crm-umr8596.huma-num.fr\/Charleville\/journees-europeennes\/\"> <span class=\"screen-reader-text\">Genealogis<\/span> Lire la suite\u00a0\u00bb<\/a><\/p>\n","protected":false},"author":1,"featured_media":0,"parent":0,"menu_order":0,"comment_status":"closed","ping_status":"closed","template":"","meta":[],"_links":{"self":[{"href":"https:\/\/crm-umr8596.huma-num.fr\/Charleville\/wp-json\/wp\/v2\/pages\/5106"}],"collection":[{"href":"https:\/\/crm-umr8596.huma-num.fr\/Charleville\/wp-json\/wp\/v2\/pages"}],"about":[{"href":"https:\/\/crm-umr8596.huma-num.fr\/Charleville\/wp-json\/wp\/v2\/types\/page"}],"author":[{"embeddable":true,"href":"https:\/\/crm-umr8596.huma-num.fr\/Charleville\/wp-json\/wp\/v2\/users\/1"}],"replies":[{"embeddable":true,"href":"https:\/\/crm-umr8596.huma-num.fr\/Charleville\/wp-json\/wp\/v2\/comments?post=5106"}],"version-history":[{"count":499,"href":"https:\/\/crm-umr8596.huma-num.fr\/Charleville\/wp-json\/wp\/v2\/pages\/5106\/revisions"}],"predecessor-version":[{"id":8390,"href":"https:\/\/crm-umr8596.huma-num.fr\/Charleville\/wp-json\/wp\/v2\/pages\/5106\/revisions\/8390"}],"wp:attachment":[{"href":"https:\/\/crm-umr8596.huma-num.fr\/Charleville\/wp-json\/wp\/v2\/media?parent=5106"}],"curies":[{"name":"wp","href":"https:\/\/api.w.org\/{rel}","templated":true}]}}