{"id":10284,"date":"2023-11-08T11:05:30","date_gmt":"2023-11-08T10:05:30","guid":{"rendered":"https:\/\/crm-umr8596.huma-num.fr\/Charleville\/?page_id=10284"},"modified":"2023-11-08T12:14:13","modified_gmt":"2023-11-08T11:14:13","slug":"notice_grands_enfants","status":"publish","type":"page","link":"https:\/\/crm-umr8596.huma-num.fr\/Charleville\/notice_grands_enfants\/","title":{"rendered":"Les grands enfants \u00e0 Charleville (fin du XVIIIe si\u00e8cle-d\u00e9but du XIXe si\u00e8cle)"},"content":{"rendered":"\t\t<div data-elementor-type=\"wp-post\" data-elementor-id=\"10284\" class=\"elementor elementor-10284\" data-elementor-settings=\"[]\">\n\t\t\t\t\t\t<div class=\"elementor-inner\">\n\t\t\t\t\t\t\t<div class=\"elementor-section-wrap\">\n\t\t\t\t\t\t\t<section class=\"has_eae_slider elementor-section elementor-top-section elementor-element elementor-element-7c07c9f elementor-section-content-middle elementor-section-boxed elementor-section-height-default elementor-section-height-default\" data-id=\"7c07c9f\" data-element_type=\"section\" data-settings=\"{&quot;background_background&quot;:&quot;classic&quot;}\">\n\t\t\t\t\t\t\t<div class=\"elementor-background-overlay\"><\/div>\n\t\t\t\t\t\t\t<div class=\"elementor-container elementor-column-gap-no\">\n\t\t\t\t\t\t\t<div class=\"elementor-row\">\n\t\t\t\t\t<div class=\"has_eae_slider elementor-column elementor-col-100 elementor-top-column elementor-element elementor-element-1eb19e3\" data-id=\"1eb19e3\" data-element_type=\"column\">\n\t\t\t<div class=\"elementor-column-wrap\">\n\t\t\t\t\t\t\t<div class=\"elementor-widget-wrap\">\n\t\t\t\t\t\t\t\t<\/div>\n\t\t\t\t\t<\/div>\n\t\t<\/div>\n\t\t\t\t\t\t\t\t<\/div>\n\t\t\t\t\t<\/div>\n\t\t<\/section>\n\t\t\t\t<section class=\"has_eae_slider elementor-section elementor-top-section elementor-element elementor-element-a9feb37 elementor-section-content-middle elementor-reverse-mobile elementor-section-boxed elementor-section-height-default elementor-section-height-default\" data-id=\"a9feb37\" data-element_type=\"section\">\n\t\t\t\t\t\t\t<div class=\"elementor-background-overlay\"><\/div>\n\t\t\t\t\t\t\t<div class=\"elementor-container elementor-column-gap-default\">\n\t\t\t\t\t\t\t<div class=\"elementor-row\">\n\t\t\t\t\t<div class=\"has_eae_slider elementor-column elementor-col-100 elementor-top-column elementor-element elementor-element-c721358\" data-id=\"c721358\" data-element_type=\"column\">\n\t\t\t<div class=\"elementor-column-wrap elementor-element-populated\">\n\t\t\t\t\t\t\t<div class=\"elementor-widget-wrap\">\n\t\t\t\t\t\t<div class=\"elementor-element elementor-element-dc2d50f elementor-widget elementor-widget-heading\" data-id=\"dc2d50f\" data-element_type=\"widget\" data-widget_type=\"heading.default\">\n\t\t\t\t<div class=\"elementor-widget-container\">\n\t\t\t<h1 class=\"elementor-heading-title elementor-size-default\">Les grands enfants \u00e0 Charleville<\/h1>\t\t<\/div>\n\t\t\t\t<\/div>\n\t\t\t\t<div class=\"elementor-element elementor-element-92f05c4 elementor-widget elementor-widget-heading\" data-id=\"92f05c4\" data-element_type=\"widget\" data-widget_type=\"heading.default\">\n\t\t\t\t<div class=\"elementor-widget-container\">\n\t\t\t<h2 class=\"elementor-heading-title elementor-size-default\">Fin du XVIII<sup>e<\/sup> si\u00e8cle - d\u00e9but du XIX<sup>e<\/sup> si\u00e8cle<\/h2>\t\t<\/div>\n\t\t\t\t<\/div>\n\t\t\t\t<section class=\"has_eae_slider elementor-section elementor-inner-section elementor-element elementor-element-142d4f5 elementor-section-content-middle elementor-section-boxed elementor-section-height-default elementor-section-height-default\" data-id=\"142d4f5\" data-element_type=\"section\">\n\t\t\t\t\t\t<div class=\"elementor-container elementor-column-gap-default\">\n\t\t\t\t\t\t\t<div class=\"elementor-row\">\n\t\t\t\t\t<div class=\"has_eae_slider elementor-column elementor-col-33 elementor-inner-column elementor-element elementor-element-a39fce4\" data-id=\"a39fce4\" data-element_type=\"column\">\n\t\t\t<div class=\"elementor-column-wrap elementor-element-populated\">\n\t\t\t\t\t\t\t<div class=\"elementor-widget-wrap\">\n\t\t\t\t\t\t<div class=\"elementor-element elementor-element-de8479b elementor-widget-divider--view-line elementor-widget elementor-widget-divider\" data-id=\"de8479b\" data-element_type=\"widget\" data-widget_type=\"divider.default\">\n\t\t\t\t<div class=\"elementor-widget-container\">\n\t\t\t\t\t<div class=\"elementor-divider\">\n\t\t\t<span class=\"elementor-divider-separator\">\n\t\t\t\t\t\t<\/span>\n\t\t<\/div>\n\t\t\t\t<\/div>\n\t\t\t\t<\/div>\n\t\t\t\t\t\t<\/div>\n\t\t\t\t\t<\/div>\n\t\t<\/div>\n\t\t\t\t<div class=\"has_eae_slider elementor-column elementor-col-33 elementor-inner-column elementor-element elementor-element-1e6f859\" data-id=\"1e6f859\" data-element_type=\"column\">\n\t\t\t<div class=\"elementor-column-wrap elementor-element-populated\">\n\t\t\t\t\t\t\t<div class=\"elementor-widget-wrap\">\n\t\t\t\t\t\t<div class=\"elementor-element elementor-element-bda873a elementor-widget elementor-widget-image\" data-id=\"bda873a\" data-element_type=\"widget\" data-widget_type=\"image.default\">\n\t\t\t\t<div class=\"elementor-widget-container\">\n\t\t\t\t\t\t\t\t<div class=\"elementor-image\">\n\t\t\t\t\t\t\t\t\t\t\t\t<img width=\"150\" height=\"150\" src=\"https:\/\/crm-umr8596.huma-num.fr\/Charleville\/wp-content\/uploads\/2020\/12\/logo_RVB_150.png\" class=\"attachment-large size-large\" alt=\"\" loading=\"lazy\" \/>\t\t\t\t\t\t\t\t\t\t\t\t\t\t<\/div>\n\t\t\t\t\t\t<\/div>\n\t\t\t\t<\/div>\n\t\t\t\t\t\t<\/div>\n\t\t\t\t\t<\/div>\n\t\t<\/div>\n\t\t\t\t<div class=\"has_eae_slider elementor-column elementor-col-33 elementor-inner-column elementor-element elementor-element-8a280c3\" data-id=\"8a280c3\" data-element_type=\"column\">\n\t\t\t<div class=\"elementor-column-wrap elementor-element-populated\">\n\t\t\t\t\t\t\t<div class=\"elementor-widget-wrap\">\n\t\t\t\t\t\t<div class=\"elementor-element elementor-element-ac1aacd elementor-widget-divider--view-line elementor-widget elementor-widget-divider\" data-id=\"ac1aacd\" data-element_type=\"widget\" data-widget_type=\"divider.default\">\n\t\t\t\t<div class=\"elementor-widget-container\">\n\t\t\t\t\t<div class=\"elementor-divider\">\n\t\t\t<span class=\"elementor-divider-separator\">\n\t\t\t\t\t\t<\/span>\n\t\t<\/div>\n\t\t\t\t<\/div>\n\t\t\t\t<\/div>\n\t\t\t\t\t\t<\/div>\n\t\t\t\t\t<\/div>\n\t\t<\/div>\n\t\t\t\t\t\t\t\t<\/div>\n\t\t\t\t\t<\/div>\n\t\t<\/section>\n\t\t\t\t<div class=\"elementor-element elementor-element-80312aa elementor-widget elementor-widget-text-editor\" data-id=\"80312aa\" data-element_type=\"widget\" data-widget_type=\"text-editor.default\">\n\t\t\t\t<div class=\"elementor-widget-container\">\n\t\t\t\t\t\t\t\t<div class=\"elementor-text-editor elementor-clearfix\">\n\t\t\t\t<p>Notice propos\u00e9e par Coralie Monteil, avec Isabelle Robin et Fran\u00e7ois-Joseph Ruggiu.<\/p><p>&#8211; Novembre 2023 &#8211;<\/p>\t\t\t\t\t<\/div>\n\t\t\t\t\t\t<\/div>\n\t\t\t\t<\/div>\n\t\t\t\t\t\t<\/div>\n\t\t\t\t\t<\/div>\n\t\t<\/div>\n\t\t\t\t\t\t\t\t<\/div>\n\t\t\t\t\t<\/div>\n\t\t<\/section>\n\t\t\t\t<section class=\"has_eae_slider elementor-section elementor-top-section elementor-element elementor-element-668e68c elementor-reverse-mobile elementor-section-boxed elementor-section-height-default elementor-section-height-default\" data-id=\"668e68c\" data-element_type=\"section\" data-settings=\"{&quot;background_background&quot;:&quot;classic&quot;}\">\n\t\t\t\t\t\t<div class=\"elementor-container elementor-column-gap-default\">\n\t\t\t\t\t\t\t<div class=\"elementor-row\">\n\t\t\t\t\t<div class=\"has_eae_slider elementor-column elementor-col-100 elementor-top-column elementor-element elementor-element-7f292cf\" data-id=\"7f292cf\" data-element_type=\"column\">\n\t\t\t<div class=\"elementor-column-wrap elementor-element-populated\">\n\t\t\t\t\t\t\t<div class=\"elementor-widget-wrap\">\n\t\t\t\t\t\t<div class=\"elementor-element elementor-element-322ab0f elementor-widget-divider--view-line elementor-widget elementor-widget-divider\" data-id=\"322ab0f\" data-element_type=\"widget\" data-widget_type=\"divider.default\">\n\t\t\t\t<div class=\"elementor-widget-container\">\n\t\t\t\t\t<div class=\"elementor-divider\">\n\t\t\t<span class=\"elementor-divider-separator\">\n\t\t\t\t\t\t<\/span>\n\t\t<\/div>\n\t\t\t\t<\/div>\n\t\t\t\t<\/div>\n\t\t\t\t<div class=\"elementor-element elementor-element-4dc5bea elementor-widget elementor-widget-text-editor\" data-id=\"4dc5bea\" data-element_type=\"widget\" data-widget_type=\"text-editor.default\">\n\t\t\t\t<div class=\"elementor-widget-container\">\n\t\t\t\t\t\t\t\t<div class=\"elementor-text-editor elementor-clearfix\">\n\t\t\t\t<p>Ni tout \u00e0 fait du c\u00f4t\u00e9 des adultes, ni vraiment du c\u00f4t\u00e9 des enfants, les <strong>\u00ab\u00a0grands enfants\u00a0\u00bb<\/strong> forment une cat\u00e9gorie incertaine\u00a0dans les populations anciennes. Elle regroupe <strong>les individus qui, n\u2019ayant pas encore acquis leur autonomie financi\u00e8re, vivent chez leurs parents, ou bien chez des membres de leur famille ou encore chez quelqu\u2019un d\u2019ext\u00e9rieur \u00e0 leur parent\u00e9, comme un patron ou un propri\u00e9taire, et qui sont encore c\u00e9libataires<\/strong>. Les sociologues ont longtemps consid\u00e9r\u00e9 qu\u2019autonomie rimait avec ind\u00e9pendance financi\u00e8re\u00a0: pour fonder son foyer, il fallait pouvoir en assumer la charge. Toutefois, aujourd\u2019hui, nombreux sont les \u00ab\u00a0Tanguys\u00a0\u00bb, du nom du jeune adulte qui reste vivre chez ses parents, h\u00e9ros du film \u00e9ponyme. La pr\u00e9sence prolong\u00e9e de ces grands enfants dans les m\u00e9nages peut s\u2019expliquer par le fait qu\u2019ils n\u2019ont pas les moyens de s\u2019installer ailleurs, ou bien qu\u2019ils jouent la carte de la s\u00e9curit\u00e9 en restant l\u00e0 o\u00f9 ils ont g\u00eete et couvert assur\u00e9s. Chacun y trouverait son compte\u00a0: le jeune a un toit assur\u00e9 et, en \u00e9change, il peut contribuer \u00e0 la vie \u00e9conomique du foyer. <strong>Cette attitude est-elle seulement la marque de notre \u00e9poque\u00a0; qu\u2019en \u00e9tait-il au tournant des XVIII<sup>e<\/sup> et XIX<sup>e<\/sup> si\u00e8cles, en particulier \u00e0 Charleville\u00a0?<\/strong><\/p><p>Pour en savoir plus sur la vie de ces grands enfants, nous allons en tracer deux portraits de groupe \u00e0 deux moments diff\u00e9rents. Les recensements, nombreux \u00e0 Charleville, qui \u00e9num\u00e8rent les membres des m\u00e9nages et permettent de suivre des parcours de vie individuels, sont notre source principale\u00a0; elle est crois\u00e9e avec les registres paroissiaux et avec l\u2019\u00e9tat-civil. Deux \u00e9poques sont compar\u00e9es : 1790, moment de transition de l&#8217;Ancien R\u00e9gime \u00e0 la R\u00e9volution et 1811-1823, soit une g\u00e9n\u00e9ration plus tard, lorsque le basculement r\u00e9volutionnaire a transform\u00e9 le fonctionnement de la soci\u00e9t\u00e9.<\/p>\t\t\t\t\t<\/div>\n\t\t\t\t\t\t<\/div>\n\t\t\t\t<\/div>\n\t\t\t\t\t\t<\/div>\n\t\t\t\t\t<\/div>\n\t\t<\/div>\n\t\t\t\t\t\t\t\t<\/div>\n\t\t\t\t\t<\/div>\n\t\t<\/section>\n\t\t\t\t<section class=\"has_eae_slider elementor-section elementor-top-section elementor-element elementor-element-8560e7f elementor-section-boxed elementor-section-height-default elementor-section-height-default\" data-id=\"8560e7f\" data-element_type=\"section\">\n\t\t\t\t\t\t<div class=\"elementor-container elementor-column-gap-default\">\n\t\t\t\t\t\t\t<div class=\"elementor-row\">\n\t\t\t\t\t<div class=\"has_eae_slider elementor-column elementor-col-100 elementor-top-column elementor-element elementor-element-d729d7e\" data-id=\"d729d7e\" data-element_type=\"column\">\n\t\t\t<div class=\"elementor-column-wrap\">\n\t\t\t\t\t\t\t<div class=\"elementor-widget-wrap\">\n\t\t\t\t\t\t\t\t<\/div>\n\t\t\t\t\t<\/div>\n\t\t<\/div>\n\t\t\t\t\t\t\t\t<\/div>\n\t\t\t\t\t<\/div>\n\t\t<\/section>\n\t\t\t\t<section class=\"has_eae_slider elementor-section elementor-top-section elementor-element elementor-element-8742359 elementor-section-boxed elementor-section-height-default elementor-section-height-default\" data-id=\"8742359\" data-element_type=\"section\" data-settings=\"{&quot;background_background&quot;:&quot;classic&quot;}\">\n\t\t\t\t\t\t<div class=\"elementor-container elementor-column-gap-default\">\n\t\t\t\t\t\t\t<div class=\"elementor-row\">\n\t\t\t\t\t<div class=\"has_eae_slider elementor-column elementor-col-100 elementor-top-column elementor-element elementor-element-41ae008\" data-id=\"41ae008\" data-element_type=\"column\">\n\t\t\t<div class=\"elementor-column-wrap elementor-element-populated\">\n\t\t\t\t\t\t\t<div class=\"elementor-widget-wrap\">\n\t\t\t\t\t\t<div class=\"elementor-element elementor-element-f4fa22f elementor-widget elementor-widget-heading\" data-id=\"f4fa22f\" data-element_type=\"widget\" data-widget_type=\"heading.default\">\n\t\t\t\t<div class=\"elementor-widget-container\">\n\t\t\t<h2 class=\"elementor-heading-title elementor-size-default\">Les grands gar\u00e7ons de 1790<\/h2>\t\t<\/div>\n\t\t\t\t<\/div>\n\t\t\t\t<div class=\"elementor-element elementor-element-f8ccefa elementor-widget-divider--view-line elementor-widget elementor-widget-divider\" data-id=\"f8ccefa\" data-element_type=\"widget\" data-widget_type=\"divider.default\">\n\t\t\t\t<div class=\"elementor-widget-container\">\n\t\t\t\t\t<div class=\"elementor-divider\">\n\t\t\t<span class=\"elementor-divider-separator\">\n\t\t\t\t\t\t<\/span>\n\t\t<\/div>\n\t\t\t\t<\/div>\n\t\t\t\t<\/div>\n\t\t\t\t<section class=\"has_eae_slider elementor-section elementor-inner-section elementor-element elementor-element-549941e elementor-section-boxed elementor-section-height-default elementor-section-height-default\" data-id=\"549941e\" data-element_type=\"section\">\n\t\t\t\t\t\t<div class=\"elementor-container elementor-column-gap-default\">\n\t\t\t\t\t\t\t<div class=\"elementor-row\">\n\t\t\t\t\t<div class=\"has_eae_slider elementor-column elementor-col-100 elementor-inner-column elementor-element elementor-element-6eb3875\" data-id=\"6eb3875\" data-element_type=\"column\">\n\t\t\t<div class=\"elementor-column-wrap elementor-element-populated\">\n\t\t\t\t\t\t\t<div class=\"elementor-widget-wrap\">\n\t\t\t\t\t\t<div class=\"elementor-element elementor-element-7d07529 elementor-widget elementor-widget-text-editor\" data-id=\"7d07529\" data-element_type=\"widget\" data-widget_type=\"text-editor.default\">\n\t\t\t\t<div class=\"elementor-widget-container\">\n\t\t\t\t\t\t\t\t<div class=\"elementor-text-editor elementor-clearfix\">\n\t\t\t\t<p>Sous la R\u00e9volution \u00e0 Charleville, nous connaissons pr\u00e9cis\u00e9ment <strong>le groupe des grands gar\u00e7ons de 18 ans et plus<\/strong>, parce que, de fa\u00e7on exceptionnelle et pour des raisons que l\u2019on suppose militaires, le <strong>recensement de 1790<\/strong> les a rang\u00e9s dans deux cat\u00e9gories \u00e0 part dans les m\u00e9nages, celle des gar\u00e7ons de 18 ans et celle des gar\u00e7ons de 21 ans et plus. <strong>Ils sont alors 310 vivant dans 237 m\u00e9nages (12,6% des foyers carolopolitains) et ont en moyenne 24 ans. Plus des deux-tiers sont des fils de famille domicili\u00e9s chez leurs parents. Tous ou presque (99%) sont n\u00e9s dans les Ardennes.<\/strong> Loin d\u2019\u00eatre enfants uniques, <strong>ils ont, en moyenne, six fr\u00e8res et s\u0153urs<\/strong>, ce qui sugg\u00e8re que Charleville n&#8217;est gu\u00e8re concern\u00e9e \u00e0 cette date par un processus de limitation des naissances visible dans d&#8217;autres r\u00e9gions du royaume, comme la Normandie. Dans la ville, <strong>45 foyers abritent m\u00eame plusieurs grands gar\u00e7ons<\/strong> et encore ne sait-on rien des filles\u00a0; mais on peut en cons\u00e9quence \u00e9carter l\u2019id\u00e9e qu\u2019un seul enfant resterait aupr\u00e8s des parents vieillissants.<\/p>\t\t\t\t\t<\/div>\n\t\t\t\t\t\t<\/div>\n\t\t\t\t<\/div>\n\t\t\t\t<div class=\"elementor-element elementor-element-3f6a245 elementor-widget elementor-widget-image\" data-id=\"3f6a245\" data-element_type=\"widget\" data-widget_type=\"image.default\">\n\t\t\t\t<div class=\"elementor-widget-container\">\n\t\t\t\t\t\t\t\t<div class=\"elementor-image\">\n\t\t\t\t\t\t\t\t\t<figure class=\"wp-caption\">\n\t\t\t\t\t\t\t\t\t\t<img width=\"604\" height=\"312\" src=\"https:\/\/crm-umr8596.huma-num.fr\/Charleville\/wp-content\/uploads\/2023\/11\/recensement_1790.png\" class=\"attachment-large size-large\" alt=\"\" loading=\"lazy\" \/>\t\t\t\t\t\t\t\t\t\t\t<figcaption class=\"widget-image-caption wp-caption-text\">Recensement de la ville en 1790, <br>Deux colonnes sont ajout\u00e9es sur la page de droite : <br>\u00ab noms des gar\u00e7ons \u00e2g\u00e9s de 18 ans \u00bb et \u00ab noms des gar\u00e7ons \u00e2g\u00e9s de 21 ans \u00bb <br>Source : A.D.A., BB 83, recensement 1790, page 1.<\/figcaption>\n\t\t\t\t\t\t\t\t\t\t<\/figure>\n\t\t\t\t\t\t\t\t<\/div>\n\t\t\t\t\t\t<\/div>\n\t\t\t\t<\/div>\n\t\t\t\t\t\t<\/div>\n\t\t\t\t\t<\/div>\n\t\t<\/div>\n\t\t\t\t\t\t\t\t<\/div>\n\t\t\t\t\t<\/div>\n\t\t<\/section>\n\t\t\t\t\t\t<\/div>\n\t\t\t\t\t<\/div>\n\t\t<\/div>\n\t\t\t\t\t\t\t\t<\/div>\n\t\t\t\t\t<\/div>\n\t\t<\/section>\n\t\t\t\t<section class=\"has_eae_slider elementor-section elementor-top-section elementor-element elementor-element-fef412f elementor-section-boxed elementor-section-height-default elementor-section-height-default\" data-id=\"fef412f\" data-element_type=\"section\" data-settings=\"{&quot;background_background&quot;:&quot;classic&quot;}\">\n\t\t\t\t\t\t<div class=\"elementor-container elementor-column-gap-default\">\n\t\t\t\t\t\t\t<div class=\"elementor-row\">\n\t\t\t\t\t<div class=\"has_eae_slider elementor-column elementor-col-100 elementor-top-column elementor-element elementor-element-6d7580d\" data-id=\"6d7580d\" data-element_type=\"column\">\n\t\t\t<div class=\"elementor-column-wrap elementor-element-populated\">\n\t\t\t\t\t\t\t<div class=\"elementor-widget-wrap\">\n\t\t\t\t\t\t<div class=\"elementor-element elementor-element-4bcb2c2 elementor-widget elementor-widget-heading\" data-id=\"4bcb2c2\" data-element_type=\"widget\" data-widget_type=\"heading.default\">\n\t\t\t\t<div class=\"elementor-widget-container\">\n\t\t\t<h2 class=\"elementor-heading-title elementor-size-default\">Le devenir des grands gar\u00e7ons<\/h2>\t\t<\/div>\n\t\t\t\t<\/div>\n\t\t\t\t<div class=\"elementor-element elementor-element-d1dd945 elementor-widget-divider--view-line elementor-widget elementor-widget-divider\" data-id=\"d1dd945\" data-element_type=\"widget\" data-widget_type=\"divider.default\">\n\t\t\t\t<div class=\"elementor-widget-container\">\n\t\t\t\t\t<div class=\"elementor-divider\">\n\t\t\t<span class=\"elementor-divider-separator\">\n\t\t\t\t\t\t<\/span>\n\t\t<\/div>\n\t\t\t\t<\/div>\n\t\t\t\t<\/div>\n\t\t\t\t<section class=\"has_eae_slider elementor-section elementor-inner-section elementor-element elementor-element-4944d8c elementor-section-boxed elementor-section-height-default elementor-section-height-default\" data-id=\"4944d8c\" data-element_type=\"section\">\n\t\t\t\t\t\t<div class=\"elementor-container elementor-column-gap-default\">\n\t\t\t\t\t\t\t<div class=\"elementor-row\">\n\t\t\t\t\t<div class=\"has_eae_slider elementor-column elementor-col-100 elementor-inner-column elementor-element elementor-element-5ef883f\" data-id=\"5ef883f\" data-element_type=\"column\" data-settings=\"{&quot;background_background&quot;:&quot;classic&quot;}\">\n\t\t\t<div class=\"elementor-column-wrap elementor-element-populated\">\n\t\t\t\t\t\t\t<div class=\"elementor-widget-wrap\">\n\t\t\t\t\t\t<div class=\"elementor-element elementor-element-3ec039e elementor-widget elementor-widget-text-editor\" data-id=\"3ec039e\" data-element_type=\"widget\" data-widget_type=\"text-editor.default\">\n\t\t\t\t<div class=\"elementor-widget-container\">\n\t\t\t\t\t\t\t\t<div class=\"elementor-text-editor elementor-clearfix\">\n\t\t\t\t<p>En suivant ce groupe de grands gar\u00e7ons\u00a0dans les registres d\u2019\u00e9tat-civil, on constate que <strong>95% se sont ult\u00e9rieurement mari\u00e9s, dont un quart environ au moins deux fois<\/strong>. Ainsi, Ponce Berthaud, mari\u00e9 une premi\u00e8re fois en 1800, et dont la femme meurt un an plus tard, ne reste pas veuf plus de trois mois. Lorsque sa deuxi\u00e8me femme meurt en 1812, il convole \u00e0 nouveau dans la m\u00eame ann\u00e9e. <strong>Sur 310 individus suivis de leur naissance \u00e0 leur mort ou d\u00e9part de la ville, 120 ont eu des enfants.<\/strong> Ils ont eu <strong>en moyenne quatre enfants<\/strong> <strong>chacun<\/strong>, mais cette moyenne cache des disparit\u00e9s importantes, allant de 1 \u00e0 16 enfants. Henry Bouchereaux a ainsi eu neuf filles et sept gar\u00e7ons entre 1793, ann\u00e9e de son mariage, et 1814. Si l\u2019\u00e9ventail des \u00e2ges au d\u00e9c\u00e8s est large, de 22 ans \u00e0 86 ans, <strong>l\u2019\u00e2ge moyen se situe plut\u00f4t autour de 60 ans<\/strong>. Pour terminer ce portrait de groupe, voici, parmi d&#8217;autres, un exemple de parcours de vie reconstitu\u00e9\u00a0: celui de Th\u00e9odore Bouhon, n\u00e9 en 1769, dont les parents, Gaspard Bouhon et Marie Th\u00e8r\u00e8se Waudin, ont eu sept enfants. Lors du recensement de 1790, leur a\u00een\u00e9, le jeune Th\u00e9odore, \u00e2g\u00e9 de 21 ans, est d\u00e9clar\u00e9 vivant chez ses parents et il y reste encore de nombreuses ann\u00e9es. En effet, il se marie tardivement en 1807, \u00e0 l\u2019\u00e2ge de 38 ans, avec Marguerite Prevost, \u00e2g\u00e9e de 21 ans. Th\u00e9odore, qui est d\u00e9clar\u00e9 militaire en cong\u00e9 \u00e0 son mariage, a exerc\u00e9 ensuite la profession de marchand chapelier. Il meurt en 1819, \u00e0 49 ans, en laissant trois fils.<\/p><p><strong>Il semble que le fait d\u2019avoir \u00e9t\u00e9 un grand enfant ait tendance \u00e0 influer sur le comportement\u00a0: \u00eatre rest\u00e9 longtemps chez ses parents pousserait \u00e0 reproduire cela avec ses propres enfants, cr\u00e9ant en quelque sorte une tradition familiale.<\/strong> C\u2019est le cas pour Th\u00e9odore Bouhon, d\u00e9j\u00e0 cit\u00e9, mais aussi pour Jean Fran\u00e7ois Verraux. Jusqu\u2019en 1793, ce dernier a v\u00e9cu au domicile parental. Cette ann\u00e9e-l\u00e0, il a 34 ans et il se marie avec Marie Gallois. Quatre enfants naissent entre 1794 et 1798. En 1811, il est recens\u00e9 avec sa femme et deux de ses enfants, Jean Pierre, 16 ans et Jeanne, 12 ans. Jean Fran\u00e7ois meurt \u00e0 59 ans en 1818. En 1823, sa veuve, devenue chef du m\u00e9nage, vit toujours avec leurs deux grands enfants qui ont alors respectivement 28 et 24 ans. <strong>Au-del\u00e0 de ces exemples particuliers, 89 grands gar\u00e7ons de 1790 vivent en famille dans la ville en 1811 et 1823. En 1811, leurs foyers abritent 10 grands enfants, fils et filles de 18 \u00e0 30 ans. En 1823, leur prog\u00e9niture ayant grandi, ces p\u00e8res cohabitent avec 75 grands enfants, ce qui semble confirmer la reproduction de la pratique.<\/strong><\/p>\t\t\t\t\t<\/div>\n\t\t\t\t\t\t<\/div>\n\t\t\t\t<\/div>\n\t\t\t\t<div class=\"elementor-element elementor-element-7a6322b elementor-widget elementor-widget-image\" data-id=\"7a6322b\" data-element_type=\"widget\" data-widget_type=\"image.default\">\n\t\t\t\t<div class=\"elementor-widget-container\">\n\t\t\t\t\t\t\t\t<div class=\"elementor-image\">\n\t\t\t\t\t\t\t\t\t<figure class=\"wp-caption\">\n\t\t\t\t\t\t\t\t\t\t<img width=\"604\" height=\"404\" src=\"https:\/\/crm-umr8596.huma-num.fr\/Charleville\/wp-content\/uploads\/2023\/11\/recensement_1823_1.png\" class=\"attachment-large size-large\" alt=\"\" loading=\"lazy\" \/>\t\t\t\t\t\t\t\t\t\t\t<figcaption class=\"widget-image-caption wp-caption-text\">Recensement de 1823 <br> Source : A.D.A., 1F93, recensement 1823, quartier Notre-Dame, p.2-3.<\/figcaption>\n\t\t\t\t\t\t\t\t\t\t<\/figure>\n\t\t\t\t\t\t\t\t<\/div>\n\t\t\t\t\t\t<\/div>\n\t\t\t\t<\/div>\n\t\t\t\t<div class=\"elementor-element elementor-element-4b3afd6 elementor-widget elementor-widget-image\" data-id=\"4b3afd6\" data-element_type=\"widget\" data-widget_type=\"image.default\">\n\t\t\t\t<div class=\"elementor-widget-container\">\n\t\t\t\t\t\t\t\t<div class=\"elementor-image\">\n\t\t\t\t\t\t\t\t\t<figure class=\"wp-caption\">\n\t\t\t\t\t\t\t\t\t\t<img width=\"604\" height=\"200\" src=\"https:\/\/crm-umr8596.huma-num.fr\/Charleville\/wp-content\/uploads\/2023\/11\/recensement_1823_2.png\" class=\"attachment-large size-large\" alt=\"\" loading=\"lazy\" \/>\t\t\t\t\t\t\t\t\t\t\t<figcaption class=\"widget-image-caption wp-caption-text\">Un foyer carolopolitain avec trois grands enfants en 1823 : les Blanchet <br> Source : A.D.A., 1F93, recensement 1823, quartier Notre-Dame, p.2-3.<\/figcaption>\n\t\t\t\t\t\t\t\t\t\t<\/figure>\n\t\t\t\t\t\t\t\t<\/div>\n\t\t\t\t\t\t<\/div>\n\t\t\t\t<\/div>\n\t\t\t\t\t\t<\/div>\n\t\t\t\t\t<\/div>\n\t\t<\/div>\n\t\t\t\t\t\t\t\t<\/div>\n\t\t\t\t\t<\/div>\n\t\t<\/section>\n\t\t\t\t\t\t<\/div>\n\t\t\t\t\t<\/div>\n\t\t<\/div>\n\t\t\t\t\t\t\t\t<\/div>\n\t\t\t\t\t<\/div>\n\t\t<\/section>\n\t\t\t\t<section class=\"has_eae_slider elementor-section elementor-top-section elementor-element elementor-element-0c10d71 elementor-section-boxed elementor-section-height-default elementor-section-height-default\" data-id=\"0c10d71\" data-element_type=\"section\" data-settings=\"{&quot;background_background&quot;:&quot;classic&quot;}\">\n\t\t\t\t\t\t<div class=\"elementor-container elementor-column-gap-default\">\n\t\t\t\t\t\t\t<div class=\"elementor-row\">\n\t\t\t\t\t<div class=\"has_eae_slider elementor-column elementor-col-100 elementor-top-column elementor-element elementor-element-d6c3dd6\" data-id=\"d6c3dd6\" data-element_type=\"column\">\n\t\t\t<div class=\"elementor-column-wrap elementor-element-populated\">\n\t\t\t\t\t\t\t<div class=\"elementor-widget-wrap\">\n\t\t\t\t\t\t<div class=\"elementor-element elementor-element-b4fd0ec elementor-widget elementor-widget-heading\" data-id=\"b4fd0ec\" data-element_type=\"widget\" data-widget_type=\"heading.default\">\n\t\t\t\t<div class=\"elementor-widget-container\">\n\t\t\t<h2 class=\"elementor-heading-title elementor-size-default\">Grands gar\u00e7ons et grandes filles du d\u00e9but XIXe si\u00e8cle<\/h2>\t\t<\/div>\n\t\t\t\t<\/div>\n\t\t\t\t<div class=\"elementor-element elementor-element-574076a elementor-widget-divider--view-line elementor-widget elementor-widget-divider\" data-id=\"574076a\" data-element_type=\"widget\" data-widget_type=\"divider.default\">\n\t\t\t\t<div class=\"elementor-widget-container\">\n\t\t\t\t\t<div class=\"elementor-divider\">\n\t\t\t<span class=\"elementor-divider-separator\">\n\t\t\t\t\t\t<\/span>\n\t\t<\/div>\n\t\t\t\t<\/div>\n\t\t\t\t<\/div>\n\t\t\t\t<section class=\"has_eae_slider elementor-section elementor-inner-section elementor-element elementor-element-fa8f217 elementor-section-boxed elementor-section-height-default elementor-section-height-default\" data-id=\"fa8f217\" data-element_type=\"section\">\n\t\t\t\t\t\t<div class=\"elementor-container elementor-column-gap-default\">\n\t\t\t\t\t\t\t<div class=\"elementor-row\">\n\t\t\t\t\t<div class=\"has_eae_slider elementor-column elementor-col-100 elementor-inner-column elementor-element elementor-element-327dcf4\" data-id=\"327dcf4\" data-element_type=\"column\" data-settings=\"{&quot;background_background&quot;:&quot;classic&quot;}\">\n\t\t\t<div class=\"elementor-column-wrap elementor-element-populated\">\n\t\t\t\t\t\t\t<div class=\"elementor-widget-wrap\">\n\t\t\t\t\t\t<div class=\"elementor-element elementor-element-f0a234e elementor-widget elementor-widget-text-editor\" data-id=\"f0a234e\" data-element_type=\"widget\" data-widget_type=\"text-editor.default\">\n\t\t\t\t<div class=\"elementor-widget-container\">\n\t\t\t\t\t\t\t\t<div class=\"elementor-text-editor elementor-clearfix\">\n\t\t\t\t<p><strong>Dans les recensements des ann\u00e9es 1811 et 1823, on peut isoler et observer deux groupes de grands enfants, de 1\u00a0106 et 1\u00a0427 individus, compos\u00e9s cette fois-ci de gar\u00e7ons et de filles, c\u00e9libataires \u00e2g\u00e9s de 12 \u00e0 30 ans.<\/strong> Les bornes ont \u00e9t\u00e9 fix\u00e9es entre l\u2019\u00e2ge du placement en apprentissage et l\u2019\u00e2ge au-del\u00e0 duquel la plupart sont mari\u00e9s. <strong>Plus d\u2019un m\u00e9nage sur trois (34,3% et 38,5%) abrite un ou des grands enfants.<\/strong> Entre les deux dates, leur poids dans la ville a grossi. <strong>En ce d\u00e9but de XIX<sup>e<\/sup> si\u00e8cle, les filles sont majoritaires, repr\u00e9sentant entre 51 et 54% du groupe.<\/strong> Pour celles qui ont un m\u00e9tier d\u00e9clar\u00e9, <strong>la premi\u00e8re profession est celle de domestique<\/strong>, ce qui correspond au sch\u00e9ma de r\u00e9partition des m\u00e9tiers classique au XIX<sup>e<\/sup> si\u00e8cle\u00a0qui destine les femmes aux t\u00e2ches m\u00e9nag\u00e8res. Suivre les m\u00eames grands enfants sur plusieurs recensements est tr\u00e8s difficile parce qu\u2019<strong>ils sont plus mobiles dans la ville qu\u2019\u00e0 la g\u00e9n\u00e9ration pr\u00e9c\u00e9dente<\/strong>, mais aussi parce qu\u2019ils partent tenter leur chance ailleurs. Pour autant, dans leur jeunesse,<strong> beaucoup de fils et filles de famille demeurent chez leurs parents apr\u00e8s leur dix-huiti\u00e8me anniversaire (70% en 1811 et 75,5% en 1823).<\/strong> C\u2019est le cas de deux fr\u00e8res, Joseph et Jean-Baptiste Potvin, \u00e2g\u00e9s de 15 et 13 ans, recens\u00e9s en 1811 chez leurs parents. En 1823, ils sont encore c\u00e9libataires, \u00e2g\u00e9s de 26 et 25 ans, et toujours domicili\u00e9s au foyer parental. Au-del\u00e0 du passage des g\u00e9n\u00e9rations, de l\u2019\u00e9volution du syst\u00e8me des valeurs et des transformations socio\u00e9conomiques de la ville, <strong>une proportion significative des jeunes adultes de Charleville demeure tardivement chez leurs parents et a donc transmis ce comportement \u00e0 ses enfants.<\/strong><\/p>\t\t\t\t\t<\/div>\n\t\t\t\t\t\t<\/div>\n\t\t\t\t<\/div>\n\t\t\t\t\t\t<\/div>\n\t\t\t\t\t<\/div>\n\t\t<\/div>\n\t\t\t\t\t\t\t\t<\/div>\n\t\t\t\t\t<\/div>\n\t\t<\/section>\n\t\t\t\t\t\t<\/div>\n\t\t\t\t\t<\/div>\n\t\t<\/div>\n\t\t\t\t\t\t\t\t<\/div>\n\t\t\t\t\t<\/div>\n\t\t<\/section>\n\t\t\t\t<section class=\"has_eae_slider elementor-section elementor-top-section elementor-element elementor-element-21cd64f elementor-section-boxed elementor-section-height-default elementor-section-height-default\" data-id=\"21cd64f\" data-element_type=\"section\">\n\t\t\t\t\t\t<div class=\"elementor-container elementor-column-gap-default\">\n\t\t\t\t\t\t\t<div class=\"elementor-row\">\n\t\t\t\t\t<div class=\"has_eae_slider elementor-column elementor-col-100 elementor-top-column elementor-element elementor-element-da573cc\" data-id=\"da573cc\" data-element_type=\"column\">\n\t\t\t<div class=\"elementor-column-wrap elementor-element-populated\">\n\t\t\t\t\t\t\t<div class=\"elementor-widget-wrap\">\n\t\t\t\t\t\t<div class=\"elementor-element elementor-element-da2e863 elementor-widget elementor-widget-heading\" data-id=\"da2e863\" data-element_type=\"widget\" data-widget_type=\"heading.default\">\n\t\t\t\t<div class=\"elementor-widget-container\">\n\t\t\t<h2 class=\"elementor-heading-title elementor-size-default\">Pour en savoir plus<\/h2>\t\t<\/div>\n\t\t\t\t<\/div>\n\t\t\t\t<div class=\"elementor-element elementor-element-9a6b2e8 elementor-widget-divider--view-line elementor-widget elementor-widget-divider\" data-id=\"9a6b2e8\" data-element_type=\"widget\" data-widget_type=\"divider.default\">\n\t\t\t\t<div class=\"elementor-widget-container\">\n\t\t\t\t\t<div class=\"elementor-divider\">\n\t\t\t<span class=\"elementor-divider-separator\">\n\t\t\t\t\t\t<\/span>\n\t\t<\/div>\n\t\t\t\t<\/div>\n\t\t\t\t<\/div>\n\t\t\t\t<div class=\"elementor-element elementor-element-0915f15 elementor-widget elementor-widget-text-editor\" data-id=\"0915f15\" data-element_type=\"widget\" data-widget_type=\"text-editor.default\">\n\t\t\t\t<div class=\"elementor-widget-container\">\n\t\t\t\t\t\t\t\t<div class=\"elementor-text-editor elementor-clearfix\">\n\t\t\t\t<p>Jeanne Declercq, Isabelle Robin et Fran\u00e7ois-Joseph Ruggiu, \u00ab\u00a0Les grands gar\u00e7ons, les grandes filles et leurs familles en Normandie au XVIIIe si\u00e8cle\u00a0\u00bb, dans Francisco Garc\u00eda Gonz\u00e1lez (dir.), <em>Familias, Trayectorias y Desigualdes. Estudios de historia social en Espa\u00f1a y en Europa, siglos <\/em><em>xvi-xx<\/em>, Madrid, S\u00edlex\u00ae ediciones S.L., 2021, p. 563-582.<\/p><p>Coralie Monteil, <em>Les grands enfants \u00e0 Charleville de la fin de l\u2019Ancien R\u00e9gime \u00e0 la R\u00e9volution<\/em>, master 2 sous la direction d\u2019Isabelle Robin et Fran\u00e7ois-Joseph Ruggiu, 2017.<\/p><p>C\u00e9cile Van de Velde, <em>Devenir adulte. Sociologie compar\u00e9e de la jeunesse en Europe<\/em>, Paris, Presses universitaires de France, 2008.<\/p><p>Fran\u00e7ois-Joseph Ruggiu, \u00ab &#8220;Quand ils ne partent pas\u2026&#8221; : Les grands gar\u00e7ons dans les m\u00e9nages de Charleville au XVIII<sup>e<\/sup> si\u00e8cle\u00a0\u00bb, Isidro Dubert et Vincent Gourdon (dir.), <em>Inmigraci\u00f3n, trabajo y servicio dom\u00e9stico : En la Europa urbana, siglos XVIII-XX<\/em>, Madrid, Casa de Velazquez, 2017, p. 155-173. <a href=\"https:\/\/hal.science\/hal-03911414\/\" target=\"_blank\" rel=\"noopener\"><strong><a href=\"https:\/\/hal.science\/hal-03911414\/\" target=\"_blank\" rel=\"noopener\">hal-03911414.<\/a><\/strong><\/a><a href=\"https:\/\/hal.science\/hal-03911414\/\" target=\"_blank\" rel=\"noopener\"><img loading=\"lazy\" class=\"alignnone wp-image-10295\" src=\"http:\/\/crm-umr8596.huma-num.fr\/Charleville\/wp-content\/uploads\/2023\/11\/hal-300x207.png\" alt=\"\" width=\"49\" height=\"34\" srcset=\"https:\/\/crm-umr8596.huma-num.fr\/Charleville\/wp-content\/uploads\/2023\/11\/hal-300x207.png 300w, https:\/\/crm-umr8596.huma-num.fr\/Charleville\/wp-content\/uploads\/2023\/11\/hal.png 580w\" sizes=\"(max-width: 49px) 100vw, 49px\" \/><\/a><\/p><p>\u00a0<\/p>\t\t\t\t\t<\/div>\n\t\t\t\t\t\t<\/div>\n\t\t\t\t<\/div>\n\t\t\t\t\t\t<\/div>\n\t\t\t\t\t<\/div>\n\t\t<\/div>\n\t\t\t\t\t\t\t\t<\/div>\n\t\t\t\t\t<\/div>\n\t\t<\/section>\n\t\t\t\t\t\t<\/div>\n\t\t\t\t\t\t<\/div>\n\t\t\t\t\t<\/div>\n\t\t","protected":false},"excerpt":{"rendered":"<p>Les grands enfants \u00e0 Charleville Fin du XVIIIe si\u00e8cle &#8211; d\u00e9but du XIXe si\u00e8cle Notice propos\u00e9e par Coralie Monteil, avec Isabelle Robin et Fran\u00e7ois-Joseph Ruggiu. &#8211; Novembre 2023 &#8211; Ni tout \u00e0 fait du c\u00f4t\u00e9 des adultes, ni vraiment du c\u00f4t\u00e9 des enfants, les \u00ab&nbsp;grands enfants&nbsp;\u00bb forment une cat\u00e9gorie incertaine&nbsp;dans les populations anciennes. Elle regroupe &hellip;<\/p>\n<p class=\"read-more\"> <a class=\"\" href=\"https:\/\/crm-umr8596.huma-num.fr\/Charleville\/notice_grands_enfants\/\"> <span class=\"screen-reader-text\">Les grands enfants \u00e0 Charleville (fin du XVIIIe si\u00e8cle-d\u00e9but du XIXe si\u00e8cle)<\/span> Lire la suite\u00a0\u00bb<\/a><\/p>\n","protected":false},"author":19,"featured_media":0,"parent":0,"menu_order":0,"comment_status":"closed","ping_status":"closed","template":"","meta":[],"_links":{"self":[{"href":"https:\/\/crm-umr8596.huma-num.fr\/Charleville\/wp-json\/wp\/v2\/pages\/10284"}],"collection":[{"href":"https:\/\/crm-umr8596.huma-num.fr\/Charleville\/wp-json\/wp\/v2\/pages"}],"about":[{"href":"https:\/\/crm-umr8596.huma-num.fr\/Charleville\/wp-json\/wp\/v2\/types\/page"}],"author":[{"embeddable":true,"href":"https:\/\/crm-umr8596.huma-num.fr\/Charleville\/wp-json\/wp\/v2\/users\/19"}],"replies":[{"embeddable":true,"href":"https:\/\/crm-umr8596.huma-num.fr\/Charleville\/wp-json\/wp\/v2\/comments?post=10284"}],"version-history":[{"count":9,"href":"https:\/\/crm-umr8596.huma-num.fr\/Charleville\/wp-json\/wp\/v2\/pages\/10284\/revisions"}],"predecessor-version":[{"id":10299,"href":"https:\/\/crm-umr8596.huma-num.fr\/Charleville\/wp-json\/wp\/v2\/pages\/10284\/revisions\/10299"}],"wp:attachment":[{"href":"https:\/\/crm-umr8596.huma-num.fr\/Charleville\/wp-json\/wp\/v2\/media?parent=10284"}],"curies":[{"name":"wp","href":"https:\/\/api.w.org\/{rel}","templated":true}]}}