{"id":10150,"date":"2022-12-28T14:04:29","date_gmt":"2022-12-28T13:04:29","guid":{"rendered":"https:\/\/crm-umr8596.huma-num.fr\/Charleville\/?page_id=10150"},"modified":"2022-12-30T18:15:42","modified_gmt":"2022-12-30T17:15:42","slug":"conference-de-sortie-de-nouveaux-regards-sur-charleville","status":"publish","type":"page","link":"https:\/\/crm-umr8596.huma-num.fr\/Charleville\/conference-de-sortie-de-nouveaux-regards-sur-charleville\/","title":{"rendered":"Conf\u00e9rence de sortie de Nouveaux Regards sur Charleville"},"content":{"rendered":"\t\t<div data-elementor-type=\"wp-post\" data-elementor-id=\"10150\" class=\"elementor elementor-10150\" data-elementor-settings=\"[]\">\n\t\t\t\t\t\t<div class=\"elementor-inner\">\n\t\t\t\t\t\t\t<div class=\"elementor-section-wrap\">\n\t\t\t\t\t\t\t<section class=\"has_eae_slider elementor-section elementor-top-section elementor-element elementor-element-797db47 elementor-section-content-middle elementor-section-boxed elementor-section-height-default elementor-section-height-default\" data-id=\"797db47\" data-element_type=\"section\" data-settings=\"{&quot;background_background&quot;:&quot;classic&quot;}\">\n\t\t\t\t\t\t\t<div class=\"elementor-background-overlay\"><\/div>\n\t\t\t\t\t\t\t<div class=\"elementor-container elementor-column-gap-no\">\n\t\t\t\t\t\t\t<div class=\"elementor-row\">\n\t\t\t\t\t<div class=\"has_eae_slider elementor-column elementor-col-100 elementor-top-column elementor-element elementor-element-b15b336\" data-id=\"b15b336\" data-element_type=\"column\">\n\t\t\t<div class=\"elementor-column-wrap\">\n\t\t\t\t\t\t\t<div class=\"elementor-widget-wrap\">\n\t\t\t\t\t\t\t\t<\/div>\n\t\t\t\t\t<\/div>\n\t\t<\/div>\n\t\t\t\t\t\t\t\t<\/div>\n\t\t\t\t\t<\/div>\n\t\t<\/section>\n\t\t\t\t<section class=\"has_eae_slider elementor-section elementor-top-section elementor-element elementor-element-abade5f elementor-section-content-middle elementor-reverse-mobile elementor-section-boxed elementor-section-height-default elementor-section-height-default\" data-id=\"abade5f\" data-element_type=\"section\">\n\t\t\t\t\t\t\t<div class=\"elementor-background-overlay\"><\/div>\n\t\t\t\t\t\t\t<div class=\"elementor-container elementor-column-gap-default\">\n\t\t\t\t\t\t\t<div class=\"elementor-row\">\n\t\t\t\t\t<div class=\"has_eae_slider elementor-column elementor-col-100 elementor-top-column elementor-element elementor-element-c275fd5\" data-id=\"c275fd5\" data-element_type=\"column\">\n\t\t\t<div class=\"elementor-column-wrap elementor-element-populated\">\n\t\t\t\t\t\t\t<div class=\"elementor-widget-wrap\">\n\t\t\t\t\t\t<div class=\"elementor-element elementor-element-15eedf7 elementor-widget elementor-widget-heading\" data-id=\"15eedf7\" data-element_type=\"widget\" data-widget_type=\"heading.default\">\n\t\t\t\t<div class=\"elementor-widget-container\">\n\t\t\t<h1 class=\"elementor-heading-title elementor-size-default\">Nouveaux regards sur Charleville<\/h1>\t\t<\/div>\n\t\t\t\t<\/div>\n\t\t\t\t<div class=\"elementor-element elementor-element-5d4fef2 elementor-widget elementor-widget-heading\" data-id=\"5d4fef2\" data-element_type=\"widget\" data-widget_type=\"heading.default\">\n\t\t\t\t<div class=\"elementor-widget-container\">\n\t\t\t<h2 class=\"elementor-heading-title elementor-size-default\">Actes du colloque<\/h2>\t\t<\/div>\n\t\t\t\t<\/div>\n\t\t\t\t<div class=\"elementor-element elementor-element-02dd8b0 elementor-widget-divider--view-line_icon elementor-view-default elementor-widget-divider--element-align-center elementor-widget elementor-widget-divider\" data-id=\"02dd8b0\" data-element_type=\"widget\" data-widget_type=\"divider.default\">\n\t\t\t\t<div class=\"elementor-widget-container\">\n\t\t\t\t\t<div class=\"elementor-divider\">\n\t\t\t<span class=\"elementor-divider-separator\">\n\t\t\t\t\t\t\t<div class=\"elementor-icon elementor-divider__element\">\n\t\t\t\t\t<i aria-hidden=\"true\" class=\"fas fa-book-reader\"><\/i><\/div>\n\t\t\t\t\t\t<\/span>\n\t\t<\/div>\n\t\t\t\t<\/div>\n\t\t\t\t<\/div>\n\t\t\t\t<div class=\"elementor-element elementor-element-326dec1 elementor-widget elementor-widget-text-editor\" data-id=\"326dec1\" data-element_type=\"widget\" data-widget_type=\"text-editor.default\">\n\t\t\t\t<div class=\"elementor-widget-container\">\n\t\t\t\t\t\t\t\t<div class=\"elementor-text-editor elementor-clearfix\">\n\t\t\t\t<p>Conf\u00e9rence de lancement <br \/>aux Archives d\u00e9partementales des Ardennes<br \/>&#8211; 21 d\u00e9cembre 2022 &#8211;<\/p><p>\u00a0<\/p>\t\t\t\t\t<\/div>\n\t\t\t\t\t\t<\/div>\n\t\t\t\t<\/div>\n\t\t\t\t\t\t<\/div>\n\t\t\t\t\t<\/div>\n\t\t<\/div>\n\t\t\t\t\t\t\t\t<\/div>\n\t\t\t\t\t<\/div>\n\t\t<\/section>\n\t\t\t\t<section class=\"has_eae_slider elementor-section elementor-top-section elementor-element elementor-element-8deff3b elementor-section-boxed elementor-section-height-default elementor-section-height-default\" data-id=\"8deff3b\" data-element_type=\"section\" data-settings=\"{&quot;background_background&quot;:&quot;classic&quot;}\">\n\t\t\t\t\t\t<div class=\"elementor-container elementor-column-gap-default\">\n\t\t\t\t\t\t\t<div class=\"elementor-row\">\n\t\t\t\t\t<div class=\"has_eae_slider elementor-column elementor-col-100 elementor-top-column elementor-element elementor-element-6a9290f elementor-hidden-phone\" data-id=\"6a9290f\" data-element_type=\"column\">\n\t\t\t<div class=\"elementor-column-wrap elementor-element-populated\">\n\t\t\t\t\t\t\t<div class=\"elementor-widget-wrap\">\n\t\t\t\t\t\t<section class=\"has_eae_slider elementor-section elementor-inner-section elementor-element elementor-element-af8ea0e elementor-section-boxed elementor-section-height-default elementor-section-height-default\" data-id=\"af8ea0e\" data-element_type=\"section\">\n\t\t\t\t\t\t<div class=\"elementor-container elementor-column-gap-default\">\n\t\t\t\t\t\t\t<div class=\"elementor-row\">\n\t\t\t\t\t<div class=\"has_eae_slider elementor-column elementor-col-50 elementor-inner-column elementor-element elementor-element-a54ee2a\" data-id=\"a54ee2a\" data-element_type=\"column\">\n\t\t\t<div class=\"elementor-column-wrap elementor-element-populated\">\n\t\t\t\t\t\t\t<div class=\"elementor-widget-wrap\">\n\t\t\t\t\t\t<div class=\"elementor-element elementor-element-9a2117c elementor-widget elementor-widget-image\" data-id=\"9a2117c\" data-element_type=\"widget\" data-widget_type=\"image.default\">\n\t\t\t\t<div class=\"elementor-widget-container\">\n\t\t\t\t\t\t\t\t<div class=\"elementor-image\">\n\t\t\t\t\t\t\t\t\t\t\t\t<img width=\"768\" height=\"511\" src=\"https:\/\/crm-umr8596.huma-num.fr\/Charleville\/wp-content\/uploads\/2022\/12\/DSC_4729-768x511.jpg\" class=\"attachment-medium_large size-medium_large\" alt=\"\" loading=\"lazy\" \/>\t\t\t\t\t\t\t\t\t\t\t\t\t\t<\/div>\n\t\t\t\t\t\t<\/div>\n\t\t\t\t<\/div>\n\t\t\t\t\t\t<\/div>\n\t\t\t\t\t<\/div>\n\t\t<\/div>\n\t\t\t\t<div class=\"has_eae_slider elementor-column elementor-col-50 elementor-inner-column elementor-element elementor-element-38859fb\" data-id=\"38859fb\" data-element_type=\"column\">\n\t\t\t<div class=\"elementor-column-wrap elementor-element-populated\">\n\t\t\t\t\t\t\t<div class=\"elementor-widget-wrap\">\n\t\t\t\t\t\t<div class=\"elementor-element elementor-element-405f0bf elementor-widget elementor-widget-text-editor\" data-id=\"405f0bf\" data-element_type=\"widget\" data-widget_type=\"text-editor.default\">\n\t\t\t\t<div class=\"elementor-widget-container\">\n\t\t\t\t\t\t\t\t<div class=\"elementor-text-editor elementor-clearfix\">\n\t\t\t\t<p><span style=\"color: #000080;\"><strong>Soir\u00e9e de lancement et de pr\u00e9sentation des Actes du colloque<\/strong> qui a eu lieu les 28 et 29 mai 2021, <br \/><\/span><span style=\"color: #000080;\">\u00e9dit\u00e9s par la <strong>Soci\u00e9t\u00e9 d&#8217;Histoire des Ardennes<\/strong>, <\/span><br \/><span style=\"color: #000080;\">en pr\u00e9sence de <strong>Xavier Chevallier<\/strong> (pr\u00e9sident de la SHA), <strong>L\u00e9o Davy<\/strong> (directeur des Archives d\u00e9partementales des Ardennes), <strong>J\u00e9r\u00e9my Dupuy<\/strong> (historien, Sorbonne Universit\u00e9), et <strong>Claude Grimmer<\/strong> (historienne, Sorbonne Universit\u00e9).<\/span><\/p>\t\t\t\t\t<\/div>\n\t\t\t\t\t\t<\/div>\n\t\t\t\t<\/div>\n\t\t\t\t\t\t<\/div>\n\t\t\t\t\t<\/div>\n\t\t<\/div>\n\t\t\t\t\t\t\t\t<\/div>\n\t\t\t\t\t<\/div>\n\t\t<\/section>\n\t\t\t\t\t\t<\/div>\n\t\t\t\t\t<\/div>\n\t\t<\/div>\n\t\t\t\t\t\t\t\t<\/div>\n\t\t\t\t\t<\/div>\n\t\t<\/section>\n\t\t\t\t<section class=\"has_eae_slider elementor-section elementor-top-section elementor-element elementor-element-12797e6 elementor-section-boxed elementor-section-height-default elementor-section-height-default\" data-id=\"12797e6\" data-element_type=\"section\" data-settings=\"{&quot;background_background&quot;:&quot;classic&quot;}\">\n\t\t\t\t\t\t<div class=\"elementor-container elementor-column-gap-default\">\n\t\t\t\t\t\t\t<div class=\"elementor-row\">\n\t\t\t\t\t<div class=\"has_eae_slider elementor-column elementor-col-100 elementor-top-column elementor-element elementor-element-dffd4cc\" data-id=\"dffd4cc\" data-element_type=\"column\">\n\t\t\t<div class=\"elementor-column-wrap elementor-element-populated\">\n\t\t\t\t\t\t\t<div class=\"elementor-widget-wrap\">\n\t\t\t\t\t\t<section class=\"has_eae_slider elementor-section elementor-inner-section elementor-element elementor-element-9690bc6 elementor-section-boxed elementor-section-height-default elementor-section-height-default\" data-id=\"9690bc6\" data-element_type=\"section\">\n\t\t\t\t\t\t<div class=\"elementor-container elementor-column-gap-default\">\n\t\t\t\t\t\t\t<div class=\"elementor-row\">\n\t\t\t\t\t<div class=\"has_eae_slider elementor-column elementor-col-50 elementor-inner-column elementor-element elementor-element-9d443f8\" data-id=\"9d443f8\" data-element_type=\"column\">\n\t\t\t<div class=\"elementor-column-wrap elementor-element-populated\">\n\t\t\t\t\t\t\t<div class=\"elementor-widget-wrap\">\n\t\t\t\t\t\t<div class=\"elementor-element elementor-element-9bb4c35 elementor-widget elementor-widget-image\" data-id=\"9bb4c35\" data-element_type=\"widget\" data-widget_type=\"image.default\">\n\t\t\t\t<div class=\"elementor-widget-container\">\n\t\t\t\t\t\t\t\t<div class=\"elementor-image\">\n\t\t\t\t\t\t\t\t\t\t\t\t<img width=\"1170\" height=\"536\" src=\"https:\/\/crm-umr8596.huma-num.fr\/Charleville\/wp-content\/uploads\/2022\/12\/DSC_4726-1170x536.jpg\" class=\"attachment-htmega_size_1170x536 size-htmega_size_1170x536\" alt=\"\" loading=\"lazy\" \/>\t\t\t\t\t\t\t\t\t\t\t\t\t\t<\/div>\n\t\t\t\t\t\t<\/div>\n\t\t\t\t<\/div>\n\t\t\t\t\t\t<\/div>\n\t\t\t\t\t<\/div>\n\t\t<\/div>\n\t\t\t\t<div class=\"has_eae_slider elementor-column elementor-col-50 elementor-inner-column elementor-element elementor-element-c61fe5d\" data-id=\"c61fe5d\" data-element_type=\"column\">\n\t\t\t<div class=\"elementor-column-wrap elementor-element-populated\">\n\t\t\t\t\t\t\t<div class=\"elementor-widget-wrap\">\n\t\t\t\t\t\t<div class=\"elementor-element elementor-element-1ce7504 elementor-widget elementor-widget-image\" data-id=\"1ce7504\" data-element_type=\"widget\" data-widget_type=\"image.default\">\n\t\t\t\t<div class=\"elementor-widget-container\">\n\t\t\t\t\t\t\t\t<div class=\"elementor-image\">\n\t\t\t\t\t\t\t\t\t\t\t\t<img width=\"1170\" height=\"536\" src=\"https:\/\/crm-umr8596.huma-num.fr\/Charleville\/wp-content\/uploads\/2022\/12\/DSC_4717-1170x536.jpg\" class=\"attachment-htmega_size_1170x536 size-htmega_size_1170x536\" alt=\"\" loading=\"lazy\" \/>\t\t\t\t\t\t\t\t\t\t\t\t\t\t<\/div>\n\t\t\t\t\t\t<\/div>\n\t\t\t\t<\/div>\n\t\t\t\t\t\t<\/div>\n\t\t\t\t\t<\/div>\n\t\t<\/div>\n\t\t\t\t\t\t\t\t<\/div>\n\t\t\t\t\t<\/div>\n\t\t<\/section>\n\t\t\t\t\t\t<\/div>\n\t\t\t\t\t<\/div>\n\t\t<\/div>\n\t\t\t\t\t\t\t\t<\/div>\n\t\t\t\t\t<\/div>\n\t\t<\/section>\n\t\t\t\t<section class=\"has_eae_slider elementor-section elementor-top-section elementor-element elementor-element-c870599 elementor-section-boxed elementor-section-height-default elementor-section-height-default\" data-id=\"c870599\" data-element_type=\"section\" data-settings=\"{&quot;background_background&quot;:&quot;classic&quot;}\">\n\t\t\t\t\t\t\t<div class=\"elementor-background-overlay\"><\/div>\n\t\t\t\t\t\t\t<div class=\"elementor-container elementor-column-gap-default\">\n\t\t\t\t\t\t\t<div class=\"elementor-row\">\n\t\t\t\t\t<div class=\"has_eae_slider elementor-column elementor-col-50 elementor-top-column elementor-element elementor-element-305a9e3\" data-id=\"305a9e3\" data-element_type=\"column\">\n\t\t\t<div class=\"elementor-column-wrap elementor-element-populated\">\n\t\t\t\t\t\t\t<div class=\"elementor-widget-wrap\">\n\t\t\t\t\t\t<div class=\"elementor-element elementor-element-55c7e96 elementor-widget elementor-widget-image\" data-id=\"55c7e96\" data-element_type=\"widget\" data-widget_type=\"image.default\">\n\t\t\t\t<div class=\"elementor-widget-container\">\n\t\t\t\t\t\t\t\t<div class=\"elementor-image\">\n\t\t\t\t\t\t\t\t\t\t\t\t<img width=\"713\" height=\"1024\" src=\"https:\/\/crm-umr8596.huma-num.fr\/Charleville\/wp-content\/uploads\/2022\/12\/Capture-de\u0301cran-2022-12-28-a\u0300-13.44.30-713x1024.jpg\" class=\"attachment-large size-large\" alt=\"\" loading=\"lazy\" \/>\t\t\t\t\t\t\t\t\t\t\t\t\t\t<\/div>\n\t\t\t\t\t\t<\/div>\n\t\t\t\t<\/div>\n\t\t\t\t\t\t<\/div>\n\t\t\t\t\t<\/div>\n\t\t<\/div>\n\t\t\t\t<div class=\"has_eae_slider elementor-column elementor-col-50 elementor-top-column elementor-element elementor-element-bab5122\" data-id=\"bab5122\" data-element_type=\"column\" data-settings=\"{&quot;background_background&quot;:&quot;classic&quot;}\">\n\t\t\t<div class=\"elementor-column-wrap elementor-element-populated\">\n\t\t\t\t\t\t\t<div class=\"elementor-widget-wrap\">\n\t\t\t\t\t\t<div class=\"elementor-element elementor-element-c61c1b4 elementor-widget elementor-widget-text-editor\" data-id=\"c61c1b4\" data-element_type=\"widget\" data-widget_type=\"text-editor.default\">\n\t\t\t\t<div class=\"elementor-widget-container\">\n\t\t\t\t\t\t\t\t<div class=\"elementor-text-editor elementor-clearfix\">\n\t\t\t\t<h3 style=\"text-align: center;\"><span style=\"color: #ffffff;\">\u00a0 <\/span><span style=\"color: #ffffff;\"><strong>Quatri\u00e8me de couverture\u00a0 <\/strong><\/span><\/h3><p><span style=\"color: #ffffff;\">Ville nouvelle cr\u00e9\u00e9e en 1606 par Charles de Gonzague, duc de Nevers ; capitale pendant un si\u00e8cle d\u2019une principaut\u00e9 souveraine dirig\u00e9e par une dynastie francoitalienne ; cit\u00e9 frontali\u00e8re install\u00e9e au coeur d\u2019exceptionnels enjeux g\u00e9opolitiques ; ville \u00e0 la vocation industrielle pr\u00e9coce, riche d\u2019un urbanisme et d\u2019un patrimoine remarquables : Charleville a toujours passionn\u00e9 les historiens. Qui pourrait s\u2019en \u00e9tonner ? D\u2019autant plus que \u2013 fait rarissime vu sa taille modeste \u2013 on dispose \u00e0 son sujet de multiples sources documentaires consultables en France et ailleurs en Europe, notamment des recensements annuels de la population uniques en leur genre. L\u2019ambition de cet ouvrage, fruit d\u2019une rencontre scientifique internationale organis\u00e9e en 2021, qui r\u00e9unit des textes sign\u00e9s par une vingtaine d\u2019auteurs de nombreux pays, est d\u2019offrir une vision renouvel\u00e9e du destin singulier de Charleville du XVIIe au XIXe si\u00e8cle. Une vision n\u00e9e de sources in\u00e9dites, d\u2019approches et de m\u00e9thodes innovantes, de regards neufs et crois\u00e9s sur trois cents ans d\u2019histoire qui ont encore beaucoup \u00e0 nous apprendre.<\/span><\/p>\t\t\t\t\t<\/div>\n\t\t\t\t\t\t<\/div>\n\t\t\t\t<\/div>\n\t\t\t\t<div class=\"elementor-element elementor-element-1cf544c elementor-hidden-tablet elementor-widget elementor-widget-text-editor\" data-id=\"1cf544c\" data-element_type=\"widget\" data-widget_type=\"text-editor.default\">\n\t\t\t\t<div class=\"elementor-widget-container\">\n\t\t\t\t\t\t\t\t<div class=\"elementor-text-editor elementor-clearfix\">\n\t\t\t\t\t\t\t\t\t<\/div>\n\t\t\t\t\t\t<\/div>\n\t\t\t\t<\/div>\n\t\t\t\t\t\t<\/div>\n\t\t\t\t\t<\/div>\n\t\t<\/div>\n\t\t\t\t\t\t\t\t<\/div>\n\t\t\t\t\t<\/div>\n\t\t<\/section>\n\t\t\t\t<section class=\"has_eae_slider elementor-section elementor-top-section elementor-element elementor-element-dc3a456 elementor-section-boxed elementor-section-height-default elementor-section-height-default\" data-id=\"dc3a456\" data-element_type=\"section\">\n\t\t\t\t\t\t<div class=\"elementor-container elementor-column-gap-default\">\n\t\t\t\t\t\t\t<div class=\"elementor-row\">\n\t\t\t\t\t<div class=\"has_eae_slider elementor-column elementor-col-100 elementor-top-column elementor-element elementor-element-17a17c3\" data-id=\"17a17c3\" data-element_type=\"column\">\n\t\t\t<div class=\"elementor-column-wrap elementor-element-populated\">\n\t\t\t\t\t\t\t<div class=\"elementor-widget-wrap\">\n\t\t\t\t\t\t<section class=\"has_eae_slider elementor-section elementor-inner-section elementor-element elementor-element-8e051a7 elementor-section-content-middle elementor-section-boxed elementor-section-height-default elementor-section-height-default\" data-id=\"8e051a7\" data-element_type=\"section\">\n\t\t\t\t\t\t<div class=\"elementor-container elementor-column-gap-default\">\n\t\t\t\t\t\t\t<div class=\"elementor-row\">\n\t\t\t\t\t<div class=\"has_eae_slider elementor-column elementor-col-100 elementor-inner-column elementor-element elementor-element-d171b81\" data-id=\"d171b81\" data-element_type=\"column\">\n\t\t\t<div class=\"elementor-column-wrap elementor-element-populated\">\n\t\t\t\t\t\t\t<div class=\"elementor-widget-wrap\">\n\t\t\t\t\t\t<div class=\"elementor-element elementor-element-9a672d1 elementor-hidden-phone elementor-widget elementor-widget-heading\" data-id=\"9a672d1\" data-element_type=\"widget\" data-widget_type=\"heading.default\">\n\t\t\t\t<div class=\"elementor-widget-container\">\n\t\t\t<h3 class=\"elementor-heading-title elementor-size-default\">Extrait de l'introduction \n\n\u200b\n\u200b<\/h3>\t\t<\/div>\n\t\t\t\t<\/div>\n\t\t\t\t\t\t<\/div>\n\t\t\t\t\t<\/div>\n\t\t<\/div>\n\t\t\t\t\t\t\t\t<\/div>\n\t\t\t\t\t<\/div>\n\t\t<\/section>\n\t\t\t\t<section class=\"has_eae_slider elementor-section elementor-inner-section elementor-element elementor-element-d656bea elementor-section-boxed elementor-section-height-default elementor-section-height-default\" data-id=\"d656bea\" data-element_type=\"section\">\n\t\t\t\t\t\t<div class=\"elementor-container elementor-column-gap-default\">\n\t\t\t\t\t\t\t<div class=\"elementor-row\">\n\t\t\t\t\t<div class=\"has_eae_slider elementor-column elementor-col-50 elementor-inner-column elementor-element elementor-element-cef7b76\" data-id=\"cef7b76\" data-element_type=\"column\">\n\t\t\t<div class=\"elementor-column-wrap elementor-element-populated\">\n\t\t\t\t\t\t\t<div class=\"elementor-widget-wrap\">\n\t\t\t\t\t\t<div class=\"elementor-element elementor-element-49dc214 elementor-view-default elementor-widget elementor-widget-icon\" data-id=\"49dc214\" data-element_type=\"widget\" data-widget_type=\"icon.default\">\n\t\t\t\t<div class=\"elementor-widget-container\">\n\t\t\t\t\t<div class=\"elementor-icon-wrapper\">\n\t\t\t<div class=\"elementor-icon\">\n\t\t\t<i aria-hidden=\"true\" class=\"fas fa-book\"><\/i>\t\t\t<\/div>\n\t\t<\/div>\n\t\t\t\t<\/div>\n\t\t\t\t<\/div>\n\t\t\t\t\t\t<\/div>\n\t\t\t\t\t<\/div>\n\t\t<\/div>\n\t\t\t\t<div class=\"has_eae_slider elementor-column elementor-col-50 elementor-inner-column elementor-element elementor-element-2b355d7\" data-id=\"2b355d7\" data-element_type=\"column\">\n\t\t\t<div class=\"elementor-column-wrap elementor-element-populated\">\n\t\t\t\t\t\t\t<div class=\"elementor-widget-wrap\">\n\t\t\t\t\t\t<div class=\"elementor-element elementor-element-e7c3b00 elementor-widget elementor-widget-text-editor\" data-id=\"e7c3b00\" data-element_type=\"widget\" data-widget_type=\"text-editor.default\">\n\t\t\t\t<div class=\"elementor-widget-container\">\n\t\t\t\t\t\t\t\t<div class=\"elementor-text-editor elementor-clearfix\">\n\t\t\t\t<p>V. Gourdon, C. Alexandre, J. Dupuy (dir.), <em>Nouveaux regards sur Charleville, Charleville-M\u00e9zi\u00e8res, Soci\u00e9t\u00e9 d&#8217;histoire des Ardennes<\/em>, Cahier d&#8217;\u00e9tudes ardennaises n\u00b0 26, 288 p<\/p>\t\t\t\t\t<\/div>\n\t\t\t\t\t\t<\/div>\n\t\t\t\t<\/div>\n\t\t\t\t\t\t<\/div>\n\t\t\t\t\t<\/div>\n\t\t<\/div>\n\t\t\t\t\t\t\t\t<\/div>\n\t\t\t\t\t<\/div>\n\t\t<\/section>\n\t\t\t\t<div class=\"elementor-element elementor-element-54dbd7b elementor-hidden-phone elementor-widget elementor-widget-text-editor\" data-id=\"54dbd7b\" data-element_type=\"widget\" data-widget_type=\"text-editor.default\">\n\t\t\t\t<div class=\"elementor-widget-container\">\n\t\t\t\t\t\t\t\t<div class=\"elementor-text-editor elementor-clearfix\">\n\t\t\t\t<p>\u00ab <strong>Pour saisir l\u2019attrait qu\u2019exerce Charleville sur les historiens, il faut insister aussi sur l\u2019ampleur et la diversit\u00e9 des sources qui permettent de l\u2019\u00e9tudier.<\/strong> \u00c0 cet \u00e9gard, on ne saurait trop r\u00e9p\u00e9ter l\u2019importance que rev\u00eat la pr\u00e9sence successive des \u00ab R\u00f4les des bourgeois et habitants de la ville de Charleville \u00bb, des d\u00e9nombrements d\u2019ancien r\u00e9gime et des recensements urbains entre la toute fin du XVIIe et le d\u00e9but du XXe si\u00e8cle<a href=\"#_ftn1\" name=\"_ftnref1\"><\/a>. Il s\u2019agit d\u2019une collection exceptionnelle, \u00e0 l\u2019\u00e9chelle fran\u00e7aise comme \u00e0 l\u2019\u00e9chelle europ\u00e9enne, par son amplitude chronologique, par son rythme (annuel et non quinquennal comme dans presque tout le reste du pays au XIXe si\u00e8cle), par la pr\u00e9cision des donn\u00e9es fournies sur les m\u00e9nages et sur les individus, par son degr\u00e9 de conservation enfin<a href=\"#_ftn2\" name=\"_ftnref2\"><\/a>. Crois\u00e9es avec les sources plus classiques de l\u2019\u00e9tat-civil, les informations que ces listes fournissent permettent de reconstituer les parcours vitaux, familiaux, sociaux et spatiaux de milliers et milliers de Carolopolitains sur un peu plus de deux si\u00e8cles, <strong>une situation qui ne se retrouve nulle part ailleurs en France, et qui ouvre aux historiens d\u00e9mographes comme aux sp\u00e9cialistes d\u2019histoire sociale du monde urbain des perspectives d\u2019analyses in\u00e9dites<\/strong> &#8211; ce dont t\u00e9moignent d\u2019ores et d\u00e9j\u00e0 certains chapitres de ce recueil.<\/p>\n<p>Ajoutons \u00e0 cela que l\u2019histoire politique de la ville sous l\u2019Ancien R\u00e9gime &#8211; son incorporation sous les Gonzague Nevers dans un ensemble territorial polycentrique domin\u00e9 par le duch\u00e9 italien de Mantoue, puis au XVIIIe si\u00e8cle la mainmise des Cond\u00e9 sur la cit\u00e9 -, <strong>produit un \u00e9clatement remarquable des fonds d\u2019archives impliquant Charleville<\/strong>. C\u2019est sans doute <strong>un des points majeurs du colloque de 2021 et des communications<\/strong> qui s\u2019ensuivent que de confirmer tout ce qu\u2019apportent les sources conserv\u00e9es hors des Ardennes, qu\u2019il s\u2019agisse de Paris bien entendu, mais aussi de Chantilly, de Nancy, de Monaco<a href=\"#_ftn3\" name=\"_ftnref3\"><\/a>, de l\u2019Italie, de l\u2019Allemagne&#8230; <strong>Ces fonds \u00e9loign\u00e9s, dont certains ont \u00e9t\u00e9 longtemps n\u00e9glig\u00e9s ou m\u00e9connus, permettent des d\u00e9placements particuli\u00e8rement f\u00e9conds du regard historien, et inscrivent l\u2019histoire de Charleville dans un passionnant et complexe jeu d\u2019\u00e9chelles (r\u00e9gionale, nationale, internationale) qui ne concerne habituellement que tr\u00e8s peu de villes moyennes.<\/strong> <strong>\u00bb<\/strong><\/p>\t\t\t\t\t<\/div>\n\t\t\t\t\t\t<\/div>\n\t\t\t\t<\/div>\n\t\t\t\t\t\t<\/div>\n\t\t\t\t\t<\/div>\n\t\t<\/div>\n\t\t\t\t\t\t\t\t<\/div>\n\t\t\t\t\t<\/div>\n\t\t<\/section>\n\t\t\t\t<section class=\"has_eae_slider elementor-section elementor-top-section elementor-element elementor-element-1a0587e elementor-section-boxed elementor-section-height-default elementor-section-height-default\" data-id=\"1a0587e\" data-element_type=\"section\">\n\t\t\t\t\t\t<div class=\"elementor-container elementor-column-gap-default\">\n\t\t\t\t\t\t\t<div class=\"elementor-row\">\n\t\t\t\t\t<div class=\"has_eae_slider elementor-column elementor-col-100 elementor-top-column elementor-element elementor-element-8c6af12\" data-id=\"8c6af12\" data-element_type=\"column\">\n\t\t\t<div class=\"elementor-column-wrap elementor-element-populated\">\n\t\t\t\t\t\t\t<div class=\"elementor-widget-wrap\">\n\t\t\t\t\t\t<div class=\"elementor-element elementor-element-7b95cdf elementor-widget elementor-widget-text-editor\" data-id=\"7b95cdf\" data-element_type=\"widget\" data-widget_type=\"text-editor.default\">\n\t\t\t\t<div class=\"elementor-widget-container\">\n\t\t\t\t\t\t\t\t<div class=\"elementor-text-editor elementor-clearfix\">\n\t\t\t\t<h5><strong>Lien vers la Soci\u00e9t\u00e9 d&#8217;Histoire des Ardennes pour commander l&#8217;ouvrage :<\/strong><\/h5>\t\t\t\t\t<\/div>\n\t\t\t\t\t\t<\/div>\n\t\t\t\t<\/div>\n\t\t\t\t\t\t<\/div>\n\t\t\t\t\t<\/div>\n\t\t<\/div>\n\t\t\t\t\t\t\t\t<\/div>\n\t\t\t\t\t<\/div>\n\t\t<\/section>\n\t\t\t\t<section class=\"has_eae_slider elementor-section elementor-top-section elementor-element elementor-element-b0d4633 elementor-section-boxed elementor-section-height-default elementor-section-height-default\" data-id=\"b0d4633\" data-element_type=\"section\">\n\t\t\t\t\t\t<div class=\"elementor-container elementor-column-gap-default\">\n\t\t\t\t\t\t\t<div class=\"elementor-row\">\n\t\t\t\t\t<div class=\"has_eae_slider elementor-column elementor-col-100 elementor-top-column elementor-element elementor-element-ced89b7\" data-id=\"ced89b7\" data-element_type=\"column\">\n\t\t\t<div class=\"elementor-column-wrap elementor-element-populated\">\n\t\t\t\t\t\t\t<div class=\"elementor-widget-wrap\">\n\t\t\t\t\t\t<div class=\"elementor-element elementor-element-3a02ad6 elementor-align-center elementor-widget elementor-widget-button\" data-id=\"3a02ad6\" data-element_type=\"widget\" data-widget_type=\"button.default\">\n\t\t\t\t<div class=\"elementor-widget-container\">\n\t\t\t\t\t<div class=\"elementor-button-wrapper\">\n\t\t\t<a href=\"https:\/\/www.histoire-ardennes.fr\/publications-et-index\/les-cahiers-d-etudes-ardennaises.html\" class=\"elementor-button-link elementor-button elementor-size-sm\" role=\"button\">\n\t\t\t\t\t\t<span class=\"elementor-button-content-wrapper\">\n\t\t\t\t\t\t<span class=\"elementor-button-text\">Cliquez ici<\/span>\n\t\t<\/span>\n\t\t\t\t\t<\/a>\n\t\t<\/div>\n\t\t\t\t<\/div>\n\t\t\t\t<\/div>\n\t\t\t\t\t\t<\/div>\n\t\t\t\t\t<\/div>\n\t\t<\/div>\n\t\t\t\t\t\t\t\t<\/div>\n\t\t\t\t\t<\/div>\n\t\t<\/section>\n\t\t\t\t\t\t<\/div>\n\t\t\t\t\t\t<\/div>\n\t\t\t\t\t<\/div>\n\t\t","protected":false},"excerpt":{"rendered":"<p>Nouveaux regards sur Charleville Actes du colloque Conf\u00e9rence de lancement aux Archives d\u00e9partementales des Ardennes&#8211; 21 d\u00e9cembre 2022 &#8211; \u00a0 Soir\u00e9e de lancement et de pr\u00e9sentation des Actes du colloque qui a eu lieu les 28 et 29 mai 2021, \u00e9dit\u00e9s par la Soci\u00e9t\u00e9 d&#8217;Histoire des Ardennes, en pr\u00e9sence de Xavier Chevallier (pr\u00e9sident de la &hellip;<\/p>\n<p class=\"read-more\"> <a class=\"\" href=\"https:\/\/crm-umr8596.huma-num.fr\/Charleville\/conference-de-sortie-de-nouveaux-regards-sur-charleville\/\"> <span class=\"screen-reader-text\">Conf\u00e9rence de sortie de Nouveaux Regards sur Charleville<\/span> Lire la suite\u00a0\u00bb<\/a><\/p>\n","protected":false},"author":10,"featured_media":0,"parent":0,"menu_order":0,"comment_status":"closed","ping_status":"closed","template":"","meta":[],"_links":{"self":[{"href":"https:\/\/crm-umr8596.huma-num.fr\/Charleville\/wp-json\/wp\/v2\/pages\/10150"}],"collection":[{"href":"https:\/\/crm-umr8596.huma-num.fr\/Charleville\/wp-json\/wp\/v2\/pages"}],"about":[{"href":"https:\/\/crm-umr8596.huma-num.fr\/Charleville\/wp-json\/wp\/v2\/types\/page"}],"author":[{"embeddable":true,"href":"https:\/\/crm-umr8596.huma-num.fr\/Charleville\/wp-json\/wp\/v2\/users\/10"}],"replies":[{"embeddable":true,"href":"https:\/\/crm-umr8596.huma-num.fr\/Charleville\/wp-json\/wp\/v2\/comments?post=10150"}],"version-history":[{"count":19,"href":"https:\/\/crm-umr8596.huma-num.fr\/Charleville\/wp-json\/wp\/v2\/pages\/10150\/revisions"}],"predecessor-version":[{"id":10176,"href":"https:\/\/crm-umr8596.huma-num.fr\/Charleville\/wp-json\/wp\/v2\/pages\/10150\/revisions\/10176"}],"wp:attachment":[{"href":"https:\/\/crm-umr8596.huma-num.fr\/Charleville\/wp-json\/wp\/v2\/media?parent=10150"}],"curies":[{"name":"wp","href":"https:\/\/api.w.org\/{rel}","templated":true}]}}