{"id":10128,"date":"2022-09-14T19:41:19","date_gmt":"2022-09-14T17:41:19","guid":{"rendered":"https:\/\/crm-umr8596.huma-num.fr\/Charleville\/?page_id=10128"},"modified":"2022-09-14T19:44:13","modified_gmt":"2022-09-14T17:44:13","slug":"numerisation-du-plan-dodet-de-la-ville-de-charleville","status":"publish","type":"page","link":"https:\/\/crm-umr8596.huma-num.fr\/Charleville\/numerisation-du-plan-dodet-de-la-ville-de-charleville\/","title":{"rendered":"Num\u00e9risation du plan &#8220;Dodet&#8221; de la ville de Charleville"},"content":{"rendered":"\t\t<div data-elementor-type=\"wp-page\" data-elementor-id=\"10128\" class=\"elementor elementor-10128\" data-elementor-settings=\"[]\">\n\t\t\t\t\t\t<div class=\"elementor-inner\">\n\t\t\t\t\t\t\t<div class=\"elementor-section-wrap\">\n\t\t\t\t\t\t\t<section class=\"has_eae_slider elementor-section elementor-top-section elementor-element elementor-element-7c07c9f elementor-section-content-middle elementor-section-boxed elementor-section-height-default elementor-section-height-default\" data-id=\"7c07c9f\" data-element_type=\"section\" data-settings=\"{&quot;background_background&quot;:&quot;classic&quot;}\">\n\t\t\t\t\t\t\t<div class=\"elementor-background-overlay\"><\/div>\n\t\t\t\t\t\t\t<div class=\"elementor-container elementor-column-gap-no\">\n\t\t\t\t\t\t\t<div class=\"elementor-row\">\n\t\t\t\t\t<div class=\"has_eae_slider elementor-column elementor-col-100 elementor-top-column elementor-element elementor-element-1eb19e3\" data-id=\"1eb19e3\" data-element_type=\"column\">\n\t\t\t<div class=\"elementor-column-wrap\">\n\t\t\t\t\t\t\t<div class=\"elementor-widget-wrap\">\n\t\t\t\t\t\t\t\t<\/div>\n\t\t\t\t\t<\/div>\n\t\t<\/div>\n\t\t\t\t\t\t\t\t<\/div>\n\t\t\t\t\t<\/div>\n\t\t<\/section>\n\t\t\t\t<section class=\"has_eae_slider elementor-section elementor-top-section elementor-element elementor-element-a9feb37 elementor-section-content-middle elementor-reverse-mobile elementor-section-boxed elementor-section-height-default elementor-section-height-default\" data-id=\"a9feb37\" data-element_type=\"section\">\n\t\t\t\t\t\t\t<div class=\"elementor-background-overlay\"><\/div>\n\t\t\t\t\t\t\t<div class=\"elementor-container elementor-column-gap-default\">\n\t\t\t\t\t\t\t<div class=\"elementor-row\">\n\t\t\t\t\t<div class=\"has_eae_slider elementor-column elementor-col-100 elementor-top-column elementor-element elementor-element-c721358\" data-id=\"c721358\" data-element_type=\"column\">\n\t\t\t<div class=\"elementor-column-wrap elementor-element-populated\">\n\t\t\t\t\t\t\t<div class=\"elementor-widget-wrap\">\n\t\t\t\t\t\t<div class=\"elementor-element elementor-element-dc2d50f elementor-widget elementor-widget-heading\" data-id=\"dc2d50f\" data-element_type=\"widget\" data-widget_type=\"heading.default\">\n\t\t\t\t<div class=\"elementor-widget-container\">\n\t\t\t<h1 class=\"elementor-heading-title elementor-size-default\"><style>@font-face\n\t{font-family:\"Cambria Math\";\n\tpanose-1:2 4 5 3 5 4 6 3 2 4;\n\tmso-font-charset:0;\n\tmso-generic-font-family:roman;\n\tmso-font-pitch:variable;\n\tmso-font-signature:-536870145 1107305727 0 0 415 0;}@font-face\n\t{font-family:Calibri;\n\tpanose-1:2 15 5 2 2 2 4 3 2 4;\n\tmso-font-charset:0;\n\tmso-generic-font-family:swiss;\n\tmso-font-pitch:variable;\n\tmso-font-signature:-536859905 -1073697537 9 0 511 0;}p.MsoNormal, li.MsoNormal, div.MsoNormal\n\t{mso-style-unhide:no;\n\tmso-style-qformat:yes;\n\tmso-style-parent:\"\";\n\tmargin-top:0cm;\n\tmargin-right:0cm;\n\tmargin-bottom:8.0pt;\n\tmargin-left:0cm;\n\tline-height:107%;\n\tmso-pagination:widow-orphan;\n\tfont-size:11.0pt;\n\tfont-family:\"Calibri\",sans-serif;\n\tmso-ascii-font-family:Calibri;\n\tmso-ascii-theme-font:minor-latin;\n\tmso-fareast-font-family:Calibri;\n\tmso-fareast-theme-font:minor-latin;\n\tmso-hansi-font-family:Calibri;\n\tmso-hansi-theme-font:minor-latin;\n\tmso-bidi-font-family:\"Times New Roman\";\n\tmso-bidi-theme-font:minor-bidi;\n\tmso-fareast-language:EN-US;}.MsoChpDefault\n\t{mso-style-type:export-only;\n\tmso-default-props:yes;\n\tfont-size:11.0pt;\n\tmso-ansi-font-size:11.0pt;\n\tmso-bidi-font-size:11.0pt;\n\tfont-family:\"Calibri\",sans-serif;\n\tmso-ascii-font-family:Calibri;\n\tmso-ascii-theme-font:minor-latin;\n\tmso-fareast-font-family:Calibri;\n\tmso-fareast-theme-font:minor-latin;\n\tmso-hansi-font-family:Calibri;\n\tmso-hansi-theme-font:minor-latin;\n\tmso-bidi-font-family:\"Times New Roman\";\n\tmso-bidi-theme-font:minor-bidi;\n\tmso-fareast-language:EN-US;}.MsoPapDefault\n\t{mso-style-type:export-only;\n\tmargin-bottom:8.0pt;\n\tline-height:107%;}div.WordSection1\n\t{page:WordSection1;}<\/style><p style=\"margin-bottom:0cm;text-align:center;\nline-height:normal\" align=\"center\"><b style=\"mso-bidi-font-weight:normal\"><span style=\"mso-bidi-font-family:Calibri;mso-bidi-theme-font:minor-latin\">Num\u00e9risation\n3D du plan \u00ab&nbsp;Dodet&nbsp;\u00bb de la ville de Charleville<\/span><\/b><\/p><\/h1>\t\t<\/div>\n\t\t\t\t<\/div>\n\t\t\t\t\t\t<\/div>\n\t\t\t\t\t<\/div>\n\t\t<\/div>\n\t\t\t\t\t\t\t\t<\/div>\n\t\t\t\t\t<\/div>\n\t\t<\/section>\n\t\t\t\t<section class=\"has_eae_slider elementor-section elementor-top-section elementor-element elementor-element-0242b9c elementor-reverse-mobile elementor-section-content-middle elementor-section-boxed elementor-section-height-default elementor-section-height-default\" data-id=\"0242b9c\" data-element_type=\"section\" data-settings=\"{&quot;background_background&quot;:&quot;classic&quot;}\">\n\t\t\t\t\t\t<div class=\"elementor-container elementor-column-gap-default\">\n\t\t\t\t\t\t\t<div class=\"elementor-row\">\n\t\t\t\t\t<div class=\"has_eae_slider elementor-column elementor-col-100 elementor-top-column elementor-element elementor-element-9790ccf\" data-id=\"9790ccf\" data-element_type=\"column\">\n\t\t\t<div class=\"elementor-column-wrap elementor-element-populated\">\n\t\t\t\t\t\t\t<div class=\"elementor-widget-wrap\">\n\t\t\t\t\t\t<div class=\"elementor-element elementor-element-89cc315 elementor-widget elementor-widget-text-editor\" data-id=\"89cc315\" data-element_type=\"widget\" data-widget_type=\"text-editor.default\">\n\t\t\t\t<div class=\"elementor-widget-container\">\n\t\t\t\t\t\t\t\t<div class=\"elementor-text-editor elementor-clearfix\">\n\t\t\t\t<p>Le plan dit \u00ab\u00a0Dodet\u00a0\u00bb est une repr\u00e9sentation en trois dimensions de la ville de Charleville, fond\u00e9e au d\u00e9but du XVIIe si\u00e8cle par Charles de Gonzague, duc de Nevers, dans sa principaut\u00e9 d\u2019Arches.<\/p><p>Rappelant les plans reliefs construits \u00e0 partir de la fin du XVIIe si\u00e8cle, le plan \u00ab\u00a0Dodet\u00a0\u00bb a \u00e9t\u00e9 r\u00e9alis\u00e9 en 1724 par l\u2019architecte Nicolas Dodet pour Louis Henri de Cond\u00e9, duc de Bourbon, dont d\u00e9pendait alors la principaut\u00e9 d\u2019Arches. Les \u00e9l\u00e9vations des fa\u00e7ades des principaux b\u00e2timents et des immeubles de la ville, dessin\u00e9es sur papier fort, ont \u00e9t\u00e9 coll\u00e9es perpendiculairement sur le r\u00e9seau des rues et des places de sorte \u00e0 former un plan \u00ab\u00a0maquette\u00a0\u00bb. Le plan \u00ab\u00a0Dodet\u00a0\u00bb est une repr\u00e9sentation relativement r\u00e9aliste de la ville mais il fait appara\u00eetre des monuments qui n\u2019ont pas \u00e9t\u00e9 construits et dont les fa\u00e7ades sont des mod\u00e8les issus de livres d\u2019architecture.<\/p>\t\t\t\t\t<\/div>\n\t\t\t\t\t\t<\/div>\n\t\t\t\t<\/div>\n\t\t\t\t\t\t<\/div>\n\t\t\t\t\t<\/div>\n\t\t<\/div>\n\t\t\t\t\t\t\t\t<\/div>\n\t\t\t\t\t<\/div>\n\t\t<\/section>\n\t\t\t\t<section class=\"has_eae_slider elementor-section elementor-top-section elementor-element elementor-element-5d3b26e elementor-section-boxed elementor-section-height-default elementor-section-height-default\" data-id=\"5d3b26e\" data-element_type=\"section\">\n\t\t\t\t\t\t<div class=\"elementor-container elementor-column-gap-default\">\n\t\t\t\t\t\t\t<div class=\"elementor-row\">\n\t\t\t\t\t<div class=\"has_eae_slider elementor-column elementor-col-100 elementor-top-column elementor-element elementor-element-ec303c9\" data-id=\"ec303c9\" data-element_type=\"column\">\n\t\t\t<div class=\"elementor-column-wrap elementor-element-populated\">\n\t\t\t\t\t\t\t<div class=\"elementor-widget-wrap\">\n\t\t\t\t\t\t<div class=\"elementor-element elementor-element-37c1d6c elementor-widget elementor-widget-text-editor\" data-id=\"37c1d6c\" data-element_type=\"widget\" data-widget_type=\"text-editor.default\">\n\t\t\t\t<div class=\"elementor-widget-container\">\n\t\t\t\t\t\t\t\t<div class=\"elementor-text-editor elementor-clearfix\">\n\t\t\t\t<p>En 2021-2022, une campagne de captation 3D du plan \u00ab\u00a0Dodet\u00a0\u00bb a \u00e9t\u00e9 entreprise dans le cadre d\u2019un partenariat entre les Archives nationales et le Centre Roland Mousnier (CNRS, Sorbonne-Universit\u00e9). Elle a permis de r\u00e9aliser un \u00ab\u00a0jumeau num\u00e9rique\u00a0\u00bb du plan \u00ab\u00a0Dodet \u00bb. Il sera utilis\u00e9 \u00e0 la fois \u00e0 des fins de consultation et aussi comme une pi\u00e8ce pour avancer la mod\u00e9lisation du tissu urbain de Charleville \u00e0 travers les si\u00e8cles. Les donn\u00e9es issues d\u2019un ensemble de plans de la ville, dont ceux de 1834 et 1796, ont \u00e9t\u00e9 entr\u00e9es dans un SIG 3D dans la perspective de lier le parcellaire de la ville avec les donn\u00e9es sociod\u00e9mographiques venues des recensements r\u00e9alis\u00e9s \u00e0 Charleville \u00e0 partir de la fin du XVIIe si\u00e8cle.<\/p>\t\t\t\t\t<\/div>\n\t\t\t\t\t\t<\/div>\n\t\t\t\t<\/div>\n\t\t\t\t\t\t<\/div>\n\t\t\t\t\t<\/div>\n\t\t<\/div>\n\t\t\t\t\t\t\t\t<\/div>\n\t\t\t\t\t<\/div>\n\t\t<\/section>\n\t\t\t\t<section class=\"has_eae_slider elementor-section elementor-top-section elementor-element elementor-element-9451b2b elementor-section-boxed elementor-section-height-default elementor-section-height-default\" data-id=\"9451b2b\" data-element_type=\"section\" data-settings=\"{&quot;background_background&quot;:&quot;classic&quot;}\">\n\t\t\t\t\t\t<div class=\"elementor-container elementor-column-gap-default\">\n\t\t\t\t\t\t\t<div class=\"elementor-row\">\n\t\t\t\t\t<div class=\"has_eae_slider elementor-column elementor-col-100 elementor-top-column elementor-element elementor-element-8c16a02\" data-id=\"8c16a02\" data-element_type=\"column\">\n\t\t\t<div class=\"elementor-column-wrap elementor-element-populated\">\n\t\t\t\t\t\t\t<div class=\"elementor-widget-wrap\">\n\t\t\t\t\t\t<div class=\"elementor-element elementor-element-1516de2 elementor-widget elementor-widget-text-editor\" data-id=\"1516de2\" data-element_type=\"widget\" data-widget_type=\"text-editor.default\">\n\t\t\t\t<div class=\"elementor-widget-container\">\n\t\t\t\t\t\t\t\t<div class=\"elementor-text-editor elementor-clearfix\">\n\t\t\t\t<h3><span style=\"color: #ffffff;\"><strong>Lien vers la v<span style=\"color: #ffffff;\">isualisation du plan \u00ab\u00a0Dodet\u00a0<\/span><\/strong><\/span><\/h3><p><iframe class=\"wp-embedded-content\" sandbox=\"allow-scripts\" security=\"restricted\" title=\"Num\u00e9risation 3D du plan relief &quot;Dodet&quot; 2021-22\" width=\"500\" height=\"281\" src=\"https:\/\/sketchfab.com\/models\/ef72c081509b4c8998c362a055fe8bbb\/embed#?secret=b2bP1BgTGU\" data-secret=\"b2bP1BgTGU\" frameborder=\"0\"><\/iframe><\/p>\t\t\t\t\t<\/div>\n\t\t\t\t\t\t<\/div>\n\t\t\t\t<\/div>\n\t\t\t\t\t\t<\/div>\n\t\t\t\t\t<\/div>\n\t\t<\/div>\n\t\t\t\t\t\t\t\t<\/div>\n\t\t\t\t\t<\/div>\n\t\t<\/section>\n\t\t\t\t<section class=\"has_eae_slider elementor-section elementor-top-section elementor-element elementor-element-82f6d4b elementor-section-boxed elementor-section-height-default elementor-section-height-default\" data-id=\"82f6d4b\" data-element_type=\"section\">\n\t\t\t\t\t\t<div class=\"elementor-container elementor-column-gap-default\">\n\t\t\t\t\t\t\t<div class=\"elementor-row\">\n\t\t\t\t\t<div class=\"has_eae_slider elementor-column elementor-col-100 elementor-top-column elementor-element elementor-element-50b7c2a\" data-id=\"50b7c2a\" data-element_type=\"column\">\n\t\t\t<div class=\"elementor-column-wrap elementor-element-populated\">\n\t\t\t\t\t\t\t<div class=\"elementor-widget-wrap\">\n\t\t\t\t\t\t<div class=\"elementor-element elementor-element-dc07421 elementor-widget elementor-widget-text-editor\" data-id=\"dc07421\" data-element_type=\"widget\" data-widget_type=\"text-editor.default\">\n\t\t\t\t<div class=\"elementor-widget-container\">\n\t\t\t\t\t\t\t\t<div class=\"elementor-text-editor elementor-clearfix\">\n\t\t\t\t<p>\n\n\n\n\n\n\n\n\n\n\n\n\n\n\n\n\n\n\n<\/p><p class=\"ox-008828d027-msonormal\" style=\"margin:0cm;text-align:justify\"><span style=\"mso-ascii-font-family:Calibri;mso-ascii-theme-font:minor-latin;\nmso-hansi-font-family:Calibri;mso-hansi-theme-font:minor-latin;mso-bidi-font-family:\nCalibri;mso-bidi-theme-font:minor-latin\">La campagne de captation 3D a \u00e9t\u00e9\nmen\u00e9e par une \u00e9quipe compos\u00e9e de M. Sylvain Rassat, pour le Centre Roland\nMousnier, et, pour les Archives Nationales, de MM. Marc Paturange, chef de\ntravaux d\u2019art principal, responsable de l\u2019atelier de photographie, William\nSim\u00e9onin et St\u00e9phane Meziache.<\/span><\/p>\n\n\n\n\n\n<p><style>@font-face\n\t{font-family:\"Cambria Math\";\n\tpanose-1:2 4 5 3 5 4 6 3 2 4;\n\tmso-font-charset:0;\n\tmso-generic-font-family:roman;\n\tmso-font-pitch:variable;\n\tmso-font-signature:-536870145 1107305727 0 0 415 0;}@font-face\n\t{font-family:Calibri;\n\tpanose-1:2 15 5 2 2 2 4 3 2 4;\n\tmso-font-charset:0;\n\tmso-generic-font-family:swiss;\n\tmso-font-pitch:variable;\n\tmso-font-signature:-536859905 -1073697537 9 0 511 0;}p.MsoNormal, li.MsoNormal, div.MsoNormal\n\t{mso-style-unhide:no;\n\tmso-style-qformat:yes;\n\tmso-style-parent:\"\";\n\tmargin-top:0cm;\n\tmargin-right:0cm;\n\tmargin-bottom:8.0pt;\n\tmargin-left:0cm;\n\tline-height:107%;\n\tmso-pagination:widow-orphan;\n\tfont-size:11.0pt;\n\tfont-family:\"Calibri\",sans-serif;\n\tmso-ascii-font-family:Calibri;\n\tmso-ascii-theme-font:minor-latin;\n\tmso-fareast-font-family:Calibri;\n\tmso-fareast-theme-font:minor-latin;\n\tmso-hansi-font-family:Calibri;\n\tmso-hansi-theme-font:minor-latin;\n\tmso-bidi-font-family:\"Times New Roman\";\n\tmso-bidi-theme-font:minor-bidi;\n\tmso-fareast-language:EN-US;}p.ox-008828d027-msonormal, li.ox-008828d027-msonormal, div.ox-008828d027-msonormal\n\t{mso-style-name:ox-008828d027-msonormal;\n\tmso-style-unhide:no;\n\tmso-margin-top-alt:auto;\n\tmargin-right:0cm;\n\tmso-margin-bottom-alt:auto;\n\tmargin-left:0cm;\n\tmso-pagination:widow-orphan;\n\tfont-size:11.0pt;\n\tfont-family:\"Calibri\",sans-serif;\n\tmso-fareast-font-family:Calibri;\n\tmso-fareast-theme-font:minor-latin;\n\tmso-fareast-language:FR;}.MsoChpDefault\n\t{mso-style-type:export-only;\n\tmso-default-props:yes;\n\tfont-size:11.0pt;\n\tmso-ansi-font-size:11.0pt;\n\tmso-bidi-font-size:11.0pt;\n\tfont-family:\"Calibri\",sans-serif;\n\tmso-ascii-font-family:Calibri;\n\tmso-ascii-theme-font:minor-latin;\n\tmso-fareast-font-family:Calibri;\n\tmso-fareast-theme-font:minor-latin;\n\tmso-hansi-font-family:Calibri;\n\tmso-hansi-theme-font:minor-latin;\n\tmso-bidi-font-family:\"Times New Roman\";\n\tmso-bidi-theme-font:minor-bidi;\n\tmso-fareast-language:EN-US;}.MsoPapDefault\n\t{mso-style-type:export-only;\n\tmargin-bottom:8.0pt;\n\tline-height:107%;}div.WordSection1\n\t{page:WordSection1;}<\/style><\/p>\t\t\t\t\t<\/div>\n\t\t\t\t\t\t<\/div>\n\t\t\t\t<\/div>\n\t\t\t\t\t\t<\/div>\n\t\t\t\t\t<\/div>\n\t\t<\/div>\n\t\t\t\t\t\t\t\t<\/div>\n\t\t\t\t\t<\/div>\n\t\t<\/section>\n\t\t\t\t<section class=\"has_eae_slider elementor-section elementor-top-section elementor-element elementor-element-7843431 elementor-section-boxed elementor-section-height-default elementor-section-height-default\" data-id=\"7843431\" data-element_type=\"section\" data-settings=\"{&quot;background_background&quot;:&quot;classic&quot;}\">\n\t\t\t\t\t\t<div class=\"elementor-container elementor-column-gap-no\">\n\t\t\t\t\t\t\t<div class=\"elementor-row\">\n\t\t\t\t\t<div class=\"has_eae_slider elementor-column elementor-col-100 elementor-top-column elementor-element elementor-element-0d719fc\" data-id=\"0d719fc\" data-element_type=\"column\">\n\t\t\t<div class=\"elementor-column-wrap elementor-element-populated\">\n\t\t\t\t\t\t\t<div class=\"elementor-widget-wrap\">\n\t\t\t\t\t\t<div class=\"elementor-element elementor-element-06e1bbf elementor-widget elementor-widget-text-editor\" data-id=\"06e1bbf\" data-element_type=\"widget\" data-widget_type=\"text-editor.default\">\n\t\t\t\t<div class=\"elementor-widget-container\">\n\t\t\t\t\t\t\t\t<div class=\"elementor-text-editor elementor-clearfix\">\n\t\t\t\t<h3><strong>Bibliographie<\/strong><\/h3><p>Sylvain Rassat, Fran\u00e7ois-Joseph Ruggiu, \u00ab\u00a0Big Data, maquette 3D et patrimoine num\u00e9rique comme instruments d\u2019\u00e9tude d\u00e9mographique et historique : l\u2019exemple de l\u2019enqu\u00eate \u201c Charleville \u201d\u00a0\u00bb. <em>In Situ. Revue des patrimoines<\/em>, Minist\u00e8re de la Culture et de la Communication, Direction de l\u2019architecture et du patrimoine, [Sous-direction des \u00e9tudes, de la documentation et de l\u2019Inventaire], 2019, 10.4000\/insitu. 22296. halshs-02263288.<\/p><h3>Pour en savoir plus sur le plan<strong> \u00ab<\/strong> Dodet<strong> \u00bb<\/strong><\/h3><figure><div style=\"text-align: center;\"><a href=\"https:\/\/crm-umr8596.huma-num.fr\/Charleville\/dodet_1724\/\"><strong>https:\/\/crm-umr8596.huma-num.fr\/Charleville\/dodet_1724\/<\/strong><\/a><\/div><\/figure><p>\u00a0<\/p><p>\u00a0<\/p>\t\t\t\t\t<\/div>\n\t\t\t\t\t\t<\/div>\n\t\t\t\t<\/div>\n\t\t\t\t\t\t<\/div>\n\t\t\t\t\t<\/div>\n\t\t<\/div>\n\t\t\t\t\t\t\t\t<\/div>\n\t\t\t\t\t<\/div>\n\t\t<\/section>\n\t\t\t\t\t\t<\/div>\n\t\t\t\t\t\t<\/div>\n\t\t\t\t\t<\/div>\n\t\t","protected":false},"excerpt":{"rendered":"<p>Num\u00e9risation 3D du plan \u00ab&nbsp;Dodet&nbsp;\u00bb de la ville de Charleville Le plan dit \u00ab\u00a0Dodet\u00a0\u00bb est une repr\u00e9sentation en trois dimensions de la ville de Charleville, fond\u00e9e au d\u00e9but du XVIIe si\u00e8cle par Charles de Gonzague, duc de Nevers, dans sa principaut\u00e9 d\u2019Arches. Rappelant les plans reliefs construits \u00e0 partir de la fin du XVIIe si\u00e8cle, &hellip;<\/p>\n<p class=\"read-more\"> <a class=\"\" href=\"https:\/\/crm-umr8596.huma-num.fr\/Charleville\/numerisation-du-plan-dodet-de-la-ville-de-charleville\/\"> <span class=\"screen-reader-text\">Num\u00e9risation du plan &#8220;Dodet&#8221; de la ville de Charleville<\/span> Lire la suite\u00a0\u00bb<\/a><\/p>\n","protected":false},"author":10,"featured_media":0,"parent":0,"menu_order":0,"comment_status":"closed","ping_status":"closed","template":"","meta":[],"_links":{"self":[{"href":"https:\/\/crm-umr8596.huma-num.fr\/Charleville\/wp-json\/wp\/v2\/pages\/10128"}],"collection":[{"href":"https:\/\/crm-umr8596.huma-num.fr\/Charleville\/wp-json\/wp\/v2\/pages"}],"about":[{"href":"https:\/\/crm-umr8596.huma-num.fr\/Charleville\/wp-json\/wp\/v2\/types\/page"}],"author":[{"embeddable":true,"href":"https:\/\/crm-umr8596.huma-num.fr\/Charleville\/wp-json\/wp\/v2\/users\/10"}],"replies":[{"embeddable":true,"href":"https:\/\/crm-umr8596.huma-num.fr\/Charleville\/wp-json\/wp\/v2\/comments?post=10128"}],"version-history":[{"count":4,"href":"https:\/\/crm-umr8596.huma-num.fr\/Charleville\/wp-json\/wp\/v2\/pages\/10128\/revisions"}],"predecessor-version":[{"id":10133,"href":"https:\/\/crm-umr8596.huma-num.fr\/Charleville\/wp-json\/wp\/v2\/pages\/10128\/revisions\/10133"}],"wp:attachment":[{"href":"https:\/\/crm-umr8596.huma-num.fr\/Charleville\/wp-json\/wp\/v2\/media?parent=10128"}],"curies":[{"name":"wp","href":"https:\/\/api.w.org\/{rel}","templated":true}]}}