{"id":10039,"date":"2022-06-10T07:52:45","date_gmt":"2022-06-10T05:52:45","guid":{"rendered":"https:\/\/crm-umr8596.huma-num.fr\/Charleville\/?page_id=10039"},"modified":"2022-07-14T14:19:40","modified_gmt":"2022-07-14T12:19:40","slug":"a-quel-age-se-mariait-on-aux-xviiie-et-xixe-siecle","status":"publish","type":"page","link":"https:\/\/crm-umr8596.huma-num.fr\/Charleville\/a-quel-age-se-mariait-on-aux-xviiie-et-xixe-siecle\/","title":{"rendered":"A quel \u00e2ge se mariait-on aux XVIIIe et XIXe si\u00e8cles ?"},"content":{"rendered":"\t\t<div data-elementor-type=\"wp-page\" data-elementor-id=\"10039\" class=\"elementor elementor-10039\" data-elementor-settings=\"[]\">\n\t\t\t\t\t\t<div class=\"elementor-inner\">\n\t\t\t\t\t\t\t<div class=\"elementor-section-wrap\">\n\t\t\t\t\t\t\t<section class=\"has_eae_slider elementor-section elementor-top-section elementor-element elementor-element-f0872d5 elementor-section-content-middle elementor-reverse-mobile elementor-section-boxed elementor-section-height-default elementor-section-height-default\" data-id=\"f0872d5\" data-element_type=\"section\">\n\t\t\t\t\t\t\t<div class=\"elementor-background-overlay\"><\/div>\n\t\t\t\t\t\t\t<div class=\"elementor-container elementor-column-gap-default\">\n\t\t\t\t\t\t\t<div class=\"elementor-row\">\n\t\t\t\t\t<div class=\"has_eae_slider elementor-column elementor-col-100 elementor-top-column elementor-element elementor-element-6b4c711\" data-id=\"6b4c711\" data-element_type=\"column\">\n\t\t\t<div class=\"elementor-column-wrap elementor-element-populated\">\n\t\t\t\t\t\t\t<div class=\"elementor-widget-wrap\">\n\t\t\t\t\t\t<div class=\"elementor-element elementor-element-2a065fb elementor-widget elementor-widget-heading\" data-id=\"2a065fb\" data-element_type=\"widget\" data-widget_type=\"heading.default\">\n\t\t\t\t<div class=\"elementor-widget-container\">\n\t\t\t<h1 class=\"elementor-heading-title elementor-size-default\">\u00c0 quel \u00e2ge se mariait-on aux XVIIIe et XIXe si\u00e8cles ?<\/h1>\t\t<\/div>\n\t\t\t\t<\/div>\n\t\t\t\t<section class=\"has_eae_slider elementor-section elementor-inner-section elementor-element elementor-element-4a0c6d1 elementor-section-content-middle elementor-section-boxed elementor-section-height-default elementor-section-height-default\" data-id=\"4a0c6d1\" data-element_type=\"section\">\n\t\t\t\t\t\t<div class=\"elementor-container elementor-column-gap-default\">\n\t\t\t\t\t\t\t<div class=\"elementor-row\">\n\t\t\t\t\t<div class=\"has_eae_slider elementor-column elementor-col-33 elementor-inner-column elementor-element elementor-element-38f324d\" data-id=\"38f324d\" data-element_type=\"column\">\n\t\t\t<div class=\"elementor-column-wrap elementor-element-populated\">\n\t\t\t\t\t\t\t<div class=\"elementor-widget-wrap\">\n\t\t\t\t\t\t<div class=\"elementor-element elementor-element-df0d3ba elementor-widget-divider--view-line elementor-widget elementor-widget-divider\" data-id=\"df0d3ba\" data-element_type=\"widget\" data-widget_type=\"divider.default\">\n\t\t\t\t<div class=\"elementor-widget-container\">\n\t\t\t\t\t<div class=\"elementor-divider\">\n\t\t\t<span class=\"elementor-divider-separator\">\n\t\t\t\t\t\t<\/span>\n\t\t<\/div>\n\t\t\t\t<\/div>\n\t\t\t\t<\/div>\n\t\t\t\t\t\t<\/div>\n\t\t\t\t\t<\/div>\n\t\t<\/div>\n\t\t\t\t<div class=\"has_eae_slider elementor-column elementor-col-33 elementor-inner-column elementor-element elementor-element-fc262a5\" data-id=\"fc262a5\" data-element_type=\"column\">\n\t\t\t<div class=\"elementor-column-wrap elementor-element-populated\">\n\t\t\t\t\t\t\t<div class=\"elementor-widget-wrap\">\n\t\t\t\t\t\t<div class=\"elementor-element elementor-element-c008e6c elementor-widget elementor-widget-image\" data-id=\"c008e6c\" data-element_type=\"widget\" data-widget_type=\"image.default\">\n\t\t\t\t<div class=\"elementor-widget-container\">\n\t\t\t\t\t\t\t\t<div class=\"elementor-image\">\n\t\t\t\t\t\t\t\t\t\t\t\t<img width=\"150\" height=\"150\" src=\"https:\/\/crm-umr8596.huma-num.fr\/Charleville\/wp-content\/uploads\/2020\/05\/Photo-Alexandre.png\" class=\"attachment-large size-large\" alt=\"\" loading=\"lazy\" \/>\t\t\t\t\t\t\t\t\t\t\t\t\t\t<\/div>\n\t\t\t\t\t\t<\/div>\n\t\t\t\t<\/div>\n\t\t\t\t\t\t<\/div>\n\t\t\t\t\t<\/div>\n\t\t<\/div>\n\t\t\t\t<div class=\"has_eae_slider elementor-column elementor-col-33 elementor-inner-column elementor-element elementor-element-851afcb\" data-id=\"851afcb\" data-element_type=\"column\">\n\t\t\t<div class=\"elementor-column-wrap elementor-element-populated\">\n\t\t\t\t\t\t\t<div class=\"elementor-widget-wrap\">\n\t\t\t\t\t\t<div class=\"elementor-element elementor-element-9aa3a98 elementor-widget-divider--view-line elementor-widget elementor-widget-divider\" data-id=\"9aa3a98\" data-element_type=\"widget\" data-widget_type=\"divider.default\">\n\t\t\t\t<div class=\"elementor-widget-container\">\n\t\t\t\t\t<div class=\"elementor-divider\">\n\t\t\t<span class=\"elementor-divider-separator\">\n\t\t\t\t\t\t<\/span>\n\t\t<\/div>\n\t\t\t\t<\/div>\n\t\t\t\t<\/div>\n\t\t\t\t\t\t<\/div>\n\t\t\t\t\t<\/div>\n\t\t<\/div>\n\t\t\t\t\t\t\t\t<\/div>\n\t\t\t\t\t<\/div>\n\t\t<\/section>\n\t\t\t\t<div class=\"elementor-element elementor-element-74ee44e elementor-widget elementor-widget-text-editor\" data-id=\"74ee44e\" data-element_type=\"widget\" data-widget_type=\"text-editor.default\">\n\t\t\t\t<div class=\"elementor-widget-container\">\n\t\t\t\t\t\t\t\t<div class=\"elementor-text-editor elementor-clearfix\">\n\t\t\t\t<p style=\"text-align: center;\">Notice propos\u00e9e par C\u00e9cile Alexandre<br \/>&#8211; Juin 2022 &#8211;<\/p>\t\t\t\t\t<\/div>\n\t\t\t\t\t\t<\/div>\n\t\t\t\t<\/div>\n\t\t\t\t\t\t<\/div>\n\t\t\t\t\t<\/div>\n\t\t<\/div>\n\t\t\t\t\t\t\t\t<\/div>\n\t\t\t\t\t<\/div>\n\t\t<\/section>\n\t\t\t\t<section class=\"has_eae_slider elementor-section elementor-top-section elementor-element elementor-element-05f4c3d elementor-section-boxed elementor-section-height-default elementor-section-height-default\" data-id=\"05f4c3d\" data-element_type=\"section\">\n\t\t\t\t\t\t<div class=\"elementor-container elementor-column-gap-default\">\n\t\t\t\t\t\t\t<div class=\"elementor-row\">\n\t\t\t\t\t<div class=\"has_eae_slider elementor-column elementor-col-100 elementor-top-column elementor-element elementor-element-e19ce21\" data-id=\"e19ce21\" data-element_type=\"column\">\n\t\t\t<div class=\"elementor-column-wrap elementor-element-populated\">\n\t\t\t\t\t\t\t<div class=\"elementor-widget-wrap\">\n\t\t\t\t\t\t<section class=\"has_eae_slider elementor-section elementor-inner-section elementor-element elementor-element-a0d7e37 elementor-section-boxed elementor-section-height-default elementor-section-height-default\" data-id=\"a0d7e37\" data-element_type=\"section\">\n\t\t\t\t\t\t<div class=\"elementor-container elementor-column-gap-default\">\n\t\t\t\t\t\t\t<div class=\"elementor-row\">\n\t\t\t\t\t<div class=\"has_eae_slider elementor-column elementor-col-100 elementor-inner-column elementor-element elementor-element-a73db29\" data-id=\"a73db29\" data-element_type=\"column\">\n\t\t\t<div class=\"elementor-column-wrap elementor-element-populated\">\n\t\t\t\t\t\t\t<div class=\"elementor-widget-wrap\">\n\t\t\t\t\t\t<div class=\"elementor-element elementor-element-fd5edf9 elementor-widget elementor-widget-text-editor\" data-id=\"fd5edf9\" data-element_type=\"widget\" data-widget_type=\"text-editor.default\">\n\t\t\t\t<div class=\"elementor-widget-container\">\n\t\t\t\t\t\t\t\t<div class=\"elementor-text-editor elementor-clearfix\">\n\t\t\t\t<p><em>Cette notice est tir\u00e9e d\u2019un doctorat en cours portant sur les familles carolopolitaines des XVIII<sup>e<\/sup> et XIX<sup>e<\/sup> si\u00e8cles. Dans ce cadre, nous avons reconstruit, pour une vaste p\u00e9riode allant de 1740 \u00e0 1890, 215 groupes patronymiques, entendus comme des groupes de parent\u00e9 issus d\u2019un ou plusieurs couples fondateurs mari\u00e9s entre 1740 et 1779 et dont l\u2019un des conjoints au moins avait un patronyme commen\u00e7ant par les lettres B, G, M, N, P, R ou T. Ces groupes de parents sont compos\u00e9s d\u2019au moins deux g\u00e9n\u00e9rations mari\u00e9es \u00e0 Charleville. Ils sont donc constitu\u00e9s de lign\u00e9es descendantes tant par les hommes que par les femmes.\u00a0 <\/em><em>Les branches familiales ou les individus ayant quitt\u00e9 la ville au XIXe si\u00e8cle sont donc \u00e9cart\u00e9s de cette \u00e9tude. <\/em><\/p><p><em>Les sources utilis\u00e9es sont principalement les actes de mariage des registres paroissiaux de Charleville, depuis 1740 jusqu\u2019en octobre 1792, puis les actes de mariage de l\u2019\u00e9tat-civil, qui commencent en novembre 1792 dans cette ville. <\/em><\/p>\t\t\t\t\t<\/div>\n\t\t\t\t\t\t<\/div>\n\t\t\t\t<\/div>\n\t\t\t\t\t\t<\/div>\n\t\t\t\t\t<\/div>\n\t\t<\/div>\n\t\t\t\t\t\t\t\t<\/div>\n\t\t\t\t\t<\/div>\n\t\t<\/section>\n\t\t\t\t\t\t<\/div>\n\t\t\t\t\t<\/div>\n\t\t<\/div>\n\t\t\t\t\t\t\t\t<\/div>\n\t\t\t\t\t<\/div>\n\t\t<\/section>\n\t\t\t\t<section class=\"has_eae_slider elementor-section elementor-top-section elementor-element elementor-element-d9d4d45 elementor-section-boxed elementor-section-height-default elementor-section-height-default\" data-id=\"d9d4d45\" data-element_type=\"section\" data-settings=\"{&quot;background_background&quot;:&quot;classic&quot;}\">\n\t\t\t\t\t\t<div class=\"elementor-container elementor-column-gap-default\">\n\t\t\t\t\t\t\t<div class=\"elementor-row\">\n\t\t\t\t\t<div class=\"has_eae_slider elementor-column elementor-col-100 elementor-top-column elementor-element elementor-element-77945d5\" data-id=\"77945d5\" data-element_type=\"column\" data-settings=\"{&quot;background_background&quot;:&quot;classic&quot;}\">\n\t\t\t<div class=\"elementor-column-wrap elementor-element-populated\">\n\t\t\t\t\t\t\t<div class=\"elementor-widget-wrap\">\n\t\t\t\t\t\t<div class=\"elementor-element elementor-element-668c56c elementor-widget elementor-widget-heading\" data-id=\"668c56c\" data-element_type=\"widget\" data-widget_type=\"heading.default\">\n\t\t\t\t<div class=\"elementor-widget-container\">\n\t\t\t<h2 class=\"elementor-heading-title elementor-size-default\">Durant l\u2019Ancien R\u00e9gime et les premi\u00e8res ann\u00e9es de la R\u00e9volution (1740- octobre 1792) : une majorit\u00e9 \"tardive\"<\/h2>\t\t<\/div>\n\t\t\t\t<\/div>\n\t\t\t\t<section class=\"has_eae_slider elementor-section elementor-inner-section elementor-element elementor-element-2b431cc elementor-section-boxed elementor-section-height-default elementor-section-height-default\" data-id=\"2b431cc\" data-element_type=\"section\" data-settings=\"{&quot;background_background&quot;:&quot;classic&quot;}\">\n\t\t\t\t\t\t<div class=\"elementor-container elementor-column-gap-default\">\n\t\t\t\t\t\t\t<div class=\"elementor-row\">\n\t\t\t\t\t<div class=\"has_eae_slider elementor-column elementor-col-50 elementor-inner-column elementor-element elementor-element-1164cd9\" data-id=\"1164cd9\" data-element_type=\"column\" data-settings=\"{&quot;background_background&quot;:&quot;classic&quot;}\">\n\t\t\t<div class=\"elementor-column-wrap elementor-element-populated\">\n\t\t\t\t\t\t\t<div class=\"elementor-widget-wrap\">\n\t\t\t\t\t\t<div class=\"elementor-element elementor-element-5eddac2 elementor-widget elementor-widget-text-editor\" data-id=\"5eddac2\" data-element_type=\"widget\" data-widget_type=\"text-editor.default\">\n\t\t\t\t<div class=\"elementor-widget-container\">\n\t\t\t\t\t\t\t\t<div class=\"elementor-text-editor elementor-clearfix\">\n\t\t\t\t<p><span style=\"color: #000000;\"><span style=\"color: #ffffff;\">La majorit\u00e9 matrimoniale, c\u2019est-\u00e0-dire l\u2019\u00e2ge auquel il n\u2019est plus n\u00e9cessaire d\u2019avoir l\u2019accord des parents pour se marier, est diff\u00e9rente pour les hommes et les femmes durant l\u2019Ancien R\u00e9gime. L\u2019\u00e9dit d&#8217;Henri II de 1556 demandait le consentement des parents jusqu\u2019\u00e0 25 ans pour les femmes et 30 ans pour les hommes. Il a \u00e9t\u00e9 renouvel\u00e9 par l\u2019ordonnance de Blois en 1579. <\/span><\/span><\/p><p><span style=\"color: #000000;\"><span style=\"color: #ffffff;\">Par exemple, Jacques Bataille \u00e9tait mineur \u00e0 son mariage le 10 janvier 1774, alors qu\u2019il avait 26 ans (il est n\u00e9 le 5 mars 1747).\u00a0 Au contraire, son fr\u00e8re Guillaume, mari\u00e9 le 14 janvier 1775, \u00e9tait majeur car \u00e2g\u00e9 de 33 ans (il \u00e9tait n\u00e9 29 avril 1741).<\/span> <\/span><\/p>\t\t\t\t\t<\/div>\n\t\t\t\t\t\t<\/div>\n\t\t\t\t<\/div>\n\t\t\t\t\t\t<\/div>\n\t\t\t\t\t<\/div>\n\t\t<\/div>\n\t\t\t\t<div class=\"has_eae_slider elementor-column elementor-col-50 elementor-inner-column elementor-element elementor-element-f082ab5\" data-id=\"f082ab5\" data-element_type=\"column\" data-settings=\"{&quot;background_background&quot;:&quot;classic&quot;}\">\n\t\t\t<div class=\"elementor-column-wrap elementor-element-populated\">\n\t\t\t\t\t\t\t<div class=\"elementor-widget-wrap\">\n\t\t\t\t\t\t<div class=\"elementor-element elementor-element-35d19ee elementor-widget elementor-widget-text-editor\" data-id=\"35d19ee\" data-element_type=\"widget\" data-widget_type=\"text-editor.default\">\n\t\t\t\t<div class=\"elementor-widget-container\">\n\t\t\t\t\t\t\t\t<div class=\"elementor-text-editor elementor-clearfix\">\n\t\t\t\t<p><span style=\"color: #ffffff;\">Du c\u00f4t\u00e9 des femmes, nous pouvons voir l\u2019exemple de Marie Elizabeth Bartaut, baptis\u00e9e le 19 novembre 1720, qui avait 19 ans \u00e0 son mariage le 19 octobre 1740\u00a0: elle \u00e9tait en effet qualifi\u00e9e de mineure dans son acte de mariage. Marie Jeanne Baudet pr\u00e9sente au contraire le cas d\u2019une \u00e9pouse majeure\u00a0: baptis\u00e9e le 27 septembre 1737, elle s\u2019est mari\u00e9e \u00e0 26 ans le 15 mai 1764. \u00a0<\/span><\/p><p><span style=\"color: #ffffff;\">Il faut distinguer cet \u00e2ge de l\u2019\u00e2ge nubile\u00a0: l\u2019Eglise autorisait le mariage \u00e0 partir de 12 ans pour les filles et 14 ans pour les gar\u00e7ons. <strong>En r\u00e9alit\u00e9, les \u00e9poux ne se mariaient jamais aussi jeunes.<\/strong><\/span><\/p>\t\t\t\t\t<\/div>\n\t\t\t\t\t\t<\/div>\n\t\t\t\t<\/div>\n\t\t\t\t\t\t<\/div>\n\t\t\t\t\t<\/div>\n\t\t<\/div>\n\t\t\t\t\t\t\t\t<\/div>\n\t\t\t\t\t<\/div>\n\t\t<\/section>\n\t\t\t\t<div class=\"elementor-element elementor-element-23a5fe8 elementor-widget-divider--view-line elementor-widget elementor-widget-divider\" data-id=\"23a5fe8\" data-element_type=\"widget\" data-widget_type=\"divider.default\">\n\t\t\t\t<div class=\"elementor-widget-container\">\n\t\t\t\t\t<div class=\"elementor-divider\">\n\t\t\t<span class=\"elementor-divider-separator\">\n\t\t\t\t\t\t<\/span>\n\t\t<\/div>\n\t\t\t\t<\/div>\n\t\t\t\t<\/div>\n\t\t\t\t\t\t<\/div>\n\t\t\t\t\t<\/div>\n\t\t<\/div>\n\t\t\t\t\t\t\t\t<\/div>\n\t\t\t\t\t<\/div>\n\t\t<\/section>\n\t\t\t\t<section class=\"has_eae_slider elementor-section elementor-top-section elementor-element elementor-element-0a2edda elementor-section-boxed elementor-section-height-default elementor-section-height-default\" data-id=\"0a2edda\" data-element_type=\"section\">\n\t\t\t\t\t\t<div class=\"elementor-container elementor-column-gap-default\">\n\t\t\t\t\t\t\t<div class=\"elementor-row\">\n\t\t\t\t\t<div class=\"has_eae_slider elementor-column elementor-col-100 elementor-top-column elementor-element elementor-element-940d39b\" data-id=\"940d39b\" data-element_type=\"column\">\n\t\t\t<div class=\"elementor-column-wrap elementor-element-populated\">\n\t\t\t\t\t\t\t<div class=\"elementor-widget-wrap\">\n\t\t\t\t\t\t<section class=\"has_eae_slider elementor-section elementor-inner-section elementor-element elementor-element-e2951f3 elementor-section-boxed elementor-section-height-default elementor-section-height-default\" data-id=\"e2951f3\" data-element_type=\"section\">\n\t\t\t\t\t\t<div class=\"elementor-container elementor-column-gap-default\">\n\t\t\t\t\t\t\t<div class=\"elementor-row\">\n\t\t\t\t\t<div class=\"has_eae_slider elementor-column elementor-col-50 elementor-inner-column elementor-element elementor-element-1e22c57\" data-id=\"1e22c57\" data-element_type=\"column\">\n\t\t\t<div class=\"elementor-column-wrap elementor-element-populated\">\n\t\t\t\t\t\t\t<div class=\"elementor-widget-wrap\">\n\t\t\t\t\t\t<div class=\"elementor-element elementor-element-df4cc30 elementor-widget elementor-widget-text-editor\" data-id=\"df4cc30\" data-element_type=\"widget\" data-widget_type=\"text-editor.default\">\n\t\t\t\t<div class=\"elementor-widget-container\">\n\t\t\t\t\t\t\t\t<div class=\"elementor-text-editor elementor-clearfix\">\n\t\t\t\t<p><strong>\u00a0<\/strong><strong>\u00c0 Charleville, l\u2019\u00e2ge au mariage est not\u00e9 en toutes lettres \u00ab\u00a0majeur(e)\u00a0\u00bb ou \u00ab\u00a0mineur(e)\u00a0\u00bb entre 1740 et 1769 (Fig. 1 et 2). A partir de 1770 apparaissent les \u00e2ges calendaires\u00a0(Fig. 3) : <\/strong>c\u2019est pourquoi les pourcentages des mentions \u00ab\u00a0mineurs\u00a0\u00bb, \u00ab\u00a0majeures\u00a0\u00bb et \u00ab\u00a0sans mention\u00a0\u00bb dans les figures 1 et 2 n\u2019atteignent pas 100%.\u00a0 Pour l\u2019ensemble des mariages et remariages\u00a0:<strong> la part d\u2019\u00e9poux mineurs est inf\u00e9rieure \u00e0 30 % pour les hommes et 40\u00a0% pour les femmes. <\/strong>Pour certains \u00e9poux, il n&#8217;\u00e9tait pas indiqu\u00e9 dans l&#8217;acte s&#8217;ils \u00e9taient mineurs ou majeurs. Il s&#8217;agissait alors le plus souvent de remariages ; en effet, dans ce cas, le consentement des parents n&#8217;\u00e9tait plus requis et donc le pr\u00eatre pouvait se passer de mentionner l&#8217;\u00e9tat de minorit\u00e9 ou de majorit\u00e9 du conjoint.<\/p>\t\t\t\t\t<\/div>\n\t\t\t\t\t\t<\/div>\n\t\t\t\t<\/div>\n\t\t\t\t\t\t<\/div>\n\t\t\t\t\t<\/div>\n\t\t<\/div>\n\t\t\t\t<div class=\"has_eae_slider elementor-column elementor-col-50 elementor-inner-column elementor-element elementor-element-03d5e79\" data-id=\"03d5e79\" data-element_type=\"column\">\n\t\t\t<div class=\"elementor-column-wrap elementor-element-populated\">\n\t\t\t\t\t\t\t<div class=\"elementor-widget-wrap\">\n\t\t\t\t\t\t<div class=\"elementor-element elementor-element-a612e3e elementor-widget elementor-widget-text-editor\" data-id=\"a612e3e\" data-element_type=\"widget\" data-widget_type=\"text-editor.default\">\n\t\t\t\t<div class=\"elementor-widget-container\">\n\t\t\t\t\t\t\t\t<div class=\"elementor-text-editor elementor-clearfix\">\n\t\t\t\t<p>Les \u00e2ges calendaires entre 1770 et 1789 confirment la plupart des hommes ont environ 28 ans et les femmes 25 ans \u00e0 leur premi\u00e8re union.<\/p><p>Ce trait se retrouve dans le reste de la France. Cet \u00e2ge \u00ab\u00a0tardif\u00a0\u00bb du mariage, en particulier des femmes, a men\u00e9 \u00e0 distinguer ce r\u00e9gime d\u00e9mographique comme propre \u00e0 l\u2019Europe occidentale. Il est d&#8217;une importance cruciale car il entra\u00eene une diminution de la f\u00e9condit\u00e9. L\u2019\u00e2ge moyen du premier mariage en France au XVIII<sup>e<\/sup> si\u00e8cle \u00e9tait de <strong>27 \u00e0 28 ans<\/strong> <strong>pour les hommes<\/strong> et <strong>25 \u00e0 26 ans<\/strong> <strong>pour les femmes.<\/strong> Charleville suivait donc la tendance g\u00e9n\u00e9rale du Royaume.<\/p>\t\t\t\t\t<\/div>\n\t\t\t\t\t\t<\/div>\n\t\t\t\t<\/div>\n\t\t\t\t\t\t<\/div>\n\t\t\t\t\t<\/div>\n\t\t<\/div>\n\t\t\t\t\t\t\t\t<\/div>\n\t\t\t\t\t<\/div>\n\t\t<\/section>\n\t\t\t\t<div class=\"elementor-element elementor-element-390e51e elementor-widget elementor-widget-text-editor\" data-id=\"390e51e\" data-element_type=\"widget\" data-widget_type=\"text-editor.default\">\n\t\t\t\t<div class=\"elementor-widget-container\">\n\t\t\t\t\t\t\t\t<div class=\"elementor-text-editor elementor-clearfix\">\n\t\t\t\t\t\t\t\t\t<\/div>\n\t\t\t\t\t\t<\/div>\n\t\t\t\t<\/div>\n\t\t\t\t<div class=\"elementor-element elementor-element-dbda6b4 elementor-widget elementor-widget-image\" data-id=\"dbda6b4\" data-element_type=\"widget\" data-widget_type=\"image.default\">\n\t\t\t\t<div class=\"elementor-widget-container\">\n\t\t\t\t\t\t\t\t<div class=\"elementor-image\">\n\t\t\t\t\t\t\t\t\t<figure class=\"wp-caption\">\n\t\t\t\t\t\t\t\t\t\t<img width=\"1024\" height=\"408\" src=\"https:\/\/crm-umr8596.huma-num.fr\/Charleville\/wp-content\/uploads\/2022\/06\/Age-Fig-1-1024x408.jpg\" class=\"attachment-large size-large\" alt=\"\" loading=\"lazy\" \/>\t\t\t\t\t\t\t\t\t\t\t<figcaption class=\"widget-image-caption wp-caption-text\">Fig. 1. \u00c2ge des \u00e9poux (majorit\u00e9\/minorit\u00e9) dans les actes de mariage des registres paroissiaux de Charleville (1740-octobre 1792)<\/figcaption>\n\t\t\t\t\t\t\t\t\t\t<\/figure>\n\t\t\t\t\t\t\t\t<\/div>\n\t\t\t\t\t\t<\/div>\n\t\t\t\t<\/div>\n\t\t\t\t<div class=\"elementor-element elementor-element-7a3f6b9 elementor-widget elementor-widget-image\" data-id=\"7a3f6b9\" data-element_type=\"widget\" data-widget_type=\"image.default\">\n\t\t\t\t<div class=\"elementor-widget-container\">\n\t\t\t\t\t\t\t\t<div class=\"elementor-image\">\n\t\t\t\t\t\t\t\t\t<figure class=\"wp-caption\">\n\t\t\t\t\t\t\t\t\t\t<img width=\"1024\" height=\"416\" src=\"https:\/\/crm-umr8596.huma-num.fr\/Charleville\/wp-content\/uploads\/2022\/06\/Age-Fig-2-1024x416.jpg\" class=\"attachment-large size-large\" alt=\"\" loading=\"lazy\" \/>\t\t\t\t\t\t\t\t\t\t\t<figcaption class=\"widget-image-caption wp-caption-text\">Fig. 2. \u00c2ge des \u00e9pouses (majorit\u00e9\/minorit\u00e9) dans les actes de mariage des registres paroissiaux de Charleville (1740-octobre 1792)<\/figcaption>\n\t\t\t\t\t\t\t\t\t\t<\/figure>\n\t\t\t\t\t\t\t\t<\/div>\n\t\t\t\t\t\t<\/div>\n\t\t\t\t<\/div>\n\t\t\t\t\t\t<\/div>\n\t\t\t\t\t<\/div>\n\t\t<\/div>\n\t\t\t\t\t\t\t\t<\/div>\n\t\t\t\t\t<\/div>\n\t\t<\/section>\n\t\t\t\t<section class=\"has_eae_slider elementor-section elementor-top-section elementor-element elementor-element-001679f elementor-section-boxed elementor-section-height-default elementor-section-height-default\" data-id=\"001679f\" data-element_type=\"section\" data-settings=\"{&quot;background_background&quot;:&quot;classic&quot;}\">\n\t\t\t\t\t\t<div class=\"elementor-container elementor-column-gap-default\">\n\t\t\t\t\t\t\t<div class=\"elementor-row\">\n\t\t\t\t\t<div class=\"has_eae_slider elementor-column elementor-col-100 elementor-top-column elementor-element elementor-element-2b0aa2e\" data-id=\"2b0aa2e\" data-element_type=\"column\">\n\t\t\t<div class=\"elementor-column-wrap elementor-element-populated\">\n\t\t\t\t\t\t\t<div class=\"elementor-widget-wrap\">\n\t\t\t\t\t\t<div class=\"elementor-element elementor-element-2176385 elementor-widget elementor-widget-heading\" data-id=\"2176385\" data-element_type=\"widget\" data-widget_type=\"heading.default\">\n\t\t\t\t<div class=\"elementor-widget-container\">\n\t\t\t<h2 class=\"elementor-heading-title elementor-size-default\">\u00c0 partir de la cr\u00e9ation de l\u2019\u00e9tat-civil en 1792 et jusqu'\u00e0 la fin du XIXe si\u00e8cle<\/h2>\t\t<\/div>\n\t\t\t\t<\/div>\n\t\t\t\t<section class=\"has_eae_slider elementor-section elementor-inner-section elementor-element elementor-element-8b2fdc2 elementor-section-boxed elementor-section-height-default elementor-section-height-default\" data-id=\"8b2fdc2\" data-element_type=\"section\" data-settings=\"{&quot;background_background&quot;:&quot;classic&quot;}\">\n\t\t\t\t\t\t<div class=\"elementor-container elementor-column-gap-default\">\n\t\t\t\t\t\t\t<div class=\"elementor-row\">\n\t\t\t\t\t<div class=\"has_eae_slider elementor-column elementor-col-50 elementor-inner-column elementor-element elementor-element-36a7a95\" data-id=\"36a7a95\" data-element_type=\"column\">\n\t\t\t<div class=\"elementor-column-wrap elementor-element-populated\">\n\t\t\t\t\t\t\t<div class=\"elementor-widget-wrap\">\n\t\t\t\t\t\t<div class=\"elementor-element elementor-element-bfdb74f elementor-widget elementor-widget-text-editor\" data-id=\"bfdb74f\" data-element_type=\"widget\" data-widget_type=\"text-editor.default\">\n\t\t\t\t<div class=\"elementor-widget-container\">\n\t\t\t\t\t\t\t\t<div class=\"elementor-text-editor elementor-clearfix\">\n\t\t\t\t<p><span style=\"color: #ffffff;\">\u00c0 partir de la cr\u00e9ation de l\u2019\u00e9tat-civil et de la loi du <strong>20 septembre 1792,<\/strong> le mariage peut \u00eatre nou\u00e9 \u00e0 15 ans pour les gar\u00e7ons et 13 ans pour les filles (\u00e2ge nubile),\u00a0tandis que la majorit\u00e9 matrimoniale est fix\u00e9e \u00e0 21 ans pour les deux sexes. Apr\u00e8s le coup d\u2019\u00e9tat du 18 Brumaire an VIII et de nombreux d\u00e9bats, la<strong> loi du 26 vent\u00f4se an XI<\/strong>, promulgu\u00e9e le 6 germinal suivant pour former le Code civil (dit aussi Code Napol\u00e9on) en 1804, retarde l\u2019\u00e2ge nubile\u00a0: 15 ans pour les filles et 18 ans pour les gar\u00e7ons. Quant \u00e0 la majorit\u00e9 matrimoniale, si e<strong>lle reste \u00e0 21 ans pour les filles, elle est repouss\u00e9e \u00e0 25 ans pour les gar\u00e7ons.<\/strong> En cas d\u2019opposition des parents au mariage des mineurs, trois sommations respectueuses doivent \u00eatre pr\u00e9sent\u00e9es par les \u00e9poux sur un d\u00e9lai de trois mois (une par mois). Ces sommations sont des actes notari\u00e9s adress\u00e9s aux parents\u00a0; cette proc\u00e9dure juridique retarde le mariage mais permet de contourner le consentement du ou des parents r\u00e9calcitrants.<\/span><\/p><p><span style=\"color: #ffffff;\">Ce cadre perdure jusqu\u2019au d\u00e9but du XX<sup>e<\/sup> si\u00e8cle\u00a0: ce n\u2019est qu\u2019en 1907 que la majorit\u00e9 matrimoniale et civile est fix\u00e9e \u00e0 21 ans pour les deux sexes. \u00c0 partir de 1896, une seule sommation suffit au lieu de trois.<\/span><\/p>\t\t\t\t\t<\/div>\n\t\t\t\t\t\t<\/div>\n\t\t\t\t<\/div>\n\t\t\t\t\t\t<\/div>\n\t\t\t\t\t<\/div>\n\t\t<\/div>\n\t\t\t\t<div class=\"has_eae_slider elementor-column elementor-col-50 elementor-inner-column elementor-element elementor-element-f52d72f\" data-id=\"f52d72f\" data-element_type=\"column\">\n\t\t\t<div class=\"elementor-column-wrap elementor-element-populated\">\n\t\t\t\t\t\t\t<div class=\"elementor-widget-wrap\">\n\t\t\t\t\t\t<div class=\"elementor-element elementor-element-b8bd0c7 elementor-widget elementor-widget-text-editor\" data-id=\"b8bd0c7\" data-element_type=\"widget\" data-widget_type=\"text-editor.default\">\n\t\t\t\t<div class=\"elementor-widget-container\">\n\t\t\t\t\t\t\t\t<div class=\"elementor-text-editor elementor-clearfix\">\n\t\t\t\t<p><span style=\"color: #ffffff;\">Dans l\u2019ensemble de la France, l\u2019\u00e9volution de l\u2019\u00e2ge moyen au premier mariage diff\u00e8re selon les hommes et les femmes au XIX<sup>e<\/sup> si\u00e8cle. C\u00f4t\u00e9 masculin, apr\u00e8s avoir atteint un maximum autour de 29 ans \u00e0 la fin de l\u2019Ancien R\u00e9gime, il baisse \u00e0 28 ans sous la R\u00e9volution et l\u2019Empire, avant de se stabiliser \u00e0 ce niveau. C\u00f4t\u00e9 f\u00e9minin, l\u2019\u00e2ge moyen diminue r\u00e9guli\u00e8rement durant le si\u00e8cle suivant, passant de 27 ans \u00e0 23,8 ans en 1913. <strong>L\u2019\u00e9cart d\u2019\u00e2ge se creuse donc aussi progressivement entre le mari et l\u2019\u00e9pouse au XIX<sup>e<\/sup> si\u00e8cle.<\/strong> D\u2019apr\u00e8s Michelle Perrot, les r\u00e9gions o\u00f9 le catholicisme \u00e9tait le plus ancr\u00e9 \u00e9taient \u00e9galement celles o\u00f9 l\u2019\u00e2ge au premier mariage des femmes baisse le moins : par exemple, en Bretagne, au Massif central, au Pays basque, en Savoie ou en Alsace. Ce maintien d\u2019un \u00e2ge tardif reste une m\u00e9thode de limitation des naissances.<\/span><\/p>\t\t\t\t\t<\/div>\n\t\t\t\t\t\t<\/div>\n\t\t\t\t<\/div>\n\t\t\t\t\t\t<\/div>\n\t\t\t\t\t<\/div>\n\t\t<\/div>\n\t\t\t\t\t\t\t\t<\/div>\n\t\t\t\t\t<\/div>\n\t\t<\/section>\n\t\t\t\t<div class=\"elementor-element elementor-element-d86649a elementor-widget elementor-widget-image\" data-id=\"d86649a\" data-element_type=\"widget\" data-widget_type=\"image.default\">\n\t\t\t\t<div class=\"elementor-widget-container\">\n\t\t\t\t\t\t\t\t<div class=\"elementor-image\">\n\t\t\t\t\t\t\t\t\t<figure class=\"wp-caption\">\n\t\t\t\t\t\t\t\t\t\t<img width=\"717\" height=\"512\" src=\"https:\/\/crm-umr8596.huma-num.fr\/Charleville\/wp-content\/uploads\/2022\/06\/Age-Fig-3.jpg\" class=\"attachment-full size-full\" alt=\"\" loading=\"lazy\" \/>\t\t\t\t\t\t\t\t\t\t\t<figcaption class=\"widget-image-caption wp-caption-text\">Fig. 3. \u00c2ge au mariage des hommes et des femmes \u00e0 Charleville (1770-1890)<\/figcaption>\n\t\t\t\t\t\t\t\t\t\t<\/figure>\n\t\t\t\t\t\t\t\t<\/div>\n\t\t\t\t\t\t<\/div>\n\t\t\t\t<\/div>\n\t\t\t\t<div class=\"elementor-element elementor-element-4b912c2 elementor-widget elementor-widget-text-editor\" data-id=\"4b912c2\" data-element_type=\"widget\" data-widget_type=\"text-editor.default\">\n\t\t\t\t<div class=\"elementor-widget-container\">\n\t\t\t\t\t\t\t\t<div class=\"elementor-text-editor elementor-clearfix\">\n\t\t\t\t<p><span style=\"color: #ffffff;\">Charleville ne suit pas compl\u00e8tement le m\u00eame mouvement qu\u2019\u00e0 l\u2019\u00e9chelle nationale. Ainsi, lors de la R\u00e9volution et de l\u2019Empire, on observe une hausse de l\u2019\u00e2ge au mariage : jusqu\u2019en 1809 pour les hommes et jusqu\u2019en 1819 pour les femmes (Fig. 3). <strong>En 1800-1809, pour les premiers mariages, les hommes se marient \u00e0 28,5 ans en moyenne et les femmes \u00e0 24,8 ans.<\/strong><\/span><\/p><p><span style=\"color: #ffffff;\">La r\u00e9elle rupture semble se produire dans les ann\u00e9es 1810 ; c&#8217;est alors seulement que s\u2019amorce la baisse de l\u2019\u00e2ge au premier mariage. <strong>Entre 1880 et 1890, les \u00e9poux se marient pour la premi\u00e8re fois \u00e0 26,7 ans en moyenne, soit une diminution de presque deux ans depuis 1800-1809. Pour les \u00e9pouses \u00e0 leur premier mariage, l\u2019\u00e2ge a diminu\u00e9 d\u2019environ 1,5 ans, passant de 24,8 \u00e0 23,2 ans. <\/strong>\u00c0 Charleville, la diminution de l\u2019\u00e2ge des hommes au premier mariage est donc plus forte que la moyenne nationale.<\/span><\/p>\t\t\t\t\t<\/div>\n\t\t\t\t\t\t<\/div>\n\t\t\t\t<\/div>\n\t\t\t\t\t\t<\/div>\n\t\t\t\t\t<\/div>\n\t\t<\/div>\n\t\t\t\t\t\t\t\t<\/div>\n\t\t\t\t\t<\/div>\n\t\t<\/section>\n\t\t\t\t<section class=\"has_eae_slider elementor-section elementor-top-section elementor-element elementor-element-e24b423 elementor-section-boxed elementor-section-height-default elementor-section-height-default\" data-id=\"e24b423\" data-element_type=\"section\">\n\t\t\t\t\t\t<div class=\"elementor-container elementor-column-gap-default\">\n\t\t\t\t\t\t\t<div class=\"elementor-row\">\n\t\t\t\t\t<div class=\"has_eae_slider elementor-column elementor-col-100 elementor-top-column elementor-element elementor-element-a2e9d36\" data-id=\"a2e9d36\" data-element_type=\"column\">\n\t\t\t<div class=\"elementor-column-wrap elementor-element-populated\">\n\t\t\t\t\t\t\t<div class=\"elementor-widget-wrap\">\n\t\t\t\t\t\t<div class=\"elementor-element elementor-element-7d19ee9 elementor-widget elementor-widget-heading\" data-id=\"7d19ee9\" data-element_type=\"widget\" data-widget_type=\"heading.default\">\n\t\t\t\t<div class=\"elementor-widget-container\">\n\t\t\t<h2 class=\"elementor-heading-title elementor-size-default\">Une sensibilit\u00e9 \u00e0 la conjoncture politique et \u00e9conomique ?<\/h2>\t\t<\/div>\n\t\t\t\t<\/div>\n\t\t\t\t<section class=\"has_eae_slider elementor-section elementor-inner-section elementor-element elementor-element-37ccc30 elementor-section-boxed elementor-section-height-default elementor-section-height-default\" data-id=\"37ccc30\" data-element_type=\"section\">\n\t\t\t\t\t\t<div class=\"elementor-container elementor-column-gap-default\">\n\t\t\t\t\t\t\t<div class=\"elementor-row\">\n\t\t\t\t\t<div class=\"has_eae_slider elementor-column elementor-col-50 elementor-inner-column elementor-element elementor-element-6b39adc\" data-id=\"6b39adc\" data-element_type=\"column\">\n\t\t\t<div class=\"elementor-column-wrap elementor-element-populated\">\n\t\t\t\t\t\t\t<div class=\"elementor-widget-wrap\">\n\t\t\t\t\t\t<div class=\"elementor-element elementor-element-ba4437b elementor-widget elementor-widget-text-editor\" data-id=\"ba4437b\" data-element_type=\"widget\" data-widget_type=\"text-editor.default\">\n\t\t\t\t<div class=\"elementor-widget-container\">\n\t\t\t\t\t\t\t\t<div class=\"elementor-text-editor elementor-clearfix\">\n\t\t\t\t<p>On remarque une forte hausse des \u00e2ges durant la d\u00e9cennie 1870-1879<strong>\u00a0: la guerre franco-prussienne de 1870-1871 et l\u2019occupation des Ardennes entre septembre 1870 et juillet 1873 ont certainement eu une incidence en freinant la possibilit\u00e9 de se marier \u00e0 cause du d\u00e9part des hommes <\/strong>au front, dont une partie n\u2019est d&#8217;ailleurs pas revenue. Il est int\u00e9ressant de noter que les guerres napol\u00e9oniennes n\u2019ont pas eu ce m\u00eame effet clair sur l\u2019\u00e2ge au mariage des hommes\u00a0: si la guerre a pu emp\u00eacher des mariages, ceux qui se sont conclus ont parfois \u00e9t\u00e9 au contraire pr\u00e9cipit\u00e9s, comme en 1813, de mani\u00e8re \u00e0 \u00e9viter la conscription.<\/p>\t\t\t\t\t<\/div>\n\t\t\t\t\t\t<\/div>\n\t\t\t\t<\/div>\n\t\t\t\t\t\t<\/div>\n\t\t\t\t\t<\/div>\n\t\t<\/div>\n\t\t\t\t<div class=\"has_eae_slider elementor-column elementor-col-50 elementor-inner-column elementor-element elementor-element-9ef551c\" data-id=\"9ef551c\" data-element_type=\"column\">\n\t\t\t<div class=\"elementor-column-wrap elementor-element-populated\">\n\t\t\t\t\t\t\t<div class=\"elementor-widget-wrap\">\n\t\t\t\t\t\t<div class=\"elementor-element elementor-element-68202a8 elementor-widget elementor-widget-text-editor\" data-id=\"68202a8\" data-element_type=\"widget\" data-widget_type=\"text-editor.default\">\n\t\t\t\t<div class=\"elementor-widget-container\">\n\t\t\t\t\t\t\t\t<div class=\"elementor-text-editor elementor-clearfix\">\n\t\t\t\t<p>Le poids des cycles \u00e9conomiques n&#8217;est pas ais\u00e9 \u00e0 rep\u00e9rer. Lors de la crise \u00e9conomique des ann\u00e9es 1847-1848, l\u2019\u00e2ge des hommes au premier mariage est stable, et on n&#8217;observe qu&#8217;une petite hausse momentan\u00e9e entre 1850 et 1859, tandis que celui des femmes continue de baisser. Cette crise \u00e9conomique n\u2019a donc pas cr\u00e9\u00e9 de rupture majeure dans l\u2019\u00e9volution de l\u2019\u00e2ge au mariage.<\/p><p>Quelques ann\u00e9es auparavant, la crise de l\u2019emploi qui a frapp\u00e9 Charleville suite \u00e0 la fermeture de la manufacture d\u2019armes en 1836 ne donne lieu \u00e0 aucun effet visible dans les courbes. La relation entre l\u2019\u00e2ge au premier mariage et le contexte politico-\u00e9conomique est rarement direct.<\/p>\t\t\t\t\t<\/div>\n\t\t\t\t\t\t<\/div>\n\t\t\t\t<\/div>\n\t\t\t\t\t\t<\/div>\n\t\t\t\t\t<\/div>\n\t\t<\/div>\n\t\t\t\t\t\t\t\t<\/div>\n\t\t\t\t\t<\/div>\n\t\t<\/section>\n\t\t\t\t\t\t<\/div>\n\t\t\t\t\t<\/div>\n\t\t<\/div>\n\t\t\t\t\t\t\t\t<\/div>\n\t\t\t\t\t<\/div>\n\t\t<\/section>\n\t\t\t\t<section class=\"has_eae_slider elementor-section elementor-top-section elementor-element elementor-element-e7d9532 elementor-section-boxed elementor-section-height-default elementor-section-height-default\" data-id=\"e7d9532\" data-element_type=\"section\">\n\t\t\t\t\t\t<div class=\"elementor-container elementor-column-gap-default\">\n\t\t\t\t\t\t\t<div class=\"elementor-row\">\n\t\t\t\t\t<div class=\"has_eae_slider elementor-column elementor-col-100 elementor-top-column elementor-element elementor-element-f5ca0cf\" data-id=\"f5ca0cf\" data-element_type=\"column\">\n\t\t\t<div class=\"elementor-column-wrap elementor-element-populated\">\n\t\t\t\t\t\t\t<div class=\"elementor-widget-wrap\">\n\t\t\t\t\t\t<div class=\"elementor-element elementor-element-c432329 elementor-widget elementor-widget-heading\" data-id=\"c432329\" data-element_type=\"widget\" data-widget_type=\"heading.default\">\n\t\t\t\t<div class=\"elementor-widget-container\">\n\t\t\t<h2 class=\"elementor-heading-title elementor-size-default\">Bibliographie<\/h2>\t\t<\/div>\n\t\t\t\t<\/div>\n\t\t\t\t<div class=\"elementor-element elementor-element-885e5c9 elementor-widget-divider--view-line elementor-widget elementor-widget-divider\" data-id=\"885e5c9\" data-element_type=\"widget\" data-widget_type=\"divider.default\">\n\t\t\t\t<div class=\"elementor-widget-container\">\n\t\t\t\t\t<div class=\"elementor-divider\">\n\t\t\t<span class=\"elementor-divider-separator\">\n\t\t\t\t\t\t<\/span>\n\t\t<\/div>\n\t\t\t\t<\/div>\n\t\t\t\t<\/div>\n\t\t\t\t<div class=\"elementor-element elementor-element-2b0721e elementor-widget elementor-widget-text-editor\" data-id=\"2b0721e\" data-element_type=\"widget\" data-widget_type=\"text-editor.default\">\n\t\t\t\t<div class=\"elementor-widget-container\">\n\t\t\t\t\t\t\t\t<div class=\"elementor-text-editor elementor-clearfix\">\n\t\t\t\t<p>C\u00e9cile Alexandre, <em>Transmissions et cultures familiales&nbsp;: une enqu\u00eate sur la population de Charleville 1740-1890<\/em>,&nbsp;th\u00e8se en cours sous la direction de Vincent Gourdon, Sorbonne Universit\u00e9.<\/p>\n<p>Andr\u00e9 Armengaud, \u201cMariages et Naissances Sous Le Consulat et l\u2019Empire\u201d, <em>Revue d\u2019histoire Moderne et Contemporaine, <\/em>17, no. 3, 1970, p. 373\u2013390. <a href=\"http:\/\/www.jstor.org\/stable\/20527914\">http:\/\/www.jstor.org\/stable\/20527914<\/a><\/p>\n<p>Jean-Claude Bologne, <em>Histoire du mariage en Occident<\/em>, Paris, J.-C. Latt\u00e8s, 1995.<\/p>\n<p>No\u00ebl Bonneuil, \u00ab&nbsp;D\u00e9mographie de la nuptialit\u00e9 au XIXe si\u00e8cle&nbsp;\u00bb, in Jacques Dup\u00e2quier, Denis Kessler (dir.), <em>La soci\u00e9t\u00e9 fran\u00e7aise au XIXe si\u00e8cle. Tradition, transition, transformations<\/em>, Paris, Fayard, 1992, p. 83-119. <style>@font-face\n\t{font-family:\"Cambria Math\";\n\tpanose-1:2 4 5 3 5 4 6 3 2 4;\n\tmso-font-charset:0;\n\tmso-generic-font-family:roman;\n\tmso-font-pitch:variable;\n\tmso-font-signature:3 0 0 0 1 0;}@font-face\n\t{font-family:\"Yu Gothic Light\";\n\tpanose-1:2 11 3 0 0 0 0 0 0 0;\n\tmso-font-alt:\"\u6e38\u30b4\u30b7\u30c3\u30af Light\";\n\tmso-font-charset:128;\n\tmso-generic-font-family:swiss;\n\tmso-font-pitch:variable;\n\tmso-font-signature:-536870145 717749759 22 0 131231 0;}@font-face\n\t{font-family:\"\\@Yu Gothic Light\";\n\tmso-font-charset:128;\n\tmso-generic-font-family:swiss;\n\tmso-font-pitch:variable;\n\tmso-font-signature:-536870145 717749759 22 0 131231 0;}p.MsoNormal, li.MsoNormal, div.MsoNormal\n\t{mso-style-unhide:no;\n\tmso-style-qformat:yes;\n\tmso-style-parent:\"\";\n\tmargin:0cm;\n\ttext-align:justify;\n\ttext-justify:inter-ideograph;\n\ttext-indent:18.0pt;\n\tline-height:150%;\n\tmso-pagination:widow-orphan;\n\tfont-size:12.0pt;\n\tfont-family:\"Times New Roman\",serif;\n\tmso-fareast-font-family:\"Yu Gothic Light\";\n\tmso-fareast-theme-font:major-fareast;}.MsoChpDefault\n\t{mso-style-type:export-only;\n\tmso-default-props:yes;\n\tfont-family:\"Calibri\",sans-serif;\n\tmso-ascii-font-family:Calibri;\n\tmso-ascii-theme-font:minor-latin;\n\tmso-fareast-font-family:\"Yu Mincho\";\n\tmso-fareast-theme-font:minor-fareast;\n\tmso-hansi-font-family:Calibri;\n\tmso-hansi-theme-font:minor-latin;\n\tmso-bidi-font-family:\"Times New Roman\";\n\tmso-bidi-theme-font:minor-bidi;}div.WordSection1\n\t{page:WordSection1;}<\/style><\/p>\n<p>Annie Cr\u00e9pin, <em>Vers l\u2019arm\u00e9e nationale. Les d\u00e9buts de la conscription en Seine-et-Marne, 1798-1815<\/em>, Rennes, Presses Universitaires de Rennes, 2011.<\/p>\n<p>Jean Gaudemet, <em>Le Mariage en Occident, Les M\u0153urs et le droit<\/em>, Paris, Editions du Cerf, 1987.<\/p>\n<p>Louis Henry, Jacques Houdaille, \u00ab&nbsp;C\u00e9libat et \u00e2ge au mariage aux XVIII<sup>e<\/sup> et XIX<sup>e<\/sup> si\u00e8cles en France. II. Age au premier mariage&nbsp;\u00bb, <em>Population<\/em>, 34\u1d49 ann\u00e9e, n\u00b02, 1979, p. 403-442.<\/p>\n<p>Fran\u00e7ois Lebrun, <em>La vie conjugale sous l\u2019Ancien R\u00e9gime<\/em>, Paris, Armand Colin, 1975.<\/p>\n<p>Jacques Dup\u00e2quier (dir.), <em>Histoire de la population fran\u00e7aise. 2. De la Renaissance \u00e0 1789<\/em>, Paris, Presses Universitaires de France, 1991 (1988).<\/p>\n<p>Jacques Dup\u00e2quier (dir.), <em>Histoire de la population fran\u00e7aise. 3. De 1789 \u00e0 1914<\/em>, Paris, Presses Universitaires de France, 1988.<\/p>\n<p>Michelle Perrot, \u00ab&nbsp;Figures et r\u00f4les&nbsp;\u00bb, in Philippe Ari\u00e8s, Georges Duby (dir.), <em>Histoire de la vie priv\u00e9e,<\/em> <em>t. IV. De la R\u00e9volution \u00e0 la Grande Guerre<\/em>, Paris, Seuil, 1987.<\/p>\t\t\t\t\t<\/div>\n\t\t\t\t\t\t<\/div>\n\t\t\t\t<\/div>\n\t\t\t\t\t\t<\/div>\n\t\t\t\t\t<\/div>\n\t\t<\/div>\n\t\t\t\t\t\t\t\t<\/div>\n\t\t\t\t\t<\/div>\n\t\t<\/section>\n\t\t\t\t\t\t<\/div>\n\t\t\t\t\t\t<\/div>\n\t\t\t\t\t<\/div>\n\t\t","protected":false},"excerpt":{"rendered":"<p>\u00c0 quel \u00e2ge se mariait-on aux XVIIIe et XIXe si\u00e8cles ? Notice propos\u00e9e par C\u00e9cile Alexandre&#8211; Juin 2022 &#8211; Cette notice est tir\u00e9e d\u2019un doctorat en cours portant sur les familles carolopolitaines des XVIIIe et XIXe si\u00e8cles. Dans ce cadre, nous avons reconstruit, pour une vaste p\u00e9riode allant de 1740 \u00e0 1890, 215 groupes patronymiques, &hellip;<\/p>\n<p class=\"read-more\"> <a class=\"\" href=\"https:\/\/crm-umr8596.huma-num.fr\/Charleville\/a-quel-age-se-mariait-on-aux-xviiie-et-xixe-siecle\/\"> <span class=\"screen-reader-text\">A quel \u00e2ge se mariait-on aux XVIIIe et XIXe si\u00e8cles ?<\/span> Lire la suite\u00a0\u00bb<\/a><\/p>\n","protected":false},"author":10,"featured_media":0,"parent":0,"menu_order":0,"comment_status":"closed","ping_status":"closed","template":"","meta":[],"_links":{"self":[{"href":"https:\/\/crm-umr8596.huma-num.fr\/Charleville\/wp-json\/wp\/v2\/pages\/10039"}],"collection":[{"href":"https:\/\/crm-umr8596.huma-num.fr\/Charleville\/wp-json\/wp\/v2\/pages"}],"about":[{"href":"https:\/\/crm-umr8596.huma-num.fr\/Charleville\/wp-json\/wp\/v2\/types\/page"}],"author":[{"embeddable":true,"href":"https:\/\/crm-umr8596.huma-num.fr\/Charleville\/wp-json\/wp\/v2\/users\/10"}],"replies":[{"embeddable":true,"href":"https:\/\/crm-umr8596.huma-num.fr\/Charleville\/wp-json\/wp\/v2\/comments?post=10039"}],"version-history":[{"count":30,"href":"https:\/\/crm-umr8596.huma-num.fr\/Charleville\/wp-json\/wp\/v2\/pages\/10039\/revisions"}],"predecessor-version":[{"id":10093,"href":"https:\/\/crm-umr8596.huma-num.fr\/Charleville\/wp-json\/wp\/v2\/pages\/10039\/revisions\/10093"}],"wp:attachment":[{"href":"https:\/\/crm-umr8596.huma-num.fr\/Charleville\/wp-json\/wp\/v2\/media?parent=10039"}],"curies":[{"name":"wp","href":"https:\/\/api.w.org\/{rel}","templated":true}]}}